{"version":"1.0","provider_name":"Photographe de sport","provider_url":"https:\/\/fotk.fr\/sport","author_name":"Fot K","author_url":"https:\/\/fotk.fr\/sport\/author\/20100krieger\/","title":"Lutte - Photographe de sport","type":"rich","width":600,"height":338,"html":"<blockquote class=\"wp-embedded-content\" data-secret=\"s1YEq5wBv6\"><a href=\"https:\/\/fotk.fr\/sport\/lutte\/\">Lutte<\/a><\/blockquote><iframe sandbox=\"allow-scripts\" security=\"restricted\" src=\"https:\/\/fotk.fr\/sport\/lutte\/embed\/#?secret=s1YEq5wBv6\" width=\"600\" height=\"338\" title=\"\u00ab\u00a0Lutte\u00a0\u00bb &#8212; Photographe de sport\" data-secret=\"s1YEq5wBv6\" frameborder=\"0\" marginwidth=\"0\" marginheight=\"0\" scrolling=\"no\" class=\"wp-embedded-content\"><\/iframe><script type=\"text\/javascript\">\n\/* <![CDATA[ *\/\n\/*! This file is auto-generated *\/\n!function(d,l){\"use strict\";l.querySelector&&d.addEventListener&&\"undefined\"!=typeof URL&&(d.wp=d.wp||{},d.wp.receiveEmbedMessage||(d.wp.receiveEmbedMessage=function(e){var t=e.data;if((t||t.secret||t.message||t.value)&&!\/[^a-zA-Z0-9]\/.test(t.secret)){for(var s,r,n,a=l.querySelectorAll('iframe[data-secret=\"'+t.secret+'\"]'),o=l.querySelectorAll('blockquote[data-secret=\"'+t.secret+'\"]'),c=new RegExp(\"^https?:$\",\"i\"),i=0;i<o.length;i++)o[i].style.display=\"none\";for(i=0;i<a.length;i++)s=a[i],e.source===s.contentWindow&&(s.removeAttribute(\"style\"),\"height\"===t.message?(1e3<(r=parseInt(t.value,10))?r=1e3:~~r<200&&(r=200),s.height=r):\"link\"===t.message&&(r=new URL(s.getAttribute(\"src\")),n=new URL(t.value),c.test(n.protocol))&&n.host===r.host&&l.activeElement===s&&(d.top.location.href=t.value))}},d.addEventListener(\"message\",d.wp.receiveEmbedMessage,!1),l.addEventListener(\"DOMContentLoaded\",function(){for(var e,t,s=l.querySelectorAll(\"iframe.wp-embedded-content\"),r=0;r<s.length;r++)(t=(e=s[r]).getAttribute(\"data-secret\"))||(t=Math.random().toString(36).substring(2,12),e.src+=\"#?secret=\"+t,e.setAttribute(\"data-secret\",t)),e.contentWindow.postMessage({message:\"ready\",secret:t},\"*\")},!1)))}(window,document);\n\/\/# sourceURL=https:\/\/fotk.fr\/sport\/wp-includes\/js\/wp-embed.min.js\n\/* ]]> *\/\n<\/script>\n","thumbnail_url":"https:\/\/fotk.fr\/sport\/wp-content\/uploads\/sites\/4\/2026\/01\/Photo_Vincent-Krieger_170131_152623_D51_4356-scaled.jpg","thumbnail_width":2560,"thumbnail_height":1707,"description":"[vc_row][vc_column][vc_empty_space][vc_column_text css=\u00a0\u00bb\u00a0\u00bb]F\u00e9d\u00e9ration Fran\u00e7aise de Lutte &#8211; FFL D\u00e9couvrez le travail de Vincent Kri\u00e9ger, photographe pour la F\u00e9d\u00e9ration Fran\u00e7aise de Lutte. Des moments forts, l\u2019intensit\u00e9 et les \u00e9motions des entrainements de lutte avec des images saisissantes, captur\u00e9es au c\u0153ur de l\u2019action.[\/vc_column_text][vc_empty_space][\/vc_column][\/vc_row]"}