{"version":"1.0","provider_name":"Photographe de sport","provider_url":"https:\/\/fotk.fr\/sport","author_name":"Fot K","author_url":"https:\/\/fotk.fr\/sport\/author\/20100krieger\/","title":"La Course des Lumi\u00e8re - Photos Vincent KRI\u00c9GER","type":"rich","width":600,"height":338,"html":"<blockquote class=\"wp-embedded-content\" data-secret=\"7cKQumIslf\"><a href=\"https:\/\/fotk.fr\/sport\/photos\/la-course-des-lumiere-paris\/\">La Course des Lumi\u00e8re<\/a><\/blockquote><iframe sandbox=\"allow-scripts\" security=\"restricted\" src=\"https:\/\/fotk.fr\/sport\/photos\/la-course-des-lumiere-paris\/embed\/#?secret=7cKQumIslf\" width=\"600\" height=\"338\" title=\"\u00ab\u00a0La Course des Lumi\u00e8re\u00a0\u00bb &#8212; Photographe de sport\" data-secret=\"7cKQumIslf\" frameborder=\"0\" marginwidth=\"0\" marginheight=\"0\" scrolling=\"no\" class=\"wp-embedded-content\"><\/iframe><script type=\"text\/javascript\">\n\/* <![CDATA[ *\/\n\/*! This file is auto-generated *\/\n!function(d,l){\"use strict\";l.querySelector&&d.addEventListener&&\"undefined\"!=typeof URL&&(d.wp=d.wp||{},d.wp.receiveEmbedMessage||(d.wp.receiveEmbedMessage=function(e){var t=e.data;if((t||t.secret||t.message||t.value)&&!\/[^a-zA-Z0-9]\/.test(t.secret)){for(var s,r,n,a=l.querySelectorAll('iframe[data-secret=\"'+t.secret+'\"]'),o=l.querySelectorAll('blockquote[data-secret=\"'+t.secret+'\"]'),c=new RegExp(\"^https?:$\",\"i\"),i=0;i<o.length;i++)o[i].style.display=\"none\";for(i=0;i<a.length;i++)s=a[i],e.source===s.contentWindow&&(s.removeAttribute(\"style\"),\"height\"===t.message?(1e3<(r=parseInt(t.value,10))?r=1e3:~~r<200&&(r=200),s.height=r):\"link\"===t.message&&(r=new URL(s.getAttribute(\"src\")),n=new URL(t.value),c.test(n.protocol))&&n.host===r.host&&l.activeElement===s&&(d.top.location.href=t.value))}},d.addEventListener(\"message\",d.wp.receiveEmbedMessage,!1),l.addEventListener(\"DOMContentLoaded\",function(){for(var e,t,s=l.querySelectorAll(\"iframe.wp-embedded-content\"),r=0;r<s.length;r++)(t=(e=s[r]).getAttribute(\"data-secret\"))||(t=Math.random().toString(36).substring(2,12),e.src+=\"#?secret=\"+t,e.setAttribute(\"data-secret\",t)),e.contentWindow.postMessage({message:\"ready\",secret:t},\"*\")},!1)))}(window,document);\n\/\/# sourceURL=https:\/\/fotk.fr\/sport\/wp-includes\/js\/wp-embed.min.js\n\/* ]]> *\/\n<\/script>\n","thumbnail_url":"https:\/\/fotk.fr\/sport\/wp-content\/uploads\/sites\/4\/2023\/11\/Photo_Vincent-Krieger_231118_172701_VK9_7855-bd.jpg","thumbnail_width":2000,"thumbnail_height":1333,"description":"\u00c9clats de solidarit\u00e9 : \u00c0 Paris, la nuit s&rsquo;illumine le long des quais de la Seine lors de la Course des Lumi\u00e8res. Porteurs de lumi\u00e8re, les participants cr\u00e9ent une f\u00e9erie solidaire pour soutenir un \u00e9v\u00e9nement contre la maladie. Les &lsquo;images capturent l&rsquo;harmonie des lumi\u00e8res et de l&rsquo;espoir qui guide chaque pas dans cette course empreinte&hellip;"}