{"id":37054,"date":"2025-12-13T17:08:07","date_gmt":"2025-12-13T16:08:07","guid":{"rendered":"https:\/\/fotk.fr\/sport\/?page_id=37054"},"modified":"2026-01-02T18:01:52","modified_gmt":"2026-01-02T17:01:52","slug":"canitrail-canicross","status":"publish","type":"page","link":"https:\/\/fotk.fr\/sport\/canitrail-canicross\/","title":{"rendered":"Canitrail \u2013 Canicross"},"content":{"rendered":"<div class=\"wpb-content-wrapper\"><p>[vc_row][vc_column][vc_empty_space][vc_column_text css=\u00a0\u00bb\u00a0\u00bb]La photographie de sport, en particulier dans des disciplines telles que le <strong>canitrail<\/strong> \/ <strong>canicross<\/strong>, capture l\u2019essence de ces sports fascinants o\u00f9 l\u2019homme et son chien forment une \u00e9quipe indissociable. Le <strong>canitrail<\/strong>, souvent pratiqu\u00e9 sur de longues distances en pleine nature, et le <strong>canicross<\/strong>, o\u00f9 le duo court ensemble sur des parcours plus courts, sont des sports qui allient endurance, vitesse, complicit\u00e9 et passion.[\/vc_column_text][vc_empty_space]<div class=\"wf-container dt-gallery-container dt-photos-shortcode loading-effect-none iso-container\" data-padding=\"20px\" data-cur-page=\"1\" data-width=\"370px\" data-columns=\"1\"><div class=\"wf-cell iso-item\" data-date=\"2025-12-18T14:24:53+01:00\" data-name=\"\u00a9 Vincent Krieger 220604 095744 D52_1318\" data-post-id=\"37902\">\n<article class=\"post post-37902 attachment type-attachment status-inherit hentry description-off\">\n\n\t\n<div class=\"rollover-project links-hovers-disabled\">\n\n\t<a href=\"https:\/\/fotk.fr\/sport\/wp-content\/uploads\/sites\/4\/2025\/12\/\u00a9-Vincent-Krieger-220604-095744-D52_1318.jpg\" class=\"dt-mfp-item mfp-image rollover rollover-zoom\"  data-dt-img-description=\"\" ><img class=\"preload-me\" srcset=\"https:\/\/fotk.fr\/sport\/wp-content\/uploads\/sites\/4\/2025\/12\/\u00a9-Vincent-Krieger-220604-095744-D52_1318.jpg 1x, https:\/\/fotk.fr\/sport\/wp-content\/uploads\/sites\/4\/2025\/12\/\u00a9-Vincent-Krieger-220604-095744-D52_1318.jpg 2x\" alt=\"\" width=\"2500\" height=\"1667\"  \/><\/a>\n\t\n<\/div>\n<\/article>\n\n<\/div><div class=\"wf-cell iso-item\" data-date=\"2025-12-18T14:24:50+01:00\" data-name=\"\u00a9 Vincent Krieger 220604 095450 D52_1262\" data-post-id=\"37900\">\n<article class=\"post post-37900 attachment type-attachment status-inherit hentry description-off\">\n\n\t\n<div class=\"rollover-project links-hovers-disabled\">\n\n\t<a href=\"https:\/\/fotk.fr\/sport\/wp-content\/uploads\/sites\/4\/2025\/12\/\u00a9-Vincent-Krieger-220604-095450-D52_1262.jpg\" class=\"dt-mfp-item mfp-image rollover rollover-zoom\" title=\"\u00a9 Vincent Krieger 220604 095450 D52_1262\" data-dt-img-description=\"\" ><img class=\"preload-me\" srcset=\"https:\/\/fotk.fr\/sport\/wp-content\/uploads\/sites\/4\/2025\/12\/\u00a9-Vincent-Krieger-220604-095450-D52_1262.jpg 1x, https:\/\/fotk.fr\/sport\/wp-content\/uploads\/sites\/4\/2025\/12\/\u00a9-Vincent-Krieger-220604-095450-D52_1262.jpg 2x\" alt=\"\" width=\"2500\" height=\"1667\"  \/><\/a>\n\t\n<\/div>\n<\/article>\n\n<\/div><div class=\"wf-cell iso-item\" data-date=\"2025-12-18T14:24:49+01:00\" data-name=\"\u00a9 Vincent Krieger 220604 093541 D52_1103\" data-post-id=\"37899\">\n<article class=\"post post-37899 attachment type-attachment status-inherit hentry description-off\">\n\n\t\n<div class=\"rollover-project links-hovers-disabled\">\n\n\t<a href=\"https:\/\/fotk.fr\/sport\/wp-content\/uploads\/sites\/4\/2025\/12\/\u00a9-Vincent-Krieger-220604-093541-D52_1103.jpg\" class=\"dt-mfp-item mfp-image rollover rollover-zoom\" title=\"\u00a9 Vincent Krieger 220604 093541 D52_1103\" data-dt-img-description=\"\" ><img class=\"preload-me\" srcset=\"https:\/\/fotk.fr\/sport\/wp-content\/uploads\/sites\/4\/2025\/12\/\u00a9-Vincent-Krieger-220604-093541-D52_1103.jpg 1x, https:\/\/fotk.fr\/sport\/wp-content\/uploads\/sites\/4\/2025\/12\/\u00a9-Vincent-Krieger-220604-093541-D52_1103.jpg 2x\" alt=\"\" width=\"2500\" height=\"1667\"  \/><\/a>\n\t\n<\/div>\n<\/article>\n\n<\/div><div class=\"wf-cell iso-item\" data-date=\"2025-12-18T14:24:48+01:00\" data-name=\"\u00a9 Vincent Krieger 220604 093206 D52_1055\" data-post-id=\"37898\">\n<article class=\"post post-37898 attachment type-attachment status-inherit hentry description-off\">\n\n\t\n<div class=\"rollover-project links-hovers-disabled\">\n\n\t<a href=\"https:\/\/fotk.fr\/sport\/wp-content\/uploads\/sites\/4\/2025\/12\/\u00a9-Vincent-Krieger-220604-093206-D52_1055.jpg\" class=\"dt-mfp-item mfp-image rollover rollover-zoom\" title=\"\u00a9 Vincent Krieger 220604 093206 D52_1055\" data-dt-img-description=\"\" ><img class=\"preload-me\" srcset=\"https:\/\/fotk.fr\/sport\/wp-content\/uploads\/sites\/4\/2025\/12\/\u00a9-Vincent-Krieger-220604-093206-D52_1055.jpg 1x, https:\/\/fotk.fr\/sport\/wp-content\/uploads\/sites\/4\/2025\/12\/\u00a9-Vincent-Krieger-220604-093206-D52_1055.jpg 2x\" alt=\"\" width=\"2500\" height=\"1667\"  \/><\/a>\n\t\n<\/div>\n<\/article>\n\n<\/div><div class=\"wf-cell iso-item\" data-date=\"2025-12-18T14:24:46+01:00\" data-name=\"\u00a9 Vincent Krieger 220604 092025 D61_2572\" data-post-id=\"37897\">\n<article class=\"post post-37897 attachment type-attachment status-inherit hentry description-off\">\n\n\t\n<div class=\"rollover-project links-hovers-disabled\">\n\n\t<a href=\"https:\/\/fotk.fr\/sport\/wp-content\/uploads\/sites\/4\/2025\/12\/\u00a9-Vincent-Krieger-220604-092025-D61_2572.jpg\" class=\"dt-mfp-item mfp-image rollover rollover-zoom\" title=\"\u00a9 Vincent Krieger 220604 092025 D61_2572\" data-dt-img-description=\"\" ><img class=\"preload-me\" srcset=\"https:\/\/fotk.fr\/sport\/wp-content\/uploads\/sites\/4\/2025\/12\/\u00a9-Vincent-Krieger-220604-092025-D61_2572.jpg 1x, https:\/\/fotk.fr\/sport\/wp-content\/uploads\/sites\/4\/2025\/12\/\u00a9-Vincent-Krieger-220604-092025-D61_2572.jpg 2x\" alt=\"\" width=\"2500\" height=\"1667\"  \/><\/a>\n\t\n<\/div>\n<\/article>\n\n<\/div><div class=\"wf-cell iso-item\" data-date=\"2025-12-18T14:24:45+01:00\" data-name=\"\u00a9 Vincent Krieger 220604 091409 D52_1029\" data-post-id=\"37896\">\n<article class=\"post post-37896 attachment type-attachment status-inherit hentry description-off\">\n\n\t\n<div class=\"rollover-project links-hovers-disabled\">\n\n\t<a href=\"https:\/\/fotk.fr\/sport\/wp-content\/uploads\/sites\/4\/2025\/12\/\u00a9-Vincent-Krieger-220604-091409-D52_1029.jpg\" class=\"dt-mfp-item mfp-image rollover rollover-zoom\" title=\"\u00a9 Vincent Krieger 220604 091409 D52_1029\" data-dt-img-description=\"\" ><img class=\"preload-me\" srcset=\"https:\/\/fotk.fr\/sport\/wp-content\/uploads\/sites\/4\/2025\/12\/\u00a9-Vincent-Krieger-220604-091409-D52_1029.jpg 1x, https:\/\/fotk.fr\/sport\/wp-content\/uploads\/sites\/4\/2025\/12\/\u00a9-Vincent-Krieger-220604-091409-D52_1029.jpg 2x\" alt=\"\" width=\"2500\" height=\"1667\"  \/><\/a>\n\t\n<\/div>\n<\/article>\n\n<\/div><div class=\"wf-cell iso-item\" data-date=\"2025-12-18T14:24:38+01:00\" data-name=\"\u00a9 Vincent Krieger 220604 090326 D52_0959\" data-post-id=\"37891\">\n<article class=\"post post-37891 attachment type-attachment status-inherit hentry description-off\">\n\n\t\n<div class=\"rollover-project links-hovers-disabled\">\n\n\t<a href=\"https:\/\/fotk.fr\/sport\/wp-content\/uploads\/sites\/4\/2025\/12\/\u00a9-Vincent-Krieger-220604-090326-D52_0959.jpg\" class=\"dt-mfp-item mfp-image rollover rollover-zoom\" title=\"\u00a9 Vincent Krieger 220604 090326 D52_0959\" data-dt-img-description=\"\" ><img class=\"preload-me\" srcset=\"https:\/\/fotk.fr\/sport\/wp-content\/uploads\/sites\/4\/2025\/12\/\u00a9-Vincent-Krieger-220604-090326-D52_0959.jpg 1x, https:\/\/fotk.fr\/sport\/wp-content\/uploads\/sites\/4\/2025\/12\/\u00a9-Vincent-Krieger-220604-090326-D52_0959.jpg 2x\" alt=\"\" width=\"2500\" height=\"1667\"  \/><\/a>\n\t\n<\/div>\n<\/article>\n\n<\/div><div class=\"wf-cell iso-item\" data-date=\"2025-12-18T14:24:43+01:00\" data-name=\"\u00a9 Vincent Krieger 220604 090441 D52_1011\" data-post-id=\"37895\">\n<article class=\"post post-37895 attachment type-attachment status-inherit hentry description-off\">\n\n\t\n<div class=\"rollover-project links-hovers-disabled\">\n\n\t<a href=\"https:\/\/fotk.fr\/sport\/wp-content\/uploads\/sites\/4\/2025\/12\/\u00a9-Vincent-Krieger-220604-090441-D52_1011.jpg\" class=\"dt-mfp-item mfp-image rollover rollover-zoom\" title=\"\u00a9 Vincent Krieger 220604 090441 D52_1011\" data-dt-img-description=\"\" ><img class=\"preload-me\" srcset=\"https:\/\/fotk.fr\/sport\/wp-content\/uploads\/sites\/4\/2025\/12\/\u00a9-Vincent-Krieger-220604-090441-D52_1011.jpg 1x, https:\/\/fotk.fr\/sport\/wp-content\/uploads\/sites\/4\/2025\/12\/\u00a9-Vincent-Krieger-220604-090441-D52_1011.jpg 2x\" alt=\"\" width=\"2500\" height=\"1667\"  \/><\/a>\n\t\n<\/div>\n<\/article>\n\n<\/div><div class=\"wf-cell iso-item\" data-date=\"2025-12-18T14:24:52+01:00\" data-name=\"\u00a9 Vincent Krieger 220604 095731 D52_1300\" data-post-id=\"37901\">\n<article class=\"post post-37901 attachment type-attachment status-inherit hentry description-off\">\n\n\t\n<div class=\"rollover-project links-hovers-disabled\">\n\n\t<a href=\"https:\/\/fotk.fr\/sport\/wp-content\/uploads\/sites\/4\/2025\/12\/\u00a9-Vincent-Krieger-220604-095731-D52_1300.jpg\" class=\"dt-mfp-item mfp-image rollover rollover-zoom\" title=\"\u00a9 Vincent Krieger 220604 095731 D52_1300\" data-dt-img-description=\"\" ><img class=\"preload-me\" srcset=\"https:\/\/fotk.fr\/sport\/wp-content\/uploads\/sites\/4\/2025\/12\/\u00a9-Vincent-Krieger-220604-095731-D52_1300.jpg 1x, https:\/\/fotk.fr\/sport\/wp-content\/uploads\/sites\/4\/2025\/12\/\u00a9-Vincent-Krieger-220604-095731-D52_1300.jpg 2x\" alt=\"\" width=\"2500\" height=\"1667\"  \/><\/a>\n\t\n<\/div>\n<\/article>\n\n<\/div><div class=\"wf-cell iso-item\" data-date=\"2025-12-18T14:24:36+01:00\" data-name=\"\u00a9 Vincent Krieger 220604 090302 D61_2447\" data-post-id=\"37890\">\n<article class=\"post post-37890 attachment type-attachment status-inherit hentry description-off\">\n\n\t\n<div class=\"rollover-project links-hovers-disabled\">\n\n\t<a href=\"https:\/\/fotk.fr\/sport\/wp-content\/uploads\/sites\/4\/2025\/12\/\u00a9-Vincent-Krieger-220604-090302-D61_2447.jpg\" class=\"dt-mfp-item mfp-image rollover rollover-zoom\" title=\"\u00a9 Vincent Krieger 220604 090302 D61_2447\" data-dt-img-description=\"\" ><img class=\"preload-me\" srcset=\"https:\/\/fotk.fr\/sport\/wp-content\/uploads\/sites\/4\/2025\/12\/\u00a9-Vincent-Krieger-220604-090302-D61_2447.jpg 1x, https:\/\/fotk.fr\/sport\/wp-content\/uploads\/sites\/4\/2025\/12\/\u00a9-Vincent-Krieger-220604-090302-D61_2447.jpg 2x\" alt=\"\" width=\"2500\" height=\"1667\"  \/><\/a>\n\t\n<\/div>\n<\/article>\n\n<\/div><div class=\"wf-cell iso-item\" data-date=\"2025-12-18T14:24:42+01:00\" data-name=\"\u00a9 Vincent Krieger 220604 090420 D61_2462\" data-post-id=\"37894\">\n<article class=\"post post-37894 attachment type-attachment status-inherit hentry description-off\">\n\n\t\n<div class=\"rollover-project links-hovers-disabled\">\n\n\t<a href=\"https:\/\/fotk.fr\/sport\/wp-content\/uploads\/sites\/4\/2025\/12\/\u00a9-Vincent-Krieger-220604-090420-D61_2462.jpg\" class=\"dt-mfp-item mfp-image rollover rollover-zoom\" title=\"\u00a9 Vincent Krieger 220604 090420 D61_2462\" data-dt-img-description=\"\" ><img class=\"preload-me\" srcset=\"https:\/\/fotk.fr\/sport\/wp-content\/uploads\/sites\/4\/2025\/12\/\u00a9-Vincent-Krieger-220604-090420-D61_2462.jpg 1x, https:\/\/fotk.fr\/sport\/wp-content\/uploads\/sites\/4\/2025\/12\/\u00a9-Vincent-Krieger-220604-090420-D61_2462.jpg 2x\" alt=\"\" width=\"2500\" height=\"1667\"  \/><\/a>\n\t\n<\/div>\n<\/article>\n\n<\/div><div class=\"wf-cell iso-item\" data-date=\"2025-12-18T14:24:29+01:00\" data-name=\"\u00a9 Vincent Krieger 220604 083938 D52_0834\" data-post-id=\"37885\">\n<article class=\"post post-37885 attachment type-attachment status-inherit hentry description-off\">\n\n\t\n<div class=\"rollover-project links-hovers-disabled\">\n\n\t<a href=\"https:\/\/fotk.fr\/sport\/wp-content\/uploads\/sites\/4\/2025\/12\/\u00a9-Vincent-Krieger-220604-083938-D52_0834.jpg\" class=\"dt-mfp-item mfp-image rollover rollover-zoom\" title=\"\u00a9 Vincent Krieger 220604 083938 D52_0834\" data-dt-img-description=\"\" ><img class=\"preload-me\" srcset=\"https:\/\/fotk.fr\/sport\/wp-content\/uploads\/sites\/4\/2025\/12\/\u00a9-Vincent-Krieger-220604-083938-D52_0834.jpg 1x, https:\/\/fotk.fr\/sport\/wp-content\/uploads\/sites\/4\/2025\/12\/\u00a9-Vincent-Krieger-220604-083938-D52_0834.jpg 2x\" alt=\"\" width=\"2500\" height=\"1667\"  \/><\/a>\n\t\n<\/div>\n<\/article>\n\n<\/div><\/div>[\/vc_column][\/vc_row]<\/p>\n<\/div>","protected":false},"excerpt":{"rendered":"<p>[vc_row][vc_column][vc_empty_space][vc_column_text css=\u00a0\u00bb\u00a0\u00bb]La photographie de sport, en particulier dans des disciplines telles que le canitrail \/ canicross, capture l\u2019essence de ces sports fascinants o\u00f9 l\u2019homme et son chien forment une \u00e9quipe indissociable. Le canitrail, souvent pratiqu\u00e9 sur de longues distances en pleine nature, et le canicross, o\u00f9 le duo court ensemble sur des parcours plus courts,&hellip;<\/p>\n","protected":false},"author":1,"featured_media":37896,"parent":0,"menu_order":0,"comment_status":"closed","ping_status":"closed","template":"","meta":{"footnotes":""},"class_list":["post-37054","page","type-page","status-publish","has-post-thumbnail","hentry","description-off"],"yoast_head":"<!-- This site is optimized with the Yoast SEO plugin v26.5 - https:\/\/yoast.com\/wordpress\/plugins\/seo\/ -->\n<title>Canitrail \u2013 Canicross - Photographe de sport<\/title>\n<meta name=\"robots\" content=\"index, follow, max-snippet:-1, max-image-preview:large, max-video-preview:-1\" \/>\n<link rel=\"canonical\" href=\"https:\/\/fotk.fr\/sport\/canitrail-canicross\/\" \/>\n<meta property=\"og:locale\" content=\"fr_FR\" \/>\n<meta property=\"og:type\" content=\"article\" \/>\n<meta property=\"og:title\" content=\"Canitrail \u2013 Canicross - Photographe de sport\" \/>\n<meta property=\"og:description\" content=\"[vc_row][vc_column][vc_empty_space][vc_column_text css=\u00a0\u00bb\u00a0\u00bb]La photographie de sport, en particulier dans des disciplines telles que le canitrail \/ canicross, capture l\u2019essence de ces sports fascinants o\u00f9 l\u2019homme et son chien forment une \u00e9quipe indissociable. Le canitrail, souvent pratiqu\u00e9 sur de longues distances en pleine nature, et le canicross, o\u00f9 le duo court ensemble sur des parcours plus courts,&hellip;\" \/>\n<meta property=\"og:url\" content=\"https:\/\/fotk.fr\/sport\/canitrail-canicross\/\" \/>\n<meta property=\"og:site_name\" content=\"Photographe de sport\" \/>\n<meta property=\"article:modified_time\" content=\"2026-01-02T17:01:52+00:00\" \/>\n<meta property=\"og:image\" content=\"https:\/\/fotk.fr\/sport\/wp-content\/uploads\/sites\/4\/2025\/12\/\u00a9-Vincent-Krieger-220604-091409-D52_1029.jpg\" \/>\n\t<meta property=\"og:image:width\" content=\"2500\" \/>\n\t<meta property=\"og:image:height\" content=\"1667\" \/>\n\t<meta property=\"og:image:type\" content=\"image\/jpeg\" \/>\n<meta name=\"twitter:card\" content=\"summary_large_image\" \/>\n<meta name=\"twitter:label1\" content=\"Dur\u00e9e de lecture estim\u00e9e\" \/>\n\t<meta name=\"twitter:data1\" content=\"1 minute\" \/>\n<script type=\"application\/ld+json\" class=\"yoast-schema-graph\">{\"@context\":\"https:\/\/schema.org\",\"@graph\":[{\"@type\":\"WebPage\",\"@id\":\"https:\/\/fotk.fr\/sport\/canitrail-canicross\/\",\"url\":\"https:\/\/fotk.fr\/sport\/canitrail-canicross\/\",\"name\":\"Canitrail \u2013 Canicross - Photographe de sport\",\"isPartOf\":{\"@id\":\"https:\/\/fotk.fr\/sport\/#website\"},\"primaryImageOfPage\":{\"@id\":\"https:\/\/fotk.fr\/sport\/canitrail-canicross\/#primaryimage\"},\"image\":{\"@id\":\"https:\/\/fotk.fr\/sport\/canitrail-canicross\/#primaryimage\"},\"thumbnailUrl\":\"https:\/\/fotk.fr\/sport\/wp-content\/uploads\/sites\/4\/2025\/12\/\u00a9-Vincent-Krieger-220604-091409-D52_1029.jpg\",\"datePublished\":\"2025-12-13T16:08:07+00:00\",\"dateModified\":\"2026-01-02T17:01:52+00:00\",\"breadcrumb\":{\"@id\":\"https:\/\/fotk.fr\/sport\/canitrail-canicross\/#breadcrumb\"},\"inLanguage\":\"fr-FR\",\"potentialAction\":[{\"@type\":\"ReadAction\",\"target\":[\"https:\/\/fotk.fr\/sport\/canitrail-canicross\/\"]}]},{\"@type\":\"ImageObject\",\"inLanguage\":\"fr-FR\",\"@id\":\"https:\/\/fotk.fr\/sport\/canitrail-canicross\/#primaryimage\",\"url\":\"https:\/\/fotk.fr\/sport\/wp-content\/uploads\/sites\/4\/2025\/12\/\u00a9-Vincent-Krieger-220604-091409-D52_1029.jpg\",\"contentUrl\":\"https:\/\/fotk.fr\/sport\/wp-content\/uploads\/sites\/4\/2025\/12\/\u00a9-Vincent-Krieger-220604-091409-D52_1029.jpg\",\"width\":2500,\"height\":1667},{\"@type\":\"BreadcrumbList\",\"@id\":\"https:\/\/fotk.fr\/sport\/canitrail-canicross\/#breadcrumb\",\"itemListElement\":[{\"@type\":\"ListItem\",\"position\":1,\"name\":\"Accueil\",\"item\":\"https:\/\/fotk.fr\/sport\/\"},{\"@type\":\"ListItem\",\"position\":2,\"name\":\"Canitrail \u2013 Canicross\"}]},{\"@type\":\"WebSite\",\"@id\":\"https:\/\/fotk.fr\/sport\/#website\",\"url\":\"https:\/\/fotk.fr\/sport\/\",\"name\":\"Photographe de sport\",\"description\":\"Vincent Kri\u00e9ger\",\"publisher\":{\"@id\":\"https:\/\/fotk.fr\/sport\/#organization\"},\"potentialAction\":[{\"@type\":\"SearchAction\",\"target\":{\"@type\":\"EntryPoint\",\"urlTemplate\":\"https:\/\/fotk.fr\/sport\/?s={search_term_string}\"},\"query-input\":{\"@type\":\"PropertyValueSpecification\",\"valueRequired\":true,\"valueName\":\"search_term_string\"}}],\"inLanguage\":\"fr-FR\"},{\"@type\":\"Organization\",\"@id\":\"https:\/\/fotk.fr\/sport\/#organization\",\"name\":\"Photographe de sport\",\"url\":\"https:\/\/fotk.fr\/sport\/\",\"logo\":{\"@type\":\"ImageObject\",\"inLanguage\":\"fr-FR\",\"@id\":\"https:\/\/fotk.fr\/sport\/#\/schema\/logo\/image\/\",\"url\":\"https:\/\/fotk.fr\/sport\/wp-content\/uploads\/sites\/4\/2025\/12\/logo-FOTK-noir-512.png\",\"contentUrl\":\"https:\/\/fotk.fr\/sport\/wp-content\/uploads\/sites\/4\/2025\/12\/logo-FOTK-noir-512.png\",\"width\":512,\"height\":512,\"caption\":\"Photographe de sport\"},\"image\":{\"@id\":\"https:\/\/fotk.fr\/sport\/#\/schema\/logo\/image\/\"}}]}<\/script>\n<!-- \/ Yoast SEO plugin. -->","yoast_head_json":{"title":"Canitrail \u2013 Canicross - Photographe de sport","robots":{"index":"index","follow":"follow","max-snippet":"max-snippet:-1","max-image-preview":"max-image-preview:large","max-video-preview":"max-video-preview:-1"},"canonical":"https:\/\/fotk.fr\/sport\/canitrail-canicross\/","og_locale":"fr_FR","og_type":"article","og_title":"Canitrail \u2013 Canicross - Photographe de sport","og_description":"[vc_row][vc_column][vc_empty_space][vc_column_text css=\u00a0\u00bb\u00a0\u00bb]La photographie de sport, en particulier dans des disciplines telles que le canitrail \/ canicross, capture l\u2019essence de ces sports fascinants o\u00f9 l\u2019homme et son chien forment une \u00e9quipe indissociable. Le canitrail, souvent pratiqu\u00e9 sur de longues distances en pleine nature, et le canicross, o\u00f9 le duo court ensemble sur des parcours plus courts,&hellip;","og_url":"https:\/\/fotk.fr\/sport\/canitrail-canicross\/","og_site_name":"Photographe de sport","article_modified_time":"2026-01-02T17:01:52+00:00","og_image":[{"width":2500,"height":1667,"url":"https:\/\/fotk.fr\/sport\/wp-content\/uploads\/sites\/4\/2025\/12\/\u00a9-Vincent-Krieger-220604-091409-D52_1029.jpg","type":"image\/jpeg"}],"twitter_card":"summary_large_image","twitter_misc":{"Dur\u00e9e de lecture estim\u00e9e":"1 minute"},"schema":{"@context":"https:\/\/schema.org","@graph":[{"@type":"WebPage","@id":"https:\/\/fotk.fr\/sport\/canitrail-canicross\/","url":"https:\/\/fotk.fr\/sport\/canitrail-canicross\/","name":"Canitrail \u2013 Canicross - Photographe de sport","isPartOf":{"@id":"https:\/\/fotk.fr\/sport\/#website"},"primaryImageOfPage":{"@id":"https:\/\/fotk.fr\/sport\/canitrail-canicross\/#primaryimage"},"image":{"@id":"https:\/\/fotk.fr\/sport\/canitrail-canicross\/#primaryimage"},"thumbnailUrl":"https:\/\/fotk.fr\/sport\/wp-content\/uploads\/sites\/4\/2025\/12\/\u00a9-Vincent-Krieger-220604-091409-D52_1029.jpg","datePublished":"2025-12-13T16:08:07+00:00","dateModified":"2026-01-02T17:01:52+00:00","breadcrumb":{"@id":"https:\/\/fotk.fr\/sport\/canitrail-canicross\/#breadcrumb"},"inLanguage":"fr-FR","potentialAction":[{"@type":"ReadAction","target":["https:\/\/fotk.fr\/sport\/canitrail-canicross\/"]}]},{"@type":"ImageObject","inLanguage":"fr-FR","@id":"https:\/\/fotk.fr\/sport\/canitrail-canicross\/#primaryimage","url":"https:\/\/fotk.fr\/sport\/wp-content\/uploads\/sites\/4\/2025\/12\/\u00a9-Vincent-Krieger-220604-091409-D52_1029.jpg","contentUrl":"https:\/\/fotk.fr\/sport\/wp-content\/uploads\/sites\/4\/2025\/12\/\u00a9-Vincent-Krieger-220604-091409-D52_1029.jpg","width":2500,"height":1667},{"@type":"BreadcrumbList","@id":"https:\/\/fotk.fr\/sport\/canitrail-canicross\/#breadcrumb","itemListElement":[{"@type":"ListItem","position":1,"name":"Accueil","item":"https:\/\/fotk.fr\/sport\/"},{"@type":"ListItem","position":2,"name":"Canitrail \u2013 Canicross"}]},{"@type":"WebSite","@id":"https:\/\/fotk.fr\/sport\/#website","url":"https:\/\/fotk.fr\/sport\/","name":"Photographe de sport","description":"Vincent Kri\u00e9ger","publisher":{"@id":"https:\/\/fotk.fr\/sport\/#organization"},"potentialAction":[{"@type":"SearchAction","target":{"@type":"EntryPoint","urlTemplate":"https:\/\/fotk.fr\/sport\/?s={search_term_string}"},"query-input":{"@type":"PropertyValueSpecification","valueRequired":true,"valueName":"search_term_string"}}],"inLanguage":"fr-FR"},{"@type":"Organization","@id":"https:\/\/fotk.fr\/sport\/#organization","name":"Photographe de sport","url":"https:\/\/fotk.fr\/sport\/","logo":{"@type":"ImageObject","inLanguage":"fr-FR","@id":"https:\/\/fotk.fr\/sport\/#\/schema\/logo\/image\/","url":"https:\/\/fotk.fr\/sport\/wp-content\/uploads\/sites\/4\/2025\/12\/logo-FOTK-noir-512.png","contentUrl":"https:\/\/fotk.fr\/sport\/wp-content\/uploads\/sites\/4\/2025\/12\/logo-FOTK-noir-512.png","width":512,"height":512,"caption":"Photographe de sport"},"image":{"@id":"https:\/\/fotk.fr\/sport\/#\/schema\/logo\/image\/"}}]}},"_links":{"self":[{"href":"https:\/\/fotk.fr\/sport\/wp-json\/wp\/v2\/pages\/37054","targetHints":{"allow":["GET"]}}],"collection":[{"href":"https:\/\/fotk.fr\/sport\/wp-json\/wp\/v2\/pages"}],"about":[{"href":"https:\/\/fotk.fr\/sport\/wp-json\/wp\/v2\/types\/page"}],"author":[{"embeddable":true,"href":"https:\/\/fotk.fr\/sport\/wp-json\/wp\/v2\/users\/1"}],"replies":[{"embeddable":true,"href":"https:\/\/fotk.fr\/sport\/wp-json\/wp\/v2\/comments?post=37054"}],"version-history":[{"count":11,"href":"https:\/\/fotk.fr\/sport\/wp-json\/wp\/v2\/pages\/37054\/revisions"}],"predecessor-version":[{"id":37913,"href":"https:\/\/fotk.fr\/sport\/wp-json\/wp\/v2\/pages\/37054\/revisions\/37913"}],"wp:featuredmedia":[{"embeddable":true,"href":"https:\/\/fotk.fr\/sport\/wp-json\/wp\/v2\/media\/37896"}],"wp:attachment":[{"href":"https:\/\/fotk.fr\/sport\/wp-json\/wp\/v2\/media?parent=37054"}],"curies":[{"name":"wp","href":"https:\/\/api.w.org\/{rel}","templated":true}]}}