{"id":37056,"date":"2025-12-13T17:09:06","date_gmt":"2025-12-13T16:09:06","guid":{"rendered":"https:\/\/fotk.fr\/sport\/?page_id=37056"},"modified":"2025-12-17T17:52:28","modified_gmt":"2025-12-17T16:52:28","slug":"course-automobile","status":"publish","type":"page","link":"https:\/\/fotk.fr\/sport\/course-automobile\/","title":{"rendered":"Course automobile"},"content":{"rendered":"<div class=\"wpb-content-wrapper\"><p>[vc_row][vc_column][vc_empty_space][vc_column_text css=\u00a0\u00bb\u00a0\u00bb]Pour son 30e\u0300me anniversaire, le Trophe\u0301e Andros retrouve la magie du Stade de France et sa piste de glace avec l\u2019organisation de la super finale.<\/p>\n<div class=\"page\" title=\"Page 1\">\n<div class=\"layoutArea\">\n<div class=\"column\">\n<p>3 pilotes, Margot LAFFITE, Olivier PERNAUT, et Vincent BELTOISE sont venus disputer cette finale sous les couleurs de L\u2019entreprise STEF.<\/p>\n<\/div>\n<\/div>\n<\/div>\n<p>[\/vc_column_text][vc_empty_space]<div class=\"wf-container dt-gallery-container dt-photos-shortcode loading-effect-none description-under-image iso-container\" data-padding=\"20px\" data-cur-page=\"1\" data-width=\"370px\" data-columns=\"1\"><div class=\"wf-cell iso-item\" data-date=\"2019-04-17T15:16:42+02:00\" data-name=\"Finale Troph\u00e9e Andros au Stade de France\" data-post-id=\"35125\">\n<article class=\"post post-35125 attachment type-attachment status-inherit hentry\">\n\n\t\n<div class=\"project-list-media\">\n\n\t<div class=\"buttons-on-img\">\n\n\t\t<a href=\"https:\/\/fotk.fr\/sport\/wp-content\/uploads\/sites\/4\/2019\/04\/Photo_Vincent-Krieger_090219_184413_D51_2776.jpg\" class=\"alignnone dt-mfp-item rollover rollover-zoom mfp-image\" title=\"Finale Troph\u00e9e Andros au Stade de France\" data-dt-img-description=\"Cr\u00e9dit photo : Vincent Kri\u00e9ger\" ><img class=\"preload-me\" srcset=\"https:\/\/fotk.fr\/sport\/wp-content\/uploads\/sites\/4\/2019\/04\/Photo_Vincent-Krieger_090219_184413_D51_2776-555x370.jpg 1x, https:\/\/fotk.fr\/sport\/wp-content\/uploads\/sites\/4\/2019\/04\/Photo_Vincent-Krieger_090219_184413_D51_2776-1110x740.jpg 2x\" alt=\"Photographe de Sport, Ev\u00e9nements sportifs\" width=\"555\" height=\"370\"  \/><\/a>\n\t<\/div>\n\n<\/div>\n<div class=\"project-list-content\">\n\n\t<h3 class=\"entry-title\"><a class=\"dt-trigger-first-mfp\" href=\"https:\/\/fotk.fr\/sport\/photo_vincent-krieger_090219_184413_d51_2776\/\" title=\"Finale Troph\u00e9e Andros au Stade de France\" rel=\"bookmark\">Finale Troph\u00e9e Andros au Stade de France<\/a><\/h3>\n<p>Cr\u00e9dit photo : Vincent Kri\u00e9ger<\/p>\n\n<\/div>\n<\/article>\n\n<\/div><div class=\"wf-cell iso-item\" data-date=\"2019-04-17T15:16:44+02:00\" data-name=\"Finale Troph\u00e9e Andros au Stade de France\" data-post-id=\"35126\">\n<article class=\"post post-35126 attachment type-attachment status-inherit hentry\">\n\n\t\n<div class=\"project-list-media\">\n\n\t<div class=\"buttons-on-img\">\n\n\t\t<a href=\"https:\/\/fotk.fr\/sport\/wp-content\/uploads\/sites\/4\/2019\/04\/Photo_Vincent-Krieger_090219_184443_D51_2790.jpg\" class=\"alignnone dt-mfp-item rollover rollover-zoom mfp-image\" title=\"Finale Troph\u00e9e Andros au Stade de France\" data-dt-img-description=\"Cr\u00e9dit photo : Vincent Kri\u00e9ger\" ><img class=\"preload-me\" srcset=\"https:\/\/fotk.fr\/sport\/wp-content\/uploads\/sites\/4\/2019\/04\/Photo_Vincent-Krieger_090219_184443_D51_2790-555x370.jpg 1x, https:\/\/fotk.fr\/sport\/wp-content\/uploads\/sites\/4\/2019\/04\/Photo_Vincent-Krieger_090219_184443_D51_2790-1110x740.jpg 2x\" alt=\"Photographe de Sport, Ev\u00e9nements sportifs\" width=\"555\" height=\"370\"  \/><\/a>\n\t<\/div>\n\n<\/div>\n<div class=\"project-list-content\">\n\n\t<h3 class=\"entry-title\"><a class=\"dt-trigger-first-mfp\" href=\"https:\/\/fotk.fr\/sport\/photo_vincent-krieger_090219_184443_d51_2790\/\" title=\"Finale Troph\u00e9e Andros au Stade de France\" rel=\"bookmark\">Finale Troph\u00e9e Andros au Stade de France<\/a><\/h3>\n<p>Cr\u00e9dit photo : Vincent Kri\u00e9ger<\/p>\n\n<\/div>\n<\/article>\n\n<\/div><div class=\"wf-cell iso-item\" data-date=\"2019-04-17T15:16:45+02:00\" data-name=\"Finale Troph\u00e9e Andros au Stade de France\" data-post-id=\"35127\">\n<article class=\"post post-35127 attachment type-attachment status-inherit hentry\">\n\n\t\n<div class=\"project-list-media\">\n\n\t<div class=\"buttons-on-img\">\n\n\t\t<a href=\"https:\/\/fotk.fr\/sport\/wp-content\/uploads\/sites\/4\/2019\/04\/Photo_Vincent-Krieger_090219_194028_D51_3157.jpg\" class=\"alignnone dt-mfp-item rollover rollover-zoom mfp-image\" title=\"Finale Troph\u00e9e Andros au Stade de France\" data-dt-img-description=\"Cr\u00e9dit photo : Vincent Kri\u00e9ger\" ><img class=\"preload-me\" srcset=\"https:\/\/fotk.fr\/sport\/wp-content\/uploads\/sites\/4\/2019\/04\/Photo_Vincent-Krieger_090219_194028_D51_3157-555x370.jpg 1x, https:\/\/fotk.fr\/sport\/wp-content\/uploads\/sites\/4\/2019\/04\/Photo_Vincent-Krieger_090219_194028_D51_3157-1110x740.jpg 2x\" alt=\"Photographe de Sport, Ev\u00e9nements sportifs\" width=\"555\" height=\"370\"  \/><\/a>\n\t<\/div>\n\n<\/div>\n<div class=\"project-list-content\">\n\n\t<h3 class=\"entry-title\"><a class=\"dt-trigger-first-mfp\" href=\"https:\/\/fotk.fr\/sport\/photo_vincent-krieger_090219_194028_d51_3157\/\" title=\"Finale Troph\u00e9e Andros au Stade de France\" rel=\"bookmark\">Finale Troph\u00e9e Andros au Stade de France<\/a><\/h3>\n<p>Cr\u00e9dit photo : Vincent Kri\u00e9ger<\/p>\n\n<\/div>\n<\/article>\n\n<\/div><div class=\"wf-cell iso-item\" data-date=\"2019-04-17T15:16:47+02:00\" data-name=\"Finale Troph\u00e9e Andros au Stade de France\" data-post-id=\"35128\">\n<article class=\"post post-35128 attachment type-attachment status-inherit hentry\">\n\n\t\n<div class=\"project-list-media\">\n\n\t<div class=\"buttons-on-img\">\n\n\t\t<a href=\"https:\/\/fotk.fr\/sport\/wp-content\/uploads\/sites\/4\/2019\/04\/Photo_Vincent-Krieger_090219_194156_D51_3196.jpg\" class=\"alignnone dt-mfp-item rollover rollover-zoom mfp-image\" title=\"Finale Troph\u00e9e Andros au Stade de France\" data-dt-img-description=\"Cr\u00e9dit photo : Vincent Kri\u00e9ger\" ><img class=\"preload-me\" srcset=\"https:\/\/fotk.fr\/sport\/wp-content\/uploads\/sites\/4\/2019\/04\/Photo_Vincent-Krieger_090219_194156_D51_3196-555x370.jpg 1x, https:\/\/fotk.fr\/sport\/wp-content\/uploads\/sites\/4\/2019\/04\/Photo_Vincent-Krieger_090219_194156_D51_3196-1110x740.jpg 2x\" alt=\"Photographe de Sport, Ev\u00e9nements sportifs\" width=\"555\" height=\"370\"  \/><\/a>\n\t<\/div>\n\n<\/div>\n<div class=\"project-list-content\">\n\n\t<h3 class=\"entry-title\"><a class=\"dt-trigger-first-mfp\" href=\"https:\/\/fotk.fr\/sport\/photo_vincent-krieger_090219_194156_d51_3196\/\" title=\"Finale Troph\u00e9e Andros au Stade de France\" rel=\"bookmark\">Finale Troph\u00e9e Andros au Stade de France<\/a><\/h3>\n<p>Cr\u00e9dit photo : Vincent Kri\u00e9ger<\/p>\n\n<\/div>\n<\/article>\n\n<\/div><div class=\"wf-cell iso-item\" data-date=\"2019-04-17T15:16:48+02:00\" data-name=\"Finale Troph\u00e9e Andros au Stade de France\" data-post-id=\"35129\">\n<article class=\"post post-35129 attachment type-attachment status-inherit hentry\">\n\n\t\n<div class=\"project-list-media\">\n\n\t<div class=\"buttons-on-img\">\n\n\t\t<a href=\"https:\/\/fotk.fr\/sport\/wp-content\/uploads\/sites\/4\/2019\/04\/Photo_Vincent-Krieger_090219_202652_D52_0330.jpg\" class=\"alignnone dt-mfp-item rollover rollover-zoom mfp-image\" title=\"Finale Troph\u00e9e Andros au Stade de France\" data-dt-img-description=\"Cr\u00e9dit photo : Vincent Kri\u00e9ger\" ><img class=\"preload-me\" srcset=\"https:\/\/fotk.fr\/sport\/wp-content\/uploads\/sites\/4\/2019\/04\/Photo_Vincent-Krieger_090219_202652_D52_0330-555x370.jpg 1x, https:\/\/fotk.fr\/sport\/wp-content\/uploads\/sites\/4\/2019\/04\/Photo_Vincent-Krieger_090219_202652_D52_0330-1110x740.jpg 2x\" alt=\"Vincent Beltoise pour la s\u00e9rie \u00e9lectrique ainsi que Margot Laffite et Olivier Pernault pour la s\u00e9rie thermique.\" width=\"555\" height=\"370\"  \/><\/a>\n\t<\/div>\n\n<\/div>\n<div class=\"project-list-content\">\n\n\t<h3 class=\"entry-title\"><a class=\"dt-trigger-first-mfp\" href=\"https:\/\/fotk.fr\/sport\/photo_vincent-krieger_090219_202652_d52_0330\/\" title=\"Finale Troph\u00e9e Andros au Stade de France\" rel=\"bookmark\">Finale Troph\u00e9e Andros au Stade de France<\/a><\/h3>\n<p>Cr\u00e9dit photo : Vincent Kri\u00e9ger<\/p>\n\n<\/div>\n<\/article>\n\n<\/div><div class=\"wf-cell iso-item\" data-date=\"2019-04-17T15:16:49+02:00\" data-name=\"Finale Troph\u00e9e Andros au Stade de France\" data-post-id=\"35130\">\n<article class=\"post post-35130 attachment type-attachment status-inherit hentry\">\n\n\t\n<div class=\"project-list-media\">\n\n\t<div class=\"buttons-on-img\">\n\n\t\t<a href=\"https:\/\/fotk.fr\/sport\/wp-content\/uploads\/sites\/4\/2019\/04\/Photo_Vincent-Krieger_090219_211456_D51_3351.jpg\" class=\"alignnone dt-mfp-item rollover rollover-zoom mfp-image\" title=\"Finale Troph\u00e9e Andros au Stade de France\" data-dt-img-description=\"Cr\u00e9dit photo : Vincent Kri\u00e9ger\" ><img class=\"preload-me\" srcset=\"https:\/\/fotk.fr\/sport\/wp-content\/uploads\/sites\/4\/2019\/04\/Photo_Vincent-Krieger_090219_211456_D51_3351-555x370.jpg 1x, https:\/\/fotk.fr\/sport\/wp-content\/uploads\/sites\/4\/2019\/04\/Photo_Vincent-Krieger_090219_211456_D51_3351-1110x740.jpg 2x\" alt=\"Photographe de Sport, Ev\u00e9nements sportifs\" width=\"555\" height=\"370\"  \/><\/a>\n\t<\/div>\n\n<\/div>\n<div class=\"project-list-content\">\n\n\t<h3 class=\"entry-title\"><a class=\"dt-trigger-first-mfp\" href=\"https:\/\/fotk.fr\/sport\/photo_vincent-krieger_090219_211456_d51_3351\/\" title=\"Finale Troph\u00e9e Andros au Stade de France\" rel=\"bookmark\">Finale Troph\u00e9e Andros au Stade de France<\/a><\/h3>\n<p>Cr\u00e9dit photo : Vincent Kri\u00e9ger<\/p>\n\n<\/div>\n<\/article>\n\n<\/div><div class=\"wf-cell iso-item\" data-date=\"2019-04-17T15:16:51+02:00\" data-name=\"Finale Troph\u00e9e Andros au Stade de France\" data-post-id=\"35131\">\n<article class=\"post post-35131 attachment type-attachment status-inherit hentry\">\n\n\t\n<div class=\"project-list-media\">\n\n\t<div class=\"buttons-on-img\">\n\n\t\t<a href=\"https:\/\/fotk.fr\/sport\/wp-content\/uploads\/sites\/4\/2019\/04\/Photo_Vincent-Krieger_090219_213445_D51_3792.jpg\" class=\"alignnone dt-mfp-item rollover rollover-zoom mfp-image\" title=\"Finale Troph\u00e9e Andros au Stade de France\" data-dt-img-description=\"Cr\u00e9dit photo : Vincent Kri\u00e9ger\" ><img class=\"preload-me\" srcset=\"https:\/\/fotk.fr\/sport\/wp-content\/uploads\/sites\/4\/2019\/04\/Photo_Vincent-Krieger_090219_213445_D51_3792-555x383.jpg 1x, https:\/\/fotk.fr\/sport\/wp-content\/uploads\/sites\/4\/2019\/04\/Photo_Vincent-Krieger_090219_213445_D51_3792-1110x766.jpg 2x\" alt=\"Photographe de Sport, Ev\u00e9nements sportifs\" width=\"555\" height=\"383\"  \/><\/a>\n\t<\/div>\n\n<\/div>\n<div class=\"project-list-content\">\n\n\t<h3 class=\"entry-title\"><a class=\"dt-trigger-first-mfp\" href=\"https:\/\/fotk.fr\/sport\/photo_vincent-krieger_090219_213445_d51_3792\/\" title=\"Finale Troph\u00e9e Andros au Stade de France\" rel=\"bookmark\">Finale Troph\u00e9e Andros au Stade de France<\/a><\/h3>\n<p>Cr\u00e9dit photo : Vincent Kri\u00e9ger<\/p>\n\n<\/div>\n<\/article>\n\n<\/div><div class=\"wf-cell iso-item\" data-date=\"2019-04-17T15:16:52+02:00\" data-name=\"Finale Troph\u00e9e Andros au Stade de France\" data-post-id=\"35132\">\n<article class=\"post post-35132 attachment type-attachment status-inherit hentry\">\n\n\t\n<div class=\"project-list-media\">\n\n\t<div class=\"buttons-on-img\">\n\n\t\t<a href=\"https:\/\/fotk.fr\/sport\/wp-content\/uploads\/sites\/4\/2019\/04\/Photo_Vincent-Krieger_090219_215012_D51_3804.jpg\" class=\"alignnone dt-mfp-item rollover rollover-zoom mfp-image\" title=\"Finale Troph\u00e9e Andros au Stade de France\" data-dt-img-description=\"Cr\u00e9dit photo : Vincent Kri\u00e9ger\" ><img class=\"preload-me\" srcset=\"https:\/\/fotk.fr\/sport\/wp-content\/uploads\/sites\/4\/2019\/04\/Photo_Vincent-Krieger_090219_215012_D51_3804-555x370.jpg 1x, https:\/\/fotk.fr\/sport\/wp-content\/uploads\/sites\/4\/2019\/04\/Photo_Vincent-Krieger_090219_215012_D51_3804-1110x740.jpg 2x\" alt=\"Photographe de Sport, Ev\u00e9nements sportifs\" width=\"555\" height=\"370\"  \/><\/a>\n\t<\/div>\n\n<\/div>\n<div class=\"project-list-content\">\n\n\t<h3 class=\"entry-title\"><a class=\"dt-trigger-first-mfp\" href=\"https:\/\/fotk.fr\/sport\/photo_vincent-krieger_090219_215012_d51_3804\/\" title=\"Finale Troph\u00e9e Andros au Stade de France\" rel=\"bookmark\">Finale Troph\u00e9e Andros au Stade de France<\/a><\/h3>\n<p>Cr\u00e9dit photo : Vincent Kri\u00e9ger<\/p>\n\n<\/div>\n<\/article>\n\n<\/div><\/div>[\/vc_column][\/vc_row]<\/p>\n<\/div>","protected":false},"excerpt":{"rendered":"<p>[vc_row][vc_column][vc_empty_space][vc_column_text css=\u00a0\u00bb\u00a0\u00bb]Pour son 30e\u0300me anniversaire, le Trophe\u0301e Andros retrouve la magie du Stade de France et sa piste de glace avec l\u2019organisation de la super finale. 3 pilotes, Margot LAFFITE, Olivier PERNAUT, et Vincent BELTOISE sont venus disputer cette finale sous les couleurs de L\u2019entreprise STEF. [\/vc_column_text][vc_empty_space][\/vc_column][\/vc_row]<\/p>\n","protected":false},"author":1,"featured_media":36373,"parent":0,"menu_order":0,"comment_status":"closed","ping_status":"closed","template":"","meta":{"footnotes":""},"class_list":["post-37056","page","type-page","status-publish","has-post-thumbnail","hentry","description-off"],"yoast_head":"<!-- This site is optimized with the Yoast SEO plugin v26.5 - https:\/\/yoast.com\/wordpress\/plugins\/seo\/ -->\n<title>Course automobile - Photographe de sport<\/title>\n<meta name=\"robots\" content=\"index, follow, max-snippet:-1, max-image-preview:large, max-video-preview:-1\" \/>\n<link rel=\"canonical\" href=\"https:\/\/fotk.fr\/sport\/course-automobile\/\" \/>\n<meta property=\"og:locale\" content=\"fr_FR\" \/>\n<meta property=\"og:type\" content=\"article\" \/>\n<meta property=\"og:title\" content=\"Course automobile - Photographe de sport\" \/>\n<meta property=\"og:description\" content=\"[vc_row][vc_column][vc_empty_space][vc_column_text css=\u00a0\u00bb\u00a0\u00bb]Pour son 30e\u0300me anniversaire, le Trophe\u0301e Andros retrouve la magie du Stade de France et sa piste de glace avec l\u2019organisation de la super finale. 3 pilotes, Margot LAFFITE, Olivier PERNAUT, et Vincent BELTOISE sont venus disputer cette finale sous les couleurs de L\u2019entreprise STEF. [\/vc_column_text][vc_empty_space][\/vc_column][\/vc_row]\" \/>\n<meta property=\"og:url\" content=\"https:\/\/fotk.fr\/sport\/course-automobile\/\" \/>\n<meta property=\"og:site_name\" content=\"Photographe de sport\" \/>\n<meta property=\"article:modified_time\" content=\"2025-12-17T16:52:28+00:00\" \/>\n<meta property=\"og:image\" content=\"https:\/\/fotk.fr\/sport\/wp-content\/uploads\/sites\/4\/revslider\/accueil-1\/\u00a9-Vincent-Krieger-190209-184413-D51_2776-bd.jpg\" \/>\n\t<meta property=\"og:image:width\" content=\"2500\" \/>\n\t<meta property=\"og:image:height\" content=\"1667\" \/>\n\t<meta property=\"og:image:type\" content=\"image\/jpeg\" \/>\n<meta name=\"twitter:card\" content=\"summary_large_image\" \/>\n<meta name=\"twitter:label1\" content=\"Dur\u00e9e de lecture estim\u00e9e\" \/>\n\t<meta name=\"twitter:data1\" content=\"1 minute\" \/>\n<script type=\"application\/ld+json\" class=\"yoast-schema-graph\">{\"@context\":\"https:\/\/schema.org\",\"@graph\":[{\"@type\":\"WebPage\",\"@id\":\"https:\/\/fotk.fr\/sport\/course-automobile\/\",\"url\":\"https:\/\/fotk.fr\/sport\/course-automobile\/\",\"name\":\"Course automobile - Photographe de sport\",\"isPartOf\":{\"@id\":\"https:\/\/fotk.fr\/sport\/#website\"},\"primaryImageOfPage\":{\"@id\":\"https:\/\/fotk.fr\/sport\/course-automobile\/#primaryimage\"},\"image\":{\"@id\":\"https:\/\/fotk.fr\/sport\/course-automobile\/#primaryimage\"},\"thumbnailUrl\":\"https:\/\/fotk.fr\/sport\/wp-content\/uploads\/sites\/4\/revslider\/accueil-1\/\u00a9-Vincent-Krieger-190209-184413-D51_2776-bd.jpg\",\"datePublished\":\"2025-12-13T16:09:06+00:00\",\"dateModified\":\"2025-12-17T16:52:28+00:00\",\"breadcrumb\":{\"@id\":\"https:\/\/fotk.fr\/sport\/course-automobile\/#breadcrumb\"},\"inLanguage\":\"fr-FR\",\"potentialAction\":[{\"@type\":\"ReadAction\",\"target\":[\"https:\/\/fotk.fr\/sport\/course-automobile\/\"]}]},{\"@type\":\"ImageObject\",\"inLanguage\":\"fr-FR\",\"@id\":\"https:\/\/fotk.fr\/sport\/course-automobile\/#primaryimage\",\"url\":\"https:\/\/fotk.fr\/sport\/wp-content\/uploads\/sites\/4\/revslider\/accueil-1\/\u00a9-Vincent-Krieger-190209-184413-D51_2776-bd.jpg\",\"contentUrl\":\"https:\/\/fotk.fr\/sport\/wp-content\/uploads\/sites\/4\/revslider\/accueil-1\/\u00a9-Vincent-Krieger-190209-184413-D51_2776-bd.jpg\",\"width\":2500,\"height\":1667},{\"@type\":\"BreadcrumbList\",\"@id\":\"https:\/\/fotk.fr\/sport\/course-automobile\/#breadcrumb\",\"itemListElement\":[{\"@type\":\"ListItem\",\"position\":1,\"name\":\"Accueil\",\"item\":\"https:\/\/fotk.fr\/sport\/\"},{\"@type\":\"ListItem\",\"position\":2,\"name\":\"Course automobile\"}]},{\"@type\":\"WebSite\",\"@id\":\"https:\/\/fotk.fr\/sport\/#website\",\"url\":\"https:\/\/fotk.fr\/sport\/\",\"name\":\"Photographe de sport\",\"description\":\"Vincent Kri\u00e9ger\",\"publisher\":{\"@id\":\"https:\/\/fotk.fr\/sport\/#organization\"},\"potentialAction\":[{\"@type\":\"SearchAction\",\"target\":{\"@type\":\"EntryPoint\",\"urlTemplate\":\"https:\/\/fotk.fr\/sport\/?s={search_term_string}\"},\"query-input\":{\"@type\":\"PropertyValueSpecification\",\"valueRequired\":true,\"valueName\":\"search_term_string\"}}],\"inLanguage\":\"fr-FR\"},{\"@type\":\"Organization\",\"@id\":\"https:\/\/fotk.fr\/sport\/#organization\",\"name\":\"Photographe de sport\",\"url\":\"https:\/\/fotk.fr\/sport\/\",\"logo\":{\"@type\":\"ImageObject\",\"inLanguage\":\"fr-FR\",\"@id\":\"https:\/\/fotk.fr\/sport\/#\/schema\/logo\/image\/\",\"url\":\"https:\/\/fotk.fr\/sport\/wp-content\/uploads\/sites\/4\/2025\/12\/logo-FOTK-noir-512.png\",\"contentUrl\":\"https:\/\/fotk.fr\/sport\/wp-content\/uploads\/sites\/4\/2025\/12\/logo-FOTK-noir-512.png\",\"width\":512,\"height\":512,\"caption\":\"Photographe de sport\"},\"image\":{\"@id\":\"https:\/\/fotk.fr\/sport\/#\/schema\/logo\/image\/\"}}]}<\/script>\n<!-- \/ Yoast SEO plugin. -->","yoast_head_json":{"title":"Course automobile - Photographe de sport","robots":{"index":"index","follow":"follow","max-snippet":"max-snippet:-1","max-image-preview":"max-image-preview:large","max-video-preview":"max-video-preview:-1"},"canonical":"https:\/\/fotk.fr\/sport\/course-automobile\/","og_locale":"fr_FR","og_type":"article","og_title":"Course automobile - Photographe de sport","og_description":"[vc_row][vc_column][vc_empty_space][vc_column_text css=\u00a0\u00bb\u00a0\u00bb]Pour son 30e\u0300me anniversaire, le Trophe\u0301e Andros retrouve la magie du Stade de France et sa piste de glace avec l\u2019organisation de la super finale. 3 pilotes, Margot LAFFITE, Olivier PERNAUT, et Vincent BELTOISE sont venus disputer cette finale sous les couleurs de L\u2019entreprise STEF. [\/vc_column_text][vc_empty_space][\/vc_column][\/vc_row]","og_url":"https:\/\/fotk.fr\/sport\/course-automobile\/","og_site_name":"Photographe de sport","article_modified_time":"2025-12-17T16:52:28+00:00","og_image":[{"width":2500,"height":1667,"url":"https:\/\/fotk.fr\/sport\/wp-content\/uploads\/sites\/4\/revslider\/accueil-1\/\u00a9-Vincent-Krieger-190209-184413-D51_2776-bd.jpg","type":"image\/jpeg"}],"twitter_card":"summary_large_image","twitter_misc":{"Dur\u00e9e de lecture estim\u00e9e":"1 minute"},"schema":{"@context":"https:\/\/schema.org","@graph":[{"@type":"WebPage","@id":"https:\/\/fotk.fr\/sport\/course-automobile\/","url":"https:\/\/fotk.fr\/sport\/course-automobile\/","name":"Course automobile - Photographe de sport","isPartOf":{"@id":"https:\/\/fotk.fr\/sport\/#website"},"primaryImageOfPage":{"@id":"https:\/\/fotk.fr\/sport\/course-automobile\/#primaryimage"},"image":{"@id":"https:\/\/fotk.fr\/sport\/course-automobile\/#primaryimage"},"thumbnailUrl":"https:\/\/fotk.fr\/sport\/wp-content\/uploads\/sites\/4\/revslider\/accueil-1\/\u00a9-Vincent-Krieger-190209-184413-D51_2776-bd.jpg","datePublished":"2025-12-13T16:09:06+00:00","dateModified":"2025-12-17T16:52:28+00:00","breadcrumb":{"@id":"https:\/\/fotk.fr\/sport\/course-automobile\/#breadcrumb"},"inLanguage":"fr-FR","potentialAction":[{"@type":"ReadAction","target":["https:\/\/fotk.fr\/sport\/course-automobile\/"]}]},{"@type":"ImageObject","inLanguage":"fr-FR","@id":"https:\/\/fotk.fr\/sport\/course-automobile\/#primaryimage","url":"https:\/\/fotk.fr\/sport\/wp-content\/uploads\/sites\/4\/revslider\/accueil-1\/\u00a9-Vincent-Krieger-190209-184413-D51_2776-bd.jpg","contentUrl":"https:\/\/fotk.fr\/sport\/wp-content\/uploads\/sites\/4\/revslider\/accueil-1\/\u00a9-Vincent-Krieger-190209-184413-D51_2776-bd.jpg","width":2500,"height":1667},{"@type":"BreadcrumbList","@id":"https:\/\/fotk.fr\/sport\/course-automobile\/#breadcrumb","itemListElement":[{"@type":"ListItem","position":1,"name":"Accueil","item":"https:\/\/fotk.fr\/sport\/"},{"@type":"ListItem","position":2,"name":"Course automobile"}]},{"@type":"WebSite","@id":"https:\/\/fotk.fr\/sport\/#website","url":"https:\/\/fotk.fr\/sport\/","name":"Photographe de sport","description":"Vincent Kri\u00e9ger","publisher":{"@id":"https:\/\/fotk.fr\/sport\/#organization"},"potentialAction":[{"@type":"SearchAction","target":{"@type":"EntryPoint","urlTemplate":"https:\/\/fotk.fr\/sport\/?s={search_term_string}"},"query-input":{"@type":"PropertyValueSpecification","valueRequired":true,"valueName":"search_term_string"}}],"inLanguage":"fr-FR"},{"@type":"Organization","@id":"https:\/\/fotk.fr\/sport\/#organization","name":"Photographe de sport","url":"https:\/\/fotk.fr\/sport\/","logo":{"@type":"ImageObject","inLanguage":"fr-FR","@id":"https:\/\/fotk.fr\/sport\/#\/schema\/logo\/image\/","url":"https:\/\/fotk.fr\/sport\/wp-content\/uploads\/sites\/4\/2025\/12\/logo-FOTK-noir-512.png","contentUrl":"https:\/\/fotk.fr\/sport\/wp-content\/uploads\/sites\/4\/2025\/12\/logo-FOTK-noir-512.png","width":512,"height":512,"caption":"Photographe de sport"},"image":{"@id":"https:\/\/fotk.fr\/sport\/#\/schema\/logo\/image\/"}}]}},"_links":{"self":[{"href":"https:\/\/fotk.fr\/sport\/wp-json\/wp\/v2\/pages\/37056","targetHints":{"allow":["GET"]}}],"collection":[{"href":"https:\/\/fotk.fr\/sport\/wp-json\/wp\/v2\/pages"}],"about":[{"href":"https:\/\/fotk.fr\/sport\/wp-json\/wp\/v2\/types\/page"}],"author":[{"embeddable":true,"href":"https:\/\/fotk.fr\/sport\/wp-json\/wp\/v2\/users\/1"}],"replies":[{"embeddable":true,"href":"https:\/\/fotk.fr\/sport\/wp-json\/wp\/v2\/comments?post=37056"}],"version-history":[{"count":7,"href":"https:\/\/fotk.fr\/sport\/wp-json\/wp\/v2\/pages\/37056\/revisions"}],"predecessor-version":[{"id":37645,"href":"https:\/\/fotk.fr\/sport\/wp-json\/wp\/v2\/pages\/37056\/revisions\/37645"}],"wp:featuredmedia":[{"embeddable":true,"href":"https:\/\/fotk.fr\/sport\/wp-json\/wp\/v2\/media\/36373"}],"wp:attachment":[{"href":"https:\/\/fotk.fr\/sport\/wp-json\/wp\/v2\/media?parent=37056"}],"curies":[{"name":"wp","href":"https:\/\/api.w.org\/{rel}","templated":true}]}}