{"id":37058,"date":"2025-12-13T17:09:23","date_gmt":"2025-12-13T16:09:23","guid":{"rendered":"https:\/\/fotk.fr\/sport\/?page_id=37058"},"modified":"2026-01-09T14:44:18","modified_gmt":"2026-01-09T13:44:18","slug":"course-a-pied-running","status":"publish","type":"page","link":"https:\/\/fotk.fr\/sport\/course-a-pied-running\/","title":{"rendered":"Course \u00e0 pied \/ Running"},"content":{"rendered":"<div class=\"wpb-content-wrapper\"><p>[vc_row][vc_column][vc_empty_space][vc_column_text css=\u00a0\u00bb\u00a0\u00bb]<strong>Photographe sp\u00e9cialis\u00e9 dans la course \u00e0 pied et le running<\/strong><\/p>\n<p>Passionn\u00e9 par le sport et l\u2019effort humain, je suis photographe professionnel sp\u00e9cialis\u00e9 dans la capture de moments uniques lors de courses \u00e0 pied, de marathons, de courses hors stade et autres \u00e9v\u00e9nements sportifs. Que vous soyez un coureur amateur ou un athl\u00e8te confirm\u00e9, mon objectif est de sublimer chaque instant de votre performance avec des images dynamiques et \u00e9motionnelles.<\/p>\n<p>Gr\u00e2ce \u00e0 une approche personnalis\u00e9e et une ma\u00eetrise des techniques de photographie sportive, je saisis l\u2019intensit\u00e9 de l\u2019action, la d\u00e9termination des participants et l\u2019ambiance g\u00e9n\u00e9rale de chaque \u00e9v\u00e9nement. Que ce soit sur des parcours de marathon, des trails en pleine nature ou lors de comp\u00e9titions locales, je mets en lumi\u00e8re votre \u00e9nergie, votre passion et vos accomplissements.[\/vc_column_text][vc_empty_space]<div class=\"wf-container dt-albums-shortcode loading-effect-fade-in description-on-hover iso-grid hover-style-three cs-style-3 always-show-info\" data-padding=\"20px\" data-cur-page=\"1\" data-width=\"370px\" data-columns=\"3\">\n<div class=\"wf-cell category-25\" data-date=\"2024-12-31T11:41:07+01:00\" data-name=\"Corrida de No\u00ebl - Issy les Moulineaux\" data-post-id=\"36775\">\n<article class=\"post post-36775 dt_gallery type-dt_gallery status-publish has-post-thumbnail hentry dt_gallery_category-course-a-pied-running\">\n\n\t\n<div class=\"rollover-project links-hovers-disabled\">\n\n\t<a href=\"https:\/\/fotk.fr\/sport\/wp-content\/uploads\/sites\/4\/2024\/12\/\u00a9-Vincent-Krieger-241215-081211-VK8_0065-bd.jpg\" class=\"rollover-click-target dt-gallery-mfp-popup\"   ><img srcset=\"https:\/\/fotk.fr\/sport\/wp-content\/uploads\/sites\/4\/2024\/12\/\u00a9-Vincent-Krieger-241215-081211-VK8_0065-bd-555x370.jpg 1x, https:\/\/fotk.fr\/sport\/wp-content\/uploads\/sites\/4\/2024\/12\/\u00a9-Vincent-Krieger-241215-081211-VK8_0065-bd-1110x740.jpg 2x\" class=\"preload-me\" alt=\"\"  width=\"555\" height=\"370\"  \/><\/a><div class=\"dt-gallery-container mfp-hide\"><a href=\"https:\/\/fotk.fr\/sport\/wp-content\/uploads\/sites\/4\/2024\/12\/\u00a9-Vincent-Krieger-241215-081211-VK8_0065-bd.jpg\" title=\"\u00a9-Vincent-Krieger-241215-081211-VK8_0065-bd\" class=\"mfp-image dt-mfp-item\" data-dt-img-description=\"\" data-dt-location=\"https:\/\/fotk.fr\/sport\/vincent-krieger-241215-081211-vk8_0065-bd\/\" ><\/a><a href=\"https:\/\/fotk.fr\/sport\/wp-content\/uploads\/sites\/4\/2024\/12\/\u00a9-Vincent-Krieger-241215-113753-VK9_5041-bd.jpg\" title=\"\u00a9-Vincent-Krieger-241215-113753-VK9_5041-bd\" class=\"mfp-image dt-mfp-item\" data-dt-img-description=\"\" data-dt-location=\"https:\/\/fotk.fr\/sport\/vincent-krieger-241215-113753-vk9_5041-bd\/\" ><\/a><a href=\"https:\/\/fotk.fr\/sport\/wp-content\/uploads\/sites\/4\/2024\/12\/\u00a9-Vincent-Krieger-241215-121847-VK8_2906-bd.jpg\" title=\"\u00a9-Vincent-Krieger-241215-121847-VK8_2906-bd\" class=\"mfp-image dt-mfp-item\" data-dt-img-description=\"\" data-dt-location=\"https:\/\/fotk.fr\/sport\/vincent-krieger-241215-121847-vk8_2906-bd\/\" ><\/a><a href=\"https:\/\/fotk.fr\/sport\/wp-content\/uploads\/sites\/4\/2024\/12\/\u00a9-Vincent-Krieger-241215-114057-VK9_5195-bd.jpg\" title=\"\u00a9-Vincent-Krieger-241215-114057-VK9_5195-bd\" class=\"mfp-image dt-mfp-item\" data-dt-img-description=\"\" data-dt-location=\"https:\/\/fotk.fr\/sport\/vincent-krieger-241215-114057-vk9_5195-bd\/\" ><\/a><a href=\"https:\/\/fotk.fr\/sport\/wp-content\/uploads\/sites\/4\/2024\/12\/\u00a9-Vincent-Krieger-241215-124612-VK8_3438-bd.jpg\" title=\"\u00a9-Vincent-Krieger-241215-124612-VK8_3438-bd\" class=\"mfp-image dt-mfp-item\" data-dt-img-description=\"\" data-dt-location=\"https:\/\/fotk.fr\/sport\/vincent-krieger-241215-124612-vk8_3438-bd\/\" ><\/a><a href=\"https:\/\/fotk.fr\/sport\/wp-content\/uploads\/sites\/4\/2024\/12\/\u00a9-Vincent-Krieger-241215-120404-VK9_6122-bd.jpg\" title=\"\u00a9-Vincent-Krieger-241215-120404-VK9_6122-bd\" class=\"mfp-image dt-mfp-item\" data-dt-img-description=\"\" data-dt-location=\"https:\/\/fotk.fr\/sport\/vincent-krieger-241215-120404-vk9_6122-bd\/\" ><\/a><a href=\"https:\/\/fotk.fr\/sport\/wp-content\/uploads\/sites\/4\/2024\/12\/\u00a9-Vincent-Krieger-241215-111835-VK8_2742-bd.jpg\" title=\"\u00a9-Vincent-Krieger-241215-111835-VK8_2742-bd\" class=\"mfp-image dt-mfp-item\" data-dt-img-description=\"\" data-dt-location=\"https:\/\/fotk.fr\/sport\/vincent-krieger-241215-111835-vk8_2742-bd\/\" ><\/a><a href=\"https:\/\/fotk.fr\/sport\/wp-content\/uploads\/sites\/4\/2024\/12\/\u00a9-Vincent-Krieger-241215-125841-VK9_7211-bd.jpg\" title=\"\u00a9-Vincent-Krieger-241215-125841-VK9_7211-bd\" class=\"mfp-image dt-mfp-item\" data-dt-img-description=\"\" data-dt-location=\"https:\/\/fotk.fr\/sport\/vincent-krieger-241215-125841-vk9_7211-bd\/\" ><\/a><a href=\"https:\/\/fotk.fr\/sport\/wp-content\/uploads\/sites\/4\/2024\/12\/\u00a9-Vincent-Krieger-241215-120506-VK9_6204-bd.jpg\" title=\"\u00a9-Vincent-Krieger-241215-120506-VK9_6204-bd\" class=\"mfp-image dt-mfp-item\" data-dt-img-description=\"\" data-dt-location=\"https:\/\/fotk.fr\/sport\/vincent-krieger-241215-120506-vk9_6204-bd\/\" ><\/a><a href=\"https:\/\/fotk.fr\/sport\/wp-content\/uploads\/sites\/4\/2024\/12\/\u00a9-Vincent-Krieger-241215-101620-VK8_2312-bd.jpg\" title=\"\u00a9-Vincent-Krieger-241215-101620-VK8_2312-bd\" class=\"mfp-image dt-mfp-item\" data-dt-img-description=\"\" data-dt-location=\"https:\/\/fotk.fr\/sport\/vincent-krieger-241215-101620-vk8_2312-bd\/\" ><\/a><a href=\"https:\/\/fotk.fr\/sport\/wp-content\/uploads\/sites\/4\/2024\/12\/\u00a9-Vincent-Krieger-241215-115356-VK9_5795-bd.jpg\" title=\"\u00a9-Vincent-Krieger-241215-115356-VK9_5795-bd\" class=\"mfp-image dt-mfp-item\" data-dt-img-description=\"\" data-dt-location=\"https:\/\/fotk.fr\/sport\/vincent-krieger-241215-115356-vk9_5795-bd\/\" ><\/a><a href=\"https:\/\/fotk.fr\/sport\/wp-content\/uploads\/sites\/4\/2024\/12\/\u00a9-Vincent-Krieger-241215-124526-VK8_3378-bd.jpg\" title=\"\u00a9-Vincent-Krieger-241215-124526-VK8_3378-bd\" class=\"mfp-image dt-mfp-item\" data-dt-img-description=\"\" data-dt-location=\"https:\/\/fotk.fr\/sport\/vincent-krieger-241215-124526-vk8_3378-bd\/\" ><\/a><a href=\"https:\/\/fotk.fr\/sport\/wp-content\/uploads\/sites\/4\/2024\/12\/\u00a9-Vincent-Krieger-241215-114657-VK9_5450-bd.jpg\" title=\"\u00a9-Vincent-Krieger-241215-114657-VK9_5450-bd\" class=\"mfp-image dt-mfp-item\" data-dt-img-description=\"\" data-dt-location=\"https:\/\/fotk.fr\/sport\/vincent-krieger-241215-114657-vk9_5450-bd\/\" ><\/a><a href=\"https:\/\/fotk.fr\/sport\/wp-content\/uploads\/sites\/4\/2024\/12\/\u00a9-Vincent-Krieger-241215-084109-VK8_0391-bd.jpg\" title=\"\u00a9-Vincent-Krieger-241215-084109-VK8_0391-bd\" class=\"mfp-image dt-mfp-item\" data-dt-img-description=\"\" data-dt-location=\"https:\/\/fotk.fr\/sport\/vincent-krieger-241215-084109-vk8_0391-bd\/\" ><\/a><a href=\"https:\/\/fotk.fr\/sport\/wp-content\/uploads\/sites\/4\/2024\/12\/\u00a9-Vincent-Krieger-241215-113427-VK8_2824-bd.jpg\" title=\"\u00a9-Vincent-Krieger-241215-113427-VK8_2824-bd\" class=\"mfp-image dt-mfp-item\" data-dt-img-description=\"\" data-dt-location=\"https:\/\/fotk.fr\/sport\/vincent-krieger-241215-113427-vk8_2824-bd\/\" ><\/a><a href=\"https:\/\/fotk.fr\/sport\/wp-content\/uploads\/sites\/4\/2024\/12\/\u00a9-Vincent-Krieger-241215-115249-VK9_5733-bd.jpg\" title=\"\u00a9-Vincent-Krieger-241215-115249-VK9_5733-bd\" class=\"mfp-image dt-mfp-item\" data-dt-img-description=\"\" data-dt-location=\"https:\/\/fotk.fr\/sport\/vincent-krieger-241215-115249-vk9_5733-bd\/\" ><\/a><a href=\"https:\/\/fotk.fr\/sport\/wp-content\/uploads\/sites\/4\/2024\/12\/\u00a9-Vincent-Krieger-241215-125020-VK8_3755-bd.jpg\" title=\"\u00a9-Vincent-Krieger-241215-125020-VK8_3755-bd\" class=\"mfp-image dt-mfp-item\" data-dt-img-description=\"\" data-dt-location=\"https:\/\/fotk.fr\/sport\/vincent-krieger-241215-125020-vk8_3755-bd\/\" ><\/a><a href=\"https:\/\/fotk.fr\/sport\/wp-content\/uploads\/sites\/4\/2024\/12\/\u00a9-Vincent-Krieger-241215-124801-VK8_3565-bd.jpg\" title=\"\u00a9-Vincent-Krieger-241215-124801-VK8_3565-bd\" class=\"mfp-image dt-mfp-item\" data-dt-img-description=\"\" data-dt-location=\"https:\/\/fotk.fr\/sport\/vincent-krieger-241215-124801-vk8_3565-bd\/\" ><\/a><\/div>\n\t\n\t\t<div class=\"rollover-content\">\n\n\t\t\t\n\n<div class=\"rollover-content-container\">\n\n\t\n<div class=\"rollover-content-wrap\">\n\n\t<h3 class=\"entry-title\"><a href=\"https:\/\/fotk.fr\/sport\/photos\/corrida-de-noel-issy-les-moulineaux\/\" class=\"dt-trigger-first-mfp\">Corrida de No\u00ebl &#8211; Issy les Moulineaux<\/a><\/h3>\n<\/div>\n<\/div>\n\t\t<\/div>\n\n\t\n<\/div>\n<\/article>\n\n<\/div>\n<div class=\"wf-cell category-25\" data-date=\"2024-03-25T18:42:51+01:00\" data-name=\"Les Foul\u00e9es de l\u2019Assurance\" data-post-id=\"36587\">\n<article class=\"post post-36587 dt_gallery type-dt_gallery status-publish has-post-thumbnail hentry dt_gallery_category-course-a-pied-running\">\n\n\t\n<div class=\"rollover-project links-hovers-disabled\">\n\n\t<a href=\"https:\/\/fotk.fr\/sport\/wp-content\/uploads\/sites\/4\/2024\/03\/\u00a9_Vincent-Krieger_240324_082343_VK9_3795-bd.jpg\" class=\"rollover-click-target dt-gallery-mfp-popup\"   ><img srcset=\"https:\/\/fotk.fr\/sport\/wp-content\/uploads\/sites\/4\/2024\/03\/\u00a9_Vincent-Krieger_240324_082343_VK9_3795-bd-555x370.jpg 1x, https:\/\/fotk.fr\/sport\/wp-content\/uploads\/sites\/4\/2024\/03\/\u00a9_Vincent-Krieger_240324_082343_VK9_3795-bd-1110x740.jpg 2x\" class=\"preload-me\" alt=\"\"  width=\"555\" height=\"370\"  \/><\/a><div class=\"dt-gallery-container mfp-hide\"><a href=\"https:\/\/fotk.fr\/sport\/wp-content\/uploads\/sites\/4\/2024\/03\/\u00a9_Vincent-Krieger_240324_082343_VK9_3795-bd.jpg\" title=\"\u00a9_Vincent-Krieger_240324_082343_VK9_3795-bd\" class=\"mfp-image dt-mfp-item\" data-dt-img-description=\"Cr\u00e9dit photo : Vincent Kri\u00e9ger\" data-dt-location=\"https:\/\/fotk.fr\/sport\/_vincent-krieger_240324_082343_vk9_3795-bd\/\" ><\/a><a href=\"https:\/\/fotk.fr\/sport\/wp-content\/uploads\/sites\/4\/2024\/03\/\u00a9_Vincent-Krieger_240324_080048_VK9_3764-bd.jpg\" title=\"\u00a9_Vincent-Krieger_240324_080048_VK9_3764-bd\" class=\"mfp-image dt-mfp-item\" data-dt-img-description=\"Cr\u00e9dit photo : Vincent Kri\u00e9ger\" data-dt-location=\"https:\/\/fotk.fr\/sport\/_vincent-krieger_240324_080048_vk9_3764-bd\/\" ><\/a><a href=\"https:\/\/fotk.fr\/sport\/wp-content\/uploads\/sites\/4\/2024\/03\/\u00a9_Vincent-Krieger_240324_113945_VK8_4118-bd.jpg\" title=\"\u00a9_Vincent-Krieger_240324_113945_VK8_4118-bd\" class=\"mfp-image dt-mfp-item\" data-dt-img-description=\"Cr\u00e9dit photo : Vincent Kri\u00e9ger\" data-dt-location=\"https:\/\/fotk.fr\/sport\/_vincent-krieger_240324_113945_vk8_4118-bd\/\" ><\/a><a href=\"https:\/\/fotk.fr\/sport\/wp-content\/uploads\/sites\/4\/2024\/03\/\u00a9_Vincent-Krieger_240324_100514_VK8_3073-bd.jpg\" title=\"\u00a9_Vincent-Krieger_240324_100514_VK8_3073-bd\" class=\"mfp-image dt-mfp-item\" data-dt-img-description=\"Cr\u00e9dit photo : Vincent Kri\u00e9ger\" data-dt-location=\"https:\/\/fotk.fr\/sport\/_vincent-krieger_240324_100514_vk8_3073-bd\/\" ><\/a><a href=\"https:\/\/fotk.fr\/sport\/wp-content\/uploads\/sites\/4\/2024\/03\/\u00a9_Vincent-Krieger_240324_095058_VK8_2971-bd.jpg\" title=\"\u00a9_Vincent-Krieger_240324_095058_VK8_2971-bd\" class=\"mfp-image dt-mfp-item\" data-dt-img-description=\"Cr\u00e9dit photo : Vincent Kri\u00e9ger\" data-dt-location=\"https:\/\/fotk.fr\/sport\/_vincent-krieger_240324_095058_vk8_2971-bd\/\" ><\/a><a href=\"https:\/\/fotk.fr\/sport\/wp-content\/uploads\/sites\/4\/2024\/03\/\u00a9_Vincent-Krieger_240324_102804_VK9_4868-bd.jpg\" title=\"\u00a9_Vincent-Krieger_240324_102804_VK9_4868-bd\" class=\"mfp-image dt-mfp-item\" data-dt-img-description=\"Cr\u00e9dit photo : Vincent Kri\u00e9ger\" data-dt-location=\"https:\/\/fotk.fr\/sport\/_vincent-krieger_240324_102804_vk9_4868-bd\/\" ><\/a><a href=\"https:\/\/fotk.fr\/sport\/wp-content\/uploads\/sites\/4\/2024\/03\/\u00a9_Vincent-Krieger_240324_112823_VK8_4006-bd.jpg\" title=\"\u00a9_Vincent-Krieger_240324_112823_VK8_4006-bd\" class=\"mfp-image dt-mfp-item\" data-dt-img-description=\"Cr\u00e9dit photo : Vincent Kri\u00e9ger\" data-dt-location=\"https:\/\/fotk.fr\/sport\/_vincent-krieger_240324_112823_vk8_4006-bd\/\" ><\/a><a href=\"https:\/\/fotk.fr\/sport\/wp-content\/uploads\/sites\/4\/2024\/03\/\u00a9_Vincent-Krieger_240324_104406_VK9_5349-bd.jpg\" title=\"\u00a9_Vincent-Krieger_240324_104406_VK9_5349-bd\" class=\"mfp-image dt-mfp-item\" data-dt-img-description=\"Cr\u00e9dit photo : Vincent Kri\u00e9ger\" data-dt-location=\"https:\/\/fotk.fr\/sport\/_vincent-krieger_240324_104406_vk9_5349-bd\/\" ><\/a><a href=\"https:\/\/fotk.fr\/sport\/wp-content\/uploads\/sites\/4\/2024\/03\/\u00a9_Vincent-Krieger_240324_105342_VK9_5514-bd.jpg\" title=\"\u00a9_Vincent-Krieger_240324_105342_VK9_5514-bd\" class=\"mfp-image dt-mfp-item\" data-dt-img-description=\"Cr\u00e9dit photo : Vincent Kri\u00e9ger\" data-dt-location=\"https:\/\/fotk.fr\/sport\/_vincent-krieger_240324_105342_vk9_5514-bd\/\" ><\/a><a href=\"https:\/\/fotk.fr\/sport\/wp-content\/uploads\/sites\/4\/2024\/03\/\u00a9_Vincent-Krieger_240324_112246_VK9_6030-bd.jpg\" title=\"\u00a9_Vincent-Krieger_240324_112246_VK9_6030-bd\" class=\"mfp-image dt-mfp-item\" data-dt-img-description=\"Cr\u00e9dit photo : Vincent Kri\u00e9ger\" data-dt-location=\"https:\/\/fotk.fr\/sport\/_vincent-krieger_240324_112246_vk9_6030-bd\/\" ><\/a><a href=\"https:\/\/fotk.fr\/sport\/wp-content\/uploads\/sites\/4\/2024\/03\/\u00a9_Vincent-Krieger_240324_103744_VK8_3325-bd.jpg\" title=\"\u00a9_Vincent-Krieger_240324_103744_VK8_3325-bd\" class=\"mfp-image dt-mfp-item\" data-dt-img-description=\"Cr\u00e9dit photo : Vincent Kri\u00e9ger\" data-dt-location=\"https:\/\/fotk.fr\/sport\/_vincent-krieger_240324_103744_vk8_3325-bd\/\" ><\/a><a href=\"https:\/\/fotk.fr\/sport\/wp-content\/uploads\/sites\/4\/2024\/03\/\u00a9_Vincent-Krieger_240324_110444_VK8_3703-bd.jpg\" title=\"\u00a9_Vincent-Krieger_240324_110444_VK8_3703-bd\" class=\"mfp-image dt-mfp-item\" data-dt-img-description=\"Cr\u00e9dit photo : Vincent Kri\u00e9ger\" data-dt-location=\"https:\/\/fotk.fr\/sport\/_vincent-krieger_240324_110444_vk8_3703-bd\/\" ><\/a><a href=\"https:\/\/fotk.fr\/sport\/wp-content\/uploads\/sites\/4\/2024\/03\/\u00a9_Vincent-Krieger_240324_105326_VK8_3506-bd.jpg\" title=\"\u00a9_Vincent-Krieger_240324_105326_VK8_3506-bd\" class=\"mfp-image dt-mfp-item\" data-dt-img-description=\"Cr\u00e9dit photo : Vincent Kri\u00e9ger\" data-dt-location=\"https:\/\/fotk.fr\/sport\/_vincent-krieger_240324_105326_vk8_3506-bd\/\" ><\/a><a href=\"https:\/\/fotk.fr\/sport\/wp-content\/uploads\/sites\/4\/2024\/03\/\u00a9_Vincent-Krieger_240324_095443_VK8_3009-bd.jpg\" title=\"\u00a9_Vincent-Krieger_240324_095443_VK8_3009-bd\" class=\"mfp-image dt-mfp-item\" data-dt-img-description=\"Cr\u00e9dit photo : Vincent Kri\u00e9ger\" data-dt-location=\"https:\/\/fotk.fr\/sport\/_vincent-krieger_240324_095443_vk8_3009-bd\/\" ><\/a><a href=\"https:\/\/fotk.fr\/sport\/wp-content\/uploads\/sites\/4\/2024\/03\/\u00a9_Vincent-Krieger_240324_111218_VK8_3894-bd.jpg\" title=\"\u00a9_Vincent-Krieger_240324_111218_VK8_3894-bd\" class=\"mfp-image dt-mfp-item\" data-dt-img-description=\"Cr\u00e9dit photo : Vincent Kri\u00e9ger\" data-dt-location=\"https:\/\/fotk.fr\/sport\/_vincent-krieger_240324_111218_vk8_3894-bd\/\" ><\/a><a href=\"https:\/\/fotk.fr\/sport\/wp-content\/uploads\/sites\/4\/2024\/03\/\u00a9_Vincent-Krieger_240324_104005_VK9_5197-bd.jpg\" title=\"\u00a9_Vincent-Krieger_240324_104005_VK9_5197-bd\" class=\"mfp-image dt-mfp-item\" data-dt-img-description=\"Cr\u00e9dit photo : Vincent Kri\u00e9ger\" data-dt-location=\"https:\/\/fotk.fr\/sport\/_vincent-krieger_240324_104005_vk9_5197-bd\/\" ><\/a><a href=\"https:\/\/fotk.fr\/sport\/wp-content\/uploads\/sites\/4\/2024\/03\/\u00a9_Vincent-Krieger_240324_104037_VK9_5230-bd.jpg\" title=\"\u00a9_Vincent-Krieger_240324_104037_VK9_5230-bd\" class=\"mfp-image dt-mfp-item\" data-dt-img-description=\"Cr\u00e9dit photo : Vincent Kri\u00e9ger\" data-dt-location=\"https:\/\/fotk.fr\/sport\/_vincent-krieger_240324_104037_vk9_5230-bd\/\" ><\/a><a href=\"https:\/\/fotk.fr\/sport\/wp-content\/uploads\/sites\/4\/2024\/03\/\u00a9_Vincent-Krieger_240324_122300_VK9_6641-bd.jpg\" title=\"\u00a9_Vincent-Krieger_240324_122300_VK9_6641-bd\" class=\"mfp-image dt-mfp-item\" data-dt-img-description=\"Cr\u00e9dit photo : Vincent Kri\u00e9ger\" data-dt-location=\"https:\/\/fotk.fr\/sport\/_vincent-krieger_240324_122300_vk9_6641-bd\/\" ><\/a><a href=\"https:\/\/fotk.fr\/sport\/wp-content\/uploads\/sites\/4\/2024\/03\/\u00a9_Vincent-Krieger_240324_110947_VK9_5735-bd.jpg\" title=\"\u00a9_Vincent-Krieger_240324_110947_VK9_5735-bd\" class=\"mfp-image dt-mfp-item\" data-dt-img-description=\"Cr\u00e9dit photo : Vincent Kri\u00e9ger\" data-dt-location=\"https:\/\/fotk.fr\/sport\/_vincent-krieger_240324_110947_vk9_5735-bd\/\" ><\/a><a href=\"https:\/\/fotk.fr\/sport\/wp-content\/uploads\/sites\/4\/2024\/03\/\u00a9_Vincent-Krieger_240324_104722_VK9_5390-bd.jpg\" title=\"\u00a9_Vincent-Krieger_240324_104722_VK9_5390-bd\" class=\"mfp-image dt-mfp-item\" data-dt-img-description=\"Cr\u00e9dit photo : Vincent Kri\u00e9ger\" data-dt-location=\"https:\/\/fotk.fr\/sport\/_vincent-krieger_240324_104722_vk9_5390-bd\/\" ><\/a><\/div>\n\t\n\t\t<div class=\"rollover-content\">\n\n\t\t\t\n\n<div class=\"rollover-content-container\">\n\n\t\n<div class=\"rollover-content-wrap\">\n\n\t<h3 class=\"entry-title\"><a href=\"https:\/\/fotk.fr\/sport\/photos\/les-foulees-de-lassurance\/\" class=\"dt-trigger-first-mfp\">Les Foul\u00e9es de l\u2019Assurance<\/a><\/h3>\n<\/div>\n<\/div>\n\t\t<\/div>\n\n\t\n<\/div>\n<\/article>\n\n<\/div>\n<div class=\"wf-cell category-25\" data-date=\"2023-12-13T15:10:51+01:00\" data-name=\"Corrida de Thiais\" data-post-id=\"36486\">\n<article class=\"post post-36486 dt_gallery type-dt_gallery status-publish has-post-thumbnail hentry dt_gallery_category-course-a-pied-running\">\n\n\t\n<div class=\"rollover-project links-hovers-disabled\">\n\n\t<a href=\"https:\/\/fotk.fr\/sport\/wp-content\/uploads\/sites\/4\/2023\/12\/Photo_Vincent-Krieger_231210_104431_VK8_7264-bd.jpg\" class=\"rollover-click-target dt-gallery-mfp-popup\"   ><img srcset=\"https:\/\/fotk.fr\/sport\/wp-content\/uploads\/sites\/4\/2023\/12\/Photo_Vincent-Krieger_231210_104431_VK8_7264-bd-555x370.jpg 1x, https:\/\/fotk.fr\/sport\/wp-content\/uploads\/sites\/4\/2023\/12\/Photo_Vincent-Krieger_231210_104431_VK8_7264-bd-1110x740.jpg 2x\" class=\"preload-me\" alt=\"\"  width=\"555\" height=\"370\"  \/><\/a><div class=\"dt-gallery-container mfp-hide\"><a href=\"https:\/\/fotk.fr\/sport\/wp-content\/uploads\/sites\/4\/2023\/12\/Photo_Vincent-Krieger_231210_104431_VK8_7264-bd.jpg\" title=\"Photo_Vincent-Krieger_231210_104431_VK8_7264-bd\" class=\"mfp-image dt-mfp-item\" data-dt-img-description=\"\" data-dt-location=\"https:\/\/fotk.fr\/sport\/photo_vincent-krieger_231210_104431_vk8_7264-bd\/\" ><\/a><a href=\"https:\/\/fotk.fr\/sport\/wp-content\/uploads\/sites\/4\/2023\/12\/Photo_Vincent-Krieger_231210_105958_VK9_1961-bd.jpg\" title=\"Photo_Vincent-Krieger_231210_105958_VK9_1961-bd\" class=\"mfp-image dt-mfp-item\" data-dt-img-description=\"\" data-dt-location=\"https:\/\/fotk.fr\/sport\/photo_vincent-krieger_231210_105958_vk9_1961-bd\/\" ><\/a><a href=\"https:\/\/fotk.fr\/sport\/wp-content\/uploads\/sites\/4\/2023\/12\/Photo_Vincent-Krieger_231210_104407_VK8_7239-bd.jpg\" title=\"Photo_Vincent-Krieger_231210_104407_VK8_7239-bd\" class=\"mfp-image dt-mfp-item\" data-dt-img-description=\"\" data-dt-location=\"https:\/\/fotk.fr\/sport\/photo_vincent-krieger_231210_104407_vk8_7239-bd\/\" ><\/a><a href=\"https:\/\/fotk.fr\/sport\/wp-content\/uploads\/sites\/4\/2023\/12\/Photo_Vincent-Krieger_231210_104358_VK8_7227-bd.jpg\" title=\"Photo_Vincent-Krieger_231210_104358_VK8_7227-bd\" class=\"mfp-image dt-mfp-item\" data-dt-img-description=\"\" data-dt-location=\"https:\/\/fotk.fr\/sport\/photo_vincent-krieger_231210_104358_vk8_7227-bd\/\" ><\/a><a href=\"https:\/\/fotk.fr\/sport\/wp-content\/uploads\/sites\/4\/2023\/12\/Photo_Vincent-Krieger_231210_104324_VK8_7203-bd.jpg\" title=\"Photo_Vincent-Krieger_231210_104324_VK8_7203-bd\" class=\"mfp-image dt-mfp-item\" data-dt-img-description=\"\" data-dt-location=\"https:\/\/fotk.fr\/sport\/photo_vincent-krieger_231210_104324_vk8_7203-bd\/\" ><\/a><a href=\"https:\/\/fotk.fr\/sport\/wp-content\/uploads\/sites\/4\/2023\/12\/Photo_Vincent-Krieger_231210_104304_VK8_7183-bd.jpg\" title=\"Photo_Vincent-Krieger_231210_104304_VK8_7183-bd\" class=\"mfp-image dt-mfp-item\" data-dt-img-description=\"\" data-dt-location=\"https:\/\/fotk.fr\/sport\/photo_vincent-krieger_231210_104304_vk8_7183-bd\/\" ><\/a><a href=\"https:\/\/fotk.fr\/sport\/wp-content\/uploads\/sites\/4\/2023\/12\/Photo_Vincent-Krieger_231210_104217_VK8_7170-bd.jpg\" title=\"Photo_Vincent-Krieger_231210_104217_VK8_7170-bd\" class=\"mfp-image dt-mfp-item\" data-dt-img-description=\"\" data-dt-location=\"https:\/\/fotk.fr\/sport\/photo_vincent-krieger_231210_104217_vk8_7170-bd\/\" ><\/a><a href=\"https:\/\/fotk.fr\/sport\/wp-content\/uploads\/sites\/4\/2023\/12\/Photo_Vincent-Krieger_231210_104033_VK8_7145-bd.jpg\" title=\"Photo_Vincent-Krieger_231210_104033_VK8_7145-bd\" class=\"mfp-image dt-mfp-item\" data-dt-img-description=\"\" data-dt-location=\"https:\/\/fotk.fr\/sport\/photo_vincent-krieger_231210_104033_vk8_7145-bd\/\" ><\/a><a href=\"https:\/\/fotk.fr\/sport\/wp-content\/uploads\/sites\/4\/2023\/12\/Photo_Vincent-Krieger_231210_103758_VK9_1815-bd.jpg\" title=\"Photo_Vincent-Krieger_231210_103758_VK9_1815-bd\" class=\"mfp-image dt-mfp-item\" data-dt-img-description=\"\" data-dt-location=\"https:\/\/fotk.fr\/sport\/photo_vincent-krieger_231210_103758_vk9_1815-bd\/\" ><\/a><a href=\"https:\/\/fotk.fr\/sport\/wp-content\/uploads\/sites\/4\/2023\/12\/Photo_Vincent-Krieger_231210_103757_VK8_7060-bd.jpg\" title=\"Photo_Vincent-Krieger_231210_103757_VK8_7060-bd\" class=\"mfp-image dt-mfp-item\" data-dt-img-description=\"\" data-dt-location=\"https:\/\/fotk.fr\/sport\/photo_vincent-krieger_231210_103757_vk8_7060-bd\/\" ><\/a><a href=\"https:\/\/fotk.fr\/sport\/wp-content\/uploads\/sites\/4\/2023\/12\/Photo_Vincent-Krieger_231210_103716_VK8_7048-bd.jpg\" title=\"Photo_Vincent-Krieger_231210_103716_VK8_7048-bd\" class=\"mfp-image dt-mfp-item\" data-dt-img-description=\"\" data-dt-location=\"https:\/\/fotk.fr\/sport\/photo_vincent-krieger_231210_103716_vk8_7048-bd\/\" ><\/a><a href=\"https:\/\/fotk.fr\/sport\/wp-content\/uploads\/sites\/4\/2023\/12\/Photo_Vincent-Krieger_231210_103623_VK8_7019-bd.jpg\" title=\"Photo_Vincent-Krieger_231210_103623_VK8_7019-bd\" class=\"mfp-image dt-mfp-item\" data-dt-img-description=\"\" data-dt-location=\"https:\/\/fotk.fr\/sport\/photo_vincent-krieger_231210_103623_vk8_7019-bd\/\" ><\/a><a href=\"https:\/\/fotk.fr\/sport\/wp-content\/uploads\/sites\/4\/2023\/12\/Photo_Vincent-Krieger_231210_091936_VK8_6028-bd.jpg\" title=\"Photo_Vincent-Krieger_231210_091936_VK8_6028-bd\" class=\"mfp-image dt-mfp-item\" data-dt-img-description=\"\" data-dt-location=\"https:\/\/fotk.fr\/sport\/photo_vincent-krieger_231210_091936_vk8_6028-bd\/\" ><\/a><a href=\"https:\/\/fotk.fr\/sport\/wp-content\/uploads\/sites\/4\/2023\/12\/Photo_Vincent-Krieger_231210_091918_VK8_6014-bd.jpg\" title=\"Photo_Vincent-Krieger_231210_091918_VK8_6014-bd\" class=\"mfp-image dt-mfp-item\" data-dt-img-description=\"\" data-dt-location=\"https:\/\/fotk.fr\/sport\/photo_vincent-krieger_231210_091918_vk8_6014-bd\/\" ><\/a><a href=\"https:\/\/fotk.fr\/sport\/wp-content\/uploads\/sites\/4\/2023\/12\/Photo_Vincent-Krieger_231210_091912_VK8_6001-bd.jpg\" title=\"Photo_Vincent-Krieger_231210_091912_VK8_6001-bd\" class=\"mfp-image dt-mfp-item\" data-dt-img-description=\"\" data-dt-location=\"https:\/\/fotk.fr\/sport\/photo_vincent-krieger_231210_091912_vk8_6001-bd\/\" ><\/a><a href=\"https:\/\/fotk.fr\/sport\/wp-content\/uploads\/sites\/4\/2023\/12\/Photo_Vincent-Krieger_231210_091901_VK8_5996-bd.jpg\" title=\"Photo_Vincent-Krieger_231210_091901_VK8_5996-bd\" class=\"mfp-image dt-mfp-item\" data-dt-img-description=\"\" data-dt-location=\"https:\/\/fotk.fr\/sport\/photo_vincent-krieger_231210_091901_vk8_5996-bd\/\" ><\/a><a href=\"https:\/\/fotk.fr\/sport\/wp-content\/uploads\/sites\/4\/2023\/12\/Photo_Vincent-Krieger_231210_091846_VK8_5967-bd.jpg\" title=\"Photo_Vincent-Krieger_231210_091846_VK8_5967-bd\" class=\"mfp-image dt-mfp-item\" data-dt-img-description=\"\" data-dt-location=\"https:\/\/fotk.fr\/sport\/photo_vincent-krieger_231210_091846_vk8_5967-bd\/\" ><\/a><a href=\"https:\/\/fotk.fr\/sport\/wp-content\/uploads\/sites\/4\/2023\/12\/Photo_Vincent-Krieger_231210_091732_VK9_1226-bd.jpg\" title=\"Photo_Vincent-Krieger_231210_091732_VK9_1226-bd\" class=\"mfp-image dt-mfp-item\" data-dt-img-description=\"\" data-dt-location=\"https:\/\/fotk.fr\/sport\/photo_vincent-krieger_231210_091732_vk9_1226-bd\/\" ><\/a><a href=\"https:\/\/fotk.fr\/sport\/wp-content\/uploads\/sites\/4\/2023\/12\/Photo_Vincent-Krieger_231210_091711_VK8_5906-bd.jpg\" title=\"Photo_Vincent-Krieger_231210_091711_VK8_5906-bd\" class=\"mfp-image dt-mfp-item\" data-dt-img-description=\"\" data-dt-location=\"https:\/\/fotk.fr\/sport\/photo_vincent-krieger_231210_091711_vk8_5906-bd\/\" ><\/a><a href=\"https:\/\/fotk.fr\/sport\/wp-content\/uploads\/sites\/4\/2023\/12\/Photo_Vincent-Krieger_231210_091541_VK8_5875-bd.jpg\" title=\"Photo_Vincent-Krieger_231210_091541_VK8_5875-bd\" class=\"mfp-image dt-mfp-item\" data-dt-img-description=\"\" data-dt-location=\"https:\/\/fotk.fr\/sport\/photo_vincent-krieger_231210_091541_vk8_5875-bd\/\" ><\/a><\/div>\n\t\n\t\t<div class=\"rollover-content\">\n\n\t\t\t\n\n<div class=\"rollover-content-container\">\n\n\t\n<div class=\"rollover-content-wrap\">\n\n\t<h3 class=\"entry-title\"><a href=\"https:\/\/fotk.fr\/sport\/photos\/corrida-de-thiais-2\/\" class=\"dt-trigger-first-mfp\">Corrida de Thiais<\/a><\/h3>\n<\/div>\n<\/div>\n\t\t<\/div>\n\n\t\n<\/div>\n<\/article>\n\n<\/div>\n<div class=\"wf-cell category-25\" data-date=\"2023-11-18T21:00:13+01:00\" data-name=\"La Course des Lumi\u00e8re\" data-post-id=\"36439\">\n<article class=\"post post-36439 dt_gallery type-dt_gallery status-publish has-post-thumbnail hentry dt_gallery_category-course-a-pied-running\">\n\n\t\n<div class=\"rollover-project links-hovers-disabled\">\n\n\t<a href=\"https:\/\/fotk.fr\/sport\/wp-content\/uploads\/sites\/4\/2023\/11\/Photo_Vincent-Krieger_231118_172701_VK9_7855-bd.jpg\" class=\"rollover-click-target dt-gallery-mfp-popup\"   ><img srcset=\"https:\/\/fotk.fr\/sport\/wp-content\/uploads\/sites\/4\/2023\/11\/Photo_Vincent-Krieger_231118_172701_VK9_7855-bd-555x370.jpg 1x, https:\/\/fotk.fr\/sport\/wp-content\/uploads\/sites\/4\/2023\/11\/Photo_Vincent-Krieger_231118_172701_VK9_7855-bd-1110x740.jpg 2x\" class=\"preload-me\" alt=\"\"  width=\"555\" height=\"370\"  \/><\/a><div class=\"dt-gallery-container mfp-hide\"><a href=\"https:\/\/fotk.fr\/sport\/wp-content\/uploads\/sites\/4\/2023\/11\/\u00a9-Vincent-Krieger-251115-184909-VK8_2010.jpg\" title=\"\u00a9 Vincent Krieger 251115 184909 VK8_2010\" class=\"mfp-image dt-mfp-item\" data-dt-img-description=\"\" data-dt-location=\"https:\/\/fotk.fr\/sport\/photos\/la-course-des-lumiere-paris\/vincent-krieger-251115-184909-vk8_2010\/\" ><\/a><a href=\"https:\/\/fotk.fr\/sport\/wp-content\/uploads\/sites\/4\/2023\/11\/\u00a9-Vincent-Krieger-251115-174214-VK9_2989.jpg\" title=\"\u00a9 Vincent Krieger 251115 174214 VK9_2989\" class=\"mfp-image dt-mfp-item\" data-dt-img-description=\"\" data-dt-location=\"https:\/\/fotk.fr\/sport\/photos\/la-course-des-lumiere-paris\/vincent-krieger-251115-174214-vk9_2989\/\" ><\/a><a href=\"https:\/\/fotk.fr\/sport\/wp-content\/uploads\/sites\/4\/2023\/11\/\u00a9-Vincent-Krieger-251115-174832-VK8_0515.jpg\" title=\"\u00a9 Vincent Krieger 251115 174832 VK8_0515\" class=\"mfp-image dt-mfp-item\" data-dt-img-description=\"\" data-dt-location=\"https:\/\/fotk.fr\/sport\/photos\/la-course-des-lumiere-paris\/vincent-krieger-251115-174832-vk8_0515\/\" ><\/a><a href=\"https:\/\/fotk.fr\/sport\/wp-content\/uploads\/sites\/4\/2023\/11\/\u00a9-Vincent-Krieger-251115-200122-VK8_3638.jpg\" title=\"\u00a9 Vincent Krieger 251115 200122 VK8_3638\" class=\"mfp-image dt-mfp-item\" data-dt-img-description=\"\" data-dt-location=\"https:\/\/fotk.fr\/sport\/photos\/la-course-des-lumiere-paris\/vincent-krieger-251115-200122-vk8_3638\/\" ><\/a><a href=\"https:\/\/fotk.fr\/sport\/wp-content\/uploads\/sites\/4\/2023\/11\/\u00a9-Vincent-Krieger-251115-183048-VK8_1414.jpg\" title=\"\u00a9 Vincent Krieger 251115 183048 VK8_1414\" class=\"mfp-image dt-mfp-item\" data-dt-img-description=\"\" data-dt-location=\"https:\/\/fotk.fr\/sport\/photos\/la-course-des-lumiere-paris\/vincent-krieger-251115-183048-vk8_1414\/\" ><\/a><a href=\"https:\/\/fotk.fr\/sport\/wp-content\/uploads\/sites\/4\/2023\/11\/\u00a9-Vincent-Krieger-251115-172150-VK9_2597.jpg\" title=\"\u00a9 Vincent Krieger 251115 172150 VK9_2597\" class=\"mfp-image dt-mfp-item\" data-dt-img-description=\"\" data-dt-location=\"https:\/\/fotk.fr\/sport\/photos\/la-course-des-lumiere-paris\/vincent-krieger-251115-172150-vk9_2597\/\" ><\/a><a href=\"https:\/\/fotk.fr\/sport\/wp-content\/uploads\/sites\/4\/2023\/11\/Photo_Vincent-Krieger_231118_175224_VK9_7980-bd.jpg\" title=\"Photo_Vincent-Krieger_231118_175224_VK9_7980-bd\" class=\"mfp-image dt-mfp-item\" data-dt-img-description=\"\" data-dt-location=\"https:\/\/fotk.fr\/sport\/photo_vincent-krieger_231118_175224_vk9_7980-bd\/\" ><\/a><a href=\"https:\/\/fotk.fr\/sport\/wp-content\/uploads\/sites\/4\/2023\/11\/Photo_Vincent-Krieger_231118_173044_VK9_7882-bd.jpg\" title=\"Photo_Vincent-Krieger_231118_173044_VK9_7882-bd\" class=\"mfp-image dt-mfp-item\" data-dt-img-description=\"\" data-dt-location=\"https:\/\/fotk.fr\/sport\/photo_vincent-krieger_231118_173044_vk9_7882-bd\/\" ><\/a><a href=\"https:\/\/fotk.fr\/sport\/wp-content\/uploads\/sites\/4\/2023\/11\/Photo_Vincent-Krieger_231118_180723_VK9_8166-bd.jpg\" title=\"Photo_Vincent-Krieger_231118_180723_VK9_8166-bd\" class=\"mfp-image dt-mfp-item\" data-dt-img-description=\"\" data-dt-location=\"https:\/\/fotk.fr\/sport\/photo_vincent-krieger_231118_180723_vk9_8166-bd\/\" ><\/a><a href=\"https:\/\/fotk.fr\/sport\/wp-content\/uploads\/sites\/4\/2023\/11\/Photo_Vincent-Krieger_231118_180808_VK9_8194-bd.jpg\" title=\"Photo_Vincent-Krieger_231118_180808_VK9_8194-bd\" class=\"mfp-image dt-mfp-item\" data-dt-img-description=\"\" data-dt-location=\"https:\/\/fotk.fr\/sport\/photo_vincent-krieger_231118_180808_vk9_8194-bd\/\" ><\/a><a href=\"https:\/\/fotk.fr\/sport\/wp-content\/uploads\/sites\/4\/2023\/11\/Photo_Vincent-Krieger_231118_183044_VK9_8544-bd.jpg\" title=\"Photo_Vincent-Krieger_231118_183044_VK9_8544-bd\" class=\"mfp-image dt-mfp-item\" data-dt-img-description=\"\" data-dt-location=\"https:\/\/fotk.fr\/sport\/photo_vincent-krieger_231118_183044_vk9_8544-bd\/\" ><\/a><a href=\"https:\/\/fotk.fr\/sport\/wp-content\/uploads\/sites\/4\/2023\/11\/Photo_Vincent-Krieger_231118_182830_VK9_8523-bd.jpg\" title=\"Photo_Vincent-Krieger_231118_182830_VK9_8523-bd\" class=\"mfp-image dt-mfp-item\" data-dt-img-description=\"\" data-dt-location=\"https:\/\/fotk.fr\/sport\/photo_vincent-krieger_231118_182830_vk9_8523-bd\/\" ><\/a><a href=\"https:\/\/fotk.fr\/sport\/wp-content\/uploads\/sites\/4\/2023\/11\/Photo_Vincent-Krieger_231118_185833_VK9_8751-bd.jpg\" title=\"Photo_Vincent-Krieger_231118_185833_VK9_8751-bd\" class=\"mfp-image dt-mfp-item\" data-dt-img-description=\"\" data-dt-location=\"https:\/\/fotk.fr\/sport\/photo_vincent-krieger_231118_185833_vk9_8751-bd\/\" ><\/a><a href=\"https:\/\/fotk.fr\/sport\/wp-content\/uploads\/sites\/4\/2023\/11\/Photo_Vincent-Krieger_231118_185653_VK9_8745-bd.jpg\" title=\"Photo_Vincent-Krieger_231118_185653_VK9_8745-bd\" class=\"mfp-image dt-mfp-item\" data-dt-img-description=\"\" data-dt-location=\"https:\/\/fotk.fr\/sport\/photo_vincent-krieger_231118_185653_vk9_8745-bd\/\" ><\/a><a href=\"https:\/\/fotk.fr\/sport\/wp-content\/uploads\/sites\/4\/2023\/11\/Photo_Vincent-Krieger_231118_183930_VK9_8667-bd.jpg\" title=\"Photo_Vincent-Krieger_231118_183930_VK9_8667-bd\" class=\"mfp-image dt-mfp-item\" data-dt-img-description=\"\" data-dt-location=\"https:\/\/fotk.fr\/sport\/photo_vincent-krieger_231118_183930_vk9_8667-bd\/\" ><\/a><a href=\"https:\/\/fotk.fr\/sport\/wp-content\/uploads\/sites\/4\/2023\/11\/Photo_Vincent-Krieger_231118_185905_VK9_8757-bd.jpg\" title=\"Photo_Vincent-Krieger_231118_185905_VK9_8757-bd\" class=\"mfp-image dt-mfp-item\" data-dt-img-description=\"\" data-dt-location=\"https:\/\/fotk.fr\/sport\/photo_vincent-krieger_231118_185905_vk9_8757-bd\/\" ><\/a><a href=\"https:\/\/fotk.fr\/sport\/wp-content\/uploads\/sites\/4\/2023\/11\/Photo_Vincent-Krieger_231118_200144_VK9_9111-bd.jpg\" title=\"Photo_Vincent-Krieger_231118_200144_VK9_9111-bd\" class=\"mfp-image dt-mfp-item\" data-dt-img-description=\"\" data-dt-location=\"https:\/\/fotk.fr\/sport\/photo_vincent-krieger_231118_200144_vk9_9111-bd\/\" ><\/a><a href=\"https:\/\/fotk.fr\/sport\/wp-content\/uploads\/sites\/4\/2023\/11\/Photo_Vincent-Krieger_231118_200200_VK9_9118-bd.jpg\" title=\"Photo_Vincent-Krieger_231118_200200_VK9_9118-bd\" class=\"mfp-image dt-mfp-item\" data-dt-img-description=\"\" data-dt-location=\"https:\/\/fotk.fr\/sport\/photo_vincent-krieger_231118_200200_vk9_9118-bd\/\" ><\/a><a href=\"https:\/\/fotk.fr\/sport\/wp-content\/uploads\/sites\/4\/2023\/11\/Photo_Vincent-Krieger_231118_200258_VK9_9132-bd.jpg\" title=\"Photo_Vincent-Krieger_231118_200258_VK9_9132-bd\" class=\"mfp-image dt-mfp-item\" data-dt-img-description=\"\" data-dt-location=\"https:\/\/fotk.fr\/sport\/photo_vincent-krieger_231118_200258_vk9_9132-bd\/\" ><\/a><a href=\"https:\/\/fotk.fr\/sport\/wp-content\/uploads\/sites\/4\/2023\/11\/Photo_Vincent-Krieger_231118_192803_VK8_1787-bd.jpg\" title=\"Photo_Vincent-Krieger_231118_192803_VK8_1787-bd\" class=\"mfp-image dt-mfp-item\" data-dt-img-description=\"\" data-dt-location=\"https:\/\/fotk.fr\/sport\/photo_vincent-krieger_231118_192803_vk8_1787-bd\/\" ><\/a><a href=\"https:\/\/fotk.fr\/sport\/wp-content\/uploads\/sites\/4\/2023\/11\/Photo_Vincent-Krieger_231118_195919_VK8_1871-bd.jpg\" title=\"Photo_Vincent-Krieger_231118_195919_VK8_1871-bd\" class=\"mfp-image dt-mfp-item\" data-dt-img-description=\"\" data-dt-location=\"https:\/\/fotk.fr\/sport\/photo_vincent-krieger_231118_195919_vk8_1871-bd\/\" ><\/a><a href=\"https:\/\/fotk.fr\/sport\/wp-content\/uploads\/sites\/4\/2023\/11\/Photo_Vincent-Krieger_231118_191841_VK8_1723-bd.jpg\" title=\"Photo_Vincent-Krieger_231118_191841_VK8_1723-bd\" class=\"mfp-image dt-mfp-item\" data-dt-img-description=\"\" data-dt-location=\"https:\/\/fotk.fr\/sport\/photo_vincent-krieger_231118_191841_vk8_1723-bd\/\" ><\/a><a href=\"https:\/\/fotk.fr\/sport\/wp-content\/uploads\/sites\/4\/2023\/11\/Photo_Vincent-Krieger_231118_191354_VK9_8826-bd.jpg\" title=\"Photo_Vincent-Krieger_231118_191354_VK9_8826-bd\" class=\"mfp-image dt-mfp-item\" data-dt-img-description=\"\" data-dt-location=\"https:\/\/fotk.fr\/sport\/photo_vincent-krieger_231118_191354_vk9_8826-bd\/\" ><\/a><a href=\"https:\/\/fotk.fr\/sport\/wp-content\/uploads\/sites\/4\/2023\/11\/Photo_Vincent-Krieger_231118_191434_VK8_1698-bd.jpg\" title=\"Photo_Vincent-Krieger_231118_191434_VK8_1698-bd\" class=\"mfp-image dt-mfp-item\" data-dt-img-description=\"\" data-dt-location=\"https:\/\/fotk.fr\/sport\/photo_vincent-krieger_231118_191434_vk8_1698-bd\/\" ><\/a><a href=\"https:\/\/fotk.fr\/sport\/wp-content\/uploads\/sites\/4\/2023\/11\/Photo_Vincent-Krieger_231118_192700_VK8_1783-bd.jpg\" title=\"Photo_Vincent-Krieger_231118_192700_VK8_1783-bd\" class=\"mfp-image dt-mfp-item\" data-dt-img-description=\"\" data-dt-location=\"https:\/\/fotk.fr\/sport\/photo_vincent-krieger_231118_192700_vk8_1783-bd\/\" ><\/a><a href=\"https:\/\/fotk.fr\/sport\/wp-content\/uploads\/sites\/4\/2019\/12\/Photo_Vincent-Krieger_191123_190812_D52_1241.jpg\" title=\"LA COURSE DES LUMI\u00c8RES\" class=\"mfp-image dt-mfp-item\" data-dt-img-description=\"Cr\u00e9dit photo : Vincent Kri\u00e9ger\" data-dt-location=\"https:\/\/fotk.fr\/sport\/photos\/la-course-des-lumieres\/photo_vincent-krieger_191123_190812_d52_1241\/\" ><\/a><a href=\"https:\/\/fotk.fr\/sport\/wp-content\/uploads\/sites\/4\/2019\/12\/Photo_Vincent-Krieger_191123_203334_D52_1952.jpg\" title=\"LA COURSE DES LUMI\u00c8RES\" class=\"mfp-image dt-mfp-item\" data-dt-img-description=\"Cr\u00e9dit photo : Vincent Kri\u00e9ger\" data-dt-location=\"https:\/\/fotk.fr\/sport\/photos\/la-course-des-lumieres\/photo_vincent-krieger_191123_203334_d52_1952\/\" ><\/a><a href=\"https:\/\/fotk.fr\/sport\/wp-content\/uploads\/sites\/4\/2019\/12\/Photo_Vincent-Krieger_191123_202827_D52_1911.jpg\" title=\"LA COURSE DES LUMI\u00c8RES\" class=\"mfp-image dt-mfp-item\" data-dt-img-description=\"Cr\u00e9dit photo : Vincent Kri\u00e9ger\" data-dt-location=\"https:\/\/fotk.fr\/sport\/photos\/la-course-des-lumieres\/photo_vincent-krieger_191123_202827_d52_1911\/\" ><\/a><a href=\"https:\/\/fotk.fr\/sport\/wp-content\/uploads\/sites\/4\/2019\/12\/Photo_Vincent-Krieger_191123_201215_D51_0499.jpg\" title=\"LA COURSE DES LUMI\u00c8RES\" class=\"mfp-image dt-mfp-item\" data-dt-img-description=\"Cr\u00e9dit photo : Vincent Kri\u00e9ger\" data-dt-location=\"https:\/\/fotk.fr\/sport\/photos\/la-course-des-lumieres\/photo_vincent-krieger_191123_201215_d51_0499\/\" ><\/a><a href=\"https:\/\/fotk.fr\/sport\/wp-content\/uploads\/sites\/4\/2019\/12\/Photo_Vincent-Krieger_191123_200958_D52_1725.jpg\" title=\"LA COURSE DES LUMI\u00c8RES\" class=\"mfp-image dt-mfp-item\" data-dt-img-description=\"Cr\u00e9dit photo : Vincent Kri\u00e9ger\" data-dt-location=\"https:\/\/fotk.fr\/sport\/photos\/la-course-des-lumieres\/photo_vincent-krieger_191123_200958_d52_1725\/\" ><\/a><a href=\"https:\/\/fotk.fr\/sport\/wp-content\/uploads\/sites\/4\/2019\/12\/Photo_Vincent-Krieger_191123_195958_D52_1570.jpg\" title=\"LA COURSE DES LUMI\u00c8RES\" class=\"mfp-image dt-mfp-item\" data-dt-img-description=\"Cr\u00e9dit photo : Vincent Kri\u00e9ger\" data-dt-location=\"https:\/\/fotk.fr\/sport\/photos\/la-course-des-lumieres\/photo_vincent-krieger_191123_195958_d52_1570\/\" ><\/a><a href=\"https:\/\/fotk.fr\/sport\/wp-content\/uploads\/sites\/4\/2019\/12\/Photo_Vincent-Krieger_191123_195206_D52_1454.jpg\" title=\"LA COURSE DES LUMI\u00c8RES\" class=\"mfp-image dt-mfp-item\" data-dt-img-description=\"Cr\u00e9dit photo : Vincent Kri\u00e9ger\" data-dt-location=\"https:\/\/fotk.fr\/sport\/photos\/la-course-des-lumieres\/photo_vincent-krieger_191123_195206_d52_1454\/\" ><\/a><a href=\"https:\/\/fotk.fr\/sport\/wp-content\/uploads\/sites\/4\/2019\/12\/Photo_Vincent-Krieger_191123_191338_D52_1312.jpg\" title=\"LA COURSE DES LUMI\u00c8RES\" class=\"mfp-image dt-mfp-item\" data-dt-img-description=\"Cr\u00e9dit photo : Vincent Kri\u00e9ger\" data-dt-location=\"https:\/\/fotk.fr\/sport\/photos\/la-course-des-lumieres\/photo_vincent-krieger_191123_191338_d52_1312\/\" ><\/a><a href=\"https:\/\/fotk.fr\/sport\/wp-content\/uploads\/sites\/4\/2019\/12\/Photo_Vincent-Krieger_191123_190935_D52_1274.jpg\" title=\"LA COURSE DES LUMI\u00c8RES\" class=\"mfp-image dt-mfp-item\" data-dt-img-description=\"Cr\u00e9dit photo : Vincent Kri\u00e9ger\" data-dt-location=\"https:\/\/fotk.fr\/sport\/photos\/la-course-des-lumieres\/photo_vincent-krieger_191123_190935_d52_1274\/\" ><\/a><a href=\"https:\/\/fotk.fr\/sport\/wp-content\/uploads\/sites\/4\/2019\/12\/Photo_Vincent-Krieger_191123_190720_D52_1186.jpg\" title=\"LA COURSE DES LUMI\u00c8RES\" class=\"mfp-image dt-mfp-item\" data-dt-img-description=\"Cr\u00e9dit photo : Vincent Kri\u00e9ger\" data-dt-location=\"https:\/\/fotk.fr\/sport\/photos\/la-course-des-lumieres\/photo_vincent-krieger_191123_190720_d52_1186\/\" ><\/a><a href=\"https:\/\/fotk.fr\/sport\/wp-content\/uploads\/sites\/4\/2019\/12\/Photo_Vincent-Krieger_191123_183414_D51_0359.jpg\" title=\"LA COURSE DES LUMI\u00c8RES\" class=\"mfp-image dt-mfp-item\" data-dt-img-description=\"Cr\u00e9dit photo : Vincent Kri\u00e9ger\" data-dt-location=\"https:\/\/fotk.fr\/sport\/photos\/la-course-des-lumieres\/photo_vincent-krieger_191123_183414_d51_0359\/\" ><\/a><a href=\"https:\/\/fotk.fr\/sport\/wp-content\/uploads\/sites\/4\/2019\/12\/Photo_Vincent-Krieger_191123_173730_D51_0168.jpg\" title=\"LA COURSE DES LUMI\u00c8RES\" class=\"mfp-image dt-mfp-item\" data-dt-img-description=\"Cr\u00e9dit photo : Vincent Kri\u00e9ger\" data-dt-location=\"https:\/\/fotk.fr\/sport\/photos\/la-course-des-lumieres\/photo_vincent-krieger_191123_173730_d51_0168\/\" ><\/a><\/div>\n\t\n\t\t<div class=\"rollover-content\">\n\n\t\t\t\n\n<div class=\"rollover-content-container\">\n\n\t\n<div class=\"rollover-content-wrap\">\n\n\t<h3 class=\"entry-title\"><a href=\"https:\/\/fotk.fr\/sport\/photos\/la-course-des-lumiere-paris\/\" class=\"dt-trigger-first-mfp\">La Course des Lumi\u00e8re<\/a><\/h3>\n<\/div>\n<\/div>\n\t\t<\/div>\n\n\t\n<\/div>\n<\/article>\n\n<\/div>\n<div class=\"wf-cell category-25\" data-date=\"2023-03-15T15:54:11+01:00\" data-name=\"La Grande Course du Grand Paris\" data-post-id=\"36195\">\n<article class=\"post post-36195 dt_gallery type-dt_gallery status-publish has-post-thumbnail hentry dt_gallery_category-course-a-pied-running\">\n\n\t\n<div class=\"rollover-project links-hovers-disabled\">\n\n\t<a href=\"https:\/\/fotk.fr\/sport\/wp-content\/uploads\/sites\/4\/2023\/03\/Photo_Vincent-Krieger_230312_111915_VK7_1401-bd-scaled.jpg\" class=\"rollover-click-target dt-gallery-mfp-popup\"   ><img srcset=\"https:\/\/fotk.fr\/sport\/wp-content\/uploads\/sites\/4\/2023\/03\/Photo_Vincent-Krieger_230312_111915_VK7_1401-bd-scaled-555x370.jpg 1x, https:\/\/fotk.fr\/sport\/wp-content\/uploads\/sites\/4\/2023\/03\/Photo_Vincent-Krieger_230312_111915_VK7_1401-bd-scaled-1110x740.jpg 2x\" class=\"preload-me\" alt=\"\"  width=\"555\" height=\"370\"  \/><\/a><div class=\"dt-gallery-container mfp-hide\"><a href=\"https:\/\/fotk.fr\/sport\/wp-content\/uploads\/sites\/4\/2023\/03\/Photo_Vincent-Krieger_230312_111915_VK7_1401-bd-scaled.jpg\" title=\"Photo_Vincent-Krieger_230312_111915_VK7_1401-bd\" class=\"mfp-image dt-mfp-item\" data-dt-img-description=\"\" data-dt-location=\"https:\/\/fotk.fr\/sport\/photo_vincent-krieger_230312_111915_vk7_1401-bd\/\" ><\/a><a href=\"https:\/\/fotk.fr\/sport\/wp-content\/uploads\/sites\/4\/2023\/03\/Photo_Vincent-Krieger_230312_111839_VK7_1393-bd-scaled.jpg\" title=\"Photo_Vincent-Krieger_230312_111839_VK7_1393-bd\" class=\"mfp-image dt-mfp-item\" data-dt-img-description=\"\" data-dt-location=\"https:\/\/fotk.fr\/sport\/photo_vincent-krieger_230312_111839_vk7_1393-bd\/\" ><\/a><a href=\"https:\/\/fotk.fr\/sport\/wp-content\/uploads\/sites\/4\/2023\/03\/Photo_Vincent-Krieger_230312_111234_VK9_1984-bd-scaled.jpg\" title=\"Photo_Vincent-Krieger_230312_111234_VK9_1984-bd\" class=\"mfp-image dt-mfp-item\" data-dt-img-description=\"\" data-dt-location=\"https:\/\/fotk.fr\/sport\/photo_vincent-krieger_230312_111234_vk9_1984-bd\/\" ><\/a><a href=\"https:\/\/fotk.fr\/sport\/wp-content\/uploads\/sites\/4\/2023\/03\/Photo_Vincent-Krieger_230312_102003_VK7_1237-bd-scaled.jpg\" title=\"Photo_Vincent-Krieger_230312_102003_VK7_1237-bd\" class=\"mfp-image dt-mfp-item\" data-dt-img-description=\"\" data-dt-location=\"https:\/\/fotk.fr\/sport\/photo_vincent-krieger_230312_102003_vk7_1237-bd\/\" ><\/a><a href=\"https:\/\/fotk.fr\/sport\/wp-content\/uploads\/sites\/4\/2023\/03\/Photo_Vincent-Krieger_230312_101952_VK7_1231-bd-scaled.jpg\" title=\"Photo_Vincent-Krieger_230312_101952_VK7_1231-bd\" class=\"mfp-image dt-mfp-item\" data-dt-img-description=\"\" data-dt-location=\"https:\/\/fotk.fr\/sport\/photo_vincent-krieger_230312_101952_vk7_1231-bd\/\" ><\/a><a href=\"https:\/\/fotk.fr\/sport\/wp-content\/uploads\/sites\/4\/2023\/03\/Photo_Vincent-Krieger_230312_092720_VK9_1682-bd-scaled.jpg\" title=\"Photo_Vincent-Krieger_230312_092720_VK9_1682-bd\" class=\"mfp-image dt-mfp-item\" data-dt-img-description=\"\" data-dt-location=\"https:\/\/fotk.fr\/sport\/photo_vincent-krieger_230312_092720_vk9_1682-bd\/\" ><\/a><a href=\"https:\/\/fotk.fr\/sport\/wp-content\/uploads\/sites\/4\/2023\/03\/Photo_Vincent-Krieger_230312_090815_VK7_0976-bd-scaled.jpg\" title=\"Photo_Vincent-Krieger_230312_090815_VK7_0976-bd\" class=\"mfp-image dt-mfp-item\" data-dt-img-description=\"\" data-dt-location=\"https:\/\/fotk.fr\/sport\/photo_vincent-krieger_230312_090815_vk7_0976-bd\/\" ><\/a><a href=\"https:\/\/fotk.fr\/sport\/wp-content\/uploads\/sites\/4\/2023\/03\/Photo_Vincent-Krieger_230312_085604_VK9_1167-bd-scaled.jpg\" title=\"Photo_Vincent-Krieger_230312_085604_VK9_1167-bd\" class=\"mfp-image dt-mfp-item\" data-dt-img-description=\"\" data-dt-location=\"https:\/\/fotk.fr\/sport\/photo_vincent-krieger_230312_085604_vk9_1167-bd\/\" ><\/a><a href=\"https:\/\/fotk.fr\/sport\/wp-content\/uploads\/sites\/4\/2023\/03\/Photo_Vincent-Krieger_230312_081113_VK9_0883-bd-scaled.jpg\" title=\"Photo_Vincent-Krieger_230312_081113_VK9_0883-bd\" class=\"mfp-image dt-mfp-item\" data-dt-img-description=\"\" data-dt-location=\"https:\/\/fotk.fr\/sport\/photo_vincent-krieger_230312_081113_vk9_0883-bd\/\" ><\/a><a href=\"https:\/\/fotk.fr\/sport\/wp-content\/uploads\/sites\/4\/2023\/03\/Photo_Vincent-Krieger_230312_080205_VK9_0803-bd-scaled.jpg\" title=\"Photo_Vincent-Krieger_230312_080205_VK9_0803-bd\" class=\"mfp-image dt-mfp-item\" data-dt-img-description=\"\" data-dt-location=\"https:\/\/fotk.fr\/sport\/photo_vincent-krieger_230312_080205_vk9_0803-bd\/\" ><\/a><\/div>\n\t\n\t\t<div class=\"rollover-content\">\n\n\t\t\t\n\n<div class=\"rollover-content-container\">\n\n\t\n<div class=\"rollover-content-wrap\">\n\n\t<h3 class=\"entry-title\"><a href=\"https:\/\/fotk.fr\/sport\/photos\/la-grande-course-du-grand-paris\/\" class=\"dt-trigger-first-mfp\">La Grande Course du Grand Paris<\/a><\/h3>\n<\/div>\n<\/div>\n\t\t<\/div>\n\n\t\n<\/div>\n<\/article>\n\n<\/div>\n<div class=\"wf-cell category-25\" data-date=\"2022-09-10T17:41:09+02:00\" data-name=\"Marathon du M\u00e9doc\" data-post-id=\"36088\">\n<article class=\"post post-36088 dt_gallery type-dt_gallery status-publish has-post-thumbnail hentry dt_gallery_category-course-a-pied-running\">\n\n\t\n<div class=\"rollover-project links-hovers-disabled\">\n\n\t<a href=\"https:\/\/fotk.fr\/sport\/wp-content\/uploads\/sites\/4\/2022\/10\/Photo_Vincent-Krieger_220910_113527_VK9_2793-scaled.jpg\" class=\"rollover-click-target dt-gallery-mfp-popup\"   ><img srcset=\"https:\/\/fotk.fr\/sport\/wp-content\/uploads\/sites\/4\/2022\/10\/Photo_Vincent-Krieger_220910_113527_VK9_2793-scaled-555x370.jpg 1x, https:\/\/fotk.fr\/sport\/wp-content\/uploads\/sites\/4\/2022\/10\/Photo_Vincent-Krieger_220910_113527_VK9_2793-scaled-1110x740.jpg 2x\" class=\"preload-me\" alt=\"\"  width=\"555\" height=\"370\"  \/><\/a><div class=\"dt-gallery-container mfp-hide\"><a href=\"https:\/\/fotk.fr\/sport\/wp-content\/uploads\/sites\/4\/2022\/10\/Photo_Vincent-Krieger_220910_113527_VK9_2793-scaled.jpg\" title=\"Photo_Vincent-Krieger_220910_113527_VK9_2793\" class=\"mfp-image dt-mfp-item\" data-dt-img-description=\"\" data-dt-location=\"https:\/\/fotk.fr\/sport\/photo_vincent-krieger_220910_113527_vk9_2793\/\" ><\/a><a href=\"https:\/\/fotk.fr\/sport\/wp-content\/uploads\/sites\/4\/2022\/10\/Photo_Vincent-Krieger_220910_145723_VK9_3487-scaled.jpg\" title=\"Photo_Vincent-Krieger_220910_145723_VK9_3487\" class=\"mfp-image dt-mfp-item\" data-dt-img-description=\"\" data-dt-location=\"https:\/\/fotk.fr\/sport\/photo_vincent-krieger_220910_145723_vk9_3487\/\" ><\/a><a href=\"https:\/\/fotk.fr\/sport\/wp-content\/uploads\/sites\/4\/2022\/10\/Photo_Vincent-Krieger_220910_131353_VK9_3124-scaled.jpg\" title=\"Photo_Vincent-Krieger_220910_131353_VK9_3124\" class=\"mfp-image dt-mfp-item\" data-dt-img-description=\"\" data-dt-location=\"https:\/\/fotk.fr\/sport\/photo_vincent-krieger_220910_131353_vk9_3124\/\" ><\/a><a href=\"https:\/\/fotk.fr\/sport\/wp-content\/uploads\/sites\/4\/2022\/10\/Photo_Vincent-Krieger_220910_130125_VK9_3087-scaled.jpg\" title=\"Photo_Vincent-Krieger_220910_130125_VK9_3087\" class=\"mfp-image dt-mfp-item\" data-dt-img-description=\"\" data-dt-location=\"https:\/\/fotk.fr\/sport\/photo_vincent-krieger_220910_130125_vk9_3087\/\" ><\/a><a href=\"https:\/\/fotk.fr\/sport\/wp-content\/uploads\/sites\/4\/2022\/10\/Photo_Vincent-Krieger_220910_125821_VK9_3073-scaled.jpg\" title=\"Photo_Vincent-Krieger_220910_125821_VK9_3073\" class=\"mfp-image dt-mfp-item\" data-dt-img-description=\"\" data-dt-location=\"https:\/\/fotk.fr\/sport\/photo_vincent-krieger_220910_125821_vk9_3073\/\" ><\/a><a href=\"https:\/\/fotk.fr\/sport\/wp-content\/uploads\/sites\/4\/2022\/10\/Photo_Vincent-Krieger_220910_125752_VK9_3070-scaled.jpg\" title=\"Photo_Vincent-Krieger_220910_125752_VK9_3070\" class=\"mfp-image dt-mfp-item\" data-dt-img-description=\"\" data-dt-location=\"https:\/\/fotk.fr\/sport\/photo_vincent-krieger_220910_125752_vk9_3070\/\" ><\/a><a href=\"https:\/\/fotk.fr\/sport\/wp-content\/uploads\/sites\/4\/2022\/10\/Photo_Vincent-Krieger_220910_121736_VK9_2949-scaled.jpg\" title=\"Photo_Vincent-Krieger_220910_121736_VK9_2949\" class=\"mfp-image dt-mfp-item\" data-dt-img-description=\"\" data-dt-location=\"https:\/\/fotk.fr\/sport\/photo_vincent-krieger_220910_121736_vk9_2949\/\" ><\/a><a href=\"https:\/\/fotk.fr\/sport\/wp-content\/uploads\/sites\/4\/2022\/10\/Photo_Vincent-Krieger_220910_115601_VK9_2869-scaled.jpg\" title=\"Photo_Vincent-Krieger_220910_115601_VK9_2869\" class=\"mfp-image dt-mfp-item\" data-dt-img-description=\"\" data-dt-location=\"https:\/\/fotk.fr\/sport\/photo_vincent-krieger_220910_115601_vk9_2869\/\" ><\/a><a href=\"https:\/\/fotk.fr\/sport\/wp-content\/uploads\/sites\/4\/2022\/10\/Photo_Vincent-Krieger_220910_105621_Z72_2077-scaled.jpg\" title=\"Photo_Vincent-Krieger_220910_105621_Z72_2077\" class=\"mfp-image dt-mfp-item\" data-dt-img-description=\"\" data-dt-location=\"https:\/\/fotk.fr\/sport\/photo_vincent-krieger_220910_105621_z72_2077\/\" ><\/a><a href=\"https:\/\/fotk.fr\/sport\/wp-content\/uploads\/sites\/4\/2022\/10\/Photo_Vincent-Krieger_220910_105514_Z72_2055-scaled.jpg\" title=\"Photo_Vincent-Krieger_220910_105514_Z72_2055\" class=\"mfp-image dt-mfp-item\" data-dt-img-description=\"\" data-dt-location=\"https:\/\/fotk.fr\/sport\/photo_vincent-krieger_220910_105514_z72_2055\/\" ><\/a><a href=\"https:\/\/fotk.fr\/sport\/wp-content\/uploads\/sites\/4\/2022\/10\/Photo_Vincent-Krieger_220910_104609_VK9_2464-scaled.jpg\" title=\"Photo_Vincent-Krieger_220910_104609_VK9_2464\" class=\"mfp-image dt-mfp-item\" data-dt-img-description=\"\" data-dt-location=\"https:\/\/fotk.fr\/sport\/photo_vincent-krieger_220910_104609_vk9_2464\/\" ><\/a><a href=\"https:\/\/fotk.fr\/sport\/wp-content\/uploads\/sites\/4\/2022\/10\/Photo_Vincent-Krieger_220910_102425_Z72_2033-scaled.jpg\" title=\"Photo_Vincent-Krieger_220910_102425_Z72_2033\" class=\"mfp-image dt-mfp-item\" data-dt-img-description=\"\" data-dt-location=\"https:\/\/fotk.fr\/sport\/photo_vincent-krieger_220910_102425_z72_2033\/\" ><\/a><a href=\"https:\/\/fotk.fr\/sport\/wp-content\/uploads\/sites\/4\/2022\/10\/Photo_Vincent-Krieger_220910_100326_VK9_2079-scaled.jpg\" title=\"Photo_Vincent-Krieger_220910_100326_VK9_2079\" class=\"mfp-image dt-mfp-item\" data-dt-img-description=\"\" data-dt-location=\"https:\/\/fotk.fr\/sport\/photo_vincent-krieger_220910_100326_vk9_2079\/\" ><\/a><a href=\"https:\/\/fotk.fr\/sport\/wp-content\/uploads\/sites\/4\/2022\/10\/Photo_Vincent-Krieger_220910_100024_Z72_1932-scaled.jpg\" title=\"Photo_Vincent-Krieger_220910_100024_Z72_1932\" class=\"mfp-image dt-mfp-item\" data-dt-img-description=\"\" data-dt-location=\"https:\/\/fotk.fr\/sport\/photo_vincent-krieger_220910_100024_z72_1932\/\" ><\/a><a href=\"https:\/\/fotk.fr\/sport\/wp-content\/uploads\/sites\/4\/2022\/10\/Photo_Vincent-Krieger_220910_095354_VK9_1956-scaled.jpg\" title=\"Photo_Vincent-Krieger_220910_095354_VK9_1956\" class=\"mfp-image dt-mfp-item\" data-dt-img-description=\"\" data-dt-location=\"https:\/\/fotk.fr\/sport\/photo_vincent-krieger_220910_095354_vk9_1956\/\" ><\/a><\/div>\n\t\n\t\t<div class=\"rollover-content\">\n\n\t\t\t\n\n<div class=\"rollover-content-container\">\n\n\t\n<div class=\"rollover-content-wrap\">\n\n\t<h3 class=\"entry-title\"><a href=\"https:\/\/fotk.fr\/sport\/photos\/marathon-du-medoc\/\" class=\"dt-trigger-first-mfp\">Marathon du M\u00e9doc<\/a><\/h3>\n<\/div>\n<\/div>\n\t\t<\/div>\n\n\t\n<\/div>\n<\/article>\n\n<\/div>\n<div class=\"wf-cell category-25\" data-date=\"2022-04-11T19:37:17+02:00\" data-name=\"Les Foul\u00e9es de l\u2019Assurance\" data-post-id=\"35850\">\n<article class=\"post post-35850 dt_gallery type-dt_gallery status-publish has-post-thumbnail hentry dt_gallery_category-course-a-pied-running\">\n\n\t\n<div class=\"rollover-project links-hovers-disabled\">\n\n\t<a href=\"https:\/\/fotk.fr\/sport\/wp-content\/uploads\/sites\/4\/2022\/04\/Photo_Vincent-Krieger_220327_104117_Z72_3999-bd.jpg\" class=\"rollover-click-target dt-gallery-mfp-popup\"   ><img srcset=\"https:\/\/fotk.fr\/sport\/wp-content\/uploads\/sites\/4\/2022\/04\/Photo_Vincent-Krieger_220327_104117_Z72_3999-bd-555x370.jpg 1x, https:\/\/fotk.fr\/sport\/wp-content\/uploads\/sites\/4\/2022\/04\/Photo_Vincent-Krieger_220327_104117_Z72_3999-bd-1110x740.jpg 2x\" class=\"preload-me\" alt=\"Les Foul\u00e9es de l\u2019Assurance\"  width=\"555\" height=\"370\"  \/><\/a><div class=\"dt-gallery-container mfp-hide\"><a href=\"https:\/\/fotk.fr\/sport\/wp-content\/uploads\/sites\/4\/2022\/04\/Photo_Vincent-Krieger_220327_104117_Z72_3999-bd.jpg\" title=\"Les Foul\u00e9es de l\u2019Assurance\" class=\"mfp-image dt-mfp-item\" data-dt-img-description=\"Cr\u00e9dit photo : Vincent Kri\u00e9ger\" data-dt-location=\"https:\/\/fotk.fr\/sport\/photos\/les-foulees-de-lassurance-2022\/photo_vincent-krieger_220327_104117_z72_3999-bd\/\" ><\/a><a href=\"https:\/\/fotk.fr\/sport\/wp-content\/uploads\/sites\/4\/2022\/04\/Photo_Vincent-Krieger_220327_092115_Z72_3448-bd.jpg\" title=\"La Grande Course du Grand Paris Express\" class=\"mfp-image dt-mfp-item\" data-dt-img-description=\"Cr\u00e9dit photo : Vincent Kri\u00e9ger\" data-dt-location=\"https:\/\/fotk.fr\/sport\/photos\/les-foulees-de-lassurance-2022\/photo_vincent-krieger_220327_092115_z72_3448-bd\/\" ><\/a><a href=\"https:\/\/fotk.fr\/sport\/wp-content\/uploads\/sites\/4\/2022\/04\/Photo_Vincent-Krieger_220327_101017_Z72_3775-bd.jpg\" title=\"Les Foul\u00e9es de l\u2019Assurance\" class=\"mfp-image dt-mfp-item\" data-dt-img-description=\"Cr\u00e9dit photo : Vincent Kri\u00e9ger\" data-dt-location=\"https:\/\/fotk.fr\/sport\/photos\/les-foulees-de-lassurance-2022\/photo_vincent-krieger_220327_101017_z72_3775-bd\/\" ><\/a><a href=\"https:\/\/fotk.fr\/sport\/wp-content\/uploads\/sites\/4\/2022\/04\/Photo_Vincent-Krieger_220327_103113_D52_6775-bd.jpg\" title=\"Les Foul\u00e9es de l\u2019Assurance\" class=\"mfp-image dt-mfp-item\" data-dt-img-description=\"Cr\u00e9dit photo : Vincent Kri\u00e9ger\" data-dt-location=\"https:\/\/fotk.fr\/sport\/photos\/les-foulees-de-lassurance-2022\/photo_vincent-krieger_220327_103113_d52_6775-bd\/\" ><\/a><a href=\"https:\/\/fotk.fr\/sport\/wp-content\/uploads\/sites\/4\/2022\/04\/Photo_Vincent-Krieger_220327_103806_Z72_3944-bd.jpg\" title=\"Les Foul\u00e9es de l\u2019Assurance\" class=\"mfp-image dt-mfp-item\" data-dt-img-description=\"Cr\u00e9dit photo : Vincent Kri\u00e9ger\" data-dt-location=\"https:\/\/fotk.fr\/sport\/photos\/les-foulees-de-lassurance-2022\/photo_vincent-krieger_220327_103806_z72_3944-bd\/\" ><\/a><a href=\"https:\/\/fotk.fr\/sport\/wp-content\/uploads\/sites\/4\/2022\/04\/Photo_Vincent-Krieger_220327_104233_Z72_4034-bd.jpg\" title=\"Les Foul\u00e9es de l\u2019Assurance\" class=\"mfp-image dt-mfp-item\" data-dt-img-description=\"Cr\u00e9dit photo : Vincent Kri\u00e9ger\" data-dt-location=\"https:\/\/fotk.fr\/sport\/photos\/les-foulees-de-lassurance-2022\/photo_vincent-krieger_220327_104233_z72_4034-bd\/\" ><\/a><a href=\"https:\/\/fotk.fr\/sport\/wp-content\/uploads\/sites\/4\/2022\/04\/Photo_Vincent-Krieger_220327_104428_D52_6932-bd.jpg\" title=\"Les Foul\u00e9es de l\u2019Assurance\" class=\"mfp-image dt-mfp-item\" data-dt-img-description=\"Cr\u00e9dit photo : Vincent Kri\u00e9ger\" data-dt-location=\"https:\/\/fotk.fr\/sport\/photos\/les-foulees-de-lassurance-2022\/photo_vincent-krieger_220327_104428_d52_6932-bd\/\" ><\/a><a href=\"https:\/\/fotk.fr\/sport\/wp-content\/uploads\/sites\/4\/2022\/04\/Photo_Vincent-Krieger_220327_104751_Z72_4057-bd.jpg\" title=\"Les Foul\u00e9es de l\u2019Assurance\" class=\"mfp-image dt-mfp-item\" data-dt-img-description=\"Cr\u00e9dit photo : Vincent Kri\u00e9ger\" data-dt-location=\"https:\/\/fotk.fr\/sport\/photos\/les-foulees-de-lassurance-2022\/photo_vincent-krieger_220327_104751_z72_4057-bd\/\" ><\/a><\/div>\n\t\n\t\t<div class=\"rollover-content\">\n\n\t\t\t\n\n<div class=\"rollover-content-container\">\n\n\t\n<div class=\"rollover-content-wrap\">\n\n\t<h3 class=\"entry-title\"><a href=\"https:\/\/fotk.fr\/sport\/photos\/les-foulees-de-lassurance-2022\/\" class=\"dt-trigger-first-mfp\">Les Foul\u00e9es de l\u2019Assurance<\/a><\/h3>\n<\/div>\n<\/div>\n\t\t<\/div>\n\n\t\n<\/div>\n<\/article>\n\n<\/div>\n<div class=\"wf-cell category-25\" data-date=\"2021-11-21T15:24:26+01:00\" data-name=\"Marathon Eiffage - Dakar\" data-post-id=\"35895\">\n<article class=\"post post-35895 dt_gallery type-dt_gallery status-publish hentry dt_gallery_category-course-a-pied-running\">\n\n\t\n<div class=\"rollover-project links-hovers-disabled\">\n\n\t<a href=\"https:\/\/fotk.fr\/sport\/wp-content\/uploads\/sites\/4\/2022\/05\/Photo_Vincent-Krieger_211120_080548_VK2_0157-bd.jpg\" class=\"rollover-click-target dt-gallery-mfp-popup\"   ><img srcset=\"https:\/\/fotk.fr\/sport\/wp-content\/uploads\/sites\/4\/2022\/05\/Photo_Vincent-Krieger_211120_080548_VK2_0157-bd-555x370.jpg 1x, https:\/\/fotk.fr\/sport\/wp-content\/uploads\/sites\/4\/2022\/05\/Photo_Vincent-Krieger_211120_080548_VK2_0157-bd-1110x740.jpg 2x\" class=\"preload-me\" alt=\"Marathon Eiffage de Dakar\"  width=\"555\" height=\"370\"  \/><\/a><div class=\"dt-gallery-container mfp-hide\"><a href=\"https:\/\/fotk.fr\/sport\/wp-content\/uploads\/sites\/4\/2022\/05\/Photo_Vincent-Krieger_211120_080548_VK2_0157-bd.jpg\" title=\"Marathon Eiffage de Dakar\" class=\"mfp-image dt-mfp-item\" data-dt-img-description=\"Cr\u00e9dit photo : Vincent Kri\u00e9ger\" data-dt-location=\"https:\/\/fotk.fr\/sport\/photos\/marathon-eiffage-de-dakar-2\/photo_vincent-krieger_211120_080548_vk2_0157-bd\/\" ><\/a><a href=\"https:\/\/fotk.fr\/sport\/wp-content\/uploads\/sites\/4\/2022\/05\/Photo_Vincent-Krieger_211120_083106_VK2_0227-bd.jpg\" title=\"Marathon Eiffage de Dakar\" class=\"mfp-image dt-mfp-item\" data-dt-img-description=\"Cr\u00e9dit photo : Vincent Kri\u00e9ger\" data-dt-location=\"https:\/\/fotk.fr\/sport\/photos\/marathon-eiffage-de-dakar-2\/photo_vincent-krieger_211120_083106_vk2_0227-bd\/\" ><\/a><a href=\"https:\/\/fotk.fr\/sport\/wp-content\/uploads\/sites\/4\/2022\/05\/Photo_Vincent-Krieger_211120_083605_VK2_0248-bd.jpg\" title=\"Marathon Eiffage de Dakar\" class=\"mfp-image dt-mfp-item\" data-dt-img-description=\"Cr\u00e9dit photo : Vincent Kri\u00e9ger\" data-dt-location=\"https:\/\/fotk.fr\/sport\/photos\/marathon-eiffage-de-dakar-2\/photo_vincent-krieger_211120_083605_vk2_0248-bd\/\" ><\/a><a href=\"https:\/\/fotk.fr\/sport\/wp-content\/uploads\/sites\/4\/2022\/05\/Photo_Vincent-Krieger_211120_085950_VK2_0341-bd.jpg\" title=\"Marathon Eiffage de Dakar\" class=\"mfp-image dt-mfp-item\" data-dt-img-description=\"Cr\u00e9dit photo : Vincent Kri\u00e9ger\" data-dt-location=\"https:\/\/fotk.fr\/sport\/photos\/marathon-eiffage-de-dakar-2\/photo_vincent-krieger_211120_085950_vk2_0341-bd\/\" ><\/a><a href=\"https:\/\/fotk.fr\/sport\/wp-content\/uploads\/sites\/4\/2022\/05\/Photo_Vincent-Krieger_211120_090517_VK2_0378-bd.jpg\" title=\"Marathon Eiffage de Dakar\" class=\"mfp-image dt-mfp-item\" data-dt-img-description=\"Cr\u00e9dit photo : Vincent Kri\u00e9ger\" data-dt-location=\"https:\/\/fotk.fr\/sport\/photos\/marathon-eiffage-de-dakar-2\/photo_vincent-krieger_211120_090517_vk2_0378-bd\/\" ><\/a><a href=\"https:\/\/fotk.fr\/sport\/wp-content\/uploads\/sites\/4\/2022\/05\/Photo_Vincent-Krieger_211121_064459_VK2_2536-bd.jpg\" title=\"Marathon Eiffage de Dakar\" class=\"mfp-image dt-mfp-item\" data-dt-img-description=\"Cr\u00e9dit photo : Vincent Kri\u00e9ger\" data-dt-location=\"https:\/\/fotk.fr\/sport\/photos\/marathon-eiffage-de-dakar-2\/photo_vincent-krieger_211121_064459_vk2_2536-bd\/\" ><\/a><a href=\"https:\/\/fotk.fr\/sport\/wp-content\/uploads\/sites\/4\/2022\/05\/Photo_Vincent-Krieger_211121_065119_VK2_2571-bd.jpg\" title=\"Marathon Eiffage de Dakar\" class=\"mfp-image dt-mfp-item\" data-dt-img-description=\"Cr\u00e9dit photo : Vincent Kri\u00e9ger\" data-dt-location=\"https:\/\/fotk.fr\/sport\/photos\/marathon-eiffage-de-dakar-2\/photo_vincent-krieger_211121_065119_vk2_2571-bd\/\" ><\/a><a href=\"https:\/\/fotk.fr\/sport\/wp-content\/uploads\/sites\/4\/2022\/05\/Photo_Vincent-Krieger_211121_065304_VK2_2577-bd.jpg\" title=\"Marathon Eiffage de Dakar\" class=\"mfp-image dt-mfp-item\" data-dt-img-description=\"Cr\u00e9dit photo : Vincent Kri\u00e9ger\" data-dt-location=\"https:\/\/fotk.fr\/sport\/photos\/marathon-eiffage-de-dakar-2\/photo_vincent-krieger_211121_065304_vk2_2577-bd\/\" ><\/a><a href=\"https:\/\/fotk.fr\/sport\/wp-content\/uploads\/sites\/4\/2022\/05\/Photo_Vincent-Krieger_211121_071637_VK2_2697-bd.jpg\" title=\"Marathon Eiffage de Dakar\" class=\"mfp-image dt-mfp-item\" data-dt-img-description=\"Cr\u00e9dit photo : Vincent Kri\u00e9ger\" data-dt-location=\"https:\/\/fotk.fr\/sport\/photos\/marathon-eiffage-de-dakar-2\/photo_vincent-krieger_211121_071637_vk2_2697-bd\/\" ><\/a><a href=\"https:\/\/fotk.fr\/sport\/wp-content\/uploads\/sites\/4\/2022\/05\/Photo_Vincent-Krieger_211121_072929_VK2_2742-bd.jpg\" title=\"Marathon Eiffage de Dakar\" class=\"mfp-image dt-mfp-item\" data-dt-img-description=\"Cr\u00e9dit photo : Vincent Kri\u00e9ger\" data-dt-location=\"https:\/\/fotk.fr\/sport\/photos\/marathon-eiffage-de-dakar-2\/photo_vincent-krieger_211121_072929_vk2_2742-bd\/\" ><\/a><a href=\"https:\/\/fotk.fr\/sport\/wp-content\/uploads\/sites\/4\/2022\/05\/Photo_Vincent-Krieger_211121_072942_VK2_2754-bd.jpg\" title=\"Marathon Eiffage de Dakar\" class=\"mfp-image dt-mfp-item\" data-dt-img-description=\"Cr\u00e9dit photo : Vincent Kri\u00e9ger\" data-dt-location=\"https:\/\/fotk.fr\/sport\/photos\/marathon-eiffage-de-dakar-2\/photo_vincent-krieger_211121_072942_vk2_2754-bd\/\" ><\/a><a href=\"https:\/\/fotk.fr\/sport\/wp-content\/uploads\/sites\/4\/2022\/05\/Photo_Vincent-Krieger_211121_074906_VK2_2838-bd.jpg\" title=\"Marathon Eiffage de Dakar\" class=\"mfp-image dt-mfp-item\" data-dt-img-description=\"Cr\u00e9dit photo : Vincent Kri\u00e9ger\" data-dt-location=\"https:\/\/fotk.fr\/sport\/photos\/marathon-eiffage-de-dakar-2\/photo_vincent-krieger_211121_074906_vk2_2838-bd\/\" ><\/a><a href=\"https:\/\/fotk.fr\/sport\/wp-content\/uploads\/sites\/4\/2022\/05\/Photo_Vincent-Krieger_211121_080121_VK2_2877-bd.jpg\" title=\"Marathon Eiffage de Dakar\" class=\"mfp-image dt-mfp-item\" data-dt-img-description=\"Cr\u00e9dit photo : Vincent Kri\u00e9ger\" data-dt-location=\"https:\/\/fotk.fr\/sport\/photos\/marathon-eiffage-de-dakar-2\/photo_vincent-krieger_211121_080121_vk2_2877-bd\/\" ><\/a><a href=\"https:\/\/fotk.fr\/sport\/wp-content\/uploads\/sites\/4\/2022\/05\/Photo_Vincent-Krieger_211121_080252_VK2_2920-bd.jpg\" title=\"Marathon Eiffage de Dakar\" class=\"mfp-image dt-mfp-item\" data-dt-img-description=\"Cr\u00e9dit photo : Vincent Kri\u00e9ger\" data-dt-location=\"https:\/\/fotk.fr\/sport\/photos\/marathon-eiffage-de-dakar-2\/photo_vincent-krieger_211121_080252_vk2_2920-bd\/\" ><\/a><a href=\"https:\/\/fotk.fr\/sport\/wp-content\/uploads\/sites\/4\/2022\/05\/Photo_Vincent-Krieger_211121_090655_VK2_5086-bd.jpg\" title=\"Marathon Eiffage de Dakar\" class=\"mfp-image dt-mfp-item\" data-dt-img-description=\"Cr\u00e9dit photo : Vincent Kri\u00e9ger\" data-dt-location=\"https:\/\/fotk.fr\/sport\/photos\/marathon-eiffage-de-dakar-2\/photo_vincent-krieger_211121_090655_vk2_5086-bd\/\" ><\/a><a href=\"https:\/\/fotk.fr\/sport\/wp-content\/uploads\/sites\/4\/2022\/05\/Photo_Vincent-Krieger_211121_092037_VK2_5880-bd.jpg\" title=\"Marathon Eiffage de Dakar\" class=\"mfp-image dt-mfp-item\" data-dt-img-description=\"Cr\u00e9dit photo : Vincent Kri\u00e9ger\" data-dt-location=\"https:\/\/fotk.fr\/sport\/photos\/marathon-eiffage-de-dakar-2\/photo_vincent-krieger_211121_092037_vk2_5880-bd\/\" ><\/a><a href=\"https:\/\/fotk.fr\/sport\/wp-content\/uploads\/sites\/4\/2022\/05\/Photo_Vincent-Krieger_211121_092139_VK2_5952-bd.jpg\" title=\"Marathon Eiffage de Dakar\" class=\"mfp-image dt-mfp-item\" data-dt-img-description=\"Cr\u00e9dit photo : Vincent Kri\u00e9ger\" data-dt-location=\"https:\/\/fotk.fr\/sport\/photos\/marathon-eiffage-de-dakar-2\/photo_vincent-krieger_211121_092139_vk2_5952-bd\/\" ><\/a><a href=\"https:\/\/fotk.fr\/sport\/wp-content\/uploads\/sites\/4\/2022\/05\/Photo_Vincent-Krieger_211121_092532_VK2_6106-bd.jpg\" title=\"Marathon Eiffage de Dakar\" class=\"mfp-image dt-mfp-item\" data-dt-img-description=\"Cr\u00e9dit photo : Vincent Kri\u00e9ger\" data-dt-location=\"https:\/\/fotk.fr\/sport\/photos\/marathon-eiffage-de-dakar-2\/photo_vincent-krieger_211121_092532_vk2_6106-bd\/\" ><\/a><a href=\"https:\/\/fotk.fr\/sport\/wp-content\/uploads\/sites\/4\/2022\/05\/Photo_Vincent-Krieger_211121_092841_VK2_6267-bd.jpg\" title=\"Marathon Eiffage de Dakar\" class=\"mfp-image dt-mfp-item\" data-dt-img-description=\"Cr\u00e9dit photo : Vincent Kri\u00e9ger\" data-dt-location=\"https:\/\/fotk.fr\/sport\/photos\/marathon-eiffage-de-dakar-2\/photo_vincent-krieger_211121_092841_vk2_6267-bd\/\" ><\/a><a href=\"https:\/\/fotk.fr\/sport\/wp-content\/uploads\/sites\/4\/2022\/05\/Photo_Vincent-Krieger_211121_104416_VK2_7474-bd.jpg\" title=\"Marathon Eiffage de Dakar\" class=\"mfp-image dt-mfp-item\" data-dt-img-description=\"Cr\u00e9dit photo : Vincent Kri\u00e9ger\" data-dt-location=\"https:\/\/fotk.fr\/sport\/photos\/marathon-eiffage-de-dakar-2\/photo_vincent-krieger_211121_104416_vk2_7474-bd\/\" ><\/a><a href=\"https:\/\/fotk.fr\/sport\/wp-content\/uploads\/sites\/4\/2022\/05\/Photo_Vincent-Krieger_211121_101555_D52_7290-bd.jpg\" title=\"Marathon Eiffage de Dakar\" class=\"mfp-image dt-mfp-item\" data-dt-img-description=\"Cr\u00e9dit photo : Vincent Kri\u00e9ger\" data-dt-location=\"https:\/\/fotk.fr\/sport\/photos\/marathon-eiffage-de-dakar-2\/photo_vincent-krieger_211121_101555_d52_7290-bd\/\" ><\/a><a href=\"https:\/\/fotk.fr\/sport\/wp-content\/uploads\/sites\/4\/2022\/05\/Photo_Vincent-Krieger_211121_113422_D52_7607-bd.jpg\" title=\"Marathon Eiffage de Dakar\" class=\"mfp-image dt-mfp-item\" data-dt-img-description=\"Cr\u00e9dit photo : Vincent Kri\u00e9ger\" data-dt-location=\"https:\/\/fotk.fr\/sport\/photos\/marathon-eiffage-de-dakar-2\/photo_vincent-krieger_211121_113422_d52_7607-bd\/\" ><\/a><a href=\"https:\/\/fotk.fr\/sport\/wp-content\/uploads\/sites\/4\/2022\/05\/Photo_Vincent-Krieger_211121_103531_VK2_7404-bd.jpg\" title=\"Marathon Eiffage de Dakar\" class=\"mfp-image dt-mfp-item\" data-dt-img-description=\"Cr\u00e9dit photo : Vincent Kri\u00e9ger\" data-dt-location=\"https:\/\/fotk.fr\/sport\/photos\/marathon-eiffage-de-dakar-2\/photo_vincent-krieger_211121_103531_vk2_7404-bd\/\" ><\/a><a href=\"https:\/\/fotk.fr\/sport\/wp-content\/uploads\/sites\/4\/2022\/05\/Photo_Vincent-Krieger_211121_100721_D52_7230-bd.jpg\" title=\"Marathon Eiffage de Dakar\" class=\"mfp-image dt-mfp-item\" data-dt-img-description=\"Cr\u00e9dit photo : Vincent Kri\u00e9ger\" data-dt-location=\"https:\/\/fotk.fr\/sport\/photos\/marathon-eiffage-de-dakar-2\/photo_vincent-krieger_211121_100721_d52_7230-bd\/\" ><\/a><a href=\"https:\/\/fotk.fr\/sport\/wp-content\/uploads\/sites\/4\/2022\/05\/Photo_Vincent-Krieger_211121_123114_D52_8099-bd.jpg\" title=\"Marathon Eiffage de Dakar\" class=\"mfp-image dt-mfp-item\" data-dt-img-description=\"Cr\u00e9dit photo : Vincent Kri\u00e9ger\" data-dt-location=\"https:\/\/fotk.fr\/sport\/photos\/marathon-eiffage-de-dakar-2\/photo_vincent-krieger_211121_123114_d52_8099-bd\/\" ><\/a><\/div>\n\t\n\t\t<div class=\"rollover-content\">\n\n\t\t\t\n\n<div class=\"rollover-content-container\">\n\n\t\n<div class=\"rollover-content-wrap\">\n\n\t<h3 class=\"entry-title\"><a href=\"https:\/\/fotk.fr\/sport\/photos\/marathon-eiffage-de-dakar-2\/\" class=\"dt-trigger-first-mfp\">Marathon Eiffage &#8211; Dakar<\/a><\/h3>\n<\/div>\n<\/div>\n\t\t<\/div>\n\n\t\n<\/div>\n<\/article>\n\n<\/div>\n<div class=\"wf-cell category-25\" data-date=\"2021-10-24T14:41:41+02:00\" data-name=\"GO Sport Running - Ch\u00e2teau de Versailles\" data-post-id=\"35583\">\n<article class=\"post post-35583 dt_gallery type-dt_gallery status-publish has-post-thumbnail hentry dt_gallery_category-course-a-pied-running\">\n\n\t\n<div class=\"rollover-project links-hovers-disabled\">\n\n\t<a href=\"https:\/\/fotk.fr\/sport\/wp-content\/uploads\/sites\/4\/2021\/11\/Photo_Vincent-Krieger_211024_114918_VK1_0656.jpg\" class=\"rollover-click-target dt-gallery-mfp-popup\"   ><img srcset=\"https:\/\/fotk.fr\/sport\/wp-content\/uploads\/sites\/4\/2021\/11\/Photo_Vincent-Krieger_211024_114918_VK1_0656-555x370.jpg 1x, https:\/\/fotk.fr\/sport\/wp-content\/uploads\/sites\/4\/2021\/11\/Photo_Vincent-Krieger_211024_114918_VK1_0656-1110x740.jpg 2x\" class=\"preload-me\" alt=\"\"  width=\"555\" height=\"370\"  \/><\/a><div class=\"dt-gallery-container mfp-hide\"><a href=\"https:\/\/fotk.fr\/sport\/wp-content\/uploads\/sites\/4\/2021\/11\/Photo_Vincent-Krieger_211024_114918_VK1_0656.jpg\" title=\"GO SPORT VERSAILLES &#8211; La Course des Princesses\" class=\"mfp-image dt-mfp-item\" data-dt-img-description=\"Cr\u00e9dit photo : Vincent Kri\u00e9ger\" data-dt-location=\"https:\/\/fotk.fr\/sport\/photos\/go-sport-versailles\/go-sport-versailles-5\/\" ><\/a><a href=\"https:\/\/fotk.fr\/sport\/wp-content\/uploads\/sites\/4\/2021\/11\/Photo_Vincent-Krieger_211024_114336_VK1_0610.jpg\" title=\"GO SPORT VERSAILLES &#8211; La Course des Princesses\" class=\"mfp-image dt-mfp-item\" data-dt-img-description=\"Cr\u00e9dit photo : Vincent Kri\u00e9ger\" data-dt-location=\"https:\/\/fotk.fr\/sport\/photos\/go-sport-versailles\/go-sport-versailles-8\/\" ><\/a><a href=\"https:\/\/fotk.fr\/sport\/wp-content\/uploads\/sites\/4\/2021\/11\/Photo_Vincent-Krieger_211024_114525_D52_0214.jpg\" title=\"GO SPORT VERSAILLES &#8211; La Course des Princesses\" class=\"mfp-image dt-mfp-item\" data-dt-img-description=\"Cr\u00e9dit photo : Vincent Kri\u00e9ger\" data-dt-location=\"https:\/\/fotk.fr\/sport\/photos\/go-sport-versailles\/go-sport-versailles-2\/\" ><\/a><a href=\"https:\/\/fotk.fr\/sport\/wp-content\/uploads\/sites\/4\/2021\/11\/Photo_Vincent-Krieger_211024_114553_D52_0234.jpg\" title=\"GO SPORT VERSAILLES &#8211; La Course des Princesses\" class=\"mfp-image dt-mfp-item\" data-dt-img-description=\"Cr\u00e9dit photo : Vincent Kri\u00e9ger\" data-dt-location=\"https:\/\/fotk.fr\/sport\/photos\/go-sport-versailles\/go-sport-versailles-4\/\" ><\/a><a href=\"https:\/\/fotk.fr\/sport\/wp-content\/uploads\/sites\/4\/2021\/11\/Photo_Vincent-Krieger_211024_114541_D52_0228.jpg\" title=\"GO SPORT VERSAILLES &#8211; La Course des Princesses\" class=\"mfp-image dt-mfp-item\" data-dt-img-description=\"Cr\u00e9dit photo : Vincent Kri\u00e9ger\" data-dt-location=\"https:\/\/fotk.fr\/sport\/photos\/go-sport-versailles\/go-sport-versailles-3\/\" ><\/a><a href=\"https:\/\/fotk.fr\/sport\/wp-content\/uploads\/sites\/4\/2021\/11\/Photo_Vincent-Krieger_211024_114925_VK1_0667.jpg\" title=\"GO SPORT VERSAILLES &#8211; La Course des Princesses\" class=\"mfp-image dt-mfp-item\" data-dt-img-description=\"Cr\u00e9dit photo : Vincent Kri\u00e9ger\" data-dt-location=\"https:\/\/fotk.fr\/sport\/photos\/go-sport-versailles\/go-sport-versailles-6\/\" ><\/a><a href=\"https:\/\/fotk.fr\/sport\/wp-content\/uploads\/sites\/4\/2021\/11\/Photo_Vincent-Krieger_211024_130647_D52_0273.jpg\" title=\"GO SPORT VERSAILLES &#8211; La Course des Princesses\" class=\"mfp-image dt-mfp-item\" data-dt-img-description=\"Cr\u00e9dit photo : Vincent Kri\u00e9ger\" data-dt-location=\"https:\/\/fotk.fr\/sport\/photos\/go-sport-versailles\/go-sport-versailles-7\/\" ><\/a><\/div>\n\t\n\t\t<div class=\"rollover-content\">\n\n\t\t\t\n\n<div class=\"rollover-content-container\">\n\n\t\n<div class=\"rollover-content-wrap\">\n\n\t<h3 class=\"entry-title\"><a href=\"https:\/\/fotk.fr\/sport\/photos\/go-sport-versailles\/\" class=\"dt-trigger-first-mfp\">GO Sport Running &#8211; Ch\u00e2teau de Versailles<\/a><\/h3>\n<\/div>\n<\/div>\n\t\t<\/div>\n\n\t\n<\/div>\n<\/article>\n\n<\/div>\n<div class=\"wf-cell category-25\" data-date=\"2021-10-10T15:15:20+02:00\" data-name=\"Les 20 KM de Paris\" data-post-id=\"35592\">\n<article class=\"post post-35592 dt_gallery type-dt_gallery status-publish has-post-thumbnail hentry dt_gallery_category-course-a-pied-running\">\n\n\t\n<div class=\"rollover-project links-hovers-disabled\">\n\n\t<a href=\"https:\/\/fotk.fr\/sport\/wp-content\/uploads\/sites\/4\/2021\/11\/Photo_Vincent-Krieger_211010_090827_VK1_0990.jpg\" class=\"rollover-click-target dt-gallery-mfp-popup\"   ><img srcset=\"https:\/\/fotk.fr\/sport\/wp-content\/uploads\/sites\/4\/2021\/11\/Photo_Vincent-Krieger_211010_090827_VK1_0990-555x370.jpg 1x, https:\/\/fotk.fr\/sport\/wp-content\/uploads\/sites\/4\/2021\/11\/Photo_Vincent-Krieger_211010_090827_VK1_0990-1110x740.jpg 2x\" class=\"preload-me\" alt=\"20 KM de Paris - \u00c9dition 2021\"  width=\"555\" height=\"370\"  \/><\/a><div class=\"dt-gallery-container mfp-hide\"><a href=\"https:\/\/fotk.fr\/sport\/wp-content\/uploads\/sites\/4\/2021\/11\/Photo_Vincent-Krieger_211010_090827_VK1_0990.jpg\" title=\"20 KM de Paris &#8211; \u00c9dition 2021\" class=\"mfp-image dt-mfp-item\" data-dt-img-description=\"Cr\u00e9dit photo : Vincent Kri\u00e9ger\" data-dt-location=\"https:\/\/fotk.fr\/sport\/photos\/les-20-km-de-paris-edition-2021\/photo_vincent-krieger_211010_090827_vk1_0990\/\" ><\/a><a href=\"https:\/\/fotk.fr\/sport\/wp-content\/uploads\/sites\/4\/2021\/11\/Photo_Vincent-Krieger_211010_084906_VK1_0860.jpg\" title=\"20 KM de Paris &#8211; \u00c9dition 2021\" class=\"mfp-image dt-mfp-item\" data-dt-img-description=\"Cr\u00e9dit photo : Vincent Kri\u00e9ger\" data-dt-location=\"https:\/\/fotk.fr\/sport\/photos\/les-20-km-de-paris-edition-2021\/photo_vincent-krieger_211010_084906_vk1_0860\/\" ><\/a><a href=\"https:\/\/fotk.fr\/sport\/wp-content\/uploads\/sites\/4\/2021\/11\/Photo_Vincent-Krieger_211010_085013_VK1_0865.jpg\" title=\"20 KM de Paris &#8211; \u00c9dition 2021\" class=\"mfp-image dt-mfp-item\" data-dt-img-description=\"Cr\u00e9dit photo : Vincent Kri\u00e9ger\" data-dt-location=\"https:\/\/fotk.fr\/sport\/photos\/les-20-km-de-paris-edition-2021\/photo_vincent-krieger_211010_085013_vk1_0865\/\" ><\/a><a href=\"https:\/\/fotk.fr\/sport\/wp-content\/uploads\/sites\/4\/2021\/11\/Photo_Vincent-Krieger_211010_085122_VK1_0873.jpg\" title=\"20 KM de Paris &#8211; \u00c9dition 2021\" class=\"mfp-image dt-mfp-item\" data-dt-img-description=\"Cr\u00e9dit photo : Vincent Kri\u00e9ger\" data-dt-location=\"https:\/\/fotk.fr\/sport\/photos\/les-20-km-de-paris-edition-2021\/photo_vincent-krieger_211010_085122_vk1_0873\/\" ><\/a><a href=\"https:\/\/fotk.fr\/sport\/wp-content\/uploads\/sites\/4\/2021\/11\/Photo_Vincent-Krieger_211010_085157_VK1_0877.jpg\" title=\"20 KM de Paris &#8211; \u00c9dition 2021\" class=\"mfp-image dt-mfp-item\" data-dt-img-description=\"Cr\u00e9dit photo : Vincent Kri\u00e9ger\" data-dt-location=\"https:\/\/fotk.fr\/sport\/photos\/les-20-km-de-paris-edition-2021\/photo_vincent-krieger_211010_085157_vk1_0877\/\" ><\/a><a href=\"https:\/\/fotk.fr\/sport\/wp-content\/uploads\/sites\/4\/2021\/11\/Photo_Vincent-Krieger_211010_085608_VK1_0896.jpg\" title=\"20 KM de Paris &#8211; \u00c9dition 2021\" class=\"mfp-image dt-mfp-item\" data-dt-img-description=\"Cr\u00e9dit photo : Vincent Kri\u00e9ger\" data-dt-location=\"https:\/\/fotk.fr\/sport\/photos\/les-20-km-de-paris-edition-2021\/photo_vincent-krieger_211010_085608_vk1_0896\/\" ><\/a><a href=\"https:\/\/fotk.fr\/sport\/wp-content\/uploads\/sites\/4\/2021\/11\/Photo_Vincent-Krieger_211010_090308_VK1_0932.jpg\" title=\"20 KM de Paris &#8211; \u00c9dition 2021\" class=\"mfp-image dt-mfp-item\" data-dt-img-description=\"Cr\u00e9dit photo : Vincent Kri\u00e9ger\" data-dt-location=\"https:\/\/fotk.fr\/sport\/photos\/les-20-km-de-paris-edition-2021\/photo_vincent-krieger_211010_090308_vk1_0932\/\" ><\/a><a href=\"https:\/\/fotk.fr\/sport\/wp-content\/uploads\/sites\/4\/2021\/11\/Photo_Vincent-Krieger_211010_090318_VK1_0945.jpg\" title=\"20 KM de Paris &#8211; \u00c9dition 2021\" class=\"mfp-image dt-mfp-item\" data-dt-img-description=\"Cr\u00e9dit photo : Vincent Kri\u00e9ger\" data-dt-location=\"https:\/\/fotk.fr\/sport\/photos\/les-20-km-de-paris-edition-2021\/photo_vincent-krieger_211010_090318_vk1_0945\/\" ><\/a><a href=\"https:\/\/fotk.fr\/sport\/wp-content\/uploads\/sites\/4\/2021\/11\/Photo_Vincent-Krieger_211010_090452_VK1_0964.jpg\" title=\"20 KM de Paris &#8211; \u00c9dition 2021\" class=\"mfp-image dt-mfp-item\" data-dt-img-description=\"Cr\u00e9dit photo : Vincent Kri\u00e9ger\" data-dt-location=\"https:\/\/fotk.fr\/sport\/photos\/les-20-km-de-paris-edition-2021\/photo_vincent-krieger_211010_090452_vk1_0964\/\" ><\/a><a href=\"https:\/\/fotk.fr\/sport\/wp-content\/uploads\/sites\/4\/2021\/11\/Photo_Vincent-Krieger_211010_090833_VK1_0996.jpg\" title=\"20 KM de Paris &#8211; \u00c9dition 2021\" class=\"mfp-image dt-mfp-item\" data-dt-img-description=\"Cr\u00e9dit photo : Vincent Kri\u00e9ger\" data-dt-location=\"https:\/\/fotk.fr\/sport\/photos\/les-20-km-de-paris-edition-2021\/photo_vincent-krieger_211010_090833_vk1_0996\/\" ><\/a><a href=\"https:\/\/fotk.fr\/sport\/wp-content\/uploads\/sites\/4\/2021\/11\/Photo_Vincent-Krieger_211010_091000_VK1_1010.jpg\" title=\"20 KM de Paris &#8211; \u00c9dition 2021\" class=\"mfp-image dt-mfp-item\" data-dt-img-description=\"Cr\u00e9dit photo : Vincent Kri\u00e9ger\" data-dt-location=\"https:\/\/fotk.fr\/sport\/photos\/les-20-km-de-paris-edition-2021\/photo_vincent-krieger_211010_091000_vk1_1010\/\" ><\/a><a href=\"https:\/\/fotk.fr\/sport\/wp-content\/uploads\/sites\/4\/2021\/11\/Photo_Vincent-Krieger_211010_091106_VK1_1019.jpg\" title=\"20 KM de Paris &#8211; \u00c9dition 2021\" class=\"mfp-image dt-mfp-item\" data-dt-img-description=\"Cr\u00e9dit photo : Vincent Kri\u00e9ger\" data-dt-location=\"https:\/\/fotk.fr\/sport\/photos\/les-20-km-de-paris-edition-2021\/photo_vincent-krieger_211010_091106_vk1_1019\/\" ><\/a><a href=\"https:\/\/fotk.fr\/sport\/wp-content\/uploads\/sites\/4\/2021\/11\/Photo_Vincent-Krieger_211010_091113_VK1_1027.jpg\" title=\"20 KM de Paris &#8211; \u00c9dition 2021\" class=\"mfp-image dt-mfp-item\" data-dt-img-description=\"Cr\u00e9dit photo : Vincent Kri\u00e9ger\" data-dt-location=\"https:\/\/fotk.fr\/sport\/photos\/les-20-km-de-paris-edition-2021\/photo_vincent-krieger_211010_091113_vk1_1027\/\" ><\/a><a href=\"https:\/\/fotk.fr\/sport\/wp-content\/uploads\/sites\/4\/2021\/11\/Photo_Vincent-Krieger_211010_091156_VK1_1029.jpg\" title=\"20 KM de Paris &#8211; \u00c9dition 2021\" class=\"mfp-image dt-mfp-item\" data-dt-img-description=\"Cr\u00e9dit photo : Vincent Kri\u00e9ger\" data-dt-location=\"https:\/\/fotk.fr\/sport\/photos\/les-20-km-de-paris-edition-2021\/photo_vincent-krieger_211010_091156_vk1_1029\/\" ><\/a><a href=\"https:\/\/fotk.fr\/sport\/wp-content\/uploads\/sites\/4\/2021\/11\/Photo_Vincent-Krieger_211010_091251_VK1_1037.jpg\" title=\"20 KM de Paris &#8211; \u00c9dition 2021\" class=\"mfp-image dt-mfp-item\" data-dt-img-description=\"Cr\u00e9dit photo : Vincent Kri\u00e9ger\" data-dt-location=\"https:\/\/fotk.fr\/sport\/photos\/les-20-km-de-paris-edition-2021\/photo_vincent-krieger_211010_091251_vk1_1037\/\" ><\/a><a href=\"https:\/\/fotk.fr\/sport\/wp-content\/uploads\/sites\/4\/2021\/11\/Photo_Vincent-Krieger_211010_091553_VK1_1055.jpg\" title=\"20 KM de Paris &#8211; \u00c9dition 2021\" class=\"mfp-image dt-mfp-item\" data-dt-img-description=\"Cr\u00e9dit photo : Vincent Kri\u00e9ger\" data-dt-location=\"https:\/\/fotk.fr\/sport\/photos\/les-20-km-de-paris-edition-2021\/photo_vincent-krieger_211010_091553_vk1_1055\/\" ><\/a><\/div>\n\t\n\t\t<div class=\"rollover-content\">\n\n\t\t\t\n\n<div class=\"rollover-content-container\">\n\n\t\n<div class=\"rollover-content-wrap\">\n\n\t<h3 class=\"entry-title\"><a href=\"https:\/\/fotk.fr\/sport\/photos\/les-20-km-de-paris-edition-2021\/\" class=\"dt-trigger-first-mfp\">Les 20 KM de Paris<\/a><\/h3>\n<\/div>\n<\/div>\n\t\t<\/div>\n\n\t\n<\/div>\n<\/article>\n\n<\/div>\n<div class=\"wf-cell category-25\" data-date=\"2021-09-11T13:18:39+02:00\" data-name=\"La Parisienne\" data-post-id=\"35562\">\n<article class=\"post post-35562 dt_gallery type-dt_gallery status-publish has-post-thumbnail hentry dt_gallery_category-course-a-pied-running\">\n\n\t\n<div class=\"rollover-project links-hovers-disabled\">\n\n\t<a href=\"https:\/\/fotk.fr\/sport\/wp-content\/uploads\/sites\/4\/2021\/11\/La-Parisienne-2021_\u00a9V-Krieger_120921-09h_14_36.jpg\" class=\"rollover-click-target dt-gallery-mfp-popup\"   ><img srcset=\"https:\/\/fotk.fr\/sport\/wp-content\/uploads\/sites\/4\/2021\/11\/La-Parisienne-2021_\u00a9V-Krieger_120921-09h_14_36-555x370.jpg 1x, https:\/\/fotk.fr\/sport\/wp-content\/uploads\/sites\/4\/2021\/11\/La-Parisienne-2021_\u00a9V-Krieger_120921-09h_14_36-1110x740.jpg 2x\" class=\"preload-me\" alt=\"La Parisienne - \u00c9dition 2021\"  width=\"555\" height=\"370\"  \/><\/a><div class=\"dt-gallery-container mfp-hide\"><a href=\"https:\/\/fotk.fr\/sport\/wp-content\/uploads\/sites\/4\/2021\/11\/La-Parisienne-2021_\u00a9V-Krieger_120921-09h_14_36.jpg\" title=\"La Parisienne &#8211; \u00c9dition 2021\" class=\"mfp-image dt-mfp-item\" data-dt-img-description=\"Cr\u00e9dit photo : Vincent Kri\u00e9ger\" data-dt-location=\"https:\/\/fotk.fr\/sport\/photos\/la-parisienne-2021\/la-parisienne-2021_v-krieger_120921-09h_14_36\/\" ><\/a><a href=\"https:\/\/fotk.fr\/sport\/wp-content\/uploads\/sites\/4\/2021\/11\/La-Parisienne-2021_\u00a9V-Krieger_120921-08h_31_21.jpg\" title=\"La Parisienne &#8211; \u00c9dition 2021\" class=\"mfp-image dt-mfp-item\" data-dt-img-description=\"Cr\u00e9dit photo : Vincent Kri\u00e9ger\" data-dt-location=\"https:\/\/fotk.fr\/sport\/photos\/la-parisienne-2021\/la-parisienne-2021_v-krieger_120921-08h_31_21\/\" ><\/a><a href=\"https:\/\/fotk.fr\/sport\/wp-content\/uploads\/sites\/4\/2021\/11\/La-Parisienne-2021_\u00a9V-Krieger_120921-08h_34_49.jpg\" title=\"La Parisienne &#8211; \u00c9dition 2021\" class=\"mfp-image dt-mfp-item\" data-dt-img-description=\"Cr\u00e9dit photo : Vincent Kri\u00e9ger\" data-dt-location=\"https:\/\/fotk.fr\/sport\/photos\/la-parisienne-2021\/la-parisienne-2021_v-krieger_120921-08h_34_49\/\" ><\/a><a href=\"https:\/\/fotk.fr\/sport\/wp-content\/uploads\/sites\/4\/2021\/11\/La-Parisienne-2021_\u00a9V-Krieger_120921-08h_40_02.jpg\" title=\"La Parisienne &#8211; \u00c9dition 2021\" class=\"mfp-image dt-mfp-item\" data-dt-img-description=\"Cr\u00e9dit photo : Vincent Kri\u00e9ger\" data-dt-location=\"https:\/\/fotk.fr\/sport\/photos\/la-parisienne-2021\/la-parisienne-2021_v-krieger_120921-08h_40_02\/\" ><\/a><a href=\"https:\/\/fotk.fr\/sport\/wp-content\/uploads\/sites\/4\/2021\/11\/La-Parisienne-2021_\u00a9V-Krieger_120921-08h_42_15.jpg\" title=\"La Parisienne &#8211; \u00c9dition 2021\" class=\"mfp-image dt-mfp-item\" data-dt-img-description=\"Cr\u00e9dit photo : Vincent Kri\u00e9ger\" data-dt-location=\"https:\/\/fotk.fr\/sport\/photos\/la-parisienne-2021\/la-parisienne-2021_v-krieger_120921-08h_42_15\/\" ><\/a><a href=\"https:\/\/fotk.fr\/sport\/wp-content\/uploads\/sites\/4\/2021\/11\/La-Parisienne-2021_\u00a9V-Krieger_120921-08h_43_42.jpg\" title=\"La Parisienne &#8211; \u00c9dition 2021\" class=\"mfp-image dt-mfp-item\" data-dt-img-description=\"Cr\u00e9dit photo : Vincent Kri\u00e9ger\" data-dt-location=\"https:\/\/fotk.fr\/sport\/photos\/la-parisienne-2021\/la-parisienne-2021_v-krieger_120921-08h_43_42\/\" ><\/a><a href=\"https:\/\/fotk.fr\/sport\/wp-content\/uploads\/sites\/4\/2021\/11\/La-Parisienne-2021_\u00a9V-Krieger_120921-09h_00_07.jpg\" title=\"La Parisienne &#8211; \u00c9dition 2021\" class=\"mfp-image dt-mfp-item\" data-dt-img-description=\"Cr\u00e9dit photo : Vincent Kri\u00e9ger\" data-dt-location=\"https:\/\/fotk.fr\/sport\/photos\/la-parisienne-2021\/la-parisienne-2021_v-krieger_120921-09h_00_07\/\" ><\/a><a href=\"https:\/\/fotk.fr\/sport\/wp-content\/uploads\/sites\/4\/2021\/11\/La-Parisienne-2021_\u00a9V-Krieger_120921-09h_00_32.jpg\" title=\"La Parisienne &#8211; \u00c9dition 2021\" class=\"mfp-image dt-mfp-item\" data-dt-img-description=\"Cr\u00e9dit photo : Vincent Kri\u00e9ger\" data-dt-location=\"https:\/\/fotk.fr\/sport\/photos\/la-parisienne-2021\/la-parisienne-2021_v-krieger_120921-09h_00_32\/\" ><\/a><a href=\"https:\/\/fotk.fr\/sport\/wp-content\/uploads\/sites\/4\/2021\/11\/La-Parisienne-2021_\u00a9V-Krieger_120921-09h_01_15.jpg\" title=\"La Parisienne &#8211; \u00c9dition 2021\" class=\"mfp-image dt-mfp-item\" data-dt-img-description=\"Cr\u00e9dit photo : Vincent Kri\u00e9ger\" data-dt-location=\"https:\/\/fotk.fr\/sport\/photos\/la-parisienne-2021\/la-parisienne-2021_v-krieger_120921-09h_01_15\/\" ><\/a><a href=\"https:\/\/fotk.fr\/sport\/wp-content\/uploads\/sites\/4\/2021\/11\/La-Parisienne-2021_\u00a9V-Krieger_120921-09h_13_37.jpg\" title=\"La Parisienne &#8211; \u00c9dition 2021\" class=\"mfp-image dt-mfp-item\" data-dt-img-description=\"Cr\u00e9dit photo : Vincent Kri\u00e9ger\" data-dt-location=\"https:\/\/fotk.fr\/sport\/photos\/la-parisienne-2021\/la-parisienne-2021_v-krieger_120921-09h_13_37\/\" ><\/a><a href=\"https:\/\/fotk.fr\/sport\/wp-content\/uploads\/sites\/4\/2021\/11\/La-Parisienne-2021_\u00a9V-Krieger_120921-09h_19_31.jpg\" title=\"La Parisienne &#8211; \u00c9dition 2021\" class=\"mfp-image dt-mfp-item\" data-dt-img-description=\"Cr\u00e9dit photo : Vincent Kri\u00e9ger\" data-dt-location=\"https:\/\/fotk.fr\/sport\/photos\/la-parisienne-2021\/la-parisienne-2021_v-krieger_120921-09h_19_31\/\" ><\/a><a href=\"https:\/\/fotk.fr\/sport\/wp-content\/uploads\/sites\/4\/2021\/11\/La-Parisienne-2021_\u00a9V-Krieger_120921-09h_38_02.jpg\" title=\"La Parisienne &#8211; \u00c9dition 2021\" class=\"mfp-image dt-mfp-item\" data-dt-img-description=\"Cr\u00e9dit photo : Vincent Kri\u00e9ger\" data-dt-location=\"https:\/\/fotk.fr\/sport\/photos\/la-parisienne-2021\/la-parisienne-2021_v-krieger_120921-09h_38_02\/\" ><\/a><a href=\"https:\/\/fotk.fr\/sport\/wp-content\/uploads\/sites\/4\/2021\/11\/La-Parisienne-2021_\u00a9V-Krieger_120921-09h_42_56.jpg\" title=\"La Parisienne &#8211; \u00c9dition 2021\" class=\"mfp-image dt-mfp-item\" data-dt-img-description=\"Cr\u00e9dit photo : Vincent Kri\u00e9ger\" data-dt-location=\"https:\/\/fotk.fr\/sport\/photos\/la-parisienne-2021\/la-parisienne-2021_v-krieger_120921-09h_42_56\/\" ><\/a><a href=\"https:\/\/fotk.fr\/sport\/wp-content\/uploads\/sites\/4\/2021\/11\/La-Parisienne-2021_\u00a9V-Krieger_120921-09h_55_02.jpg\" title=\"La Parisienne &#8211; \u00c9dition 2021\" class=\"mfp-image dt-mfp-item\" data-dt-img-description=\"Cr\u00e9dit photo : Vincent Kri\u00e9ger\" data-dt-location=\"https:\/\/fotk.fr\/sport\/photos\/la-parisienne-2021\/la-parisienne-2021_v-krieger_120921-09h_55_02\/\" ><\/a><a href=\"https:\/\/fotk.fr\/sport\/wp-content\/uploads\/sites\/4\/2021\/11\/La-Parisienne-2021_\u00a9V-Krieger_120921-11h_39_05.jpg\" title=\"La Parisienne &#8211; \u00c9dition 2021\" class=\"mfp-image dt-mfp-item\" data-dt-img-description=\"Cr\u00e9dit photo : Vincent Kri\u00e9ger\" data-dt-location=\"https:\/\/fotk.fr\/sport\/photos\/la-parisienne-2021\/la-parisienne-2021_v-krieger_120921-11h_39_05\/\" ><\/a><\/div>\n\t\n\t\t<div class=\"rollover-content\">\n\n\t\t\t\n\n<div class=\"rollover-content-container\">\n\n\t\n<div class=\"rollover-content-wrap\">\n\n\t<h3 class=\"entry-title\"><a href=\"https:\/\/fotk.fr\/sport\/photos\/la-parisienne-2021\/\" class=\"dt-trigger-first-mfp\">La Parisienne<\/a><\/h3>\n<\/div>\n<\/div>\n\t\t<\/div>\n\n\t\n<\/div>\n<\/article>\n\n<\/div>\n<div class=\"wf-cell category-25\" data-date=\"2018-07-02T10:09:48+02:00\" data-name=\"M\u00e9dical Run\" data-post-id=\"34509\">\n<article class=\"post post-34509 dt_gallery type-dt_gallery status-publish has-post-thumbnail hentry dt_gallery_category-course-a-pied-running\">\n\n\t\n<div class=\"rollover-project links-hovers-disabled\">\n\n\t<a href=\"https:\/\/fotk.fr\/sport\/wp-content\/uploads\/sites\/4\/2018\/07\/Photo_Vincent-Krieger_010718_100923_D52_0427.jpg\" class=\"rollover-click-target dt-gallery-mfp-popup\"   ><img srcset=\"https:\/\/fotk.fr\/sport\/wp-content\/uploads\/sites\/4\/2018\/07\/Photo_Vincent-Krieger_010718_100923_D52_0427-555x370.jpg 1x, https:\/\/fotk.fr\/sport\/wp-content\/uploads\/sites\/4\/2018\/07\/Photo_Vincent-Krieger_010718_100923_D52_0427-1110x740.jpg 2x\" class=\"preload-me\" alt=\"Photographe de Sport, Ev\u00e9nements sportifs\"  width=\"555\" height=\"370\"  \/><\/a><div class=\"dt-gallery-container mfp-hide\"><a href=\"https:\/\/fotk.fr\/sport\/wp-content\/uploads\/sites\/4\/2018\/07\/Photo_Vincent-Krieger_010718_100923_D52_0427.jpg\" title=\"Medical Run\" class=\"mfp-image dt-mfp-item\" data-dt-img-description=\"\u00a9 Photo : Vincent Kri\u00e9ger\" data-dt-location=\"https:\/\/fotk.fr\/sport\/photo_vincent-krieger_010718_100923_d52_0427\/\" ><\/a><a href=\"https:\/\/fotk.fr\/sport\/wp-content\/uploads\/sites\/4\/2018\/07\/Photo_Vincent-Krieger_010718_081944_D52_0010.jpg\" title=\"Medical Run\" class=\"mfp-image dt-mfp-item\" data-dt-img-description=\"\u00a9 Photo : Vincent Kri\u00e9ger\" data-dt-location=\"https:\/\/fotk.fr\/sport\/photo_vincent-krieger_010718_081944_d52_0010\/\" ><\/a><a href=\"https:\/\/fotk.fr\/sport\/wp-content\/uploads\/sites\/4\/2018\/07\/Photo_Vincent-Krieger_010718_092110_D52_0082.jpg\" title=\"Medical Run\" class=\"mfp-image dt-mfp-item\" data-dt-img-description=\"\u00a9 Photo : Vincent Kri\u00e9ger\" data-dt-location=\"https:\/\/fotk.fr\/sport\/photo_vincent-krieger_010718_092110_d52_0082\/\" ><\/a><a href=\"https:\/\/fotk.fr\/sport\/wp-content\/uploads\/sites\/4\/2018\/07\/Photo_Vincent-Krieger_010718_092141_D52_0086.jpg\" title=\"Medical Run\" class=\"mfp-image dt-mfp-item\" data-dt-img-description=\"\u00a9 Photo : Vincent Kri\u00e9ger\" data-dt-location=\"https:\/\/fotk.fr\/sport\/photo_vincent-krieger_010718_092141_d52_0086\/\" ><\/a><a href=\"https:\/\/fotk.fr\/sport\/wp-content\/uploads\/sites\/4\/2018\/07\/Photo_Vincent-Krieger_010718_092151_D51_0116.jpg\" title=\"Medical Run\" class=\"mfp-image dt-mfp-item\" data-dt-img-description=\"\u00a9 Photo : Vincent Kri\u00e9ger\" data-dt-location=\"https:\/\/fotk.fr\/sport\/photo_vincent-krieger_010718_092151_d51_0116\/\" ><\/a><a href=\"https:\/\/fotk.fr\/sport\/wp-content\/uploads\/sites\/4\/2018\/07\/Photo_Vincent-Krieger_010718_093647_D52_0150.jpg\" title=\"Medical Run\" class=\"mfp-image dt-mfp-item\" data-dt-img-description=\"\u00a9 Photo : Vincent Kri\u00e9ger\" data-dt-location=\"https:\/\/fotk.fr\/sport\/photo_vincent-krieger_010718_093647_d52_0150\/\" ><\/a><a href=\"https:\/\/fotk.fr\/sport\/wp-content\/uploads\/sites\/4\/2018\/07\/Photo_Vincent-Krieger_010718_095942_D52_0393.jpg\" title=\"Medical Run\" class=\"mfp-image dt-mfp-item\" data-dt-img-description=\"\u00a9 Photo : Vincent Kri\u00e9ger\" data-dt-location=\"https:\/\/fotk.fr\/sport\/photo_vincent-krieger_010718_095942_d52_0393\/\" ><\/a><a href=\"https:\/\/fotk.fr\/sport\/wp-content\/uploads\/sites\/4\/2018\/07\/Photo_Vincent-Krieger_010718_100107_D52_0401.jpg\" title=\"Medical Run\" class=\"mfp-image dt-mfp-item\" data-dt-img-description=\"\u00a9 Photo : Vincent Kri\u00e9ger\" data-dt-location=\"https:\/\/fotk.fr\/sport\/photo_vincent-krieger_010718_100107_d52_0401\/\" ><\/a><a href=\"https:\/\/fotk.fr\/sport\/wp-content\/uploads\/sites\/4\/2018\/07\/Photo_Vincent-Krieger_010718_100309_D51_0198.jpg\" title=\"Medical Run\" class=\"mfp-image dt-mfp-item\" data-dt-img-description=\"\u00a9 Photo : Vincent Kri\u00e9ger\" data-dt-location=\"https:\/\/fotk.fr\/sport\/photo_vincent-krieger_010718_100309_d51_0198\/\" ><\/a><a href=\"https:\/\/fotk.fr\/sport\/wp-content\/uploads\/sites\/4\/2018\/07\/Photo_Vincent-Krieger_010718_101201_D52_0453.jpg\" title=\"Medical Run\" class=\"mfp-image dt-mfp-item\" data-dt-img-description=\"\u00a9 Photo : Vincent Kri\u00e9ger\" data-dt-location=\"https:\/\/fotk.fr\/sport\/photo_vincent-krieger_010718_101201_d52_0453\/\" ><\/a><a href=\"https:\/\/fotk.fr\/sport\/wp-content\/uploads\/sites\/4\/2018\/07\/Photo_Vincent-Krieger_010718_101929_D52_0486.jpg\" title=\"Medical Run\" class=\"mfp-image dt-mfp-item\" data-dt-img-description=\"\u00a9 Photo : Vincent Kri\u00e9ger\" data-dt-location=\"https:\/\/fotk.fr\/sport\/photo_vincent-krieger_010718_101929_d52_0486\/\" ><\/a><a href=\"https:\/\/fotk.fr\/sport\/wp-content\/uploads\/sites\/4\/2018\/07\/Photo_Vincent-Krieger_010718_104943_D51_0457.jpg\" title=\"Medical Run\" class=\"mfp-image dt-mfp-item\" data-dt-img-description=\"\u00a9 Photo : Vincent Kri\u00e9ger\" data-dt-location=\"https:\/\/fotk.fr\/sport\/photo_vincent-krieger_010718_104943_d51_0457\/\" ><\/a><a href=\"https:\/\/fotk.fr\/sport\/wp-content\/uploads\/sites\/4\/2018\/07\/Photo_Vincent-Krieger_010718_105619_D51_0508.jpg\" title=\"Medical Run\" class=\"mfp-image dt-mfp-item\" data-dt-img-description=\"\u00a9 Photo : Vincent Kri\u00e9ger\" data-dt-location=\"https:\/\/fotk.fr\/sport\/photo_vincent-krieger_010718_105619_d51_0508\/\" ><\/a><a href=\"https:\/\/fotk.fr\/sport\/wp-content\/uploads\/sites\/4\/2018\/07\/Photo_Vincent-Krieger_010718_110025_D51_0528.jpg\" title=\"Medical Run\" class=\"mfp-image dt-mfp-item\" data-dt-img-description=\"\u00a9 Photo : Vincent Kri\u00e9ger\" data-dt-location=\"https:\/\/fotk.fr\/sport\/photo_vincent-krieger_010718_110025_d51_0528\/\" ><\/a><a href=\"https:\/\/fotk.fr\/sport\/wp-content\/uploads\/sites\/4\/2018\/07\/Photo_Vincent-Krieger_010718_110227_D52_0554.jpg\" title=\"Medical Run\" class=\"mfp-image dt-mfp-item\" data-dt-img-description=\"\u00a9 Photo : Vincent Kri\u00e9ger\" data-dt-location=\"https:\/\/fotk.fr\/sport\/photo_vincent-krieger_010718_110227_d52_0554\/\" ><\/a><a href=\"https:\/\/fotk.fr\/sport\/wp-content\/uploads\/sites\/4\/2018\/07\/Photo_Vincent-Krieger_010718_110657_D51_0542.jpg\" title=\"Medical Run\" class=\"mfp-image dt-mfp-item\" data-dt-img-description=\"\u00a9 Photo : Vincent Kri\u00e9ger\" data-dt-location=\"https:\/\/fotk.fr\/sport\/photo_vincent-krieger_010718_110657_d51_0542\/\" ><\/a><a href=\"https:\/\/fotk.fr\/sport\/wp-content\/uploads\/sites\/4\/2018\/07\/Photo_Vincent-Krieger_010718_111043_D52_0595.jpg\" title=\"Medical Run\" class=\"mfp-image dt-mfp-item\" data-dt-img-description=\"\u00a9 Photo : Vincent Kri\u00e9ger\" data-dt-location=\"https:\/\/fotk.fr\/sport\/photo_vincent-krieger_010718_111043_d52_0595\/\" ><\/a><a href=\"https:\/\/fotk.fr\/sport\/wp-content\/uploads\/sites\/4\/2018\/07\/Photo_Vincent-Krieger_010718_111706_D52_0627.jpg\" title=\"Medical Run\" class=\"mfp-image dt-mfp-item\" data-dt-img-description=\"\u00a9 Photo : Vincent Kri\u00e9ger\" data-dt-location=\"https:\/\/fotk.fr\/sport\/photo_vincent-krieger_010718_111706_d52_0627\/\" ><\/a><a href=\"https:\/\/fotk.fr\/sport\/wp-content\/uploads\/sites\/4\/2018\/07\/Photo_Vincent-Krieger_010718_113143_D51_0635.jpg\" title=\"Medical Run\" class=\"mfp-image dt-mfp-item\" data-dt-img-description=\"\u00a9 Photo : Vincent Kri\u00e9ger\" data-dt-location=\"https:\/\/fotk.fr\/sport\/photo_vincent-krieger_010718_113143_d51_0635\/\" ><\/a><a href=\"https:\/\/fotk.fr\/sport\/wp-content\/uploads\/sites\/4\/2018\/07\/Photo_Vincent-Krieger_010718_113538_D52_0682.jpg\" title=\"Medical Run\" class=\"mfp-image dt-mfp-item\" data-dt-img-description=\"\u00a9 Photo : Vincent Kri\u00e9ger\" data-dt-location=\"https:\/\/fotk.fr\/sport\/photo_vincent-krieger_010718_113538_d52_0682\/\" ><\/a><a href=\"https:\/\/fotk.fr\/sport\/wp-content\/uploads\/sites\/4\/2018\/07\/Photo_Vincent-Krieger_010718_113722_D52_0692.jpg\" title=\"Medical Run\" class=\"mfp-image dt-mfp-item\" data-dt-img-description=\"\u00a9 Photo : Vincent Kri\u00e9ger\" data-dt-location=\"https:\/\/fotk.fr\/sport\/photo_vincent-krieger_010718_113722_d52_0692\/\" ><\/a><a href=\"https:\/\/fotk.fr\/sport\/wp-content\/uploads\/sites\/4\/2018\/07\/Photo_Vincent-Krieger_010718_115855_D52_0760.jpg\" title=\"Medical Run\" class=\"mfp-image dt-mfp-item\" data-dt-img-description=\"\u00a9 Photo : Vincent Kri\u00e9ger\" data-dt-location=\"https:\/\/fotk.fr\/sport\/photo_vincent-krieger_010718_115855_d52_0760\/\" ><\/a><a href=\"https:\/\/fotk.fr\/sport\/wp-content\/uploads\/sites\/4\/2018\/07\/Photo_Vincent-Krieger_010718_120105_D52_0772.jpg\" title=\"Medical Run\" class=\"mfp-image dt-mfp-item\" data-dt-img-description=\"\u00a9 Photo : Vincent Kri\u00e9ger\" data-dt-location=\"https:\/\/fotk.fr\/sport\/photo_vincent-krieger_010718_120105_d52_0772\/\" ><\/a><a href=\"https:\/\/fotk.fr\/sport\/wp-content\/uploads\/sites\/4\/2018\/07\/Photo_Vincent-Krieger_010718_120155_D52_0781.jpg\" title=\"Medical Run\" class=\"mfp-image dt-mfp-item\" data-dt-img-description=\"\u00a9 Photo : Vincent Kri\u00e9ger\" data-dt-location=\"https:\/\/fotk.fr\/sport\/photo_vincent-krieger_010718_120155_d52_0781\/\" ><\/a><a href=\"https:\/\/fotk.fr\/sport\/wp-content\/uploads\/sites\/4\/2018\/07\/Photo_Vincent-Krieger_010718_121525_D52_0816.jpg\" title=\"Medical Run\" class=\"mfp-image dt-mfp-item\" data-dt-img-description=\"\u00a9 Photo : Vincent Kri\u00e9ger\" data-dt-location=\"https:\/\/fotk.fr\/sport\/photo_vincent-krieger_010718_121525_d52_0816\/\" ><\/a><a href=\"https:\/\/fotk.fr\/sport\/wp-content\/uploads\/sites\/4\/2018\/07\/Photo_Vincent-Krieger_010718_122649_D52_0854.jpg\" title=\"Medical Run\" class=\"mfp-image dt-mfp-item\" data-dt-img-description=\"\u00a9 Photo : Vincent Kri\u00e9ger\" data-dt-location=\"https:\/\/fotk.fr\/sport\/photo_vincent-krieger_010718_122649_d52_0854\/\" ><\/a><\/div>\n\t\n\t\t<div class=\"rollover-content\">\n\n\t\t\t\n\n<div class=\"rollover-content-container\">\n\n\t\n<div class=\"rollover-content-wrap\">\n\n\t<h3 class=\"entry-title\"><a href=\"https:\/\/fotk.fr\/sport\/photos\/medical-run\/\" class=\"dt-trigger-first-mfp\">M\u00e9dical Run<\/a><\/h3>\n<\/div>\n<\/div>\n\t\t<\/div>\n\n\t\n<\/div>\n<\/article>\n\n<\/div><\/div>[\/vc_column][\/vc_row]<\/p>\n<\/div>","protected":false},"excerpt":{"rendered":"<p>[vc_row][vc_column][vc_empty_space][vc_column_text css=\u00a0\u00bb\u00a0\u00bb]Photographe sp\u00e9cialis\u00e9 dans la course \u00e0 pied et le running Passionn\u00e9 par le sport et l\u2019effort humain, je suis photographe professionnel sp\u00e9cialis\u00e9 dans la capture de moments uniques lors de courses \u00e0 pied, de marathons, de courses hors stade et autres \u00e9v\u00e9nements sportifs. Que vous soyez un coureur amateur ou un athl\u00e8te confirm\u00e9, mon&hellip;<\/p>\n","protected":false},"author":1,"featured_media":37794,"parent":0,"menu_order":0,"comment_status":"closed","ping_status":"closed","template":"","meta":{"footnotes":""},"class_list":["post-37058","page","type-page","status-publish","has-post-thumbnail","hentry","description-off"],"yoast_head":"<!-- This site is optimized with the Yoast SEO plugin v26.5 - https:\/\/yoast.com\/wordpress\/plugins\/seo\/ -->\n<title>Course \u00e0 pied \/ Running - Photographe de sport<\/title>\n<meta name=\"robots\" content=\"index, follow, max-snippet:-1, max-image-preview:large, max-video-preview:-1\" \/>\n<link rel=\"canonical\" href=\"https:\/\/fotk.fr\/sport\/course-a-pied-running\/\" \/>\n<meta property=\"og:locale\" content=\"fr_FR\" \/>\n<meta property=\"og:type\" content=\"article\" \/>\n<meta property=\"og:title\" content=\"Course \u00e0 pied \/ Running - Photographe de sport\" \/>\n<meta property=\"og:description\" content=\"[vc_row][vc_column][vc_empty_space][vc_column_text css=\u00a0\u00bb\u00a0\u00bb]Photographe sp\u00e9cialis\u00e9 dans la course \u00e0 pied et le running Passionn\u00e9 par le sport et l\u2019effort humain, je suis photographe professionnel sp\u00e9cialis\u00e9 dans la capture de moments uniques lors de courses \u00e0 pied, de marathons, de courses hors stade et autres \u00e9v\u00e9nements sportifs. Que vous soyez un coureur amateur ou un athl\u00e8te confirm\u00e9, mon&hellip;\" \/>\n<meta property=\"og:url\" content=\"https:\/\/fotk.fr\/sport\/course-a-pied-running\/\" \/>\n<meta property=\"og:site_name\" content=\"Photographe de sport\" \/>\n<meta property=\"article:modified_time\" content=\"2026-01-09T13:44:18+00:00\" \/>\n<meta property=\"og:image\" content=\"https:\/\/fotk.fr\/sport\/wp-content\/uploads\/sites\/4\/2022\/04\/Photo_Vincent-Krieger_220313_092352_D52_2510.jpg\" \/>\n\t<meta property=\"og:image:width\" content=\"2000\" \/>\n\t<meta property=\"og:image:height\" content=\"1333\" \/>\n\t<meta property=\"og:image:type\" content=\"image\/jpeg\" \/>\n<meta name=\"twitter:card\" content=\"summary_large_image\" \/>\n<meta name=\"twitter:label1\" content=\"Dur\u00e9e de lecture estim\u00e9e\" \/>\n\t<meta name=\"twitter:data1\" content=\"1 minute\" \/>\n<script type=\"application\/ld+json\" class=\"yoast-schema-graph\">{\"@context\":\"https:\/\/schema.org\",\"@graph\":[{\"@type\":\"WebPage\",\"@id\":\"https:\/\/fotk.fr\/sport\/course-a-pied-running\/\",\"url\":\"https:\/\/fotk.fr\/sport\/course-a-pied-running\/\",\"name\":\"Course \u00e0 pied \/ Running - Photographe de sport\",\"isPartOf\":{\"@id\":\"https:\/\/fotk.fr\/sport\/#website\"},\"primaryImageOfPage\":{\"@id\":\"https:\/\/fotk.fr\/sport\/course-a-pied-running\/#primaryimage\"},\"image\":{\"@id\":\"https:\/\/fotk.fr\/sport\/course-a-pied-running\/#primaryimage\"},\"thumbnailUrl\":\"https:\/\/fotk.fr\/sport\/wp-content\/uploads\/sites\/4\/2022\/04\/Photo_Vincent-Krieger_220313_092352_D52_2510.jpg\",\"datePublished\":\"2025-12-13T16:09:23+00:00\",\"dateModified\":\"2026-01-09T13:44:18+00:00\",\"breadcrumb\":{\"@id\":\"https:\/\/fotk.fr\/sport\/course-a-pied-running\/#breadcrumb\"},\"inLanguage\":\"fr-FR\",\"potentialAction\":[{\"@type\":\"ReadAction\",\"target\":[\"https:\/\/fotk.fr\/sport\/course-a-pied-running\/\"]}]},{\"@type\":\"ImageObject\",\"inLanguage\":\"fr-FR\",\"@id\":\"https:\/\/fotk.fr\/sport\/course-a-pied-running\/#primaryimage\",\"url\":\"https:\/\/fotk.fr\/sport\/wp-content\/uploads\/sites\/4\/2022\/04\/Photo_Vincent-Krieger_220313_092352_D52_2510.jpg\",\"contentUrl\":\"https:\/\/fotk.fr\/sport\/wp-content\/uploads\/sites\/4\/2022\/04\/Photo_Vincent-Krieger_220313_092352_D52_2510.jpg\",\"width\":2000,\"height\":1333},{\"@type\":\"BreadcrumbList\",\"@id\":\"https:\/\/fotk.fr\/sport\/course-a-pied-running\/#breadcrumb\",\"itemListElement\":[{\"@type\":\"ListItem\",\"position\":1,\"name\":\"Accueil\",\"item\":\"https:\/\/fotk.fr\/sport\/\"},{\"@type\":\"ListItem\",\"position\":2,\"name\":\"Course \u00e0 pied \/ Running\"}]},{\"@type\":\"WebSite\",\"@id\":\"https:\/\/fotk.fr\/sport\/#website\",\"url\":\"https:\/\/fotk.fr\/sport\/\",\"name\":\"Photographe de sport\",\"description\":\"Vincent Kri\u00e9ger\",\"publisher\":{\"@id\":\"https:\/\/fotk.fr\/sport\/#organization\"},\"potentialAction\":[{\"@type\":\"SearchAction\",\"target\":{\"@type\":\"EntryPoint\",\"urlTemplate\":\"https:\/\/fotk.fr\/sport\/?s={search_term_string}\"},\"query-input\":{\"@type\":\"PropertyValueSpecification\",\"valueRequired\":true,\"valueName\":\"search_term_string\"}}],\"inLanguage\":\"fr-FR\"},{\"@type\":\"Organization\",\"@id\":\"https:\/\/fotk.fr\/sport\/#organization\",\"name\":\"Photographe de sport\",\"url\":\"https:\/\/fotk.fr\/sport\/\",\"logo\":{\"@type\":\"ImageObject\",\"inLanguage\":\"fr-FR\",\"@id\":\"https:\/\/fotk.fr\/sport\/#\/schema\/logo\/image\/\",\"url\":\"https:\/\/fotk.fr\/sport\/wp-content\/uploads\/sites\/4\/2025\/12\/logo-FOTK-noir-512.png\",\"contentUrl\":\"https:\/\/fotk.fr\/sport\/wp-content\/uploads\/sites\/4\/2025\/12\/logo-FOTK-noir-512.png\",\"width\":512,\"height\":512,\"caption\":\"Photographe de sport\"},\"image\":{\"@id\":\"https:\/\/fotk.fr\/sport\/#\/schema\/logo\/image\/\"}}]}<\/script>\n<!-- \/ Yoast SEO plugin. -->","yoast_head_json":{"title":"Course \u00e0 pied \/ Running - Photographe de sport","robots":{"index":"index","follow":"follow","max-snippet":"max-snippet:-1","max-image-preview":"max-image-preview:large","max-video-preview":"max-video-preview:-1"},"canonical":"https:\/\/fotk.fr\/sport\/course-a-pied-running\/","og_locale":"fr_FR","og_type":"article","og_title":"Course \u00e0 pied \/ Running - Photographe de sport","og_description":"[vc_row][vc_column][vc_empty_space][vc_column_text css=\u00a0\u00bb\u00a0\u00bb]Photographe sp\u00e9cialis\u00e9 dans la course \u00e0 pied et le running Passionn\u00e9 par le sport et l\u2019effort humain, je suis photographe professionnel sp\u00e9cialis\u00e9 dans la capture de moments uniques lors de courses \u00e0 pied, de marathons, de courses hors stade et autres \u00e9v\u00e9nements sportifs. Que vous soyez un coureur amateur ou un athl\u00e8te confirm\u00e9, mon&hellip;","og_url":"https:\/\/fotk.fr\/sport\/course-a-pied-running\/","og_site_name":"Photographe de sport","article_modified_time":"2026-01-09T13:44:18+00:00","og_image":[{"width":2000,"height":1333,"url":"https:\/\/fotk.fr\/sport\/wp-content\/uploads\/sites\/4\/2022\/04\/Photo_Vincent-Krieger_220313_092352_D52_2510.jpg","type":"image\/jpeg"}],"twitter_card":"summary_large_image","twitter_misc":{"Dur\u00e9e de lecture estim\u00e9e":"1 minute"},"schema":{"@context":"https:\/\/schema.org","@graph":[{"@type":"WebPage","@id":"https:\/\/fotk.fr\/sport\/course-a-pied-running\/","url":"https:\/\/fotk.fr\/sport\/course-a-pied-running\/","name":"Course \u00e0 pied \/ Running - Photographe de sport","isPartOf":{"@id":"https:\/\/fotk.fr\/sport\/#website"},"primaryImageOfPage":{"@id":"https:\/\/fotk.fr\/sport\/course-a-pied-running\/#primaryimage"},"image":{"@id":"https:\/\/fotk.fr\/sport\/course-a-pied-running\/#primaryimage"},"thumbnailUrl":"https:\/\/fotk.fr\/sport\/wp-content\/uploads\/sites\/4\/2022\/04\/Photo_Vincent-Krieger_220313_092352_D52_2510.jpg","datePublished":"2025-12-13T16:09:23+00:00","dateModified":"2026-01-09T13:44:18+00:00","breadcrumb":{"@id":"https:\/\/fotk.fr\/sport\/course-a-pied-running\/#breadcrumb"},"inLanguage":"fr-FR","potentialAction":[{"@type":"ReadAction","target":["https:\/\/fotk.fr\/sport\/course-a-pied-running\/"]}]},{"@type":"ImageObject","inLanguage":"fr-FR","@id":"https:\/\/fotk.fr\/sport\/course-a-pied-running\/#primaryimage","url":"https:\/\/fotk.fr\/sport\/wp-content\/uploads\/sites\/4\/2022\/04\/Photo_Vincent-Krieger_220313_092352_D52_2510.jpg","contentUrl":"https:\/\/fotk.fr\/sport\/wp-content\/uploads\/sites\/4\/2022\/04\/Photo_Vincent-Krieger_220313_092352_D52_2510.jpg","width":2000,"height":1333},{"@type":"BreadcrumbList","@id":"https:\/\/fotk.fr\/sport\/course-a-pied-running\/#breadcrumb","itemListElement":[{"@type":"ListItem","position":1,"name":"Accueil","item":"https:\/\/fotk.fr\/sport\/"},{"@type":"ListItem","position":2,"name":"Course \u00e0 pied \/ Running"}]},{"@type":"WebSite","@id":"https:\/\/fotk.fr\/sport\/#website","url":"https:\/\/fotk.fr\/sport\/","name":"Photographe de sport","description":"Vincent Kri\u00e9ger","publisher":{"@id":"https:\/\/fotk.fr\/sport\/#organization"},"potentialAction":[{"@type":"SearchAction","target":{"@type":"EntryPoint","urlTemplate":"https:\/\/fotk.fr\/sport\/?s={search_term_string}"},"query-input":{"@type":"PropertyValueSpecification","valueRequired":true,"valueName":"search_term_string"}}],"inLanguage":"fr-FR"},{"@type":"Organization","@id":"https:\/\/fotk.fr\/sport\/#organization","name":"Photographe de sport","url":"https:\/\/fotk.fr\/sport\/","logo":{"@type":"ImageObject","inLanguage":"fr-FR","@id":"https:\/\/fotk.fr\/sport\/#\/schema\/logo\/image\/","url":"https:\/\/fotk.fr\/sport\/wp-content\/uploads\/sites\/4\/2025\/12\/logo-FOTK-noir-512.png","contentUrl":"https:\/\/fotk.fr\/sport\/wp-content\/uploads\/sites\/4\/2025\/12\/logo-FOTK-noir-512.png","width":512,"height":512,"caption":"Photographe de sport"},"image":{"@id":"https:\/\/fotk.fr\/sport\/#\/schema\/logo\/image\/"}}]}},"_links":{"self":[{"href":"https:\/\/fotk.fr\/sport\/wp-json\/wp\/v2\/pages\/37058","targetHints":{"allow":["GET"]}}],"collection":[{"href":"https:\/\/fotk.fr\/sport\/wp-json\/wp\/v2\/pages"}],"about":[{"href":"https:\/\/fotk.fr\/sport\/wp-json\/wp\/v2\/types\/page"}],"author":[{"embeddable":true,"href":"https:\/\/fotk.fr\/sport\/wp-json\/wp\/v2\/users\/1"}],"replies":[{"embeddable":true,"href":"https:\/\/fotk.fr\/sport\/wp-json\/wp\/v2\/comments?post=37058"}],"version-history":[{"count":11,"href":"https:\/\/fotk.fr\/sport\/wp-json\/wp\/v2\/pages\/37058\/revisions"}],"predecessor-version":[{"id":37966,"href":"https:\/\/fotk.fr\/sport\/wp-json\/wp\/v2\/pages\/37058\/revisions\/37966"}],"wp:featuredmedia":[{"embeddable":true,"href":"https:\/\/fotk.fr\/sport\/wp-json\/wp\/v2\/media\/37794"}],"wp:attachment":[{"href":"https:\/\/fotk.fr\/sport\/wp-json\/wp\/v2\/media?parent=37058"}],"curies":[{"name":"wp","href":"https:\/\/api.w.org\/{rel}","templated":true}]}}