{"id":37064,"date":"2025-12-13T17:10:16","date_gmt":"2025-12-13T16:10:16","guid":{"rendered":"https:\/\/fotk.fr\/sport\/?page_id=37064"},"modified":"2026-01-02T18:35:30","modified_gmt":"2026-01-02T17:35:30","slug":"golf","status":"publish","type":"page","link":"https:\/\/fotk.fr\/sport\/golf\/","title":{"rendered":"Golf"},"content":{"rendered":"<div class=\"wpb-content-wrapper\"><p>[vc_row][vc_column][vc_empty_space][vc_column_text css=\u00a0\u00bb\u00a0\u00bb]Voici quelques images prises lors de comp\u00e9titions internationales de golf. Une de mes sp\u00e9cialit\u00e9 dans le domaine de la photographie sportive, afin d&rsquo;immortaliser les moments cl\u00e9s,[\/vc_column_text][vc_empty_space]<div class=\"wf-container dt-albums-shortcode loading-effect-fade-in description-on-hover iso-container hover-style-three cs-style-3\" data-padding=\"20px\" data-cur-page=\"1\" data-width=\"370px\" data-columns=\"3\">\n<div class=\"wf-cell iso-item category-28\" data-date=\"2023-09-22T11:12:37+02:00\" data-name=\"Golf - WCM Legends Open De France\" data-post-id=\"36229\">\n<article class=\"post post-36229 dt_gallery type-dt_gallery status-publish has-post-thumbnail hentry dt_gallery_category-golf\">\n\n\t\n<div class=\"rollover-project links-hovers-disabled\">\n\n\t<a href=\"https:\/\/fotk.fr\/sport\/photos\/golf-2\/\" class=\"rollover-click-target go-to\"  data-dt-location=\"https:\/\/fotk.fr\/sport\/wcm-legends-open-de-france-vincent-krieger-230909-114801-jpg\/\" data-dt-img-description=\"Cr\u00e9dit photo : Vincent Kri\u00e9ger\" ><img srcset=\"https:\/\/fotk.fr\/sport\/wp-content\/uploads\/sites\/4\/revslider\/accueil-1\/WCM-LEGENDS-OPEN-DE-FRANCE_\u00a9Vincent-Krieger_230909_114801-555x370.jpg 1x, https:\/\/fotk.fr\/sport\/wp-content\/uploads\/sites\/4\/revslider\/accueil-1\/WCM-LEGENDS-OPEN-DE-FRANCE_\u00a9Vincent-Krieger_230909_114801-1110x740.jpg 2x\" class=\"preload-me\" alt=\"\"  width=\"555\" height=\"370\"  \/><\/a>\n\t\n\t\t<div class=\"rollover-content\">\n\n\t\t\t\n\n<div class=\"rollover-content-container\">\n\n\t\n<div class=\"rollover-content-wrap\">\n\n\t<h3 class=\"entry-title\"><a href=\"https:\/\/fotk.fr\/sport\/photos\/golf-2\/\">Golf &#8211; WCM Legends Open De France<\/a><\/h3>\n<\/div>\n<\/div>\n\t\t<\/div>\n\n\t\n<\/div>\n<\/article>\n\n<\/div>\n<div class=\"wf-cell iso-item category-28\" data-date=\"2021-03-04T18:03:44+01:00\" data-name=\"12\u00e8me \u00e9dition de l\u2019Aon Golf Cup\" data-post-id=\"35723\">\n<article class=\"post post-35723 dt_gallery type-dt_gallery status-publish hentry dt_gallery_category-golf\">\n\n\t\n<div class=\"rollover-project links-hovers-disabled\">\n\n\t<a href=\"https:\/\/fotk.fr\/sport\/photos\/golf\/\" class=\"rollover-click-target go-to\"   ><img srcset=\"https:\/\/fotk.fr\/sport\/wp-content\/uploads\/sites\/4\/2022\/03\/Photo_Vincent-Krieger_210617_144343_D51_5266-555x370.jpg 1x, https:\/\/fotk.fr\/sport\/wp-content\/uploads\/sites\/4\/2022\/03\/Photo_Vincent-Krieger_210617_144343_D51_5266-1110x740.jpg 2x\" class=\"preload-me\" alt=\"\"  width=\"555\" height=\"370\"  \/><\/a><div class=\"dt-gallery-container mfp-hide\"><a href=\"https:\/\/fotk.fr\/sport\/wp-content\/uploads\/sites\/4\/2022\/03\/Photo_Vincent-Krieger_210617_144343_D51_5266.jpg\" title=\"12\u00e8me \u00e9dition de l\u2019Aon Golf Cup\" class=\"mfp-image dt-mfp-item\" data-dt-img-description=\"Cr\u00e9dit photo : Vincent Kri\u00e9ger\" data-dt-location=\"https:\/\/fotk.fr\/sport\/photos\/golf\/photo_vincent-krieger_210617_144343_d51_5266\/\" ><\/a><a href=\"https:\/\/fotk.fr\/sport\/wp-content\/uploads\/sites\/4\/2022\/03\/Photo_Vincent-Krieger_210617_150240_VK7_8846.jpg\" title=\"12\u00e8me \u00e9dition de l\u2019Aon Golf Cup\" class=\"mfp-image dt-mfp-item\" data-dt-img-description=\"Cr\u00e9dit photo : Vincent Kri\u00e9ger\" data-dt-location=\"https:\/\/fotk.fr\/sport\/photos\/golf\/photo_vincent-krieger_210617_150240_vk7_8846\/\" ><\/a><a href=\"https:\/\/fotk.fr\/sport\/wp-content\/uploads\/sites\/4\/2022\/03\/Photo_Vincent-Krieger_210617_151307_VK7_8875.jpg\" title=\"12\u00e8me \u00e9dition de l\u2019Aon Golf Cup\" class=\"mfp-image dt-mfp-item\" data-dt-img-description=\"Cr\u00e9dit photo : Vincent Kri\u00e9ger\" data-dt-location=\"https:\/\/fotk.fr\/sport\/photos\/golf\/photo_vincent-krieger_210617_151307_vk7_8875\/\" ><\/a><a href=\"https:\/\/fotk.fr\/sport\/wp-content\/uploads\/sites\/4\/2022\/03\/Photo_Vincent-Krieger_210617_151831_VK7_8940-scaled-1.jpg\" title=\"12\u00e8me \u00e9dition de l\u2019Aon Golf Cup\" class=\"mfp-image dt-mfp-item\" data-dt-img-description=\"Cr\u00e9dit photo : Vincent Kri\u00e9ger\" data-dt-location=\"https:\/\/fotk.fr\/sport\/photos\/golf\/photo_vincent-krieger_210617_151831_vk7_8940\/\" ><\/a><a href=\"https:\/\/fotk.fr\/sport\/wp-content\/uploads\/sites\/4\/2022\/03\/Photo_Vincent-Krieger_210617_153905_VK7_9115.jpg\" title=\"12\u00e8me \u00e9dition de l\u2019Aon Golf Cup\" class=\"mfp-image dt-mfp-item\" data-dt-img-description=\"Cr\u00e9dit photo : Vincent Kri\u00e9ger\" data-dt-location=\"https:\/\/fotk.fr\/sport\/photos\/golf\/photo_vincent-krieger_210617_153905_vk7_9115\/\" ><\/a><a href=\"https:\/\/fotk.fr\/sport\/wp-content\/uploads\/sites\/4\/2022\/03\/Photo_Vincent-Krieger_210617_155041_VK7_9195-scaled-1.jpg\" title=\"12\u00e8me \u00e9dition de l\u2019Aon Golf Cup\" class=\"mfp-image dt-mfp-item\" data-dt-img-description=\"Cr\u00e9dit photo : Vincent Kri\u00e9ger\" data-dt-location=\"https:\/\/fotk.fr\/sport\/photos\/golf\/photo_vincent-krieger_210617_155041_vk7_9195\/\" ><\/a><a href=\"https:\/\/fotk.fr\/sport\/wp-content\/uploads\/sites\/4\/2022\/03\/Photo_Vincent-Krieger_210617_163921_VK7_9528.jpg\" title=\"12\u00e8me \u00e9dition de l\u2019Aon Golf Cup\" class=\"mfp-image dt-mfp-item\" data-dt-img-description=\"Cr\u00e9dit photo : Vincent Kri\u00e9ger\" data-dt-location=\"https:\/\/fotk.fr\/sport\/photos\/golf\/photo_vincent-krieger_210617_163921_vk7_9528\/\" ><\/a><a href=\"https:\/\/fotk.fr\/sport\/wp-content\/uploads\/sites\/4\/2022\/03\/Photo_Vincent-Krieger_210617_165453_VK7_9594-scaled-1.jpg\" title=\"12\u00e8me \u00e9dition de l\u2019Aon Golf Cup\" class=\"mfp-image dt-mfp-item\" data-dt-img-description=\"Cr\u00e9dit photo : Vincent Kri\u00e9ger\" data-dt-location=\"https:\/\/fotk.fr\/sport\/photos\/golf\/photo_vincent-krieger_210617_165453_vk7_9594\/\" ><\/a><a href=\"https:\/\/fotk.fr\/sport\/wp-content\/uploads\/sites\/4\/2022\/03\/Photo_Vincent-Krieger_210617_165614_VK7_9608.jpg\" title=\"12\u00e8me \u00e9dition de l\u2019Aon Golf Cup\" class=\"mfp-image dt-mfp-item\" data-dt-img-description=\"Cr\u00e9dit photo : Vincent Kri\u00e9ger\" data-dt-location=\"https:\/\/fotk.fr\/sport\/photos\/golf\/photo_vincent-krieger_210617_165614_vk7_9608\/\" ><\/a><a href=\"https:\/\/fotk.fr\/sport\/wp-content\/uploads\/sites\/4\/2022\/03\/Photo_Vincent-Krieger_210617_172231_VK7_9711.jpg\" title=\"12\u00e8me \u00e9dition de l\u2019Aon Golf Cup\" class=\"mfp-image dt-mfp-item\" data-dt-img-description=\"Cr\u00e9dit photo : Vincent Kri\u00e9ger\" data-dt-location=\"https:\/\/fotk.fr\/sport\/photos\/golf\/photo_vincent-krieger_210617_172231_vk7_9711\/\" ><\/a><\/div>\n\t\n\t\t<div class=\"rollover-content\">\n\n\t\t\t\n\n<div class=\"rollover-content-container\">\n\n\t\n<div class=\"rollover-content-wrap\">\n\n\t<h3 class=\"entry-title\"><a href=\"https:\/\/fotk.fr\/sport\/photos\/golf\/\">12\u00e8me \u00e9dition de l\u2019Aon Golf Cup<\/a><\/h3>\n<\/div>\n<\/div>\n\t\t<\/div>\n\n\t\n<\/div>\n<\/article>\n\n<\/div>\n<div class=\"wf-cell iso-item category-28\" data-date=\"2020-03-04T18:15:51+01:00\" data-name=\"11\u00e8me \u00e9dition de l\u2019Aon Golf Cup\" data-post-id=\"35736\">\n<article class=\"post post-35736 dt_gallery type-dt_gallery status-publish hentry dt_gallery_category-golf\">\n\n\t\n<div class=\"rollover-project links-hovers-disabled\">\n\n\t<a href=\"https:\/\/fotk.fr\/sport\/photos\/trophee-golf\/\" class=\"rollover-click-target go-to\"   ><img srcset=\"https:\/\/fotk.fr\/sport\/wp-content\/uploads\/sites\/4\/2022\/03\/vkr-AON-200916-151047-D52_0365-555x370.jpg 1x, https:\/\/fotk.fr\/sport\/wp-content\/uploads\/sites\/4\/2022\/03\/vkr-AON-200916-151047-D52_0365-1110x740.jpg 2x\" class=\"preload-me\" alt=\"\"  width=\"555\" height=\"370\"  \/><\/a><div class=\"dt-gallery-container mfp-hide\"><a href=\"https:\/\/fotk.fr\/sport\/wp-content\/uploads\/sites\/4\/2022\/03\/vkr-AON-200916-151047-D52_0365.jpg\" title=\"11\u00e8me \u00e9dition de l\u2019Aon Golf Cup\" class=\"mfp-image dt-mfp-item\" data-dt-img-description=\"Cr\u00e9dit photo : Vincent Kri\u00e9ger\" data-dt-location=\"https:\/\/fotk.fr\/sport\/photos\/trophee-golf\/vkr-aon-200916-151047-d52_0365\/\" ><\/a><a href=\"https:\/\/fotk.fr\/sport\/wp-content\/uploads\/sites\/4\/2022\/03\/vkr-AON-200916-160132-D51_0462-scaled-1.jpg\" title=\"11\u00e8me \u00e9dition de l\u2019Aon Golf Cup\" class=\"mfp-image dt-mfp-item\" data-dt-img-description=\"Cr\u00e9dit photo : Vincent Kri\u00e9ger\" data-dt-location=\"https:\/\/fotk.fr\/sport\/photos\/trophee-golf\/vkr-aon-200916-160132-d51_0462\/\" ><\/a><a href=\"https:\/\/fotk.fr\/sport\/wp-content\/uploads\/sites\/4\/2022\/03\/vkr-AON-200916-160320-D51_0490-scaled-1.jpg\" title=\"11\u00e8me \u00e9dition de l\u2019Aon Golf Cup\" class=\"mfp-image dt-mfp-item\" data-dt-img-description=\"Cr\u00e9dit photo : Vincent Kri\u00e9ger\" data-dt-location=\"https:\/\/fotk.fr\/sport\/photos\/trophee-golf\/vkr-aon-200916-160320-d51_0490\/\" ><\/a><a href=\"https:\/\/fotk.fr\/sport\/wp-content\/uploads\/sites\/4\/2022\/03\/vkr-AON-200916-160651-D51_0523.jpg\" title=\"11\u00e8me \u00e9dition de l\u2019Aon Golf Cup\" class=\"mfp-image dt-mfp-item\" data-dt-img-description=\"Cr\u00e9dit photo : Vincent Kri\u00e9ger\" data-dt-location=\"https:\/\/fotk.fr\/sport\/photos\/trophee-golf\/vkr-aon-200916-160651-d51_0523\/\" ><\/a><a href=\"https:\/\/fotk.fr\/sport\/wp-content\/uploads\/sites\/4\/2022\/03\/vkr-AON-200916-161904-D52_0585-scaled-1.jpg\" title=\"11\u00e8me \u00e9dition de l\u2019Aon Golf Cup\" class=\"mfp-image dt-mfp-item\" data-dt-img-description=\"Cr\u00e9dit photo : Vincent Kri\u00e9ger\" data-dt-location=\"https:\/\/fotk.fr\/sport\/photos\/trophee-golf\/vkr-aon-200916-161904-d52_0585\/\" ><\/a><a href=\"https:\/\/fotk.fr\/sport\/wp-content\/uploads\/sites\/4\/2022\/03\/vkr-AON-200916-181653-D51_0901-scaled-1.jpg\" title=\"11\u00e8me \u00e9dition de l\u2019Aon Golf Cup\" class=\"mfp-image dt-mfp-item\" data-dt-img-description=\"Cr\u00e9dit photo : Vincent Kri\u00e9ger\" data-dt-location=\"https:\/\/fotk.fr\/sport\/photos\/trophee-golf\/vkr-aon-200916-181653-d51_0901\/\" ><\/a><\/div>\n\t\n\t\t<div class=\"rollover-content\">\n\n\t\t\t\n\n<div class=\"rollover-content-container\">\n\n\t\n<div class=\"rollover-content-wrap\">\n\n\t<h3 class=\"entry-title\"><a href=\"https:\/\/fotk.fr\/sport\/photos\/trophee-golf\/\">11\u00e8me \u00e9dition de l\u2019Aon Golf Cup<\/a><\/h3>\n<\/div>\n<\/div>\n\t\t<\/div>\n\n\t\n<\/div>\n<\/article>\n\n<\/div>\n<div class=\"wf-cell iso-item category-28\" data-date=\"2019-10-08T15:43:27+02:00\" data-name=\"10\u00e8me \u00e9dition de l\u2019Aon Golf Cup\" data-post-id=\"35270\">\n<article class=\"post post-35270 dt_gallery type-dt_gallery status-publish hentry dt_gallery_category-golf\">\n\n\t\n<div class=\"rollover-project links-hovers-disabled\">\n\n\t<a href=\"https:\/\/fotk.fr\/sport\/photos\/10eme-edition-de-laon-golf-cup\/\" class=\"rollover-click-target go-to\"   ><img srcset=\"https:\/\/fotk.fr\/sport\/wp-content\/uploads\/sites\/4\/2019\/10\/vkr-AON-190619-133837-Z71_1975-scaled-555x370.jpg 1x, https:\/\/fotk.fr\/sport\/wp-content\/uploads\/sites\/4\/2019\/10\/vkr-AON-190619-133837-Z71_1975-scaled-1110x740.jpg 2x\" class=\"preload-me\" alt=\"\"  width=\"555\" height=\"370\"  \/><\/a><div class=\"dt-gallery-container mfp-hide\"><a href=\"https:\/\/fotk.fr\/sport\/wp-content\/uploads\/sites\/4\/2019\/10\/vkr-AON-190619-133837-Z71_1975-scaled.jpg\" title=\"10\u00e8me \u00e9dition de l\u2019Aon Golf Cup\" class=\"mfp-image dt-mfp-item\" data-dt-img-description=\"Cr\u00e9dit photo : Vincent Kri\u00e9ger\" data-dt-location=\"https:\/\/fotk.fr\/sport\/aon\/\" ><\/a><a href=\"https:\/\/fotk.fr\/sport\/wp-content\/uploads\/sites\/4\/2019\/10\/vkr-AON-190619-150905-D52_4833-scaled.jpg\" title=\"10\u00e8me \u00e9dition de l\u2019Aon Golf Cup\" class=\"mfp-image dt-mfp-item\" data-dt-img-description=\"Cr\u00e9dit photo : Vincent Kri\u00e9ger\" data-dt-location=\"https:\/\/fotk.fr\/sport\/aon-2\/\" ><\/a><a href=\"https:\/\/fotk.fr\/sport\/wp-content\/uploads\/sites\/4\/2019\/10\/vkr-AON-190619-151008-Z71_2368-scaled.jpg\" title=\"10\u00e8me \u00e9dition de l\u2019Aon Golf Cup\" class=\"mfp-image dt-mfp-item\" data-dt-img-description=\"Cr\u00e9dit photo : Vincent Kri\u00e9ger\" data-dt-location=\"https:\/\/fotk.fr\/sport\/aon-3\/\" ><\/a><a href=\"https:\/\/fotk.fr\/sport\/wp-content\/uploads\/sites\/4\/2019\/10\/vkr-AON-190619-151148-Z71_2385-scaled.jpg\" title=\"10\u00e8me \u00e9dition de l\u2019Aon Golf Cup\" class=\"mfp-image dt-mfp-item\" data-dt-img-description=\"Cr\u00e9dit photo : Vincent Kri\u00e9ger\" data-dt-location=\"https:\/\/fotk.fr\/sport\/aon-4\/\" ><\/a><a href=\"https:\/\/fotk.fr\/sport\/wp-content\/uploads\/sites\/4\/2019\/10\/vkr-AON-190619-151401-Z71_2417-scaled.jpg\" title=\"10\u00e8me \u00e9dition de l\u2019Aon Golf Cup\" class=\"mfp-image dt-mfp-item\" data-dt-img-description=\"Cr\u00e9dit photo : Vincent Kri\u00e9ger\" data-dt-location=\"https:\/\/fotk.fr\/sport\/aon-5\/\" ><\/a><a href=\"https:\/\/fotk.fr\/sport\/wp-content\/uploads\/sites\/4\/2019\/10\/vkr-AON-190619-155855-D52_5098-2-scaled.jpg\" title=\"10\u00e8me \u00e9dition de l\u2019Aon Golf Cup\" class=\"mfp-image dt-mfp-item\" data-dt-img-description=\"Cr\u00e9dit photo : Vincent Kri\u00e9ger\" data-dt-location=\"https:\/\/fotk.fr\/sport\/aon-6\/\" ><\/a><a href=\"https:\/\/fotk.fr\/sport\/wp-content\/uploads\/sites\/4\/2019\/10\/vkr-AON-190619-173435-D52_5625-2-scaled.jpg\" title=\"10\u00e8me \u00e9dition de l\u2019Aon Golf Cup\" class=\"mfp-image dt-mfp-item\" data-dt-img-description=\"Cr\u00e9dit photo : Vincent Kri\u00e9ger\" data-dt-location=\"https:\/\/fotk.fr\/sport\/aon-7\/\" ><\/a><a href=\"https:\/\/fotk.fr\/sport\/wp-content\/uploads\/sites\/4\/2019\/10\/vkr-AON-190619-180355-Z71_2709-scaled.jpg\" title=\"10\u00e8me \u00e9dition de l\u2019Aon Golf Cup\" class=\"mfp-image dt-mfp-item\" data-dt-img-description=\"Cr\u00e9dit photo : Vincent Kri\u00e9ger\" data-dt-location=\"https:\/\/fotk.fr\/sport\/aon-8\/\" ><\/a><\/div>\n\t\n\t\t<div class=\"rollover-content\">\n\n\t\t\t\n\n<div class=\"rollover-content-container\">\n\n\t\n<div class=\"rollover-content-wrap\">\n\n\t<h3 class=\"entry-title\"><a href=\"https:\/\/fotk.fr\/sport\/photos\/10eme-edition-de-laon-golf-cup\/\">10\u00e8me \u00e9dition de l\u2019Aon Golf Cup<\/a><\/h3>\n<\/div>\n<\/div>\n\t\t<\/div>\n\n\t\n<\/div>\n<\/article>\n\n<\/div>\n<div class=\"wf-cell iso-item category-28\" data-date=\"2017-03-04T14:55:47+01:00\" data-name=\"Maserati Golf Tour\" data-post-id=\"35700\">\n<article class=\"post post-35700 dt_gallery type-dt_gallery status-publish has-post-thumbnail hentry dt_gallery_category-golf\">\n\n\t\n<div class=\"rollover-project links-hovers-disabled\">\n\n\t<a href=\"https:\/\/fotk.fr\/sport\/photos\/maserati-golf-tour\/\" class=\"rollover-click-target go-to\"   ><img srcset=\"https:\/\/fotk.fr\/sport\/wp-content\/uploads\/sites\/4\/2022\/03\/Photo_Vincent-Krieger_171016_123800_D52_2593-bd-555x370.jpg 1x, https:\/\/fotk.fr\/sport\/wp-content\/uploads\/sites\/4\/2022\/03\/Photo_Vincent-Krieger_171016_123800_D52_2593-bd-1110x740.jpg 2x\" class=\"preload-me\" alt=\"\"  width=\"555\" height=\"370\"  \/><\/a><div class=\"dt-gallery-container mfp-hide\"><a href=\"https:\/\/fotk.fr\/sport\/wp-content\/uploads\/sites\/4\/2022\/03\/Photo_Vincent-Krieger_171016_123800_D52_2593-bd.jpg\" title=\"Maserati Golf Tour\" class=\"mfp-image dt-mfp-item\" data-dt-img-description=\"Cr\u00e9dit photo : Vincent Kri\u00e9ger\" data-dt-location=\"https:\/\/fotk.fr\/sport\/photos\/maserati-golf-tour\/photo_vincent-krieger_171016_123800_d52_2593-bd\/\" ><\/a><a href=\"https:\/\/fotk.fr\/sport\/wp-content\/uploads\/sites\/4\/2022\/03\/Photo_Vincent-Krieger_171016_132856_D51_1678r-bd.jpg\" title=\"Maserati Golf Tour\" class=\"mfp-image dt-mfp-item\" data-dt-img-description=\"Cr\u00e9dit photo : Vincent Kri\u00e9ger\" data-dt-location=\"https:\/\/fotk.fr\/sport\/photos\/maserati-golf-tour\/photo_vincent-krieger_171016_132856_d51_1678r-bd\/\" ><\/a><a href=\"https:\/\/fotk.fr\/sport\/wp-content\/uploads\/sites\/4\/2022\/03\/Photo_Vincent-Krieger_171016_114928_D52_2478-bd.jpg\" title=\"Maserati Golf Tour\" class=\"mfp-image dt-mfp-item\" data-dt-img-description=\"Cr\u00e9dit photo : Vincent Kri\u00e9ger\" data-dt-location=\"https:\/\/fotk.fr\/sport\/photos\/maserati-golf-tour\/photo_vincent-krieger_171016_114928_d52_2478-bd\/\" ><\/a><a href=\"https:\/\/fotk.fr\/sport\/wp-content\/uploads\/sites\/4\/2022\/03\/Photo_Vincent-Krieger_171016_120658_D52_2532-bd.jpg\" title=\"Maserati Golf Tour\" class=\"mfp-image dt-mfp-item\" data-dt-img-description=\"Cr\u00e9dit photo : Vincent Kri\u00e9ger\" data-dt-location=\"https:\/\/fotk.fr\/sport\/photos\/maserati-golf-tour\/photo_vincent-krieger_171016_120658_d52_2532-bd\/\" ><\/a><a href=\"https:\/\/fotk.fr\/sport\/wp-content\/uploads\/sites\/4\/2022\/03\/Photo_Vincent-Krieger_171016_142102_D52_2688-bd.jpg\" title=\"Maserati Golf Tour\" class=\"mfp-image dt-mfp-item\" data-dt-img-description=\"Cr\u00e9dit photo : Vincent Kri\u00e9ger\" data-dt-location=\"https:\/\/fotk.fr\/sport\/photos\/maserati-golf-tour\/photo_vincent-krieger_171016_142102_d52_2688-bd\/\" ><\/a><a href=\"https:\/\/fotk.fr\/sport\/wp-content\/uploads\/sites\/4\/2022\/03\/Photo_Vincent-Krieger_171016_161503_D52_3110-bd.jpg\" title=\"Maserati Golf Tour\" class=\"mfp-image dt-mfp-item\" data-dt-img-description=\"Cr\u00e9dit photo : Vincent Kri\u00e9ger\" data-dt-location=\"https:\/\/fotk.fr\/sport\/photos\/maserati-golf-tour\/photo_vincent-krieger_171016_161503_d52_3110-bd\/\" ><\/a><a href=\"https:\/\/fotk.fr\/sport\/wp-content\/uploads\/sites\/4\/2022\/03\/Photo_Vincent-Krieger_171016_161645_D52_3132-bd.jpg\" title=\"Maserati Golf Tour\" class=\"mfp-image dt-mfp-item\" data-dt-img-description=\"Cr\u00e9dit photo : Vincent Kri\u00e9ger\" data-dt-location=\"https:\/\/fotk.fr\/sport\/photos\/maserati-golf-tour\/photo_vincent-krieger_171016_161645_d52_3132-bd\/\" ><\/a><a href=\"https:\/\/fotk.fr\/sport\/wp-content\/uploads\/sites\/4\/2022\/03\/Photo_Vincent-Krieger_171016_162847_D52_3189-bd.jpg\" title=\"Maserati Golf Tour\" class=\"mfp-image dt-mfp-item\" data-dt-img-description=\"Cr\u00e9dit photo : Vincent Kri\u00e9ger\" data-dt-location=\"https:\/\/fotk.fr\/sport\/photos\/maserati-golf-tour\/photo_vincent-krieger_171016_162847_d52_3189-bd\/\" ><\/a><a href=\"https:\/\/fotk.fr\/sport\/wp-content\/uploads\/sites\/4\/2022\/03\/Photo_Vincent-Krieger_171016_171823_D51_1898-bd.jpg\" title=\"Maserati Golf Tour\" class=\"mfp-image dt-mfp-item\" data-dt-img-description=\"Cr\u00e9dit photo : Vincent Kri\u00e9ger\" data-dt-location=\"https:\/\/fotk.fr\/sport\/photos\/maserati-golf-tour\/photo_vincent-krieger_171016_171823_d51_1898-bd\/\" ><\/a><a href=\"https:\/\/fotk.fr\/sport\/wp-content\/uploads\/sites\/4\/2022\/03\/Photo_Vincent-Krieger_171016_180711_D51_2043-bd.jpg\" title=\"Maserati Golf Tour\" class=\"mfp-image dt-mfp-item\" data-dt-img-description=\"Cr\u00e9dit photo : Vincent Kri\u00e9ger\" data-dt-location=\"https:\/\/fotk.fr\/sport\/photos\/maserati-golf-tour\/photo_vincent-krieger_171016_180711_d51_2043-bd\/\" ><\/a><a href=\"https:\/\/fotk.fr\/sport\/wp-content\/uploads\/sites\/4\/2022\/03\/Photo_Vincent-Krieger_171016_173001_D51_1942-bd.jpg\" title=\"Maserati Golf Tour\" class=\"mfp-image dt-mfp-item\" data-dt-img-description=\"Cr\u00e9dit photo : Vincent Kri\u00e9ger\" data-dt-location=\"https:\/\/fotk.fr\/sport\/photos\/maserati-golf-tour\/photo_vincent-krieger_171016_173001_d51_1942-bd\/\" ><\/a><\/div>\n\t\n\t\t<div class=\"rollover-content\">\n\n\t\t\t\n\n<div class=\"rollover-content-container\">\n\n\t\n<div class=\"rollover-content-wrap\">\n\n\t<h3 class=\"entry-title\"><a href=\"https:\/\/fotk.fr\/sport\/photos\/maserati-golf-tour\/\">Maserati Golf Tour<\/a><\/h3>\n<\/div>\n<\/div>\n\t\t<\/div>\n\n\t\n<\/div>\n<\/article>\n\n<\/div><\/div>[\/vc_column][\/vc_row]<\/p>\n<\/div>","protected":false},"excerpt":{"rendered":"<p>[vc_row][vc_column][vc_empty_space][vc_column_text css=\u00a0\u00bb\u00a0\u00bb]Voici quelques images prises lors de comp\u00e9titions internationales de golf. Une de mes sp\u00e9cialit\u00e9 dans le domaine de la photographie sportive, afin d&rsquo;immortaliser les moments cl\u00e9s,[\/vc_column_text][vc_empty_space][\/vc_column][\/vc_row]<\/p>\n","protected":false},"author":1,"featured_media":36374,"parent":0,"menu_order":0,"comment_status":"closed","ping_status":"closed","template":"","meta":{"footnotes":""},"class_list":["post-37064","page","type-page","status-publish","has-post-thumbnail","hentry","description-off"],"yoast_head":"<!-- This site is optimized with the Yoast SEO plugin v26.5 - https:\/\/yoast.com\/wordpress\/plugins\/seo\/ -->\n<title>Golf - Photographe de sport<\/title>\n<meta name=\"robots\" content=\"index, follow, max-snippet:-1, max-image-preview:large, max-video-preview:-1\" \/>\n<link rel=\"canonical\" href=\"https:\/\/fotk.fr\/sport\/golf\/\" \/>\n<meta property=\"og:locale\" content=\"fr_FR\" \/>\n<meta property=\"og:type\" content=\"article\" \/>\n<meta property=\"og:title\" content=\"Golf - Photographe de sport\" \/>\n<meta property=\"og:description\" content=\"[vc_row][vc_column][vc_empty_space][vc_column_text css=\u00a0\u00bb\u00a0\u00bb]Voici quelques images prises lors de comp\u00e9titions internationales de golf. Une de mes sp\u00e9cialit\u00e9 dans le domaine de la photographie sportive, afin d&rsquo;immortaliser les moments cl\u00e9s,[\/vc_column_text][vc_empty_space][\/vc_column][\/vc_row]\" \/>\n<meta property=\"og:url\" content=\"https:\/\/fotk.fr\/sport\/golf\/\" \/>\n<meta property=\"og:site_name\" content=\"Photographe de sport\" \/>\n<meta property=\"article:modified_time\" content=\"2026-01-02T17:35:30+00:00\" \/>\n<meta property=\"og:image\" content=\"https:\/\/fotk.fr\/sport\/wp-content\/uploads\/sites\/4\/revslider\/accueil-1\/WCM-LEGENDS-OPEN-DE-FRANCE_\u00a9Vincent-Krieger_230909_114801.jpg\" \/>\n\t<meta property=\"og:image:width\" content=\"2000\" \/>\n\t<meta property=\"og:image:height\" content=\"1333\" \/>\n\t<meta property=\"og:image:type\" content=\"image\/jpeg\" \/>\n<meta name=\"twitter:card\" content=\"summary_large_image\" \/>\n<meta name=\"twitter:label1\" content=\"Dur\u00e9e de lecture estim\u00e9e\" \/>\n\t<meta name=\"twitter:data1\" content=\"1 minute\" \/>\n<script type=\"application\/ld+json\" class=\"yoast-schema-graph\">{\"@context\":\"https:\/\/schema.org\",\"@graph\":[{\"@type\":\"WebPage\",\"@id\":\"https:\/\/fotk.fr\/sport\/golf\/\",\"url\":\"https:\/\/fotk.fr\/sport\/golf\/\",\"name\":\"Golf - Photographe de sport\",\"isPartOf\":{\"@id\":\"https:\/\/fotk.fr\/sport\/#website\"},\"primaryImageOfPage\":{\"@id\":\"https:\/\/fotk.fr\/sport\/golf\/#primaryimage\"},\"image\":{\"@id\":\"https:\/\/fotk.fr\/sport\/golf\/#primaryimage\"},\"thumbnailUrl\":\"https:\/\/fotk.fr\/sport\/wp-content\/uploads\/sites\/4\/revslider\/accueil-1\/WCM-LEGENDS-OPEN-DE-FRANCE_\u00a9Vincent-Krieger_230909_114801.jpg\",\"datePublished\":\"2025-12-13T16:10:16+00:00\",\"dateModified\":\"2026-01-02T17:35:30+00:00\",\"breadcrumb\":{\"@id\":\"https:\/\/fotk.fr\/sport\/golf\/#breadcrumb\"},\"inLanguage\":\"fr-FR\",\"potentialAction\":[{\"@type\":\"ReadAction\",\"target\":[\"https:\/\/fotk.fr\/sport\/golf\/\"]}]},{\"@type\":\"ImageObject\",\"inLanguage\":\"fr-FR\",\"@id\":\"https:\/\/fotk.fr\/sport\/golf\/#primaryimage\",\"url\":\"https:\/\/fotk.fr\/sport\/wp-content\/uploads\/sites\/4\/revslider\/accueil-1\/WCM-LEGENDS-OPEN-DE-FRANCE_\u00a9Vincent-Krieger_230909_114801.jpg\",\"contentUrl\":\"https:\/\/fotk.fr\/sport\/wp-content\/uploads\/sites\/4\/revslider\/accueil-1\/WCM-LEGENDS-OPEN-DE-FRANCE_\u00a9Vincent-Krieger_230909_114801.jpg\",\"width\":2000,\"height\":1333},{\"@type\":\"BreadcrumbList\",\"@id\":\"https:\/\/fotk.fr\/sport\/golf\/#breadcrumb\",\"itemListElement\":[{\"@type\":\"ListItem\",\"position\":1,\"name\":\"Accueil\",\"item\":\"https:\/\/fotk.fr\/sport\/\"},{\"@type\":\"ListItem\",\"position\":2,\"name\":\"Golf\"}]},{\"@type\":\"WebSite\",\"@id\":\"https:\/\/fotk.fr\/sport\/#website\",\"url\":\"https:\/\/fotk.fr\/sport\/\",\"name\":\"Photographe de sport\",\"description\":\"Vincent Kri\u00e9ger\",\"publisher\":{\"@id\":\"https:\/\/fotk.fr\/sport\/#organization\"},\"potentialAction\":[{\"@type\":\"SearchAction\",\"target\":{\"@type\":\"EntryPoint\",\"urlTemplate\":\"https:\/\/fotk.fr\/sport\/?s={search_term_string}\"},\"query-input\":{\"@type\":\"PropertyValueSpecification\",\"valueRequired\":true,\"valueName\":\"search_term_string\"}}],\"inLanguage\":\"fr-FR\"},{\"@type\":\"Organization\",\"@id\":\"https:\/\/fotk.fr\/sport\/#organization\",\"name\":\"Photographe de sport\",\"url\":\"https:\/\/fotk.fr\/sport\/\",\"logo\":{\"@type\":\"ImageObject\",\"inLanguage\":\"fr-FR\",\"@id\":\"https:\/\/fotk.fr\/sport\/#\/schema\/logo\/image\/\",\"url\":\"https:\/\/fotk.fr\/sport\/wp-content\/uploads\/sites\/4\/2025\/12\/logo-FOTK-noir-512.png\",\"contentUrl\":\"https:\/\/fotk.fr\/sport\/wp-content\/uploads\/sites\/4\/2025\/12\/logo-FOTK-noir-512.png\",\"width\":512,\"height\":512,\"caption\":\"Photographe de sport\"},\"image\":{\"@id\":\"https:\/\/fotk.fr\/sport\/#\/schema\/logo\/image\/\"}}]}<\/script>\n<!-- \/ Yoast SEO plugin. -->","yoast_head_json":{"title":"Golf - Photographe de sport","robots":{"index":"index","follow":"follow","max-snippet":"max-snippet:-1","max-image-preview":"max-image-preview:large","max-video-preview":"max-video-preview:-1"},"canonical":"https:\/\/fotk.fr\/sport\/golf\/","og_locale":"fr_FR","og_type":"article","og_title":"Golf - Photographe de sport","og_description":"[vc_row][vc_column][vc_empty_space][vc_column_text css=\u00a0\u00bb\u00a0\u00bb]Voici quelques images prises lors de comp\u00e9titions internationales de golf. Une de mes sp\u00e9cialit\u00e9 dans le domaine de la photographie sportive, afin d&rsquo;immortaliser les moments cl\u00e9s,[\/vc_column_text][vc_empty_space][\/vc_column][\/vc_row]","og_url":"https:\/\/fotk.fr\/sport\/golf\/","og_site_name":"Photographe de sport","article_modified_time":"2026-01-02T17:35:30+00:00","og_image":[{"width":2000,"height":1333,"url":"https:\/\/fotk.fr\/sport\/wp-content\/uploads\/sites\/4\/revslider\/accueil-1\/WCM-LEGENDS-OPEN-DE-FRANCE_\u00a9Vincent-Krieger_230909_114801.jpg","type":"image\/jpeg"}],"twitter_card":"summary_large_image","twitter_misc":{"Dur\u00e9e de lecture estim\u00e9e":"1 minute"},"schema":{"@context":"https:\/\/schema.org","@graph":[{"@type":"WebPage","@id":"https:\/\/fotk.fr\/sport\/golf\/","url":"https:\/\/fotk.fr\/sport\/golf\/","name":"Golf - Photographe de sport","isPartOf":{"@id":"https:\/\/fotk.fr\/sport\/#website"},"primaryImageOfPage":{"@id":"https:\/\/fotk.fr\/sport\/golf\/#primaryimage"},"image":{"@id":"https:\/\/fotk.fr\/sport\/golf\/#primaryimage"},"thumbnailUrl":"https:\/\/fotk.fr\/sport\/wp-content\/uploads\/sites\/4\/revslider\/accueil-1\/WCM-LEGENDS-OPEN-DE-FRANCE_\u00a9Vincent-Krieger_230909_114801.jpg","datePublished":"2025-12-13T16:10:16+00:00","dateModified":"2026-01-02T17:35:30+00:00","breadcrumb":{"@id":"https:\/\/fotk.fr\/sport\/golf\/#breadcrumb"},"inLanguage":"fr-FR","potentialAction":[{"@type":"ReadAction","target":["https:\/\/fotk.fr\/sport\/golf\/"]}]},{"@type":"ImageObject","inLanguage":"fr-FR","@id":"https:\/\/fotk.fr\/sport\/golf\/#primaryimage","url":"https:\/\/fotk.fr\/sport\/wp-content\/uploads\/sites\/4\/revslider\/accueil-1\/WCM-LEGENDS-OPEN-DE-FRANCE_\u00a9Vincent-Krieger_230909_114801.jpg","contentUrl":"https:\/\/fotk.fr\/sport\/wp-content\/uploads\/sites\/4\/revslider\/accueil-1\/WCM-LEGENDS-OPEN-DE-FRANCE_\u00a9Vincent-Krieger_230909_114801.jpg","width":2000,"height":1333},{"@type":"BreadcrumbList","@id":"https:\/\/fotk.fr\/sport\/golf\/#breadcrumb","itemListElement":[{"@type":"ListItem","position":1,"name":"Accueil","item":"https:\/\/fotk.fr\/sport\/"},{"@type":"ListItem","position":2,"name":"Golf"}]},{"@type":"WebSite","@id":"https:\/\/fotk.fr\/sport\/#website","url":"https:\/\/fotk.fr\/sport\/","name":"Photographe de sport","description":"Vincent Kri\u00e9ger","publisher":{"@id":"https:\/\/fotk.fr\/sport\/#organization"},"potentialAction":[{"@type":"SearchAction","target":{"@type":"EntryPoint","urlTemplate":"https:\/\/fotk.fr\/sport\/?s={search_term_string}"},"query-input":{"@type":"PropertyValueSpecification","valueRequired":true,"valueName":"search_term_string"}}],"inLanguage":"fr-FR"},{"@type":"Organization","@id":"https:\/\/fotk.fr\/sport\/#organization","name":"Photographe de sport","url":"https:\/\/fotk.fr\/sport\/","logo":{"@type":"ImageObject","inLanguage":"fr-FR","@id":"https:\/\/fotk.fr\/sport\/#\/schema\/logo\/image\/","url":"https:\/\/fotk.fr\/sport\/wp-content\/uploads\/sites\/4\/2025\/12\/logo-FOTK-noir-512.png","contentUrl":"https:\/\/fotk.fr\/sport\/wp-content\/uploads\/sites\/4\/2025\/12\/logo-FOTK-noir-512.png","width":512,"height":512,"caption":"Photographe de sport"},"image":{"@id":"https:\/\/fotk.fr\/sport\/#\/schema\/logo\/image\/"}}]}},"_links":{"self":[{"href":"https:\/\/fotk.fr\/sport\/wp-json\/wp\/v2\/pages\/37064","targetHints":{"allow":["GET"]}}],"collection":[{"href":"https:\/\/fotk.fr\/sport\/wp-json\/wp\/v2\/pages"}],"about":[{"href":"https:\/\/fotk.fr\/sport\/wp-json\/wp\/v2\/types\/page"}],"author":[{"embeddable":true,"href":"https:\/\/fotk.fr\/sport\/wp-json\/wp\/v2\/users\/1"}],"replies":[{"embeddable":true,"href":"https:\/\/fotk.fr\/sport\/wp-json\/wp\/v2\/comments?post=37064"}],"version-history":[{"count":5,"href":"https:\/\/fotk.fr\/sport\/wp-json\/wp\/v2\/pages\/37064\/revisions"}],"predecessor-version":[{"id":37141,"href":"https:\/\/fotk.fr\/sport\/wp-json\/wp\/v2\/pages\/37064\/revisions\/37141"}],"wp:featuredmedia":[{"embeddable":true,"href":"https:\/\/fotk.fr\/sport\/wp-json\/wp\/v2\/media\/36374"}],"wp:attachment":[{"href":"https:\/\/fotk.fr\/sport\/wp-json\/wp\/v2\/media?parent=37064"}],"curies":[{"name":"wp","href":"https:\/\/api.w.org\/{rel}","templated":true}]}}