{"id":37067,"date":"2025-12-13T17:10:32","date_gmt":"2025-12-13T16:10:32","guid":{"rendered":"https:\/\/fotk.fr\/sport\/?page_id=37067"},"modified":"2026-01-07T18:18:34","modified_gmt":"2026-01-07T17:18:34","slug":"handball","status":"publish","type":"page","link":"https:\/\/fotk.fr\/sport\/handball\/","title":{"rendered":"Handball"},"content":{"rendered":"<div class=\"wpb-content-wrapper\"><p>[vc_row][vc_column][vc_empty_space][vc_column_text css=\u00a0\u00bb\u00a0\u00bb]Revivez l\u2019intensit\u00e9 de la rencontre f\u00e9minine de handball entre la S\u00e9lection du Val d\u2019Oise et la S\u00e9lection nationale des \u00c9tats-Unis. Un affrontement passionnant o\u00f9 la technique et l\u2019adr\u00e9naline se rencontrent sur le terrain, captur\u00e9 par un photographe sportif au plus pr\u00e8s de l\u2019action.[\/vc_column_text][vc_empty_space]<div class=\"wf-container dt-gallery-container dt-photos-shortcode loading-effect-none iso-container\" data-padding=\"20px\" data-cur-page=\"1\" data-width=\"370px\" data-columns=\"1\"><div class=\"wf-cell iso-item\" data-date=\"2025-12-17T17:58:56+01:00\" data-name=\"Photo_Vincent-Krieger_220602_192747_D52_0442-bd\" data-post-id=\"37706\">\n<article class=\"post post-37706 attachment type-attachment status-inherit hentry description-off\">\n\n\t\n<div class=\"rollover-project links-hovers-disabled\">\n\n\t<a href=\"https:\/\/fotk.fr\/sport\/wp-content\/uploads\/sites\/4\/2023\/09\/Photo_Vincent-Krieger_220602_192747_D52_0442-bd.jpg\" class=\"dt-mfp-item mfp-image rollover rollover-zoom\" title=\"Photo_Vincent-Krieger_220602_192747_D52_0442-bd\" data-dt-img-description=\"\" ><img class=\"preload-me\" srcset=\"https:\/\/fotk.fr\/sport\/wp-content\/uploads\/sites\/4\/2023\/09\/Photo_Vincent-Krieger_220602_192747_D52_0442-bd.jpg 1x, https:\/\/fotk.fr\/sport\/wp-content\/uploads\/sites\/4\/2023\/09\/Photo_Vincent-Krieger_220602_192747_D52_0442-bd.jpg 2x\" alt=\"\" width=\"2000\" height=\"1333\"  \/><\/a>\n\t\n<\/div>\n<\/article>\n\n<\/div><div class=\"wf-cell iso-item\" data-date=\"2025-12-17T18:09:43+01:00\" data-name=\"Photo_Vincent-Krieger_220602_200827_D61_2098-bd\" data-post-id=\"37808\">\n<article class=\"post post-37808 attachment type-attachment status-inherit hentry description-off\">\n\n\t\n<div class=\"rollover-project links-hovers-disabled\">\n\n\t<a href=\"https:\/\/fotk.fr\/sport\/wp-content\/uploads\/sites\/4\/2022\/10\/Photo_Vincent-Krieger_220602_200827_D61_2098-bd.jpg\" class=\"dt-mfp-item mfp-image rollover rollover-zoom\" title=\"Photo_Vincent-Krieger_220602_200827_D61_2098-bd\" data-dt-img-description=\"\" ><img class=\"preload-me\" srcset=\"https:\/\/fotk.fr\/sport\/wp-content\/uploads\/sites\/4\/2022\/10\/Photo_Vincent-Krieger_220602_200827_D61_2098-bd.jpg 1x, https:\/\/fotk.fr\/sport\/wp-content\/uploads\/sites\/4\/2022\/10\/Photo_Vincent-Krieger_220602_200827_D61_2098-bd.jpg 2x\" alt=\"\" width=\"2000\" height=\"1333\"  \/><\/a>\n\t\n<\/div>\n<\/article>\n\n<\/div><div class=\"wf-cell iso-item\" data-date=\"2025-12-17T18:09:43+01:00\" data-name=\"Photo_Vincent-Krieger_220602_202443_D61_2233-bd\" data-post-id=\"37809\">\n<article class=\"post post-37809 attachment type-attachment status-inherit hentry description-off\">\n\n\t\n<div class=\"rollover-project links-hovers-disabled\">\n\n\t<a href=\"https:\/\/fotk.fr\/sport\/wp-content\/uploads\/sites\/4\/2022\/10\/Photo_Vincent-Krieger_220602_202443_D61_2233-bd.jpg\" class=\"dt-mfp-item mfp-image rollover rollover-zoom\" title=\"Photo_Vincent-Krieger_220602_202443_D61_2233-bd\" data-dt-img-description=\"\" ><img class=\"preload-me\" srcset=\"https:\/\/fotk.fr\/sport\/wp-content\/uploads\/sites\/4\/2022\/10\/Photo_Vincent-Krieger_220602_202443_D61_2233-bd.jpg 1x, https:\/\/fotk.fr\/sport\/wp-content\/uploads\/sites\/4\/2022\/10\/Photo_Vincent-Krieger_220602_202443_D61_2233-bd.jpg 2x\" alt=\"\" width=\"2000\" height=\"1333\"  \/><\/a>\n\t\n<\/div>\n<\/article>\n\n<\/div><div class=\"wf-cell iso-item\" data-date=\"2025-12-17T18:09:42+01:00\" data-name=\"Photo_Vincent-Krieger_220602_193058_D52_0490-bd\" data-post-id=\"37806\">\n<article class=\"post post-37806 attachment type-attachment status-inherit hentry description-off\">\n\n\t\n<div class=\"rollover-project links-hovers-disabled\">\n\n\t<a href=\"https:\/\/fotk.fr\/sport\/wp-content\/uploads\/sites\/4\/2022\/10\/Photo_Vincent-Krieger_220602_193058_D52_0490-bd.jpg\" class=\"dt-mfp-item mfp-image rollover rollover-zoom\" title=\"Photo_Vincent-Krieger_220602_193058_D52_0490-bd\" data-dt-img-description=\"\" ><img class=\"preload-me\" srcset=\"https:\/\/fotk.fr\/sport\/wp-content\/uploads\/sites\/4\/2022\/10\/Photo_Vincent-Krieger_220602_193058_D52_0490-bd.jpg 1x, https:\/\/fotk.fr\/sport\/wp-content\/uploads\/sites\/4\/2022\/10\/Photo_Vincent-Krieger_220602_193058_D52_0490-bd.jpg 2x\" alt=\"\" width=\"2000\" height=\"1333\"  \/><\/a>\n\t\n<\/div>\n<\/article>\n\n<\/div><div class=\"wf-cell iso-item\" data-date=\"2025-12-17T18:09:42+01:00\" data-name=\"Photo_Vincent-Krieger_220602_200159_Z72_0608-bd\" data-post-id=\"37807\">\n<article class=\"post post-37807 attachment type-attachment status-inherit hentry description-off\">\n\n\t\n<div class=\"rollover-project links-hovers-disabled\">\n\n\t<a href=\"https:\/\/fotk.fr\/sport\/wp-content\/uploads\/sites\/4\/2022\/10\/Photo_Vincent-Krieger_220602_200159_Z72_0608-bd.jpg\" class=\"dt-mfp-item mfp-image rollover rollover-zoom\" title=\"Photo_Vincent-Krieger_220602_200159_Z72_0608-bd\" data-dt-img-description=\"\" ><img class=\"preload-me\" srcset=\"https:\/\/fotk.fr\/sport\/wp-content\/uploads\/sites\/4\/2022\/10\/Photo_Vincent-Krieger_220602_200159_Z72_0608-bd.jpg 1x, https:\/\/fotk.fr\/sport\/wp-content\/uploads\/sites\/4\/2022\/10\/Photo_Vincent-Krieger_220602_200159_Z72_0608-bd.jpg 2x\" alt=\"\" width=\"2000\" height=\"1331\"  \/><\/a>\n\t\n<\/div>\n<\/article>\n\n<\/div><div class=\"wf-cell iso-item\" data-date=\"2025-12-17T18:09:41+01:00\" data-name=\"Photo_Vincent-Krieger_220602_192348_D61_1906-bd\" data-post-id=\"37805\">\n<article class=\"post post-37805 attachment type-attachment status-inherit hentry description-off\">\n\n\t\n<div class=\"rollover-project links-hovers-disabled\">\n\n\t<a href=\"https:\/\/fotk.fr\/sport\/wp-content\/uploads\/sites\/4\/2022\/10\/Photo_Vincent-Krieger_220602_192348_D61_1906-bd.jpg\" class=\"dt-mfp-item mfp-image rollover rollover-zoom\" title=\"Photo_Vincent-Krieger_220602_192348_D61_1906-bd\" data-dt-img-description=\"\" ><img class=\"preload-me\" srcset=\"https:\/\/fotk.fr\/sport\/wp-content\/uploads\/sites\/4\/2022\/10\/Photo_Vincent-Krieger_220602_192348_D61_1906-bd.jpg 1x, https:\/\/fotk.fr\/sport\/wp-content\/uploads\/sites\/4\/2022\/10\/Photo_Vincent-Krieger_220602_192348_D61_1906-bd.jpg 2x\" alt=\"\" width=\"2000\" height=\"1333\"  \/><\/a>\n\t\n<\/div>\n<\/article>\n\n<\/div><div class=\"wf-cell iso-item\" data-date=\"2025-12-17T17:58:58+01:00\" data-name=\"Photo_Vincent-Krieger_220602_193258_D61_1954-bd\" data-post-id=\"37708\">\n<article class=\"post post-37708 attachment type-attachment status-inherit hentry description-off\">\n\n\t\n<div class=\"rollover-project links-hovers-disabled\">\n\n\t<a href=\"https:\/\/fotk.fr\/sport\/wp-content\/uploads\/sites\/4\/2023\/09\/Photo_Vincent-Krieger_220602_193258_D61_1954-bd.jpg\" class=\"dt-mfp-item mfp-image rollover rollover-zoom\" title=\"Photo_Vincent-Krieger_220602_193258_D61_1954-bd\" data-dt-img-description=\"\" ><img class=\"preload-me\" srcset=\"https:\/\/fotk.fr\/sport\/wp-content\/uploads\/sites\/4\/2023\/09\/Photo_Vincent-Krieger_220602_193258_D61_1954-bd.jpg 1x, https:\/\/fotk.fr\/sport\/wp-content\/uploads\/sites\/4\/2023\/09\/Photo_Vincent-Krieger_220602_193258_D61_1954-bd.jpg 2x\" alt=\"\" width=\"2000\" height=\"1333\"  \/><\/a>\n\t\n<\/div>\n<\/article>\n\n<\/div><div class=\"wf-cell iso-item\" data-date=\"2025-12-17T17:58:58+01:00\" data-name=\"Photo_Vincent-Krieger_220602_200159_Z72_0608-bd\" data-post-id=\"37710\">\n<article class=\"post post-37710 attachment type-attachment status-inherit hentry description-off\">\n\n\t\n<div class=\"rollover-project links-hovers-disabled\">\n\n\t<a href=\"https:\/\/fotk.fr\/sport\/wp-content\/uploads\/sites\/4\/2023\/09\/Photo_Vincent-Krieger_220602_200159_Z72_0608-bd.jpg\" class=\"dt-mfp-item mfp-image rollover rollover-zoom\" title=\"Photo_Vincent-Krieger_220602_200159_Z72_0608-bd\" data-dt-img-description=\"\" ><img class=\"preload-me\" srcset=\"https:\/\/fotk.fr\/sport\/wp-content\/uploads\/sites\/4\/2023\/09\/Photo_Vincent-Krieger_220602_200159_Z72_0608-bd.jpg 1x, https:\/\/fotk.fr\/sport\/wp-content\/uploads\/sites\/4\/2023\/09\/Photo_Vincent-Krieger_220602_200159_Z72_0608-bd.jpg 2x\" alt=\"\" width=\"2000\" height=\"1331\"  \/><\/a>\n\t\n<\/div>\n<\/article>\n\n<\/div><div class=\"wf-cell iso-item\" data-date=\"2025-12-17T17:58:54+01:00\" data-name=\"Photo_Vincent-Krieger_220602_191353_D61_1864-bd\" data-post-id=\"37702\">\n<article class=\"post post-37702 attachment type-attachment status-inherit hentry description-off\">\n\n\t\n<div class=\"rollover-project links-hovers-disabled\">\n\n\t<a href=\"https:\/\/fotk.fr\/sport\/wp-content\/uploads\/sites\/4\/2023\/09\/Photo_Vincent-Krieger_220602_191353_D61_1864-bd.jpg\" class=\"dt-mfp-item mfp-image rollover rollover-zoom\" title=\"Photo_Vincent-Krieger_220602_191353_D61_1864-bd\" data-dt-img-description=\"\" ><img class=\"preload-me\" srcset=\"https:\/\/fotk.fr\/sport\/wp-content\/uploads\/sites\/4\/2023\/09\/Photo_Vincent-Krieger_220602_191353_D61_1864-bd.jpg 1x, https:\/\/fotk.fr\/sport\/wp-content\/uploads\/sites\/4\/2023\/09\/Photo_Vincent-Krieger_220602_191353_D61_1864-bd.jpg 2x\" alt=\"\" width=\"2000\" height=\"1333\"  \/><\/a>\n\t\n<\/div>\n<\/article>\n\n<\/div><div class=\"wf-cell iso-item\" data-date=\"2025-12-17T17:58:55+01:00\" data-name=\"Photo_Vincent-Krieger_220602_192728_D61_1934-bd\" data-post-id=\"37705\">\n<article class=\"post post-37705 attachment type-attachment status-inherit hentry description-off\">\n\n\t\n<div class=\"rollover-project links-hovers-disabled\">\n\n\t<a href=\"https:\/\/fotk.fr\/sport\/wp-content\/uploads\/sites\/4\/2023\/09\/Photo_Vincent-Krieger_220602_192728_D61_1934-bd.jpg\" class=\"dt-mfp-item mfp-image rollover rollover-zoom\" title=\"Photo_Vincent-Krieger_220602_192728_D61_1934-bd\" data-dt-img-description=\"\" ><img class=\"preload-me\" srcset=\"https:\/\/fotk.fr\/sport\/wp-content\/uploads\/sites\/4\/2023\/09\/Photo_Vincent-Krieger_220602_192728_D61_1934-bd.jpg 1x, https:\/\/fotk.fr\/sport\/wp-content\/uploads\/sites\/4\/2023\/09\/Photo_Vincent-Krieger_220602_192728_D61_1934-bd.jpg 2x\" alt=\"\" width=\"2000\" height=\"1333\"  \/><\/a>\n\t\n<\/div>\n<\/article>\n\n<\/div><div class=\"wf-cell iso-item\" data-date=\"2025-12-17T17:58:54+01:00\" data-name=\"Photo_Vincent-Krieger_220602_191137_D61_1841-bd\" data-post-id=\"37701\">\n<article class=\"post post-37701 attachment type-attachment status-inherit hentry description-off\">\n\n\t\n<div class=\"rollover-project links-hovers-disabled\">\n\n\t<a href=\"https:\/\/fotk.fr\/sport\/wp-content\/uploads\/sites\/4\/2023\/09\/Photo_Vincent-Krieger_220602_191137_D61_1841-bd.jpg\" class=\"dt-mfp-item mfp-image rollover rollover-zoom\" title=\"Photo_Vincent-Krieger_220602_191137_D61_1841-bd\" data-dt-img-description=\"\" ><img class=\"preload-me\" srcset=\"https:\/\/fotk.fr\/sport\/wp-content\/uploads\/sites\/4\/2023\/09\/Photo_Vincent-Krieger_220602_191137_D61_1841-bd.jpg 1x, https:\/\/fotk.fr\/sport\/wp-content\/uploads\/sites\/4\/2023\/09\/Photo_Vincent-Krieger_220602_191137_D61_1841-bd.jpg 2x\" alt=\"\" width=\"2000\" height=\"1333\"  \/><\/a>\n\t\n<\/div>\n<\/article>\n\n<\/div><div class=\"wf-cell iso-item\" data-date=\"2025-12-17T17:58:54+01:00\" data-name=\"Photo_Vincent-Krieger_220602_192058_D52_0435-bd\" data-post-id=\"37703\">\n<article class=\"post post-37703 attachment type-attachment status-inherit hentry description-off\">\n\n\t\n<div class=\"rollover-project links-hovers-disabled\">\n\n\t<a href=\"https:\/\/fotk.fr\/sport\/wp-content\/uploads\/sites\/4\/2023\/09\/Photo_Vincent-Krieger_220602_192058_D52_0435-bd.jpg\" class=\"dt-mfp-item mfp-image rollover rollover-zoom\" title=\"Photo_Vincent-Krieger_220602_192058_D52_0435-bd\" data-dt-img-description=\"\" ><img class=\"preload-me\" srcset=\"https:\/\/fotk.fr\/sport\/wp-content\/uploads\/sites\/4\/2023\/09\/Photo_Vincent-Krieger_220602_192058_D52_0435-bd.jpg 1x, https:\/\/fotk.fr\/sport\/wp-content\/uploads\/sites\/4\/2023\/09\/Photo_Vincent-Krieger_220602_192058_D52_0435-bd.jpg 2x\" alt=\"\" width=\"2000\" height=\"1333\"  \/><\/a>\n\t\n<\/div>\n<\/article>\n\n<\/div><\/div>[\/vc_column][\/vc_row]<\/p>\n<\/div>","protected":false},"excerpt":{"rendered":"<p>[vc_row][vc_column][vc_empty_space][vc_column_text css=\u00a0\u00bb\u00a0\u00bb]Revivez l\u2019intensit\u00e9 de la rencontre f\u00e9minine de handball entre la S\u00e9lection du Val d\u2019Oise et la S\u00e9lection nationale des \u00c9tats-Unis. Un affrontement passionnant o\u00f9 la technique et l\u2019adr\u00e9naline se rencontrent sur le terrain, captur\u00e9 par un photographe sportif au plus pr\u00e8s de l\u2019action.[\/vc_column_text][vc_empty_space][\/vc_column][\/vc_row]<\/p>\n","protected":false},"author":1,"featured_media":37701,"parent":0,"menu_order":0,"comment_status":"closed","ping_status":"closed","template":"","meta":{"footnotes":""},"class_list":["post-37067","page","type-page","status-publish","has-post-thumbnail","hentry","description-off"],"yoast_head":"<!-- This site is optimized with the Yoast SEO plugin v26.5 - https:\/\/yoast.com\/wordpress\/plugins\/seo\/ -->\n<title>Handball - Photographe de sport<\/title>\n<meta name=\"robots\" content=\"index, follow, max-snippet:-1, max-image-preview:large, max-video-preview:-1\" \/>\n<link rel=\"canonical\" href=\"https:\/\/fotk.fr\/sport\/handball\/\" \/>\n<meta property=\"og:locale\" content=\"fr_FR\" \/>\n<meta property=\"og:type\" content=\"article\" \/>\n<meta property=\"og:title\" content=\"Handball - Photographe de sport\" \/>\n<meta property=\"og:description\" content=\"[vc_row][vc_column][vc_empty_space][vc_column_text css=\u00a0\u00bb\u00a0\u00bb]Revivez l\u2019intensit\u00e9 de la rencontre f\u00e9minine de handball entre la S\u00e9lection du Val d\u2019Oise et la S\u00e9lection nationale des \u00c9tats-Unis. Un affrontement passionnant o\u00f9 la technique et l\u2019adr\u00e9naline se rencontrent sur le terrain, captur\u00e9 par un photographe sportif au plus pr\u00e8s de l\u2019action.[\/vc_column_text][vc_empty_space][\/vc_column][\/vc_row]\" \/>\n<meta property=\"og:url\" content=\"https:\/\/fotk.fr\/sport\/handball\/\" \/>\n<meta property=\"og:site_name\" content=\"Photographe de sport\" \/>\n<meta property=\"article:modified_time\" content=\"2026-01-07T17:18:34+00:00\" \/>\n<meta property=\"og:image\" content=\"https:\/\/fotk.fr\/sport\/wp-content\/uploads\/sites\/4\/2023\/09\/Photo_Vincent-Krieger_220602_191137_D61_1841-bd.jpg\" \/>\n\t<meta property=\"og:image:width\" content=\"2000\" \/>\n\t<meta property=\"og:image:height\" content=\"1333\" \/>\n\t<meta property=\"og:image:type\" content=\"image\/jpeg\" \/>\n<meta name=\"twitter:card\" content=\"summary_large_image\" \/>\n<meta name=\"twitter:label1\" content=\"Dur\u00e9e de lecture estim\u00e9e\" \/>\n\t<meta name=\"twitter:data1\" content=\"1 minute\" \/>\n<script type=\"application\/ld+json\" class=\"yoast-schema-graph\">{\"@context\":\"https:\/\/schema.org\",\"@graph\":[{\"@type\":\"WebPage\",\"@id\":\"https:\/\/fotk.fr\/sport\/handball\/\",\"url\":\"https:\/\/fotk.fr\/sport\/handball\/\",\"name\":\"Handball - Photographe de sport\",\"isPartOf\":{\"@id\":\"https:\/\/fotk.fr\/sport\/#website\"},\"primaryImageOfPage\":{\"@id\":\"https:\/\/fotk.fr\/sport\/handball\/#primaryimage\"},\"image\":{\"@id\":\"https:\/\/fotk.fr\/sport\/handball\/#primaryimage\"},\"thumbnailUrl\":\"https:\/\/fotk.fr\/sport\/wp-content\/uploads\/sites\/4\/2023\/09\/Photo_Vincent-Krieger_220602_191137_D61_1841-bd.jpg\",\"datePublished\":\"2025-12-13T16:10:32+00:00\",\"dateModified\":\"2026-01-07T17:18:34+00:00\",\"breadcrumb\":{\"@id\":\"https:\/\/fotk.fr\/sport\/handball\/#breadcrumb\"},\"inLanguage\":\"fr-FR\",\"potentialAction\":[{\"@type\":\"ReadAction\",\"target\":[\"https:\/\/fotk.fr\/sport\/handball\/\"]}]},{\"@type\":\"ImageObject\",\"inLanguage\":\"fr-FR\",\"@id\":\"https:\/\/fotk.fr\/sport\/handball\/#primaryimage\",\"url\":\"https:\/\/fotk.fr\/sport\/wp-content\/uploads\/sites\/4\/2023\/09\/Photo_Vincent-Krieger_220602_191137_D61_1841-bd.jpg\",\"contentUrl\":\"https:\/\/fotk.fr\/sport\/wp-content\/uploads\/sites\/4\/2023\/09\/Photo_Vincent-Krieger_220602_191137_D61_1841-bd.jpg\",\"width\":2000,\"height\":1333},{\"@type\":\"BreadcrumbList\",\"@id\":\"https:\/\/fotk.fr\/sport\/handball\/#breadcrumb\",\"itemListElement\":[{\"@type\":\"ListItem\",\"position\":1,\"name\":\"Accueil\",\"item\":\"https:\/\/fotk.fr\/sport\/\"},{\"@type\":\"ListItem\",\"position\":2,\"name\":\"Handball\"}]},{\"@type\":\"WebSite\",\"@id\":\"https:\/\/fotk.fr\/sport\/#website\",\"url\":\"https:\/\/fotk.fr\/sport\/\",\"name\":\"Photographe de sport\",\"description\":\"Vincent Kri\u00e9ger\",\"publisher\":{\"@id\":\"https:\/\/fotk.fr\/sport\/#organization\"},\"potentialAction\":[{\"@type\":\"SearchAction\",\"target\":{\"@type\":\"EntryPoint\",\"urlTemplate\":\"https:\/\/fotk.fr\/sport\/?s={search_term_string}\"},\"query-input\":{\"@type\":\"PropertyValueSpecification\",\"valueRequired\":true,\"valueName\":\"search_term_string\"}}],\"inLanguage\":\"fr-FR\"},{\"@type\":\"Organization\",\"@id\":\"https:\/\/fotk.fr\/sport\/#organization\",\"name\":\"Photographe de sport\",\"url\":\"https:\/\/fotk.fr\/sport\/\",\"logo\":{\"@type\":\"ImageObject\",\"inLanguage\":\"fr-FR\",\"@id\":\"https:\/\/fotk.fr\/sport\/#\/schema\/logo\/image\/\",\"url\":\"https:\/\/fotk.fr\/sport\/wp-content\/uploads\/sites\/4\/2025\/12\/logo-FOTK-noir-512.png\",\"contentUrl\":\"https:\/\/fotk.fr\/sport\/wp-content\/uploads\/sites\/4\/2025\/12\/logo-FOTK-noir-512.png\",\"width\":512,\"height\":512,\"caption\":\"Photographe de sport\"},\"image\":{\"@id\":\"https:\/\/fotk.fr\/sport\/#\/schema\/logo\/image\/\"}}]}<\/script>\n<!-- \/ Yoast SEO plugin. -->","yoast_head_json":{"title":"Handball - Photographe de sport","robots":{"index":"index","follow":"follow","max-snippet":"max-snippet:-1","max-image-preview":"max-image-preview:large","max-video-preview":"max-video-preview:-1"},"canonical":"https:\/\/fotk.fr\/sport\/handball\/","og_locale":"fr_FR","og_type":"article","og_title":"Handball - Photographe de sport","og_description":"[vc_row][vc_column][vc_empty_space][vc_column_text css=\u00a0\u00bb\u00a0\u00bb]Revivez l\u2019intensit\u00e9 de la rencontre f\u00e9minine de handball entre la S\u00e9lection du Val d\u2019Oise et la S\u00e9lection nationale des \u00c9tats-Unis. Un affrontement passionnant o\u00f9 la technique et l\u2019adr\u00e9naline se rencontrent sur le terrain, captur\u00e9 par un photographe sportif au plus pr\u00e8s de l\u2019action.[\/vc_column_text][vc_empty_space][\/vc_column][\/vc_row]","og_url":"https:\/\/fotk.fr\/sport\/handball\/","og_site_name":"Photographe de sport","article_modified_time":"2026-01-07T17:18:34+00:00","og_image":[{"width":2000,"height":1333,"url":"https:\/\/fotk.fr\/sport\/wp-content\/uploads\/sites\/4\/2023\/09\/Photo_Vincent-Krieger_220602_191137_D61_1841-bd.jpg","type":"image\/jpeg"}],"twitter_card":"summary_large_image","twitter_misc":{"Dur\u00e9e de lecture estim\u00e9e":"1 minute"},"schema":{"@context":"https:\/\/schema.org","@graph":[{"@type":"WebPage","@id":"https:\/\/fotk.fr\/sport\/handball\/","url":"https:\/\/fotk.fr\/sport\/handball\/","name":"Handball - Photographe de sport","isPartOf":{"@id":"https:\/\/fotk.fr\/sport\/#website"},"primaryImageOfPage":{"@id":"https:\/\/fotk.fr\/sport\/handball\/#primaryimage"},"image":{"@id":"https:\/\/fotk.fr\/sport\/handball\/#primaryimage"},"thumbnailUrl":"https:\/\/fotk.fr\/sport\/wp-content\/uploads\/sites\/4\/2023\/09\/Photo_Vincent-Krieger_220602_191137_D61_1841-bd.jpg","datePublished":"2025-12-13T16:10:32+00:00","dateModified":"2026-01-07T17:18:34+00:00","breadcrumb":{"@id":"https:\/\/fotk.fr\/sport\/handball\/#breadcrumb"},"inLanguage":"fr-FR","potentialAction":[{"@type":"ReadAction","target":["https:\/\/fotk.fr\/sport\/handball\/"]}]},{"@type":"ImageObject","inLanguage":"fr-FR","@id":"https:\/\/fotk.fr\/sport\/handball\/#primaryimage","url":"https:\/\/fotk.fr\/sport\/wp-content\/uploads\/sites\/4\/2023\/09\/Photo_Vincent-Krieger_220602_191137_D61_1841-bd.jpg","contentUrl":"https:\/\/fotk.fr\/sport\/wp-content\/uploads\/sites\/4\/2023\/09\/Photo_Vincent-Krieger_220602_191137_D61_1841-bd.jpg","width":2000,"height":1333},{"@type":"BreadcrumbList","@id":"https:\/\/fotk.fr\/sport\/handball\/#breadcrumb","itemListElement":[{"@type":"ListItem","position":1,"name":"Accueil","item":"https:\/\/fotk.fr\/sport\/"},{"@type":"ListItem","position":2,"name":"Handball"}]},{"@type":"WebSite","@id":"https:\/\/fotk.fr\/sport\/#website","url":"https:\/\/fotk.fr\/sport\/","name":"Photographe de sport","description":"Vincent Kri\u00e9ger","publisher":{"@id":"https:\/\/fotk.fr\/sport\/#organization"},"potentialAction":[{"@type":"SearchAction","target":{"@type":"EntryPoint","urlTemplate":"https:\/\/fotk.fr\/sport\/?s={search_term_string}"},"query-input":{"@type":"PropertyValueSpecification","valueRequired":true,"valueName":"search_term_string"}}],"inLanguage":"fr-FR"},{"@type":"Organization","@id":"https:\/\/fotk.fr\/sport\/#organization","name":"Photographe de sport","url":"https:\/\/fotk.fr\/sport\/","logo":{"@type":"ImageObject","inLanguage":"fr-FR","@id":"https:\/\/fotk.fr\/sport\/#\/schema\/logo\/image\/","url":"https:\/\/fotk.fr\/sport\/wp-content\/uploads\/sites\/4\/2025\/12\/logo-FOTK-noir-512.png","contentUrl":"https:\/\/fotk.fr\/sport\/wp-content\/uploads\/sites\/4\/2025\/12\/logo-FOTK-noir-512.png","width":512,"height":512,"caption":"Photographe de sport"},"image":{"@id":"https:\/\/fotk.fr\/sport\/#\/schema\/logo\/image\/"}}]}},"_links":{"self":[{"href":"https:\/\/fotk.fr\/sport\/wp-json\/wp\/v2\/pages\/37067","targetHints":{"allow":["GET"]}}],"collection":[{"href":"https:\/\/fotk.fr\/sport\/wp-json\/wp\/v2\/pages"}],"about":[{"href":"https:\/\/fotk.fr\/sport\/wp-json\/wp\/v2\/types\/page"}],"author":[{"embeddable":true,"href":"https:\/\/fotk.fr\/sport\/wp-json\/wp\/v2\/users\/1"}],"replies":[{"embeddable":true,"href":"https:\/\/fotk.fr\/sport\/wp-json\/wp\/v2\/comments?post=37067"}],"version-history":[{"count":5,"href":"https:\/\/fotk.fr\/sport\/wp-json\/wp\/v2\/pages\/37067\/revisions"}],"predecessor-version":[{"id":37926,"href":"https:\/\/fotk.fr\/sport\/wp-json\/wp\/v2\/pages\/37067\/revisions\/37926"}],"wp:featuredmedia":[{"embeddable":true,"href":"https:\/\/fotk.fr\/sport\/wp-json\/wp\/v2\/media\/37701"}],"wp:attachment":[{"href":"https:\/\/fotk.fr\/sport\/wp-json\/wp\/v2\/media?parent=37067"}],"curies":[{"name":"wp","href":"https:\/\/api.w.org\/{rel}","templated":true}]}}