{"id":37069,"date":"2025-12-13T17:10:52","date_gmt":"2025-12-13T16:10:52","guid":{"rendered":"https:\/\/fotk.fr\/sport\/?page_id=37069"},"modified":"2026-01-08T17:07:10","modified_gmt":"2026-01-08T16:07:10","slug":"lutte","status":"publish","type":"page","link":"https:\/\/fotk.fr\/sport\/lutte\/","title":{"rendered":"Lutte"},"content":{"rendered":"<div class=\"wpb-content-wrapper\"><p>[vc_row][vc_column][vc_empty_space][vc_column_text css=\u00a0\u00bb\u00a0\u00bb]F\u00e9d\u00e9ration Fran\u00e7aise de Lutte &#8211; FFL<\/p>\n<p>D\u00e9couvrez le travail de Vincent Kri\u00e9ger, photographe pour la F\u00e9d\u00e9ration Fran\u00e7aise de Lutte. Des moments forts, l\u2019intensit\u00e9 et les \u00e9motions des entrainements<\/p>\n<p>de lutte avec des images saisissantes, captur\u00e9es au c\u0153ur de l\u2019action.[\/vc_column_text][vc_empty_space]<div class=\"wf-container dt-gallery-container dt-photos-shortcode loading-effect-none iso-container\" data-padding=\"20px\" data-cur-page=\"1\" data-width=\"370px\" data-columns=\"1\"><div class=\"wf-cell iso-item\" data-date=\"2026-01-08T17:13:49+01:00\" data-name=\"Photo Vincent KRIEGER\" data-post-id=\"37934\">\n<article class=\"post post-37934 attachment type-attachment status-inherit hentry description-off\">\n\n\t\n<div class=\"rollover-project links-hovers-disabled\">\n\n\t<a href=\"https:\/\/fotk.fr\/sport\/wp-content\/uploads\/sites\/4\/2017\/03\/Photo_Vincent-Krieger_170131_145048_D51_3898.jpg\" class=\"dt-mfp-item mfp-image rollover rollover-zoom\"  data-dt-img-description=\"\" ><img class=\"preload-me\" srcset=\"https:\/\/fotk.fr\/sport\/wp-content\/uploads\/sites\/4\/2017\/03\/Photo_Vincent-Krieger_170131_145048_D51_3898.jpg 1x, https:\/\/fotk.fr\/sport\/wp-content\/uploads\/sites\/4\/2017\/03\/Photo_Vincent-Krieger_170131_145048_D51_3898.jpg 2x\" alt=\"\" width=\"1333\" height=\"2000\"  \/><\/a>\n\t\n<\/div>\n<\/article>\n\n<\/div><div class=\"wf-cell iso-item\" data-date=\"2026-01-08T17:13:50+01:00\" data-name=\"Photo Vincent KRIEGER\" data-post-id=\"37935\">\n<article class=\"post post-37935 attachment type-attachment status-inherit hentry description-off\">\n\n\t\n<div class=\"rollover-project links-hovers-disabled\">\n\n\t<a href=\"https:\/\/fotk.fr\/sport\/wp-content\/uploads\/sites\/4\/2017\/03\/Photo_Vincent-Krieger_170131_145534_D51_4010.jpg\" class=\"dt-mfp-item mfp-image rollover rollover-zoom\"  data-dt-img-description=\"\" ><img class=\"preload-me\" srcset=\"https:\/\/fotk.fr\/sport\/wp-content\/uploads\/sites\/4\/2017\/03\/Photo_Vincent-Krieger_170131_145534_D51_4010.jpg 1x, https:\/\/fotk.fr\/sport\/wp-content\/uploads\/sites\/4\/2017\/03\/Photo_Vincent-Krieger_170131_145534_D51_4010.jpg 2x\" alt=\"\" width=\"1333\" height=\"2000\"  \/><\/a>\n\t\n<\/div>\n<\/article>\n\n<\/div><div class=\"wf-cell iso-item\" data-date=\"2026-01-08T17:13:51+01:00\" data-name=\"Photo Vincent KRIEGER\" data-post-id=\"37936\">\n<article class=\"post post-37936 attachment type-attachment status-inherit hentry description-off\">\n\n\t\n<div class=\"rollover-project links-hovers-disabled\">\n\n\t<a href=\"https:\/\/fotk.fr\/sport\/wp-content\/uploads\/sites\/4\/2017\/03\/Photo_Vincent-Krieger_170131_150650_D51_4154.jpg\" class=\"dt-mfp-item mfp-image rollover rollover-zoom\"  data-dt-img-description=\"\" ><img class=\"preload-me\" srcset=\"https:\/\/fotk.fr\/sport\/wp-content\/uploads\/sites\/4\/2017\/03\/Photo_Vincent-Krieger_170131_150650_D51_4154.jpg 1x, https:\/\/fotk.fr\/sport\/wp-content\/uploads\/sites\/4\/2017\/03\/Photo_Vincent-Krieger_170131_150650_D51_4154.jpg 2x\" alt=\"\" width=\"2000\" height=\"1333\"  \/><\/a>\n\t\n<\/div>\n<\/article>\n\n<\/div><div class=\"wf-cell iso-item\" data-date=\"2026-01-08T17:13:51+01:00\" data-name=\"Photo Vincent KRIEGER\" data-post-id=\"37937\">\n<article class=\"post post-37937 attachment type-attachment status-inherit hentry description-off\">\n\n\t\n<div class=\"rollover-project links-hovers-disabled\">\n\n\t<a href=\"https:\/\/fotk.fr\/sport\/wp-content\/uploads\/sites\/4\/2017\/03\/Photo_Vincent-Krieger_170131_152946_D52_0074.jpg\" class=\"dt-mfp-item mfp-image rollover rollover-zoom\"  data-dt-img-description=\"\" ><img class=\"preload-me\" srcset=\"https:\/\/fotk.fr\/sport\/wp-content\/uploads\/sites\/4\/2017\/03\/Photo_Vincent-Krieger_170131_152946_D52_0074.jpg 1x, https:\/\/fotk.fr\/sport\/wp-content\/uploads\/sites\/4\/2017\/03\/Photo_Vincent-Krieger_170131_152946_D52_0074.jpg 2x\" alt=\"\" width=\"2000\" height=\"1333\"  \/><\/a>\n\t\n<\/div>\n<\/article>\n\n<\/div><div class=\"wf-cell iso-item\" data-date=\"2026-01-08T17:13:52+01:00\" data-name=\"Photo Vincent KRIEGER\" data-post-id=\"37938\">\n<article class=\"post post-37938 attachment type-attachment status-inherit hentry description-off\">\n\n\t\n<div class=\"rollover-project links-hovers-disabled\">\n\n\t<a href=\"https:\/\/fotk.fr\/sport\/wp-content\/uploads\/sites\/4\/2017\/03\/Photo_Vincent-Krieger_170131_153526_D52_0120.jpg\" class=\"dt-mfp-item mfp-image rollover rollover-zoom\"  data-dt-img-description=\"\" ><img class=\"preload-me\" srcset=\"https:\/\/fotk.fr\/sport\/wp-content\/uploads\/sites\/4\/2017\/03\/Photo_Vincent-Krieger_170131_153526_D52_0120.jpg 1x, https:\/\/fotk.fr\/sport\/wp-content\/uploads\/sites\/4\/2017\/03\/Photo_Vincent-Krieger_170131_153526_D52_0120.jpg 2x\" alt=\"\" width=\"2000\" height=\"1333\"  \/><\/a>\n\t\n<\/div>\n<\/article>\n\n<\/div><div class=\"wf-cell iso-item\" data-date=\"2026-01-08T17:13:53+01:00\" data-name=\"Photo Vincent KRIEGER\" data-post-id=\"37939\">\n<article class=\"post post-37939 attachment type-attachment status-inherit hentry description-off\">\n\n\t\n<div class=\"rollover-project links-hovers-disabled\">\n\n\t<a href=\"https:\/\/fotk.fr\/sport\/wp-content\/uploads\/sites\/4\/2017\/03\/Photo_Vincent-Krieger_170131_162817_D52_0375.jpg\" class=\"dt-mfp-item mfp-image rollover rollover-zoom\"  data-dt-img-description=\"\" ><img class=\"preload-me\" srcset=\"https:\/\/fotk.fr\/sport\/wp-content\/uploads\/sites\/4\/2017\/03\/Photo_Vincent-Krieger_170131_162817_D52_0375.jpg 1x, https:\/\/fotk.fr\/sport\/wp-content\/uploads\/sites\/4\/2017\/03\/Photo_Vincent-Krieger_170131_162817_D52_0375.jpg 2x\" alt=\"\" width=\"1333\" height=\"2000\"  \/><\/a>\n\t\n<\/div>\n<\/article>\n\n<\/div><div class=\"wf-cell iso-item\" data-date=\"2026-01-08T17:13:53+01:00\" data-name=\"Photo Vincent KRIEGER\" data-post-id=\"37940\">\n<article class=\"post post-37940 attachment type-attachment status-inherit hentry description-off\">\n\n\t\n<div class=\"rollover-project links-hovers-disabled\">\n\n\t<a href=\"https:\/\/fotk.fr\/sport\/wp-content\/uploads\/sites\/4\/2017\/03\/Photo_Vincent-Krieger_170131_163934_D51_4541.jpg\" class=\"dt-mfp-item mfp-image rollover rollover-zoom\"  data-dt-img-description=\"\" ><img class=\"preload-me\" srcset=\"https:\/\/fotk.fr\/sport\/wp-content\/uploads\/sites\/4\/2017\/03\/Photo_Vincent-Krieger_170131_163934_D51_4541.jpg 1x, https:\/\/fotk.fr\/sport\/wp-content\/uploads\/sites\/4\/2017\/03\/Photo_Vincent-Krieger_170131_163934_D51_4541.jpg 2x\" alt=\"\" width=\"2000\" height=\"1333\"  \/><\/a>\n\t\n<\/div>\n<\/article>\n\n<\/div><div class=\"wf-cell iso-item\" data-date=\"2026-01-08T17:13:54+01:00\" data-name=\"Photo Vincent KRIEGER\" data-post-id=\"37941\">\n<article class=\"post post-37941 attachment type-attachment status-inherit hentry description-off\">\n\n\t\n<div class=\"rollover-project links-hovers-disabled\">\n\n\t<a href=\"https:\/\/fotk.fr\/sport\/wp-content\/uploads\/sites\/4\/2017\/03\/Photo_Vincent-Krieger_170131_172300_D52_0577.jpg\" class=\"dt-mfp-item mfp-image rollover rollover-zoom\"  data-dt-img-description=\"\" ><img class=\"preload-me\" srcset=\"https:\/\/fotk.fr\/sport\/wp-content\/uploads\/sites\/4\/2017\/03\/Photo_Vincent-Krieger_170131_172300_D52_0577.jpg 1x, https:\/\/fotk.fr\/sport\/wp-content\/uploads\/sites\/4\/2017\/03\/Photo_Vincent-Krieger_170131_172300_D52_0577.jpg 2x\" alt=\"\" width=\"2000\" height=\"1333\"  \/><\/a>\n\t\n<\/div>\n<\/article>\n\n<\/div><div class=\"wf-cell iso-item\" data-date=\"2026-01-08T17:13:55+01:00\" data-name=\"Photo Vincent KRIEGER\" data-post-id=\"37942\">\n<article class=\"post post-37942 attachment type-attachment status-inherit hentry description-off\">\n\n\t\n<div class=\"rollover-project links-hovers-disabled\">\n\n\t<a href=\"https:\/\/fotk.fr\/sport\/wp-content\/uploads\/sites\/4\/2017\/03\/Photo_Vincent-Krieger_170131_173010_D52_0599.jpg\" class=\"dt-mfp-item mfp-image rollover rollover-zoom\"  data-dt-img-description=\"\" ><img class=\"preload-me\" srcset=\"https:\/\/fotk.fr\/sport\/wp-content\/uploads\/sites\/4\/2017\/03\/Photo_Vincent-Krieger_170131_173010_D52_0599.jpg 1x, https:\/\/fotk.fr\/sport\/wp-content\/uploads\/sites\/4\/2017\/03\/Photo_Vincent-Krieger_170131_173010_D52_0599.jpg 2x\" alt=\"\" width=\"2000\" height=\"1333\"  \/><\/a>\n\t\n<\/div>\n<\/article>\n\n<\/div><\/div>[\/vc_column][\/vc_row]<\/p>\n<\/div>","protected":false},"excerpt":{"rendered":"<p>[vc_row][vc_column][vc_empty_space][vc_column_text css=\u00a0\u00bb\u00a0\u00bb]F\u00e9d\u00e9ration Fran\u00e7aise de Lutte &#8211; FFL D\u00e9couvrez le travail de Vincent Kri\u00e9ger, photographe pour la F\u00e9d\u00e9ration Fran\u00e7aise de Lutte. Des moments forts, l\u2019intensit\u00e9 et les \u00e9motions des entrainements de lutte avec des images saisissantes, captur\u00e9es au c\u0153ur de l\u2019action.[\/vc_column_text][vc_empty_space][\/vc_column][\/vc_row]<\/p>\n","protected":false},"author":1,"featured_media":37930,"parent":0,"menu_order":0,"comment_status":"closed","ping_status":"closed","template":"","meta":{"footnotes":""},"class_list":["post-37069","page","type-page","status-publish","has-post-thumbnail","hentry","description-off"],"yoast_head":"<!-- This site is optimized with the Yoast SEO plugin v26.5 - https:\/\/yoast.com\/wordpress\/plugins\/seo\/ -->\n<title>Lutte - Photographe de sport<\/title>\n<meta name=\"robots\" content=\"index, follow, max-snippet:-1, max-image-preview:large, max-video-preview:-1\" \/>\n<link rel=\"canonical\" href=\"https:\/\/fotk.fr\/sport\/lutte\/\" \/>\n<meta property=\"og:locale\" content=\"fr_FR\" \/>\n<meta property=\"og:type\" content=\"article\" \/>\n<meta property=\"og:title\" content=\"Lutte - Photographe de sport\" \/>\n<meta property=\"og:description\" content=\"[vc_row][vc_column][vc_empty_space][vc_column_text css=\u00a0\u00bb\u00a0\u00bb]F\u00e9d\u00e9ration Fran\u00e7aise de Lutte &#8211; FFL D\u00e9couvrez le travail de Vincent Kri\u00e9ger, photographe pour la F\u00e9d\u00e9ration Fran\u00e7aise de Lutte. Des moments forts, l\u2019intensit\u00e9 et les \u00e9motions des entrainements de lutte avec des images saisissantes, captur\u00e9es au c\u0153ur de l\u2019action.[\/vc_column_text][vc_empty_space][\/vc_column][\/vc_row]\" \/>\n<meta property=\"og:url\" content=\"https:\/\/fotk.fr\/sport\/lutte\/\" \/>\n<meta property=\"og:site_name\" content=\"Photographe de sport\" \/>\n<meta property=\"article:modified_time\" content=\"2026-01-08T16:07:10+00:00\" \/>\n<meta property=\"og:image\" content=\"https:\/\/fotk.fr\/sport\/wp-content\/uploads\/sites\/4\/2026\/01\/Photo_Vincent-Krieger_170131_152623_D51_4356-scaled.jpg\" \/>\n\t<meta property=\"og:image:width\" content=\"2560\" \/>\n\t<meta property=\"og:image:height\" content=\"1707\" \/>\n\t<meta property=\"og:image:type\" content=\"image\/jpeg\" \/>\n<meta name=\"twitter:card\" content=\"summary_large_image\" \/>\n<meta name=\"twitter:label1\" content=\"Dur\u00e9e de lecture estim\u00e9e\" \/>\n\t<meta name=\"twitter:data1\" content=\"1 minute\" \/>\n<script type=\"application\/ld+json\" class=\"yoast-schema-graph\">{\"@context\":\"https:\/\/schema.org\",\"@graph\":[{\"@type\":\"WebPage\",\"@id\":\"https:\/\/fotk.fr\/sport\/lutte\/\",\"url\":\"https:\/\/fotk.fr\/sport\/lutte\/\",\"name\":\"Lutte - Photographe de sport\",\"isPartOf\":{\"@id\":\"https:\/\/fotk.fr\/sport\/#website\"},\"primaryImageOfPage\":{\"@id\":\"https:\/\/fotk.fr\/sport\/lutte\/#primaryimage\"},\"image\":{\"@id\":\"https:\/\/fotk.fr\/sport\/lutte\/#primaryimage\"},\"thumbnailUrl\":\"https:\/\/fotk.fr\/sport\/wp-content\/uploads\/sites\/4\/2026\/01\/Photo_Vincent-Krieger_170131_152623_D51_4356-scaled.jpg\",\"datePublished\":\"2025-12-13T16:10:52+00:00\",\"dateModified\":\"2026-01-08T16:07:10+00:00\",\"breadcrumb\":{\"@id\":\"https:\/\/fotk.fr\/sport\/lutte\/#breadcrumb\"},\"inLanguage\":\"fr-FR\",\"potentialAction\":[{\"@type\":\"ReadAction\",\"target\":[\"https:\/\/fotk.fr\/sport\/lutte\/\"]}]},{\"@type\":\"ImageObject\",\"inLanguage\":\"fr-FR\",\"@id\":\"https:\/\/fotk.fr\/sport\/lutte\/#primaryimage\",\"url\":\"https:\/\/fotk.fr\/sport\/wp-content\/uploads\/sites\/4\/2026\/01\/Photo_Vincent-Krieger_170131_152623_D51_4356-scaled.jpg\",\"contentUrl\":\"https:\/\/fotk.fr\/sport\/wp-content\/uploads\/sites\/4\/2026\/01\/Photo_Vincent-Krieger_170131_152623_D51_4356-scaled.jpg\",\"width\":2560,\"height\":1707,\"caption\":\"Photo Vincent KRIEGER\"},{\"@type\":\"BreadcrumbList\",\"@id\":\"https:\/\/fotk.fr\/sport\/lutte\/#breadcrumb\",\"itemListElement\":[{\"@type\":\"ListItem\",\"position\":1,\"name\":\"Accueil\",\"item\":\"https:\/\/fotk.fr\/sport\/\"},{\"@type\":\"ListItem\",\"position\":2,\"name\":\"Lutte\"}]},{\"@type\":\"WebSite\",\"@id\":\"https:\/\/fotk.fr\/sport\/#website\",\"url\":\"https:\/\/fotk.fr\/sport\/\",\"name\":\"Photographe de sport\",\"description\":\"Vincent Kri\u00e9ger\",\"publisher\":{\"@id\":\"https:\/\/fotk.fr\/sport\/#organization\"},\"potentialAction\":[{\"@type\":\"SearchAction\",\"target\":{\"@type\":\"EntryPoint\",\"urlTemplate\":\"https:\/\/fotk.fr\/sport\/?s={search_term_string}\"},\"query-input\":{\"@type\":\"PropertyValueSpecification\",\"valueRequired\":true,\"valueName\":\"search_term_string\"}}],\"inLanguage\":\"fr-FR\"},{\"@type\":\"Organization\",\"@id\":\"https:\/\/fotk.fr\/sport\/#organization\",\"name\":\"Photographe de sport\",\"url\":\"https:\/\/fotk.fr\/sport\/\",\"logo\":{\"@type\":\"ImageObject\",\"inLanguage\":\"fr-FR\",\"@id\":\"https:\/\/fotk.fr\/sport\/#\/schema\/logo\/image\/\",\"url\":\"https:\/\/fotk.fr\/sport\/wp-content\/uploads\/sites\/4\/2025\/12\/logo-FOTK-noir-512.png\",\"contentUrl\":\"https:\/\/fotk.fr\/sport\/wp-content\/uploads\/sites\/4\/2025\/12\/logo-FOTK-noir-512.png\",\"width\":512,\"height\":512,\"caption\":\"Photographe de sport\"},\"image\":{\"@id\":\"https:\/\/fotk.fr\/sport\/#\/schema\/logo\/image\/\"}}]}<\/script>\n<!-- \/ Yoast SEO plugin. -->","yoast_head_json":{"title":"Lutte - Photographe de sport","robots":{"index":"index","follow":"follow","max-snippet":"max-snippet:-1","max-image-preview":"max-image-preview:large","max-video-preview":"max-video-preview:-1"},"canonical":"https:\/\/fotk.fr\/sport\/lutte\/","og_locale":"fr_FR","og_type":"article","og_title":"Lutte - Photographe de sport","og_description":"[vc_row][vc_column][vc_empty_space][vc_column_text css=\u00a0\u00bb\u00a0\u00bb]F\u00e9d\u00e9ration Fran\u00e7aise de Lutte &#8211; FFL D\u00e9couvrez le travail de Vincent Kri\u00e9ger, photographe pour la F\u00e9d\u00e9ration Fran\u00e7aise de Lutte. Des moments forts, l\u2019intensit\u00e9 et les \u00e9motions des entrainements de lutte avec des images saisissantes, captur\u00e9es au c\u0153ur de l\u2019action.[\/vc_column_text][vc_empty_space][\/vc_column][\/vc_row]","og_url":"https:\/\/fotk.fr\/sport\/lutte\/","og_site_name":"Photographe de sport","article_modified_time":"2026-01-08T16:07:10+00:00","og_image":[{"width":2560,"height":1707,"url":"https:\/\/fotk.fr\/sport\/wp-content\/uploads\/sites\/4\/2026\/01\/Photo_Vincent-Krieger_170131_152623_D51_4356-scaled.jpg","type":"image\/jpeg"}],"twitter_card":"summary_large_image","twitter_misc":{"Dur\u00e9e de lecture estim\u00e9e":"1 minute"},"schema":{"@context":"https:\/\/schema.org","@graph":[{"@type":"WebPage","@id":"https:\/\/fotk.fr\/sport\/lutte\/","url":"https:\/\/fotk.fr\/sport\/lutte\/","name":"Lutte - Photographe de sport","isPartOf":{"@id":"https:\/\/fotk.fr\/sport\/#website"},"primaryImageOfPage":{"@id":"https:\/\/fotk.fr\/sport\/lutte\/#primaryimage"},"image":{"@id":"https:\/\/fotk.fr\/sport\/lutte\/#primaryimage"},"thumbnailUrl":"https:\/\/fotk.fr\/sport\/wp-content\/uploads\/sites\/4\/2026\/01\/Photo_Vincent-Krieger_170131_152623_D51_4356-scaled.jpg","datePublished":"2025-12-13T16:10:52+00:00","dateModified":"2026-01-08T16:07:10+00:00","breadcrumb":{"@id":"https:\/\/fotk.fr\/sport\/lutte\/#breadcrumb"},"inLanguage":"fr-FR","potentialAction":[{"@type":"ReadAction","target":["https:\/\/fotk.fr\/sport\/lutte\/"]}]},{"@type":"ImageObject","inLanguage":"fr-FR","@id":"https:\/\/fotk.fr\/sport\/lutte\/#primaryimage","url":"https:\/\/fotk.fr\/sport\/wp-content\/uploads\/sites\/4\/2026\/01\/Photo_Vincent-Krieger_170131_152623_D51_4356-scaled.jpg","contentUrl":"https:\/\/fotk.fr\/sport\/wp-content\/uploads\/sites\/4\/2026\/01\/Photo_Vincent-Krieger_170131_152623_D51_4356-scaled.jpg","width":2560,"height":1707,"caption":"Photo Vincent KRIEGER"},{"@type":"BreadcrumbList","@id":"https:\/\/fotk.fr\/sport\/lutte\/#breadcrumb","itemListElement":[{"@type":"ListItem","position":1,"name":"Accueil","item":"https:\/\/fotk.fr\/sport\/"},{"@type":"ListItem","position":2,"name":"Lutte"}]},{"@type":"WebSite","@id":"https:\/\/fotk.fr\/sport\/#website","url":"https:\/\/fotk.fr\/sport\/","name":"Photographe de sport","description":"Vincent Kri\u00e9ger","publisher":{"@id":"https:\/\/fotk.fr\/sport\/#organization"},"potentialAction":[{"@type":"SearchAction","target":{"@type":"EntryPoint","urlTemplate":"https:\/\/fotk.fr\/sport\/?s={search_term_string}"},"query-input":{"@type":"PropertyValueSpecification","valueRequired":true,"valueName":"search_term_string"}}],"inLanguage":"fr-FR"},{"@type":"Organization","@id":"https:\/\/fotk.fr\/sport\/#organization","name":"Photographe de sport","url":"https:\/\/fotk.fr\/sport\/","logo":{"@type":"ImageObject","inLanguage":"fr-FR","@id":"https:\/\/fotk.fr\/sport\/#\/schema\/logo\/image\/","url":"https:\/\/fotk.fr\/sport\/wp-content\/uploads\/sites\/4\/2025\/12\/logo-FOTK-noir-512.png","contentUrl":"https:\/\/fotk.fr\/sport\/wp-content\/uploads\/sites\/4\/2025\/12\/logo-FOTK-noir-512.png","width":512,"height":512,"caption":"Photographe de sport"},"image":{"@id":"https:\/\/fotk.fr\/sport\/#\/schema\/logo\/image\/"}}]}},"_links":{"self":[{"href":"https:\/\/fotk.fr\/sport\/wp-json\/wp\/v2\/pages\/37069","targetHints":{"allow":["GET"]}}],"collection":[{"href":"https:\/\/fotk.fr\/sport\/wp-json\/wp\/v2\/pages"}],"about":[{"href":"https:\/\/fotk.fr\/sport\/wp-json\/wp\/v2\/types\/page"}],"author":[{"embeddable":true,"href":"https:\/\/fotk.fr\/sport\/wp-json\/wp\/v2\/users\/1"}],"replies":[{"embeddable":true,"href":"https:\/\/fotk.fr\/sport\/wp-json\/wp\/v2\/comments?post=37069"}],"version-history":[{"count":6,"href":"https:\/\/fotk.fr\/sport\/wp-json\/wp\/v2\/pages\/37069\/revisions"}],"predecessor-version":[{"id":37933,"href":"https:\/\/fotk.fr\/sport\/wp-json\/wp\/v2\/pages\/37069\/revisions\/37933"}],"wp:featuredmedia":[{"embeddable":true,"href":"https:\/\/fotk.fr\/sport\/wp-json\/wp\/v2\/media\/37930"}],"wp:attachment":[{"href":"https:\/\/fotk.fr\/sport\/wp-json\/wp\/v2\/media?parent=37069"}],"curies":[{"name":"wp","href":"https:\/\/api.w.org\/{rel}","templated":true}]}}