{"id":37074,"date":"2025-12-13T17:11:23","date_gmt":"2025-12-13T16:11:23","guid":{"rendered":"https:\/\/fotk.fr\/sport\/?page_id=37074"},"modified":"2026-01-08T18:24:28","modified_gmt":"2026-01-08T17:24:28","slug":"trail","status":"publish","type":"page","link":"https:\/\/fotk.fr\/sport\/trail\/","title":{"rendered":"Trail"},"content":{"rendered":"<div class=\"wpb-content-wrapper\"><p>[vc_row][vc_column][vc_empty_space][vc_column_text css=\u00a0\u00bb\u00a0\u00bb]<strong>Photographe sp\u00e9cialis\u00e9 en trail<\/strong><\/p>\n<p>Le m\u00e9tier de photographe sur des trails consiste \u00e0 capturer des moments forts lors d\u2019\u00e9v\u00e9nements en nature, en for\u00eat, sur des chemins de campagne, dans la boue sur des pierriers, de jour, de nuit\u2026<br \/>\nC\u2019est un m\u00e9tier exigeant et passionnant qui allie technique, sport et cr\u00e9ativit\u00e9.[\/vc_column_text][vc_empty_space]<div class=\"wf-container dt-albums-shortcode loading-effect-fade-in description-on-hover iso-grid hover-style-three cs-style-3\" data-padding=\"20px\" data-cur-page=\"1\" data-width=\"370px\" data-columns=\"2\">\n<div class=\"wf-cell category-19\" data-date=\"2025-01-31T13:43:46+01:00\" data-name=\"Raid 28\" data-post-id=\"36923\">\n<article class=\"post post-36923 dt_gallery type-dt_gallery status-publish has-post-thumbnail hentry dt_gallery_category-trail\">\n\n\t\n<div class=\"rollover-project links-hovers-disabled\">\n\n\t<a href=\"https:\/\/fotk.fr\/sport\/wp-content\/uploads\/sites\/4\/2025\/01\/\u00a9-Vincent-Krieger-260124-214359-VK9_5465-bd.jpg\" class=\"rollover-click-target dt-gallery-mfp-popup\"   ><img srcset=\"https:\/\/fotk.fr\/sport\/wp-content\/uploads\/sites\/4\/2025\/01\/\u00a9-Vincent-Krieger-260124-214359-VK9_5465-bd-555x370.jpg 1x, https:\/\/fotk.fr\/sport\/wp-content\/uploads\/sites\/4\/2025\/01\/\u00a9-Vincent-Krieger-260124-214359-VK9_5465-bd-1110x740.jpg 2x\" class=\"preload-me\" alt=\"\"  width=\"555\" height=\"370\"  \/><\/a><div class=\"dt-gallery-container mfp-hide\"><a href=\"https:\/\/fotk.fr\/sport\/wp-content\/uploads\/sites\/4\/2025\/01\/\u00a9-Vincent-Krieger-260124-214359-VK9_5465-bd.jpg\" title=\"\" class=\"mfp-image dt-mfp-item\" data-dt-img-description=\"\" data-dt-location=\"https:\/\/fotk.fr\/sport\/photos\/raid-28\/vincent-krieger-260124-214359-vk9_5465-bd\/\" ><\/a><a href=\"https:\/\/fotk.fr\/sport\/wp-content\/uploads\/sites\/4\/2025\/01\/\u00a9-Vincent-Krieger-260125-002252-VK9_6087-bd.jpg\" title=\"\" class=\"mfp-image dt-mfp-item\" data-dt-img-description=\"\" data-dt-location=\"https:\/\/fotk.fr\/sport\/photos\/raid-28\/vincent-krieger-260125-002252-vk9_6087-bd\/\" ><\/a><a href=\"https:\/\/fotk.fr\/sport\/wp-content\/uploads\/sites\/4\/2025\/01\/\u00a9-Vincent-Krieger-260124-231436-VK9_5921-bd.jpg\" title=\"\" class=\"mfp-image dt-mfp-item\" data-dt-img-description=\"\" data-dt-location=\"https:\/\/fotk.fr\/sport\/photos\/raid-28\/vincent-krieger-260124-231436-vk9_5921-bd\/\" ><\/a><a href=\"https:\/\/fotk.fr\/sport\/wp-content\/uploads\/sites\/4\/2025\/01\/\u00a9-Vincent-Krieger-250125-213315-VK8_0742-bd.jpg\" title=\"\u00a9-Vincent-Krieger-250125-213315-VK8_0742-bd\" class=\"mfp-image dt-mfp-item\" data-dt-img-description=\"\" data-dt-location=\"https:\/\/fotk.fr\/sport\/vincent-krieger-250125-213315-vk8_0742-bd\/\" ><\/a><a href=\"https:\/\/fotk.fr\/sport\/wp-content\/uploads\/sites\/4\/2025\/01\/\u00a9-Vincent-Krieger-250126-053233-VK9_1581-bd.jpg\" title=\"\u00a9-Vincent-Krieger-250126-053233-VK9_1581-bd\" class=\"mfp-image dt-mfp-item\" data-dt-img-description=\"\" data-dt-location=\"https:\/\/fotk.fr\/sport\/vincent-krieger-250126-053233-vk9_1581-bd\/\" ><\/a><a href=\"https:\/\/fotk.fr\/sport\/wp-content\/uploads\/sites\/4\/2025\/01\/\u00a9-Vincent-Krieger-250125-212519-VK8_0687-bd.jpg\" title=\"\u00a9-Vincent-Krieger-250125-212519-VK8_0687-bd\" class=\"mfp-image dt-mfp-item\" data-dt-img-description=\"\" data-dt-location=\"https:\/\/fotk.fr\/sport\/vincent-krieger-250125-212519-vk8_0687-bd\/\" ><\/a><a href=\"https:\/\/fotk.fr\/sport\/wp-content\/uploads\/sites\/4\/2025\/01\/\u00a9-Vincent-Krieger-250125-213410-VK8_0769-bd.jpg\" title=\"\u00a9-Vincent-Krieger-250125-213410-VK8_0769-bd\" class=\"mfp-image dt-mfp-item\" data-dt-img-description=\"\" data-dt-location=\"https:\/\/fotk.fr\/sport\/vincent-krieger-250125-213410-vk8_0769-bd\/\" ><\/a><a href=\"https:\/\/fotk.fr\/sport\/wp-content\/uploads\/sites\/4\/2025\/01\/\u00a9-Vincent-Krieger-250125-201038-VK8_0179-bd.jpg\" title=\"\u00a9-Vincent-Krieger-250125-201038-VK8_0179-bd\" class=\"mfp-image dt-mfp-item\" data-dt-img-description=\"\" data-dt-location=\"https:\/\/fotk.fr\/sport\/vincent-krieger-250125-201038-vk8_0179-bd\/\" ><\/a><a href=\"https:\/\/fotk.fr\/sport\/wp-content\/uploads\/sites\/4\/2025\/01\/\u00a9-Vincent-Krieger-250126-121939-VK8_2200-bd.jpg\" title=\"\u00a9-Vincent-Krieger-250126-121939-VK8_2200-bd\" class=\"mfp-image dt-mfp-item\" data-dt-img-description=\"\" data-dt-location=\"https:\/\/fotk.fr\/sport\/vincent-krieger-250126-121939-vk8_2200-bd\/\" ><\/a><a href=\"https:\/\/fotk.fr\/sport\/wp-content\/uploads\/sites\/4\/2025\/03\/\u00a9-Vincent-Krieger-250126-072700-VK9_1978-bd.jpg\" title=\"\u00a9-Vincent-Krieger-250126-072700-VK9_1978-bd\" class=\"mfp-image dt-mfp-item\" data-dt-img-description=\"\" data-dt-location=\"https:\/\/fotk.fr\/sport\/vincent-krieger-250126-072700-vk9_1978-bd-2\/\" ><\/a><a href=\"https:\/\/fotk.fr\/sport\/wp-content\/uploads\/sites\/4\/2025\/01\/\u00a9-Vincent-Krieger-250125-211320-VK8_0528-bd.jpg\" title=\"\u00a9-Vincent-Krieger-250125-211320-VK8_0528-bd\" class=\"mfp-image dt-mfp-item\" data-dt-img-description=\"\" data-dt-location=\"https:\/\/fotk.fr\/sport\/vincent-krieger-250125-211320-vk8_0528-bd\/\" ><\/a><a href=\"https:\/\/fotk.fr\/sport\/wp-content\/uploads\/sites\/4\/2025\/01\/\u00a9-Vincent-Krieger-250125-213359-VK8_0764-bd.jpg\" title=\"\u00a9-Vincent-Krieger-250125-213359-VK8_0764-bd\" class=\"mfp-image dt-mfp-item\" data-dt-img-description=\"\" data-dt-location=\"https:\/\/fotk.fr\/sport\/vincent-krieger-250125-213359-vk8_0764-bd\/\" ><\/a><a href=\"https:\/\/fotk.fr\/sport\/wp-content\/uploads\/sites\/4\/2025\/01\/\u00a9-Vincent-Krieger-250126-101148-VK8_1965-bd.jpg\" title=\"\u00a9-Vincent-Krieger-250126-101148-VK8_1965-bd\" class=\"mfp-image dt-mfp-item\" data-dt-img-description=\"\" data-dt-location=\"https:\/\/fotk.fr\/sport\/vincent-krieger-250126-101148-vk8_1965-bd\/\" ><\/a><\/div>\n\t\n\t\t<div class=\"rollover-content\">\n\n\t\t\t\n\n<div class=\"rollover-content-container\">\n\n\t\n<div class=\"rollover-content-wrap\">\n\n\t<h3 class=\"entry-title\"><a href=\"https:\/\/fotk.fr\/sport\/photos\/raid-28\/\" class=\"dt-trigger-first-mfp\">Raid 28<\/a><\/h3>\n<\/div>\n<\/div>\n\t\t<\/div>\n\n\t\n<\/div>\n<\/article>\n\n<\/div>\n<div class=\"wf-cell category-19\" data-date=\"2024-03-19T11:52:03+01:00\" data-name=\"EcoTrail Paris\" data-post-id=\"36551\">\n<article class=\"post post-36551 dt_gallery type-dt_gallery status-publish has-post-thumbnail hentry dt_gallery_category-trail\">\n\n\t\n<div class=\"rollover-project links-hovers-disabled\">\n\n\t<a href=\"https:\/\/fotk.fr\/sport\/photos\/ecotrail-paris\/\" class=\"rollover-click-target go-to\"   ><img srcset=\"https:\/\/fotk.fr\/sport\/wp-content\/uploads\/sites\/4\/2024\/03\/Photo_Vincent-Krieger_240316_125559_VK9_2609-bd-555x370.jpg 1x, https:\/\/fotk.fr\/sport\/wp-content\/uploads\/sites\/4\/2024\/03\/Photo_Vincent-Krieger_240316_125559_VK9_2609-bd-1110x740.jpg 2x\" class=\"preload-me\" alt=\"\"  width=\"555\" height=\"370\"  \/><\/a><div class=\"dt-gallery-container mfp-hide\"><a href=\"https:\/\/fotk.fr\/sport\/wp-content\/uploads\/sites\/4\/2024\/03\/Photo_Vincent-Krieger_240316_125559_VK9_2609-bd.jpg\" title=\"Photo_Vincent-Krieger_240316_125559_VK9_2609-bd\" class=\"mfp-image dt-mfp-item\" data-dt-img-description=\"Cr\u00e9dit photo : Vincent Kri\u00e9ger\" data-dt-location=\"https:\/\/fotk.fr\/sport\/photo_vincent-krieger_240316_125559_vk9_2609-bd\/\" ><\/a><a href=\"https:\/\/fotk.fr\/sport\/wp-content\/uploads\/sites\/4\/2024\/03\/Photo_Vincent-Krieger_240316_202456_VK8_1762-bd.jpg\" title=\"Photo_Vincent-Krieger_240316_202456_VK8_1762-bd\" class=\"mfp-image dt-mfp-item\" data-dt-img-description=\"Cr\u00e9dit photo : Vincent Kri\u00e9ger\" data-dt-location=\"https:\/\/fotk.fr\/sport\/photo_vincent-krieger_240316_202456_vk8_1762-bd\/\" ><\/a><a href=\"https:\/\/fotk.fr\/sport\/wp-content\/uploads\/sites\/4\/2024\/03\/Photo_Vincent-Krieger_240316_122357_VK9_2265-bd.jpg\" title=\"Photo_Vincent-Krieger_240316_122357_VK9_2265-bd\" class=\"mfp-image dt-mfp-item\" data-dt-img-description=\"Cr\u00e9dit photo : Vincent Kri\u00e9ger\" data-dt-location=\"https:\/\/fotk.fr\/sport\/photo_vincent-krieger_240316_122357_vk9_2265-bd\/\" ><\/a><a href=\"https:\/\/fotk.fr\/sport\/wp-content\/uploads\/sites\/4\/2024\/03\/Photo_Vincent-Krieger_240316_211225_VK8_2054-bd.jpg\" title=\"Photo_Vincent-Krieger_240316_211225_VK8_2054-bd\" class=\"mfp-image dt-mfp-item\" data-dt-img-description=\"Cr\u00e9dit photo : Vincent Kri\u00e9ger\" data-dt-location=\"https:\/\/fotk.fr\/sport\/photo_vincent-krieger_240316_211225_vk8_2054-bd\/\" ><\/a><a href=\"https:\/\/fotk.fr\/sport\/wp-content\/uploads\/sites\/4\/2024\/03\/Photo_Vincent-Krieger_240316_114002_VK8_0458-bd.jpg\" title=\"Photo_Vincent-Krieger_240316_114002_VK8_0458-bd\" class=\"mfp-image dt-mfp-item\" data-dt-img-description=\"Cr\u00e9dit photo : Vincent Kri\u00e9ger\" data-dt-location=\"https:\/\/fotk.fr\/sport\/photo_vincent-krieger_240316_114002_vk8_0458-bd\/\" ><\/a><a href=\"https:\/\/fotk.fr\/sport\/wp-content\/uploads\/sites\/4\/2024\/03\/Photo_Vincent-Krieger_240316_125358_VK8_0593-bd.jpg\" title=\"Photo_Vincent-Krieger_240316_125358_VK8_0593-bd\" class=\"mfp-image dt-mfp-item\" data-dt-img-description=\"Cr\u00e9dit photo : Vincent Kri\u00e9ger\" data-dt-location=\"https:\/\/fotk.fr\/sport\/photo_vincent-krieger_240316_125358_vk8_0593-bd\/\" ><\/a><a href=\"https:\/\/fotk.fr\/sport\/wp-content\/uploads\/sites\/4\/2024\/03\/Photo_Vincent-Krieger_240316_211403_VK8_2079-bd.jpg\" title=\"Photo_Vincent-Krieger_240316_211403_VK8_2079-bd\" class=\"mfp-image dt-mfp-item\" data-dt-img-description=\"Cr\u00e9dit photo : Vincent Kri\u00e9ger\" data-dt-location=\"https:\/\/fotk.fr\/sport\/photo_vincent-krieger_240316_211403_vk8_2079-bd-2\/\" ><\/a><a href=\"https:\/\/fotk.fr\/sport\/wp-content\/uploads\/sites\/4\/2024\/03\/Photo_Vincent-Krieger_240316_112925_VK8_0392-bd.jpg\" title=\"Photo_Vincent-Krieger_240316_112925_VK8_0392-bd\" class=\"mfp-image dt-mfp-item\" data-dt-img-description=\"Cr\u00e9dit photo : Vincent Kri\u00e9ger\" data-dt-location=\"https:\/\/fotk.fr\/sport\/photo_vincent-krieger_240316_112925_vk8_0392-bd\/\" ><\/a><a href=\"https:\/\/fotk.fr\/sport\/wp-content\/uploads\/sites\/4\/2024\/03\/Photo_Vincent-Krieger_240316_125139_VK8_0572-bd.jpg\" title=\"Photo_Vincent-Krieger_240316_125139_VK8_0572-bd\" class=\"mfp-image dt-mfp-item\" data-dt-img-description=\"Cr\u00e9dit photo : Vincent Kri\u00e9ger\" data-dt-location=\"https:\/\/fotk.fr\/sport\/photo_vincent-krieger_240316_125139_vk8_0572-bd\/\" ><\/a><a href=\"https:\/\/fotk.fr\/sport\/wp-content\/uploads\/sites\/4\/2024\/03\/Photo_Vincent-Krieger_240316_140100_VK8_0797-bd.jpg\" title=\"Photo_Vincent-Krieger_240316_140100_VK8_0797-bd\" class=\"mfp-image dt-mfp-item\" data-dt-img-description=\"Cr\u00e9dit photo : Vincent Kri\u00e9ger\" data-dt-location=\"https:\/\/fotk.fr\/sport\/photo_vincent-krieger_240316_140100_vk8_0797-bd\/\" ><\/a><a href=\"https:\/\/fotk.fr\/sport\/wp-content\/uploads\/sites\/4\/2024\/03\/Photo_Vincent-Krieger_240316_114221_VK9_2158-bd.jpg\" title=\"Photo_Vincent-Krieger_240316_114221_VK9_2158-bd\" class=\"mfp-image dt-mfp-item\" data-dt-img-description=\"Cr\u00e9dit photo : Vincent Kri\u00e9ger\" data-dt-location=\"https:\/\/fotk.fr\/sport\/photo_vincent-krieger_240316_114221_vk9_2158-bd\/\" ><\/a><a href=\"https:\/\/fotk.fr\/sport\/wp-content\/uploads\/sites\/4\/2024\/03\/Photo_Vincent-Krieger_240316_152127_VK8_0943-bd.jpg\" title=\"Photo_Vincent-Krieger_240316_152127_VK8_0943-bd\" class=\"mfp-image dt-mfp-item\" data-dt-img-description=\"Cr\u00e9dit photo : Vincent Kri\u00e9ger\" data-dt-location=\"https:\/\/fotk.fr\/sport\/photo_vincent-krieger_240316_152127_vk8_0943-bd\/\" ><\/a><a href=\"https:\/\/fotk.fr\/sport\/wp-content\/uploads\/sites\/4\/2024\/03\/Photo_Vincent-Krieger_240316_124236_VK9_2461-bd.jpg\" title=\"Photo_Vincent-Krieger_240316_124236_VK9_2461-bd\" class=\"mfp-image dt-mfp-item\" data-dt-img-description=\"Cr\u00e9dit photo : Vincent Kri\u00e9ger\" data-dt-location=\"https:\/\/fotk.fr\/sport\/photo_vincent-krieger_240316_124236_vk9_2461-bd\/\" ><\/a><a href=\"https:\/\/fotk.fr\/sport\/wp-content\/uploads\/sites\/4\/2024\/03\/Photo_Vincent-Krieger_240316_125326_VK8_0583-bd.jpg\" title=\"Photo_Vincent-Krieger_240316_125326_VK8_0583-bd\" class=\"mfp-image dt-mfp-item\" data-dt-img-description=\"Cr\u00e9dit photo : Vincent Kri\u00e9ger\" data-dt-location=\"https:\/\/fotk.fr\/sport\/photo_vincent-krieger_240316_125326_vk8_0583-bd\/\" ><\/a><a href=\"https:\/\/fotk.fr\/sport\/wp-content\/uploads\/sites\/4\/2024\/03\/Photo_Vincent-Krieger_240316_122928_VK9_2303-bd.jpg\" title=\"Photo_Vincent-Krieger_240316_122928_VK9_2303-bd\" class=\"mfp-image dt-mfp-item\" data-dt-img-description=\"Cr\u00e9dit photo : Vincent Kri\u00e9ger\" data-dt-location=\"https:\/\/fotk.fr\/sport\/photo_vincent-krieger_240316_122928_vk9_2303-bd\/\" ><\/a><a href=\"https:\/\/fotk.fr\/sport\/wp-content\/uploads\/sites\/4\/2024\/03\/Photo_Vincent-Krieger_240316_124704_VK9_2509-bd.jpg\" title=\"Photo_Vincent-Krieger_240316_124704_VK9_2509-bd\" class=\"mfp-image dt-mfp-item\" data-dt-img-description=\"Cr\u00e9dit photo : Vincent Kri\u00e9ger\" data-dt-location=\"https:\/\/fotk.fr\/sport\/photo_vincent-krieger_240316_124704_vk9_2509-bd\/\" ><\/a><a href=\"https:\/\/fotk.fr\/sport\/wp-content\/uploads\/sites\/4\/2024\/03\/Photo_Vincent-Krieger_240316_145145_VK8_0853-bd.jpg\" title=\"Photo_Vincent-Krieger_240316_145145_VK8_0853-bd\" class=\"mfp-image dt-mfp-item\" data-dt-img-description=\"Cr\u00e9dit photo : Vincent Kri\u00e9ger\" data-dt-location=\"https:\/\/fotk.fr\/sport\/photo_vincent-krieger_240316_145145_vk8_0853-bd\/\" ><\/a><a href=\"https:\/\/fotk.fr\/sport\/wp-content\/uploads\/sites\/4\/2025\/12\/Photo_Vincent-Krieger_240316_211403_VK8_2079-bd.jpg\" title=\"Photo_Vincent-Krieger_240316_211403_VK8_2079-bd\" class=\"mfp-image dt-mfp-item\" data-dt-img-description=\"Cr\u00e9dit photo : Vincent Kri\u00e9ger\" data-dt-location=\"https:\/\/fotk.fr\/sport\/photographe-sport-2\/photo_vincent-krieger_240316_211403_vk8_2079-bd\/\" ><\/a><a href=\"https:\/\/fotk.fr\/sport\/wp-content\/uploads\/sites\/4\/2024\/03\/Photo_Vincent-Krieger_240316_151446_VK8_0889-bd.jpg\" title=\"Photo_Vincent-Krieger_240316_151446_VK8_0889-bd\" class=\"mfp-image dt-mfp-item\" data-dt-img-description=\"Cr\u00e9dit photo : Vincent Kri\u00e9ger\" data-dt-location=\"https:\/\/fotk.fr\/sport\/photo_vincent-krieger_240316_151446_vk8_0889-bd\/\" ><\/a><\/div>\n\t\n\t\t<div class=\"rollover-content\">\n\n\t\t\t\n\n<div class=\"rollover-content-container\">\n\n\t\n<div class=\"rollover-content-wrap\">\n\n\t<h3 class=\"entry-title\"><a href=\"https:\/\/fotk.fr\/sport\/photos\/ecotrail-paris\/\">EcoTrail Paris<\/a><\/h3>\n<\/div>\n<\/div>\n\t\t<\/div>\n\n\t\n<\/div>\n<\/article>\n\n<\/div>\n<div class=\"wf-cell category-19\" data-date=\"2022-06-08T19:54:50+02:00\" data-name=\"Trail Les Gendarmes et les Voleurs de Temps\" data-post-id=\"35961\">\n<article class=\"post post-35961 dt_gallery type-dt_gallery status-publish has-post-thumbnail hentry dt_gallery_category-trail\">\n\n\t\n<div class=\"rollover-project links-hovers-disabled\">\n\n\t<a href=\"https:\/\/fotk.fr\/sport\/wp-content\/uploads\/sites\/4\/2022\/06\/Photo-Vincent-Krieger-220605_095735_D52_3134-bd.jpg\" class=\"rollover-click-target dt-gallery-mfp-popup\"   ><img srcset=\"https:\/\/fotk.fr\/sport\/wp-content\/uploads\/sites\/4\/2022\/06\/Photo-Vincent-Krieger-220605_095735_D52_3134-bd-555x370.jpg 1x, https:\/\/fotk.fr\/sport\/wp-content\/uploads\/sites\/4\/2022\/06\/Photo-Vincent-Krieger-220605_095735_D52_3134-bd-1110x740.jpg 2x\" class=\"preload-me\" alt=\"\"  width=\"555\" height=\"370\"  \/><\/a><div class=\"dt-gallery-container mfp-hide\"><a href=\"https:\/\/fotk.fr\/sport\/wp-content\/uploads\/sites\/4\/2022\/06\/Photo-Vincent-Krieger-220605_095735_D52_3134-bd.jpg\" title=\"Les Gendarmes et les Voleurs de Temps\" class=\"mfp-image dt-mfp-item\" data-dt-img-description=\"Cr\u00e9dit photo : Vincent Kri\u00e9ger\" data-dt-location=\"https:\/\/fotk.fr\/sport\/photos\/trail-les-gendarmes-et-les-voleurs-de-temps\/les-gendarmes-et-les-voleurs-de-temps-37\/\" ><\/a><a href=\"https:\/\/fotk.fr\/sport\/wp-content\/uploads\/sites\/4\/2022\/06\/Photo-Vincent-Krieger-220605_082957_D52_2717-bd.jpg\" title=\"Les Gendarmes et les Voleurs de Temps\" class=\"mfp-image dt-mfp-item\" data-dt-img-description=\"Cr\u00e9dit photo : Vincent Kri\u00e9ger\" data-dt-location=\"https:\/\/fotk.fr\/sport\/photos\/trail-les-gendarmes-et-les-voleurs-de-temps\/les-gendarmes-et-les-voleurs-de-temps-27\/\" ><\/a><a href=\"https:\/\/fotk.fr\/sport\/wp-content\/uploads\/sites\/4\/2022\/06\/Photo-Vincent-Krieger-220605_083306_D61_3645-bd.jpg\" title=\"Les Gendarmes et les Voleurs de Temps\" class=\"mfp-image dt-mfp-item\" data-dt-img-description=\"Cr\u00e9dit photo : Vincent Kri\u00e9ger\" data-dt-location=\"https:\/\/fotk.fr\/sport\/photos\/trail-les-gendarmes-et-les-voleurs-de-temps\/les-gendarmes-et-les-voleurs-de-temps-28\/\" ><\/a><a href=\"https:\/\/fotk.fr\/sport\/wp-content\/uploads\/sites\/4\/2022\/06\/Photo-Vincent-Krieger-220605_083556_D52_2905-bd.jpg\" title=\"Les Gendarmes et les Voleurs de Temps\" class=\"mfp-image dt-mfp-item\" data-dt-img-description=\"Cr\u00e9dit photo : Vincent Kri\u00e9ger\" data-dt-location=\"https:\/\/fotk.fr\/sport\/photos\/trail-les-gendarmes-et-les-voleurs-de-temps\/les-gendarmes-et-les-voleurs-de-temps-31\/\" ><\/a><a href=\"https:\/\/fotk.fr\/sport\/wp-content\/uploads\/sites\/4\/2022\/06\/Photo-Vincent-Krieger-220604_133611_D52_1679-bd.jpg\" title=\"Les Gendarmes et les Voleurs de Temps\" class=\"mfp-image dt-mfp-item\" data-dt-img-description=\"Cr\u00e9dit photo : Vincent Kri\u00e9ger\" data-dt-location=\"https:\/\/fotk.fr\/sport\/photos\/trail-les-gendarmes-et-les-voleurs-de-temps\/les-gendarmes-et-les-voleurs-de-temps-14\/\" ><\/a><a href=\"https:\/\/fotk.fr\/sport\/wp-content\/uploads\/sites\/4\/2022\/06\/Photo-Vincent-Krieger-220605_163948_D52_4189-bd.jpg\" title=\"Les Gendarmes et les Voleurs de Temps\" class=\"mfp-image dt-mfp-item\" data-dt-img-description=\"Cr\u00e9dit photo : Vincent Kri\u00e9ger\" data-dt-location=\"https:\/\/fotk.fr\/sport\/photos\/trail-les-gendarmes-et-les-voleurs-de-temps\/les-gendarmes-et-les-voleurs-de-temps-3\/\" ><\/a><a href=\"https:\/\/fotk.fr\/sport\/wp-content\/uploads\/sites\/4\/2022\/06\/Photo-Vincent-Krieger-220605_162707_D61_4355-bd.jpg\" title=\"Les Gendarmes et les Voleurs de Temps\" class=\"mfp-image dt-mfp-item\" data-dt-img-description=\"Cr\u00e9dit photo : Vincent Kri\u00e9ger\" data-dt-location=\"https:\/\/fotk.fr\/sport\/photos\/trail-les-gendarmes-et-les-voleurs-de-temps\/les-gendarmes-et-les-voleurs-de-temps\/\" ><\/a><a href=\"https:\/\/fotk.fr\/sport\/wp-content\/uploads\/sites\/4\/2022\/06\/Photo-Vincent-Krieger-220605_163622_D52_4155-bd.jpg\" title=\"Les Gendarmes et les Voleurs de Temps\" class=\"mfp-image dt-mfp-item\" data-dt-img-description=\"Cr\u00e9dit photo : Vincent Kri\u00e9ger\" data-dt-location=\"https:\/\/fotk.fr\/sport\/photos\/trail-les-gendarmes-et-les-voleurs-de-temps\/les-gendarmes-et-les-voleurs-de-temps-2\/\" ><\/a><a href=\"https:\/\/fotk.fr\/sport\/wp-content\/uploads\/sites\/4\/2022\/06\/Photo-Vincent-Krieger-220605_164314_D61_4416-bd.jpg\" title=\"Les Gendarmes et les Voleurs de Temps\" class=\"mfp-image dt-mfp-item\" data-dt-img-description=\"Cr\u00e9dit photo : Vincent Kri\u00e9ger\" data-dt-location=\"https:\/\/fotk.fr\/sport\/photos\/trail-les-gendarmes-et-les-voleurs-de-temps\/les-gendarmes-et-les-voleurs-de-temps-4\/\" ><\/a><a href=\"https:\/\/fotk.fr\/sport\/wp-content\/uploads\/sites\/4\/2022\/06\/Photo-Vincent-Krieger-220605_164438_D61_4454-bd.jpg\" title=\"Les Gendarmes et les Voleurs de Temps\" class=\"mfp-image dt-mfp-item\" data-dt-img-description=\"Cr\u00e9dit photo : Vincent Kri\u00e9ger\" data-dt-location=\"https:\/\/fotk.fr\/sport\/photos\/trail-les-gendarmes-et-les-voleurs-de-temps\/les-gendarmes-et-les-voleurs-de-temps-5\/\" ><\/a><a href=\"https:\/\/fotk.fr\/sport\/wp-content\/uploads\/sites\/4\/2022\/06\/Photo-Vincent-Krieger-220605_155858_D61_4277-bd.jpg\" title=\"Les Gendarmes et les Voleurs de Temps\" class=\"mfp-image dt-mfp-item\" data-dt-img-description=\"Cr\u00e9dit photo : Vincent Kri\u00e9ger\" data-dt-location=\"https:\/\/fotk.fr\/sport\/photos\/trail-les-gendarmes-et-les-voleurs-de-temps\/gros-titre\/\" ><\/a><a href=\"https:\/\/fotk.fr\/sport\/wp-content\/uploads\/sites\/4\/2022\/06\/Photo-Vincent-Krieger-220604_140049_D61_3063-bd.jpg\" title=\"Les Gendarmes et les Voleurs de Temps\" class=\"mfp-image dt-mfp-item\" data-dt-img-description=\"Cr\u00e9dit photo : Vincent Kri\u00e9ger\" data-dt-location=\"https:\/\/fotk.fr\/sport\/photos\/trail-les-gendarmes-et-les-voleurs-de-temps\/les-gendarmes-et-les-voleurs-de-temps-15\/\" ><\/a><a href=\"https:\/\/fotk.fr\/sport\/wp-content\/uploads\/sites\/4\/2022\/06\/Photo-Vincent-Krieger-220604_140602_D52_1864-bd.jpg\" title=\"Les Gendarmes et les Voleurs de Temps\" class=\"mfp-image dt-mfp-item\" data-dt-img-description=\"Cr\u00e9dit photo : Vincent Kri\u00e9ger\" data-dt-location=\"https:\/\/fotk.fr\/sport\/photos\/trail-les-gendarmes-et-les-voleurs-de-temps\/les-gendarmes-et-les-voleurs-de-temps-16\/\" ><\/a><a href=\"https:\/\/fotk.fr\/sport\/wp-content\/uploads\/sites\/4\/2022\/06\/Photo-Vincent-Krieger-220604_140849_D52_1922-bd.jpg\" title=\"Les Gendarmes et les Voleurs de Temps\" class=\"mfp-image dt-mfp-item\" data-dt-img-description=\"Cr\u00e9dit photo : Vincent Kri\u00e9ger\" data-dt-location=\"https:\/\/fotk.fr\/sport\/photos\/trail-les-gendarmes-et-les-voleurs-de-temps\/les-gendarmes-et-les-voleurs-de-temps-17\/\" ><\/a><a href=\"https:\/\/fotk.fr\/sport\/wp-content\/uploads\/sites\/4\/2022\/06\/Photo-Vincent-Krieger-220604_144551_D61_3186-bd.jpg\" title=\"Les Gendarmes et les Voleurs de Temps\" class=\"mfp-image dt-mfp-item\" data-dt-img-description=\"Cr\u00e9dit photo : Vincent Kri\u00e9ger\" data-dt-location=\"https:\/\/fotk.fr\/sport\/photos\/trail-les-gendarmes-et-les-voleurs-de-temps\/les-gendarmes-et-les-voleurs-de-temps-19\/\" ><\/a><a href=\"https:\/\/fotk.fr\/sport\/wp-content\/uploads\/sites\/4\/2022\/06\/Photo-Vincent-Krieger-220604_144613_D61_3196-bd.jpg\" title=\"Les Gendarmes et les Voleurs de Temps\" class=\"mfp-image dt-mfp-item\" data-dt-img-description=\"Cr\u00e9dit photo : Vincent Kri\u00e9ger\" data-dt-location=\"https:\/\/fotk.fr\/sport\/photos\/trail-les-gendarmes-et-les-voleurs-de-temps\/les-gendarmes-et-les-voleurs-de-temps-20\/\" ><\/a><a href=\"https:\/\/fotk.fr\/sport\/wp-content\/uploads\/sites\/4\/2022\/06\/Photo-Vincent-Krieger-220604_154116_D52_2256-bd.jpg\" title=\"Les Gendarmes et les Voleurs de Temps\" class=\"mfp-image dt-mfp-item\" data-dt-img-description=\"Cr\u00e9dit photo : Vincent Kri\u00e9ger\" data-dt-location=\"https:\/\/fotk.fr\/sport\/photos\/trail-les-gendarmes-et-les-voleurs-de-temps\/les-gendarmes-et-les-voleurs-de-temps-21\/\" ><\/a><a href=\"https:\/\/fotk.fr\/sport\/wp-content\/uploads\/sites\/4\/2022\/06\/Photo-Vincent-Krieger-220604_154624_D61_3301-bd.jpg\" title=\"Les Gendarmes et les Voleurs de Temps\" class=\"mfp-image dt-mfp-item\" data-dt-img-description=\"Cr\u00e9dit photo : Vincent Kri\u00e9ger\" data-dt-location=\"https:\/\/fotk.fr\/sport\/photos\/trail-les-gendarmes-et-les-voleurs-de-temps\/les-gendarmes-et-les-voleurs-de-temps-22\/\" ><\/a><a href=\"https:\/\/fotk.fr\/sport\/wp-content\/uploads\/sites\/4\/2022\/06\/Photo-Vincent-Krieger-220604_154855_D52_2344-bd.jpg\" title=\"Les Gendarmes et les Voleurs de Temps\" class=\"mfp-image dt-mfp-item\" data-dt-img-description=\"Cr\u00e9dit photo : Vincent Kri\u00e9ger\" data-dt-location=\"https:\/\/fotk.fr\/sport\/photos\/trail-les-gendarmes-et-les-voleurs-de-temps\/les-gendarmes-et-les-voleurs-de-temps-23\/\" ><\/a><a href=\"https:\/\/fotk.fr\/sport\/wp-content\/uploads\/sites\/4\/2022\/06\/Photo-Vincent-Krieger-220604_155037_D61_3314-bd.jpg\" title=\"Les Gendarmes et les Voleurs de Temps\" class=\"mfp-image dt-mfp-item\" data-dt-img-description=\"Cr\u00e9dit photo : Vincent Kri\u00e9ger\" data-dt-location=\"https:\/\/fotk.fr\/sport\/photos\/trail-les-gendarmes-et-les-voleurs-de-temps\/les-gendarmes-et-les-voleurs-de-temps-24\/\" ><\/a><a href=\"https:\/\/fotk.fr\/sport\/wp-content\/uploads\/sites\/4\/2022\/06\/Photo-Vincent-Krieger-220604_155055_D61_3321-bd.jpg\" title=\"Les Gendarmes et les Voleurs de Temps\" class=\"mfp-image dt-mfp-item\" data-dt-img-description=\"Cr\u00e9dit photo : Vincent Kri\u00e9ger\" data-dt-location=\"https:\/\/fotk.fr\/sport\/photos\/trail-les-gendarmes-et-les-voleurs-de-temps\/les-gendarmes-et-les-voleurs-de-temps-25\/\" ><\/a><a href=\"https:\/\/fotk.fr\/sport\/wp-content\/uploads\/sites\/4\/2022\/06\/Photo-Vincent-Krieger-220604_160048_D52_2370-bd.jpg\" title=\"Les Gendarmes et les Voleurs de Temps\" class=\"mfp-image dt-mfp-item\" data-dt-img-description=\"Cr\u00e9dit photo : Vincent Kri\u00e9ger\" data-dt-location=\"https:\/\/fotk.fr\/sport\/photos\/trail-les-gendarmes-et-les-voleurs-de-temps\/les-gendarmes-et-les-voleurs-de-temps-26\/\" ><\/a><a href=\"https:\/\/fotk.fr\/sport\/wp-content\/uploads\/sites\/4\/2022\/06\/Photo-Vincent-Krieger-220605_091843_D52_2996-bd.jpg\" title=\"Les Gendarmes et les Voleurs de Temps\" class=\"mfp-image dt-mfp-item\" data-dt-img-description=\"Cr\u00e9dit photo : Vincent Kri\u00e9ger\" data-dt-location=\"https:\/\/fotk.fr\/sport\/photos\/trail-les-gendarmes-et-les-voleurs-de-temps\/les-gendarmes-et-les-voleurs-de-temps-35\/\" ><\/a><a href=\"https:\/\/fotk.fr\/sport\/wp-content\/uploads\/sites\/4\/2022\/06\/Photo-Vincent-Krieger-220605_092400_D61_3714-bd.jpg\" title=\"Les Gendarmes et les Voleurs de Temps\" class=\"mfp-image dt-mfp-item\" data-dt-img-description=\"Cr\u00e9dit photo : Vincent Kri\u00e9ger\" data-dt-location=\"https:\/\/fotk.fr\/sport\/photos\/trail-les-gendarmes-et-les-voleurs-de-temps\/les-gendarmes-et-les-voleurs-de-temps-36\/\" ><\/a><a href=\"https:\/\/fotk.fr\/sport\/wp-content\/uploads\/sites\/4\/2022\/06\/Photo-Vincent-Krieger-220605_095835_D52_3137-bd.jpg\" title=\"Les Gendarmes et les Voleurs de Temps\" class=\"mfp-image dt-mfp-item\" data-dt-img-description=\"Cr\u00e9dit photo : Vincent Kri\u00e9ger\" data-dt-location=\"https:\/\/fotk.fr\/sport\/photos\/trail-les-gendarmes-et-les-voleurs-de-temps\/les-gendarmes-et-les-voleurs-de-temps-38\/\" ><\/a><a href=\"https:\/\/fotk.fr\/sport\/wp-content\/uploads\/sites\/4\/2022\/06\/Photo-Vincent-Krieger-220605_095855_D52_3146-bd.jpg\" title=\"Les Gendarmes et les Voleurs de Temps\" class=\"mfp-image dt-mfp-item\" data-dt-img-description=\"Cr\u00e9dit photo : Vincent Kri\u00e9ger\" data-dt-location=\"https:\/\/fotk.fr\/sport\/photos\/trail-les-gendarmes-et-les-voleurs-de-temps\/les-gendarmes-et-les-voleurs-de-temps-39\/\" ><\/a><a href=\"https:\/\/fotk.fr\/sport\/wp-content\/uploads\/sites\/4\/2022\/06\/Photo-Vincent-Krieger-220605_100157_D52_3221-bd.jpg\" title=\"Les Gendarmes et les Voleurs de Temps\" class=\"mfp-image dt-mfp-item\" data-dt-img-description=\"Cr\u00e9dit photo : Vincent Kri\u00e9ger\" data-dt-location=\"https:\/\/fotk.fr\/sport\/photos\/trail-les-gendarmes-et-les-voleurs-de-temps\/les-gendarmes-et-les-voleurs-de-temps-40\/\" ><\/a><a href=\"https:\/\/fotk.fr\/sport\/wp-content\/uploads\/sites\/4\/2022\/06\/Photo-Vincent-Krieger-220605_100340_D52_3251-bd.jpg\" title=\"Les Gendarmes et les Voleurs de Temps\" class=\"mfp-image dt-mfp-item\" data-dt-img-description=\"Cr\u00e9dit photo : Vincent Kri\u00e9ger\" data-dt-location=\"https:\/\/fotk.fr\/sport\/photos\/trail-les-gendarmes-et-les-voleurs-de-temps\/les-gendarmes-et-les-voleurs-de-temps-41\/\" ><\/a><a href=\"https:\/\/fotk.fr\/sport\/wp-content\/uploads\/sites\/4\/2022\/06\/Photo-Vincent-Krieger-220605_102932_D52_3436-bd.jpg\" title=\"Les Gendarmes et les Voleurs de Temps\" class=\"mfp-image dt-mfp-item\" data-dt-img-description=\"Cr\u00e9dit photo : Vincent Kri\u00e9ger\" data-dt-location=\"https:\/\/fotk.fr\/sport\/photos\/trail-les-gendarmes-et-les-voleurs-de-temps\/les-gendarmes-et-les-voleurs-de-temps-42\/\" ><\/a><a href=\"https:\/\/fotk.fr\/sport\/wp-content\/uploads\/sites\/4\/2022\/06\/Photo-Vincent-Krieger-220605_105412_D52_3511-bd.jpg\" title=\"Les Gendarmes et les Voleurs de Temps\" class=\"mfp-image dt-mfp-item\" data-dt-img-description=\"Cr\u00e9dit photo : Vincent Kri\u00e9ger\" data-dt-location=\"https:\/\/fotk.fr\/sport\/photos\/trail-les-gendarmes-et-les-voleurs-de-temps\/les-gendarmes-et-les-voleurs-de-temps-43\/\" ><\/a><\/div>\n\t\n\t\t<div class=\"rollover-content\">\n\n\t\t\t\n\n<div class=\"rollover-content-container\">\n\n\t\n<div class=\"rollover-content-wrap\">\n\n\t<h3 class=\"entry-title\"><a href=\"https:\/\/fotk.fr\/sport\/photos\/trail-les-gendarmes-et-les-voleurs-de-temps\/\" class=\"dt-trigger-first-mfp\">Trail Les Gendarmes et les Voleurs de Temps<\/a><\/h3>\n<\/div>\n<\/div>\n\t\t<\/div>\n\n\t\n<\/div>\n<\/article>\n\n<\/div>\n<div class=\"wf-cell category-19\" data-date=\"2017-03-01T16:47:10+01:00\" data-name=\"Ultra Trail - 100 km du d\u00e9sert du Thar (Rajasthan - Inde)\" data-post-id=\"33822\">\n<article class=\"post post-33822 dt_gallery type-dt_gallery status-publish has-post-thumbnail hentry dt_gallery_category-trail\">\n\n\t\n<div class=\"rollover-project links-hovers-disabled\">\n\n\t<a href=\"https:\/\/fotk.fr\/sport\/photos\/ultra-trail\/\" class=\"rollover-click-target go-to\"   ><img srcset=\"https:\/\/fotk.fr\/sport\/wp-content\/uploads\/sites\/4\/2017\/03\/Photo_Vincent-Krieger_250310_110328_25-03-2010-11-03-28-555x369.jpg 1x, https:\/\/fotk.fr\/sport\/wp-content\/uploads\/sites\/4\/2017\/03\/Photo_Vincent-Krieger_250310_110328_25-03-2010-11-03-28-1110x738.jpg 2x\" class=\"preload-me\" alt=\"100 km du d\u00e9sert du Thar (Rajasthan \u2013 Inde)\"  width=\"555\" height=\"369\"  \/><\/a><div class=\"dt-gallery-container mfp-hide\"><a href=\"https:\/\/fotk.fr\/sport\/wp-content\/uploads\/sites\/4\/2017\/03\/Photo_Vincent-Krieger_250310_110328_25-03-2010-11-03-28.jpg\" title=\"100 km du d\u00e9sert du Thar (Rajasthan \u2013 Inde)\" class=\"mfp-image dt-mfp-item\" data-dt-img-description=\"Cr\u00e9dit photo : Vincent Kri\u00e9ger\" data-dt-location=\"https:\/\/fotk.fr\/sport\/photo_vincent-krieger_250310_110328_25-03-2010-11-03-28\/\" ><\/a><a href=\"https:\/\/fotk.fr\/sport\/wp-content\/uploads\/sites\/4\/2017\/03\/Photo_Vincent-Krieger_250310_071314_25-03-2010-07-13-14.jpg\" title=\"100 km du d\u00e9sert du Thar (Rajasthan \u2013 Inde)\" class=\"mfp-image dt-mfp-item\" data-dt-img-description=\"Cr\u00e9dit photo : Vincent Kri\u00e9ger\" data-dt-location=\"https:\/\/fotk.fr\/sport\/photo_vincent-krieger_250310_071314_25-03-2010-07-13-14\/\" ><\/a><a href=\"https:\/\/fotk.fr\/sport\/wp-content\/uploads\/sites\/4\/2017\/03\/Photo_Vincent-Krieger_250310_082108_25-03-2010-08-21-08.jpg\" title=\"100 km du d\u00e9sert du Thar (Rajasthan \u2013 Inde)\" class=\"mfp-image dt-mfp-item\" data-dt-img-description=\"Cr\u00e9dit photo : Vincent Kri\u00e9ger\" data-dt-location=\"https:\/\/fotk.fr\/sport\/photo_vincent-krieger_250310_082108_25-03-2010-08-21-08\/\" ><\/a><a href=\"https:\/\/fotk.fr\/sport\/wp-content\/uploads\/sites\/4\/2017\/03\/Photo_Vincent-Krieger_250310_083358_groupe-2010-b.jpg\" title=\"100 km du d\u00e9sert du Thar (Rajasthan \u2013 Inde)\" class=\"mfp-image dt-mfp-item\" data-dt-img-description=\"Cr\u00e9dit photo : Vincent Kri\u00e9ger\" data-dt-location=\"https:\/\/fotk.fr\/sport\/photo_vincent-krieger_250310_083358_groupe-2010-b\/\" ><\/a><a href=\"https:\/\/fotk.fr\/sport\/wp-content\/uploads\/sites\/4\/2017\/03\/Photo_Vincent-Krieger_200308_085656_103255381.jpg\" title=\"100 km du d\u00e9sert du Thar (Rajasthan \u2013 Inde)\" class=\"mfp-image dt-mfp-item\" data-dt-img-description=\"Cr\u00e9dit photo : Vincent Kri\u00e9ger\" data-dt-location=\"https:\/\/fotk.fr\/sport\/photo_vincent-krieger_200308_085656_103255381\/\" ><\/a><a href=\"https:\/\/fotk.fr\/sport\/wp-content\/uploads\/sites\/4\/2017\/03\/Photo_Vincent-Krieger_250310_085319_25-03-2010-08-53-19_2.jpg\" title=\"100 km du d\u00e9sert du Thar (Rajasthan \u2013 Inde)\" class=\"mfp-image dt-mfp-item\" data-dt-img-description=\"Cr\u00e9dit photo : Vincent Kri\u00e9ger\" data-dt-location=\"https:\/\/fotk.fr\/sport\/photo_vincent-krieger_250310_085319_25-03-2010-08-53-19_2\/\" ><\/a><a href=\"https:\/\/fotk.fr\/sport\/wp-content\/uploads\/sites\/4\/2017\/03\/Photo_Vincent-Krieger_250310_105401_25-03-2010-10-54-01.jpg\" title=\"100 km du d\u00e9sert du Thar (Rajasthan \u2013 Inde)\" class=\"mfp-image dt-mfp-item\" data-dt-img-description=\"Cr\u00e9dit photo : Vincent Kri\u00e9ger\" data-dt-location=\"https:\/\/fotk.fr\/sport\/photo_vincent-krieger_250310_105401_25-03-2010-10-54-01\/\" ><\/a><a href=\"https:\/\/fotk.fr\/sport\/wp-content\/uploads\/sites\/4\/2017\/03\/Photo_Vincent-Krieger_200308_092807_103371605.jpg\" title=\"100 km du d\u00e9sert du Thar (Rajasthan \u2013 Inde)\" class=\"mfp-image dt-mfp-item\" data-dt-img-description=\"Cr\u00e9dit photo : Vincent Kri\u00e9ger\" data-dt-location=\"https:\/\/fotk.fr\/sport\/photo_vincent-krieger_200308_092807_103371605\/\" ><\/a><a href=\"https:\/\/fotk.fr\/sport\/wp-content\/uploads\/sites\/4\/2017\/03\/Photo_Vincent-Krieger_250310_104844_25-03-2010-10-48-44.jpg\" title=\"100 km du d\u00e9sert du Thar (Rajasthan \u2013 Inde)\" class=\"mfp-image dt-mfp-item\" data-dt-img-description=\"Cr\u00e9dit photo : Vincent Kri\u00e9ger\" data-dt-location=\"https:\/\/fotk.fr\/sport\/photo_vincent-krieger_250310_104844_25-03-2010-10-48-44\/\" ><\/a><a href=\"https:\/\/fotk.fr\/sport\/wp-content\/uploads\/sites\/4\/2017\/03\/Photo_Vincent-Krieger_250310_100917_25-03-2010-10-09-17.jpg\" title=\"100 km du d\u00e9sert du Thar (Rajasthan \u2013 Inde)\" class=\"mfp-image dt-mfp-item\" data-dt-img-description=\"Cr\u00e9dit photo : Vincent Kri\u00e9ger\" data-dt-location=\"https:\/\/fotk.fr\/sport\/photo_vincent-krieger_250310_100917_25-03-2010-10-09-17\/\" ><\/a><a href=\"https:\/\/fotk.fr\/sport\/wp-content\/uploads\/sites\/4\/2017\/03\/Photo_Vincent-Krieger_200308_094839_103428629.jpg\" title=\"100 km du d\u00e9sert du Thar (Rajasthan \u2013 Inde)\" class=\"mfp-image dt-mfp-item\" data-dt-img-description=\"Cr\u00e9dit photo : Vincent Kri\u00e9ger\" data-dt-location=\"https:\/\/fotk.fr\/sport\/photo_vincent-krieger_200308_094839_103428629\/\" ><\/a><a href=\"https:\/\/fotk.fr\/sport\/wp-content\/uploads\/sites\/4\/2017\/03\/Photo_Vincent-Krieger_200308_140323_103803157.jpg\" title=\"100 km du d\u00e9sert du Thar (Rajasthan \u2013 Inde)\" class=\"mfp-image dt-mfp-item\" data-dt-img-description=\"Cr\u00e9dit photo : Vincent Kri\u00e9ger\" data-dt-location=\"https:\/\/fotk.fr\/sport\/photo_vincent-krieger_200308_140323_103803157\/\" ><\/a><a href=\"https:\/\/fotk.fr\/sport\/wp-content\/uploads\/sites\/4\/2017\/03\/Photo_Vincent-Krieger_250310_093054_25-03-2010-09-30-54.jpg\" title=\"100 km du d\u00e9sert du Thar (Rajasthan \u2013 Inde)\" class=\"mfp-image dt-mfp-item\" data-dt-img-description=\"Cr\u00e9dit photo : Vincent Kri\u00e9ger\" data-dt-location=\"https:\/\/fotk.fr\/sport\/photo_vincent-krieger_250310_093054_25-03-2010-09-30-54\/\" ><\/a><a href=\"https:\/\/fotk.fr\/sport\/wp-content\/uploads\/sites\/4\/2017\/03\/Photo_Vincent-Krieger_200308_100847_103513237.jpg\" title=\"100 km du d\u00e9sert du Thar (Rajasthan \u2013 Inde)\" class=\"mfp-image dt-mfp-item\" data-dt-img-description=\"Cr\u00e9dit photo : Vincent Kri\u00e9ger\" data-dt-location=\"https:\/\/fotk.fr\/sport\/photo_vincent-krieger_200308_100847_103513237\/\" ><\/a><a href=\"https:\/\/fotk.fr\/sport\/wp-content\/uploads\/sites\/4\/2017\/03\/Photo_Vincent-Krieger_250310_102133_25-03-2010-10-21-33.jpg\" title=\"100 km du d\u00e9sert du Thar (Rajasthan \u2013 Inde)\" class=\"mfp-image dt-mfp-item\" data-dt-img-description=\"Cr\u00e9dit photo : Vincent Kri\u00e9ger\" data-dt-location=\"https:\/\/fotk.fr\/sport\/photo_vincent-krieger_250310_102133_25-03-2010-10-21-33\/\" ><\/a><a href=\"https:\/\/fotk.fr\/sport\/wp-content\/uploads\/sites\/4\/2017\/03\/Photo_Vincent-Krieger_250310_134509_25-03-2010-13-45-09.jpg\" title=\"100 km du d\u00e9sert du Thar (Rajasthan \u2013 Inde)\" class=\"mfp-image dt-mfp-item\" data-dt-img-description=\"Cr\u00e9dit photo : Vincent Kri\u00e9ger\" data-dt-location=\"https:\/\/fotk.fr\/sport\/photo_vincent-krieger_250310_134509_25-03-2010-13-45-09\/\" ><\/a><a href=\"https:\/\/fotk.fr\/sport\/wp-content\/uploads\/sites\/4\/2017\/03\/Photo_Vincent-Krieger_200308_112256_100967381.jpg\" title=\"100 km du d\u00e9sert du Thar (Rajasthan \u2013 Inde)\" class=\"mfp-image dt-mfp-item\" data-dt-img-description=\"Cr\u00e9dit photo : Vincent Kri\u00e9ger\" data-dt-location=\"https:\/\/fotk.fr\/sport\/photo_vincent-krieger_200308_112256_100967381\/\" ><\/a><a href=\"https:\/\/fotk.fr\/sport\/wp-content\/uploads\/sites\/4\/2017\/03\/Photo_Vincent-Krieger_200308_130318_103717461.jpg\" title=\"100 km du d\u00e9sert du Thar (Rajasthan \u2013 Inde)\" class=\"mfp-image dt-mfp-item\" data-dt-img-description=\"Cr\u00e9dit photo : Vincent Kri\u00e9ger\" data-dt-location=\"https:\/\/fotk.fr\/sport\/photo_vincent-krieger_200308_130318_103717461\/\" ><\/a><a href=\"https:\/\/fotk.fr\/sport\/wp-content\/uploads\/sites\/4\/2017\/03\/Photo_Vincent-Krieger_250310_092310_25-03-2010-09-23-10.jpg\" title=\"100 km du d\u00e9sert du Thar (Rajasthan \u2013 Inde)\" class=\"mfp-image dt-mfp-item\" data-dt-img-description=\"Cr\u00e9dit photo : Vincent Kri\u00e9ger\" data-dt-location=\"https:\/\/fotk.fr\/sport\/photo_vincent-krieger_250310_092310_25-03-2010-09-23-10\/\" ><\/a><a href=\"https:\/\/fotk.fr\/sport\/wp-content\/uploads\/sites\/4\/2017\/03\/Photo_Vincent-Krieger_250310_160939_25-03-2010-16-09-39.jpg\" title=\"100 km du d\u00e9sert du Thar (Rajasthan \u2013 Inde)\" class=\"mfp-image dt-mfp-item\" data-dt-img-description=\"Cr\u00e9dit photo : Vincent Kri\u00e9ger\" data-dt-location=\"https:\/\/fotk.fr\/sport\/photo_vincent-krieger_250310_160939_25-03-2010-16-09-39\/\" ><\/a><a href=\"https:\/\/fotk.fr\/sport\/wp-content\/uploads\/sites\/4\/2017\/03\/Photo_Vincent-Krieger_260310_185401_26-03-2010-18-54-01.jpg\" title=\"100 km du d\u00e9sert du Thar (Rajasthan \u2013 Inde)\" class=\"mfp-image dt-mfp-item\" data-dt-img-description=\"Cr\u00e9dit photo : Vincent Kri\u00e9ger\" data-dt-location=\"https:\/\/fotk.fr\/sport\/photo_vincent-krieger_260310_185401_26-03-2010-18-54-01\/\" ><\/a><a href=\"https:\/\/fotk.fr\/sport\/wp-content\/uploads\/sites\/4\/2017\/03\/Photo_Vincent-Krieger_200308_191348_104017941.jpg\" title=\"100 km du d\u00e9sert du Thar (Rajasthan \u2013 Inde)\" class=\"mfp-image dt-mfp-item\" data-dt-img-description=\"Cr\u00e9dit photo : Vincent Kri\u00e9ger\" data-dt-location=\"https:\/\/fotk.fr\/sport\/photo_vincent-krieger_200308_191348_104017941\/\" ><\/a><a href=\"https:\/\/fotk.fr\/sport\/wp-content\/uploads\/sites\/4\/2017\/03\/Photo_Vincent-Krieger_250310_203058_25-03-2010-20-30-58.jpg\" title=\"100 km du d\u00e9sert du Thar (Rajasthan \u2013 Inde)\" class=\"mfp-image dt-mfp-item\" data-dt-img-description=\"Cr\u00e9dit photo : Vincent Kri\u00e9ger\" data-dt-location=\"https:\/\/fotk.fr\/sport\/photo_vincent-krieger_250310_203058_25-03-2010-20-30-58\/\" ><\/a><a href=\"https:\/\/fotk.fr\/sport\/wp-content\/uploads\/sites\/4\/2017\/03\/Photo_Vincent-Krieger_220308_192554_102326549.jpg\" title=\"100 km du d\u00e9sert du Thar (Rajasthan \u2013 Inde)\" class=\"mfp-image dt-mfp-item\" data-dt-img-description=\"Cr\u00e9dit photo : Vincent Kri\u00e9ger\" data-dt-location=\"https:\/\/fotk.fr\/sport\/photo_vincent-krieger_220308_192554_102326549\/\" ><\/a><a href=\"https:\/\/fotk.fr\/sport\/wp-content\/uploads\/sites\/4\/2017\/03\/Photo_Vincent-Krieger_210308_020743_104136853.jpg\" title=\"100 km du d\u00e9sert du Thar (Rajasthan \u2013 Inde)\" class=\"mfp-image dt-mfp-item\" data-dt-img-description=\"Cr\u00e9dit photo : Vincent Kri\u00e9ger\" data-dt-location=\"https:\/\/fotk.fr\/sport\/photo_vincent-krieger_210308_020743_104136853\/\" ><\/a><a href=\"https:\/\/fotk.fr\/sport\/wp-content\/uploads\/sites\/4\/2017\/03\/Photo_Vincent-Krieger_220308_193137_104219221.jpg\" title=\"100 km du d\u00e9sert du Thar (Rajasthan \u2013 Inde)\" class=\"mfp-image dt-mfp-item\" data-dt-img-description=\"Cr\u00e9dit photo : Vincent Kri\u00e9ger\" data-dt-location=\"https:\/\/fotk.fr\/sport\/photo_vincent-krieger_220308_193137_104219221\/\" ><\/a><\/div>\n\t\n\t\t<div class=\"rollover-content\">\n\n\t\t\t\n\n<div class=\"rollover-content-container\">\n\n\t\n<div class=\"rollover-content-wrap\">\n\n\t<h3 class=\"entry-title\"><a href=\"https:\/\/fotk.fr\/sport\/photos\/ultra-trail\/\">Ultra Trail &#8211; 100 km du d\u00e9sert du Thar (Rajasthan &#8211; Inde)<\/a><\/h3>\n<\/div>\n<\/div>\n\t\t<\/div>\n\n\t\n<\/div>\n<\/article>\n\n<\/div><\/div>[\/vc_column][\/vc_row]<\/p>\n<\/div>","protected":false},"excerpt":{"rendered":"<p>[vc_row][vc_column][vc_empty_space][vc_column_text css=\u00a0\u00bb\u00a0\u00bb]Photographe sp\u00e9cialis\u00e9 en trail Le m\u00e9tier de photographe sur des trails consiste \u00e0 capturer des moments forts lors d\u2019\u00e9v\u00e9nements en nature, en for\u00eat, sur des chemins de campagne, dans la boue sur des pierriers, de jour, de nuit\u2026 C\u2019est un m\u00e9tier exigeant et passionnant qui allie technique, sport et cr\u00e9ativit\u00e9.[\/vc_column_text][vc_empty_space][\/vc_column][\/vc_row]<\/p>\n","protected":false},"author":1,"featured_media":36004,"parent":0,"menu_order":0,"comment_status":"closed","ping_status":"closed","template":"","meta":{"footnotes":""},"class_list":["post-37074","page","type-page","status-publish","has-post-thumbnail","hentry","description-off"],"yoast_head":"<!-- This site is optimized with the Yoast SEO plugin v26.5 - https:\/\/yoast.com\/wordpress\/plugins\/seo\/ -->\n<title>Trail - Photographe de sport<\/title>\n<meta name=\"robots\" content=\"index, follow, max-snippet:-1, max-image-preview:large, max-video-preview:-1\" \/>\n<link rel=\"canonical\" href=\"https:\/\/fotk.fr\/sport\/trail\/\" \/>\n<meta property=\"og:locale\" content=\"fr_FR\" \/>\n<meta property=\"og:type\" content=\"article\" \/>\n<meta property=\"og:title\" content=\"Trail - Photographe de sport\" \/>\n<meta property=\"og:description\" content=\"[vc_row][vc_column][vc_empty_space][vc_column_text css=\u00a0\u00bb\u00a0\u00bb]Photographe sp\u00e9cialis\u00e9 en trail Le m\u00e9tier de photographe sur des trails consiste \u00e0 capturer des moments forts lors d\u2019\u00e9v\u00e9nements en nature, en for\u00eat, sur des chemins de campagne, dans la boue sur des pierriers, de jour, de nuit\u2026 C\u2019est un m\u00e9tier exigeant et passionnant qui allie technique, sport et cr\u00e9ativit\u00e9.[\/vc_column_text][vc_empty_space][\/vc_column][\/vc_row]\" \/>\n<meta property=\"og:url\" content=\"https:\/\/fotk.fr\/sport\/trail\/\" \/>\n<meta property=\"og:site_name\" content=\"Photographe de sport\" \/>\n<meta property=\"article:modified_time\" content=\"2026-01-08T17:24:28+00:00\" \/>\n<meta property=\"og:image\" content=\"https:\/\/fotk.fr\/sport\/wp-content\/uploads\/sites\/4\/2022\/06\/Photo-Vincent-Krieger-220605_095735_D52_3134-bd.jpg\" \/>\n\t<meta property=\"og:image:width\" content=\"2000\" \/>\n\t<meta property=\"og:image:height\" content=\"1333\" \/>\n\t<meta property=\"og:image:type\" content=\"image\/jpeg\" \/>\n<meta name=\"twitter:card\" content=\"summary_large_image\" \/>\n<meta name=\"twitter:label1\" content=\"Dur\u00e9e de lecture estim\u00e9e\" \/>\n\t<meta name=\"twitter:data1\" content=\"1 minute\" \/>\n<script type=\"application\/ld+json\" class=\"yoast-schema-graph\">{\"@context\":\"https:\/\/schema.org\",\"@graph\":[{\"@type\":\"WebPage\",\"@id\":\"https:\/\/fotk.fr\/sport\/trail\/\",\"url\":\"https:\/\/fotk.fr\/sport\/trail\/\",\"name\":\"Trail - Photographe de sport\",\"isPartOf\":{\"@id\":\"https:\/\/fotk.fr\/sport\/#website\"},\"primaryImageOfPage\":{\"@id\":\"https:\/\/fotk.fr\/sport\/trail\/#primaryimage\"},\"image\":{\"@id\":\"https:\/\/fotk.fr\/sport\/trail\/#primaryimage\"},\"thumbnailUrl\":\"https:\/\/fotk.fr\/sport\/wp-content\/uploads\/sites\/4\/2022\/06\/Photo-Vincent-Krieger-220605_095735_D52_3134-bd.jpg\",\"datePublished\":\"2025-12-13T16:11:23+00:00\",\"dateModified\":\"2026-01-08T17:24:28+00:00\",\"breadcrumb\":{\"@id\":\"https:\/\/fotk.fr\/sport\/trail\/#breadcrumb\"},\"inLanguage\":\"fr-FR\",\"potentialAction\":[{\"@type\":\"ReadAction\",\"target\":[\"https:\/\/fotk.fr\/sport\/trail\/\"]}]},{\"@type\":\"ImageObject\",\"inLanguage\":\"fr-FR\",\"@id\":\"https:\/\/fotk.fr\/sport\/trail\/#primaryimage\",\"url\":\"https:\/\/fotk.fr\/sport\/wp-content\/uploads\/sites\/4\/2022\/06\/Photo-Vincent-Krieger-220605_095735_D52_3134-bd.jpg\",\"contentUrl\":\"https:\/\/fotk.fr\/sport\/wp-content\/uploads\/sites\/4\/2022\/06\/Photo-Vincent-Krieger-220605_095735_D52_3134-bd.jpg\",\"width\":2000,\"height\":1333,\"caption\":\"Les Gendarmes et les Voleurs de Temps\"},{\"@type\":\"BreadcrumbList\",\"@id\":\"https:\/\/fotk.fr\/sport\/trail\/#breadcrumb\",\"itemListElement\":[{\"@type\":\"ListItem\",\"position\":1,\"name\":\"Accueil\",\"item\":\"https:\/\/fotk.fr\/sport\/\"},{\"@type\":\"ListItem\",\"position\":2,\"name\":\"Trail\"}]},{\"@type\":\"WebSite\",\"@id\":\"https:\/\/fotk.fr\/sport\/#website\",\"url\":\"https:\/\/fotk.fr\/sport\/\",\"name\":\"Photographe de sport\",\"description\":\"Vincent Kri\u00e9ger\",\"publisher\":{\"@id\":\"https:\/\/fotk.fr\/sport\/#organization\"},\"potentialAction\":[{\"@type\":\"SearchAction\",\"target\":{\"@type\":\"EntryPoint\",\"urlTemplate\":\"https:\/\/fotk.fr\/sport\/?s={search_term_string}\"},\"query-input\":{\"@type\":\"PropertyValueSpecification\",\"valueRequired\":true,\"valueName\":\"search_term_string\"}}],\"inLanguage\":\"fr-FR\"},{\"@type\":\"Organization\",\"@id\":\"https:\/\/fotk.fr\/sport\/#organization\",\"name\":\"Photographe de sport\",\"url\":\"https:\/\/fotk.fr\/sport\/\",\"logo\":{\"@type\":\"ImageObject\",\"inLanguage\":\"fr-FR\",\"@id\":\"https:\/\/fotk.fr\/sport\/#\/schema\/logo\/image\/\",\"url\":\"https:\/\/fotk.fr\/sport\/wp-content\/uploads\/sites\/4\/2025\/12\/logo-FOTK-noir-512.png\",\"contentUrl\":\"https:\/\/fotk.fr\/sport\/wp-content\/uploads\/sites\/4\/2025\/12\/logo-FOTK-noir-512.png\",\"width\":512,\"height\":512,\"caption\":\"Photographe de sport\"},\"image\":{\"@id\":\"https:\/\/fotk.fr\/sport\/#\/schema\/logo\/image\/\"}}]}<\/script>\n<!-- \/ Yoast SEO plugin. -->","yoast_head_json":{"title":"Trail - Photographe de sport","robots":{"index":"index","follow":"follow","max-snippet":"max-snippet:-1","max-image-preview":"max-image-preview:large","max-video-preview":"max-video-preview:-1"},"canonical":"https:\/\/fotk.fr\/sport\/trail\/","og_locale":"fr_FR","og_type":"article","og_title":"Trail - Photographe de sport","og_description":"[vc_row][vc_column][vc_empty_space][vc_column_text css=\u00a0\u00bb\u00a0\u00bb]Photographe sp\u00e9cialis\u00e9 en trail Le m\u00e9tier de photographe sur des trails consiste \u00e0 capturer des moments forts lors d\u2019\u00e9v\u00e9nements en nature, en for\u00eat, sur des chemins de campagne, dans la boue sur des pierriers, de jour, de nuit\u2026 C\u2019est un m\u00e9tier exigeant et passionnant qui allie technique, sport et cr\u00e9ativit\u00e9.[\/vc_column_text][vc_empty_space][\/vc_column][\/vc_row]","og_url":"https:\/\/fotk.fr\/sport\/trail\/","og_site_name":"Photographe de sport","article_modified_time":"2026-01-08T17:24:28+00:00","og_image":[{"width":2000,"height":1333,"url":"https:\/\/fotk.fr\/sport\/wp-content\/uploads\/sites\/4\/2022\/06\/Photo-Vincent-Krieger-220605_095735_D52_3134-bd.jpg","type":"image\/jpeg"}],"twitter_card":"summary_large_image","twitter_misc":{"Dur\u00e9e de lecture estim\u00e9e":"1 minute"},"schema":{"@context":"https:\/\/schema.org","@graph":[{"@type":"WebPage","@id":"https:\/\/fotk.fr\/sport\/trail\/","url":"https:\/\/fotk.fr\/sport\/trail\/","name":"Trail - Photographe de sport","isPartOf":{"@id":"https:\/\/fotk.fr\/sport\/#website"},"primaryImageOfPage":{"@id":"https:\/\/fotk.fr\/sport\/trail\/#primaryimage"},"image":{"@id":"https:\/\/fotk.fr\/sport\/trail\/#primaryimage"},"thumbnailUrl":"https:\/\/fotk.fr\/sport\/wp-content\/uploads\/sites\/4\/2022\/06\/Photo-Vincent-Krieger-220605_095735_D52_3134-bd.jpg","datePublished":"2025-12-13T16:11:23+00:00","dateModified":"2026-01-08T17:24:28+00:00","breadcrumb":{"@id":"https:\/\/fotk.fr\/sport\/trail\/#breadcrumb"},"inLanguage":"fr-FR","potentialAction":[{"@type":"ReadAction","target":["https:\/\/fotk.fr\/sport\/trail\/"]}]},{"@type":"ImageObject","inLanguage":"fr-FR","@id":"https:\/\/fotk.fr\/sport\/trail\/#primaryimage","url":"https:\/\/fotk.fr\/sport\/wp-content\/uploads\/sites\/4\/2022\/06\/Photo-Vincent-Krieger-220605_095735_D52_3134-bd.jpg","contentUrl":"https:\/\/fotk.fr\/sport\/wp-content\/uploads\/sites\/4\/2022\/06\/Photo-Vincent-Krieger-220605_095735_D52_3134-bd.jpg","width":2000,"height":1333,"caption":"Les Gendarmes et les Voleurs de Temps"},{"@type":"BreadcrumbList","@id":"https:\/\/fotk.fr\/sport\/trail\/#breadcrumb","itemListElement":[{"@type":"ListItem","position":1,"name":"Accueil","item":"https:\/\/fotk.fr\/sport\/"},{"@type":"ListItem","position":2,"name":"Trail"}]},{"@type":"WebSite","@id":"https:\/\/fotk.fr\/sport\/#website","url":"https:\/\/fotk.fr\/sport\/","name":"Photographe de sport","description":"Vincent Kri\u00e9ger","publisher":{"@id":"https:\/\/fotk.fr\/sport\/#organization"},"potentialAction":[{"@type":"SearchAction","target":{"@type":"EntryPoint","urlTemplate":"https:\/\/fotk.fr\/sport\/?s={search_term_string}"},"query-input":{"@type":"PropertyValueSpecification","valueRequired":true,"valueName":"search_term_string"}}],"inLanguage":"fr-FR"},{"@type":"Organization","@id":"https:\/\/fotk.fr\/sport\/#organization","name":"Photographe de sport","url":"https:\/\/fotk.fr\/sport\/","logo":{"@type":"ImageObject","inLanguage":"fr-FR","@id":"https:\/\/fotk.fr\/sport\/#\/schema\/logo\/image\/","url":"https:\/\/fotk.fr\/sport\/wp-content\/uploads\/sites\/4\/2025\/12\/logo-FOTK-noir-512.png","contentUrl":"https:\/\/fotk.fr\/sport\/wp-content\/uploads\/sites\/4\/2025\/12\/logo-FOTK-noir-512.png","width":512,"height":512,"caption":"Photographe de sport"},"image":{"@id":"https:\/\/fotk.fr\/sport\/#\/schema\/logo\/image\/"}}]}},"_links":{"self":[{"href":"https:\/\/fotk.fr\/sport\/wp-json\/wp\/v2\/pages\/37074","targetHints":{"allow":["GET"]}}],"collection":[{"href":"https:\/\/fotk.fr\/sport\/wp-json\/wp\/v2\/pages"}],"about":[{"href":"https:\/\/fotk.fr\/sport\/wp-json\/wp\/v2\/types\/page"}],"author":[{"embeddable":true,"href":"https:\/\/fotk.fr\/sport\/wp-json\/wp\/v2\/users\/1"}],"replies":[{"embeddable":true,"href":"https:\/\/fotk.fr\/sport\/wp-json\/wp\/v2\/comments?post=37074"}],"version-history":[{"count":6,"href":"https:\/\/fotk.fr\/sport\/wp-json\/wp\/v2\/pages\/37074\/revisions"}],"predecessor-version":[{"id":37956,"href":"https:\/\/fotk.fr\/sport\/wp-json\/wp\/v2\/pages\/37074\/revisions\/37956"}],"wp:featuredmedia":[{"embeddable":true,"href":"https:\/\/fotk.fr\/sport\/wp-json\/wp\/v2\/media\/36004"}],"wp:attachment":[{"href":"https:\/\/fotk.fr\/sport\/wp-json\/wp\/v2\/media?parent=37074"}],"curies":[{"name":"wp","href":"https:\/\/api.w.org\/{rel}","templated":true}]}}