{"id":37076,"date":"2025-12-13T17:11:38","date_gmt":"2025-12-13T16:11:38","guid":{"rendered":"https:\/\/fotk.fr\/sport\/?page_id=37076"},"modified":"2026-01-09T14:51:08","modified_gmt":"2026-01-09T13:51:08","slug":"triathlon","status":"publish","type":"page","link":"https:\/\/fotk.fr\/sport\/triathlon\/","title":{"rendered":"Triathlon"},"content":{"rendered":"<div class=\"wpb-content-wrapper\"><p>[vc_row][vc_column][vc_empty_space height=\u00a0\u00bb20px\u00a0\u00bb][vc_column_text]Photographe sur les triathlons, je capture les moments forts de cette comp\u00e9tition unique, mettant en lumi\u00e8re les athl\u00e8tes f\u00e9minines dans un cadre sportif et solidaire. Son r\u00f4le est de saisir non seulement les performances sportives pendant les diff\u00e9rentes \u00e9preuves (natation, v\u00e9lo, course \u00e0 pied), mais aussi l\u2019esprit de camaraderie et d\u2019engagement qui caract\u00e9rise cet \u00e9v\u00e9nement. Chaque clich\u00e9 raconte une histoire de d\u00e9termination, de d\u00e9passement de soi et de soutien mutuel entre les participantes.[\/vc_column_text][vc_empty_space height=\u00a0\u00bb20px\u00a0\u00bb]<div class=\"wf-container dt-albums-shortcode loading-effect-fade-in description-on-hover iso-grid hover-style-three cs-style-3 always-show-info\" data-padding=\"20px\" data-cur-page=\"1\" data-width=\"370px\" data-columns=\"2\">\n<div class=\"wf-cell category-20\" data-date=\"2025-10-22T11:55:55+02:00\" data-name=\"Octobre Rose - Triathlon des Roses\" data-post-id=\"37010\">\n<article class=\"post post-37010 dt_gallery type-dt_gallery status-publish has-post-thumbnail hentry dt_gallery_category-triathlon media-wide\">\n\n\t\n<div class=\"rollover-project links-hovers-disabled\">\n\n\t<a href=\"https:\/\/fotk.fr\/sport\/photos\/octobre-rose-triathlon-des-roses\/\" class=\"rollover-click-target go-to\"   ><img srcset=\"https:\/\/fotk.fr\/sport\/wp-content\/uploads\/sites\/4\/2025\/10\/Photo_Vincent-Krieger_250928_163052_VK8_3806-bd-555x370.jpg 1x, https:\/\/fotk.fr\/sport\/wp-content\/uploads\/sites\/4\/2025\/10\/Photo_Vincent-Krieger_250928_163052_VK8_3806-bd-1110x740.jpg 2x\" class=\"preload-me\" alt=\"Octobre Rose \u2013 Triathlon des Roses 2025\"  width=\"555\" height=\"370\"  \/><\/a><div class=\"dt-gallery-container mfp-hide\"><a href=\"https:\/\/fotk.fr\/sport\/wp-content\/uploads\/sites\/4\/2025\/10\/Photo_Vincent-Krieger_250928_163052_VK8_3806-bd.jpg\" title=\"Octobre Rose \u2013 Triathlon des Roses 2025 &#8211; Lyon\" class=\"mfp-image dt-mfp-item\" data-dt-img-description=\"Cr\u00e9dit photo : Vincent Kri\u00e9ger\" data-dt-location=\"https:\/\/fotk.fr\/sport\/photo_vincent-krieger_250928_163052_vk8_3806-bd\/\" ><\/a><a href=\"https:\/\/fotk.fr\/sport\/wp-content\/uploads\/sites\/4\/2025\/10\/Photo_Vincent-Krieger_251019_101218_VK9_4675-bd.jpg\" title=\"Octobre Rose \u2013 Triathlon des Roses 2025\" class=\"mfp-image dt-mfp-item\" data-dt-img-description=\"Cr\u00e9dit photo : Vincent Kri\u00e9ger\" data-dt-location=\"https:\/\/fotk.fr\/sport\/photo_vincent-krieger_251019_101218_vk9_4675-bd\/\" ><\/a><a href=\"https:\/\/fotk.fr\/sport\/wp-content\/uploads\/sites\/4\/2025\/10\/Photo_Vincent-Krieger_251019_120818_VK8_6900-bd.jpg\" title=\"Octobre Rose \u2013 Triathlon des Roses 2025 &#8211; Nantes\" class=\"mfp-image dt-mfp-item\" data-dt-img-description=\"Cr\u00e9dit photo : Vincent Kri\u00e9ger\" data-dt-location=\"https:\/\/fotk.fr\/sport\/photo_vincent-krieger_251019_120818_vk8_6900-bd\/\" ><\/a><a href=\"https:\/\/fotk.fr\/sport\/wp-content\/uploads\/sites\/4\/2025\/10\/Photo_Vincent-Krieger_251019_124425_VK9_6704-bd.jpg\" title=\"Octobre Rose \u2013 Triathlon des Roses 2025 &#8211; Nantes\" class=\"mfp-image dt-mfp-item\" data-dt-img-description=\"Cr\u00e9dit photo : Vincent Kri\u00e9ger\" data-dt-location=\"https:\/\/fotk.fr\/sport\/photo_vincent-krieger_251019_124425_vk9_6704-bd\/\" ><\/a><a href=\"https:\/\/fotk.fr\/sport\/wp-content\/uploads\/sites\/4\/2025\/10\/Photo_Vincent-Krieger_251005_143750_VK8_9135-bd.jpg\" title=\"Octobre Rose \u2013 Triathlon des Roses 2025 &#8211; Lyon\" class=\"mfp-image dt-mfp-item\" data-dt-img-description=\"Cr\u00e9dit photo : Vincent Kri\u00e9ger\" data-dt-location=\"https:\/\/fotk.fr\/sport\/photo_vincent-krieger_251005_143750_vk8_9135-bd\/\" ><\/a><a href=\"https:\/\/fotk.fr\/sport\/wp-content\/uploads\/sites\/4\/2025\/10\/Photo_Vincent-Krieger_251005_140447_VK8_8484-bd.jpg\" title=\"Octobre Rose \u2013 Triathlon des Roses 2025 &#8211; Lyon\" class=\"mfp-image dt-mfp-item\" data-dt-img-description=\"Cr\u00e9dit photo : Vincent Kri\u00e9ger\" data-dt-location=\"https:\/\/fotk.fr\/sport\/photo_vincent-krieger_251005_140447_vk8_8484-bd\/\" ><\/a><a href=\"https:\/\/fotk.fr\/sport\/wp-content\/uploads\/sites\/4\/2025\/10\/Photo_Vincent-Krieger_250928_152156_VK8_2558-bd.jpg\" title=\"Octobre Rose \u2013 Triathlon des Roses 2025 &#8211; Toulouse\" class=\"mfp-image dt-mfp-item\" data-dt-img-description=\"Cr\u00e9dit photo : Vincent Kri\u00e9ger\" data-dt-location=\"https:\/\/fotk.fr\/sport\/photo_vincent-krieger_250928_152156_vk8_2558-bd\/\" ><\/a><a href=\"https:\/\/fotk.fr\/sport\/wp-content\/uploads\/sites\/4\/2025\/10\/Photo_Vincent-Krieger_250928_152612_VK8_2652-bd.jpg\" title=\"Octobre Rose \u2013 Triathlon des Roses 2025 &#8211; Toulouse\" class=\"mfp-image dt-mfp-item\" data-dt-img-description=\"Cr\u00e9dit photo : Vincent Kri\u00e9ger\" data-dt-location=\"https:\/\/fotk.fr\/sport\/photo_vincent-krieger_250928_152612_vk8_2652-bd\/\" ><\/a><a href=\"https:\/\/fotk.fr\/sport\/wp-content\/uploads\/sites\/4\/2025\/10\/Photo_Vincent-Krieger_250928_154632_VK8_2888-bd.jpg\" title=\"Octobre Rose \u2013 Triathlon des Roses 2025 &#8211; Toulouse\" class=\"mfp-image dt-mfp-item\" data-dt-img-description=\"Cr\u00e9dit photo : Vincent Kri\u00e9ger\" data-dt-location=\"https:\/\/fotk.fr\/sport\/photo_vincent-krieger_250928_154632_vk8_2888-bd\/\" ><\/a><a href=\"https:\/\/fotk.fr\/sport\/wp-content\/uploads\/sites\/4\/2025\/10\/Photo_Vincent-Krieger_251005_135443_VK8_8456-bd.jpg\" title=\"Octobre Rose \u2013 Triathlon des Roses 2025 &#8211; Lyon\" class=\"mfp-image dt-mfp-item\" data-dt-img-description=\"Cr\u00e9dit photo : Vincent Kri\u00e9ger\" data-dt-location=\"https:\/\/fotk.fr\/sport\/photo_vincent-krieger_251005_135443_vk8_8456-bd\/\" ><\/a><a href=\"https:\/\/fotk.fr\/sport\/wp-content\/uploads\/sites\/4\/2025\/10\/Photo_Vincent-Krieger_250928_150636_VK9_7745-bd.jpg\" title=\"Octobre Rose \u2013 Triathlon des Roses 2025 &#8211; Toulouse\" class=\"mfp-image dt-mfp-item\" data-dt-img-description=\"Cr\u00e9dit photo : Vincent Kri\u00e9ger\" data-dt-location=\"https:\/\/fotk.fr\/sport\/photo_vincent-krieger_250928_150636_vk9_7745-bd\/\" ><\/a><a href=\"https:\/\/fotk.fr\/sport\/wp-content\/uploads\/sites\/4\/2025\/10\/Photo_Vincent-Krieger_250928_150133_VK9_7679-bd.jpg\" title=\"Octobre Rose \u2013 Triathlon des Roses 2025 &#8211; Toulouse\" class=\"mfp-image dt-mfp-item\" data-dt-img-description=\"Cr\u00e9dit photo : Vincent Kri\u00e9ger\" data-dt-location=\"https:\/\/fotk.fr\/sport\/photo_vincent-krieger_250928_150133_vk9_7679-bd\/\" ><\/a><a href=\"https:\/\/fotk.fr\/sport\/wp-content\/uploads\/sites\/4\/2025\/10\/Photo_Vincent-Krieger_250928_142835_VK9_7491-bd.jpg\" title=\"Octobre Rose \u2013 Triathlon des Roses 2025 &#8211; Toulouse\" class=\"mfp-image dt-mfp-item\" data-dt-img-description=\"Cr\u00e9dit photo : Vincent Kri\u00e9ger\" data-dt-location=\"https:\/\/fotk.fr\/sport\/photo_vincent-krieger_250928_142835_vk9_7491-bd\/\" ><\/a><a href=\"https:\/\/fotk.fr\/sport\/wp-content\/uploads\/sites\/4\/2025\/10\/Photo_Vincent-Krieger_250921_122515_VK9_6269-bd.jpg\" title=\"Octobre Rose \u2013 Triathlon des Roses 2025 &#8211; Issoire\" class=\"mfp-image dt-mfp-item\" data-dt-img-description=\"Cr\u00e9dit photo : Vincent Kri\u00e9ger\" data-dt-location=\"https:\/\/fotk.fr\/sport\/photo_vincent-krieger_250921_122515_vk9_6269-bd\/\" ><\/a><a href=\"https:\/\/fotk.fr\/sport\/wp-content\/uploads\/sites\/4\/2025\/10\/Photo_Vincent-Krieger_250921_121640_VK8_7211-bd.jpg\" title=\"Octobre Rose \u2013 Triathlon des Roses 2025 &#8211; Issoire\" class=\"mfp-image dt-mfp-item\" data-dt-img-description=\"Cr\u00e9dit photo : Vincent Kri\u00e9ger\" data-dt-location=\"https:\/\/fotk.fr\/sport\/photo_vincent-krieger_250921_121640_vk8_7211-bd\/\" ><\/a><a href=\"https:\/\/fotk.fr\/sport\/wp-content\/uploads\/sites\/4\/2025\/10\/Photo_Vincent-Krieger_250920_104708_VK9_3992-bd.jpg\" title=\"Octobre Rose \u2013 Triathlon des Roses &#8211; Paris\" class=\"mfp-image dt-mfp-item\" data-dt-img-description=\"\" data-dt-location=\"https:\/\/fotk.fr\/sport\/photo_vincent-krieger_250920_104708_vk9_3992-bd\/\" ><\/a><a href=\"https:\/\/fotk.fr\/sport\/wp-content\/uploads\/sites\/4\/2025\/10\/Photo_Vincent-Krieger_250920_111724_VK8_5067-bd.jpg\" title=\"Octobre Rose \u2013 Triathlon des Roses &#8211; Paris\" class=\"mfp-image dt-mfp-item\" data-dt-img-description=\"\" data-dt-location=\"https:\/\/fotk.fr\/sport\/photo_vincent-krieger_250920_111724_vk8_5067-bd\/\" ><\/a><a href=\"https:\/\/fotk.fr\/sport\/wp-content\/uploads\/sites\/4\/2025\/10\/Photo_Vincent-Krieger_250920_124134_VK8_5904-bd.jpg\" title=\"Octobre Rose \u2013 Triathlon des Roses &#8211; Paris\" class=\"mfp-image dt-mfp-item\" data-dt-img-description=\"\" data-dt-location=\"https:\/\/fotk.fr\/sport\/photo_vincent-krieger_250920_124134_vk8_5904-bd\/\" ><\/a><a href=\"https:\/\/fotk.fr\/sport\/wp-content\/uploads\/sites\/4\/2025\/10\/Photo_Vincent-Krieger_250921_112054_VK9_5671-bd.jpg\" title=\"Octobre Rose \u2013 Triathlon des Roses 2025 &#8211; Issoire\" class=\"mfp-image dt-mfp-item\" data-dt-img-description=\"Cr\u00e9dit photo : Vincent Kri\u00e9ger\" data-dt-location=\"https:\/\/fotk.fr\/sport\/photo_vincent-krieger_250921_112054_vk9_5671-bd\/\" ><\/a><a href=\"https:\/\/fotk.fr\/sport\/wp-content\/uploads\/sites\/4\/2025\/10\/Photo_Vincent-Krieger_250921_113749_VK9_5787-bd.jpg\" title=\"Octobre Rose \u2013 Triathlon des Roses 2025 &#8211; Issoire\" class=\"mfp-image dt-mfp-item\" data-dt-img-description=\"Cr\u00e9dit photo : Vincent Kri\u00e9ger\" data-dt-location=\"https:\/\/fotk.fr\/sport\/photo_vincent-krieger_250921_113749_vk9_5787-bd\/\" ><\/a><\/div>\n\t\n\t\t<div class=\"rollover-content\">\n\n\t\t\t\n\n<div class=\"rollover-content-container\">\n\n\t\n<div class=\"rollover-content-wrap\">\n\n\t<h3 class=\"entry-title\"><a href=\"https:\/\/fotk.fr\/sport\/photos\/octobre-rose-triathlon-des-roses\/\">Octobre Rose &#8211; Triathlon des Roses<\/a><\/h3>\n<\/div>\n<\/div>\n\t\t<\/div>\n\n\t\n<\/div>\n<\/article>\n\n<\/div>\n<div class=\"wf-cell category-20\" data-date=\"2024-10-20T11:11:05+02:00\" data-name=\"Triathlon Club Nantais\" data-post-id=\"36873\">\n<article class=\"post post-36873 dt_gallery type-dt_gallery status-publish has-post-thumbnail hentry dt_gallery_category-triathlon\">\n\n\t\n<div class=\"rollover-project links-hovers-disabled\">\n\n\t<a href=\"https:\/\/fotk.fr\/sport\/wp-content\/uploads\/sites\/4\/2025\/01\/Photo_Vincent-Krieger_241020_093018.jpg\" class=\"rollover-click-target dt-gallery-mfp-popup\"   ><img srcset=\"https:\/\/fotk.fr\/sport\/wp-content\/uploads\/sites\/4\/2025\/01\/Photo_Vincent-Krieger_241020_093018-555x370.jpg 1x, https:\/\/fotk.fr\/sport\/wp-content\/uploads\/sites\/4\/2025\/01\/Photo_Vincent-Krieger_241020_093018-1110x740.jpg 2x\" class=\"preload-me\" alt=\"\"  width=\"555\" height=\"370\"  \/><\/a><div class=\"dt-gallery-container mfp-hide\"><a href=\"https:\/\/fotk.fr\/sport\/wp-content\/uploads\/sites\/4\/2025\/01\/Photo_Vincent-Krieger_241020_091506.jpg\" title=\"Photo_Vincent-Krieger_241020_091506\" class=\"mfp-image dt-mfp-item\" data-dt-img-description=\"\" data-dt-location=\"https:\/\/fotk.fr\/sport\/photo_vincent-krieger_241020_091506\/\" ><\/a><a href=\"https:\/\/fotk.fr\/sport\/wp-content\/uploads\/sites\/4\/2025\/01\/Photo_Vincent-Krieger_241020_093934.jpg\" title=\"Photo_Vincent-Krieger_241020_093934\" class=\"mfp-image dt-mfp-item\" data-dt-img-description=\"\" data-dt-location=\"https:\/\/fotk.fr\/sport\/photo_vincent-krieger_241020_093934\/\" ><\/a><a href=\"https:\/\/fotk.fr\/sport\/wp-content\/uploads\/sites\/4\/2025\/01\/Photo_Vincent-Krieger_241020_093902.jpg\" title=\"Photo_Vincent-Krieger_241020_093902\" class=\"mfp-image dt-mfp-item\" data-dt-img-description=\"\" data-dt-location=\"https:\/\/fotk.fr\/sport\/photo_vincent-krieger_241020_093902\/\" ><\/a><a href=\"https:\/\/fotk.fr\/sport\/wp-content\/uploads\/sites\/4\/2025\/01\/Photo_Vincent-Krieger_241020_093057.jpg\" title=\"Photo_Vincent-Krieger_241020_093057\" class=\"mfp-image dt-mfp-item\" data-dt-img-description=\"\" data-dt-location=\"https:\/\/fotk.fr\/sport\/photo_vincent-krieger_241020_093057\/\" ><\/a><a href=\"https:\/\/fotk.fr\/sport\/wp-content\/uploads\/sites\/4\/2025\/01\/Photo_Vincent-Krieger_241020_100011.jpg\" title=\"Photo_Vincent-Krieger_241020_100011\" class=\"mfp-image dt-mfp-item\" data-dt-img-description=\"\" data-dt-location=\"https:\/\/fotk.fr\/sport\/photo_vincent-krieger_241020_100011\/\" ><\/a><a href=\"https:\/\/fotk.fr\/sport\/wp-content\/uploads\/sites\/4\/2025\/01\/Photo_Vincent-Krieger_241020_094051.jpg\" title=\"Photo_Vincent-Krieger_241020_094051\" class=\"mfp-image dt-mfp-item\" data-dt-img-description=\"\" data-dt-location=\"https:\/\/fotk.fr\/sport\/photo_vincent-krieger_241020_094051\/\" ><\/a><a href=\"https:\/\/fotk.fr\/sport\/wp-content\/uploads\/sites\/4\/2025\/01\/Photo_Vincent-Krieger_241020_094246.jpg\" title=\"Photo_Vincent-Krieger_241020_094246\" class=\"mfp-image dt-mfp-item\" data-dt-img-description=\"\" data-dt-location=\"https:\/\/fotk.fr\/sport\/photo_vincent-krieger_241020_094246\/\" ><\/a><a href=\"https:\/\/fotk.fr\/sport\/wp-content\/uploads\/sites\/4\/2025\/01\/Photo_Vincent-Krieger_241020_093227.jpg\" title=\"Photo_Vincent-Krieger_241020_093227\" class=\"mfp-image dt-mfp-item\" data-dt-img-description=\"\" data-dt-location=\"https:\/\/fotk.fr\/sport\/photo_vincent-krieger_241020_093227\/\" ><\/a><a href=\"https:\/\/fotk.fr\/sport\/wp-content\/uploads\/sites\/4\/2025\/01\/Photo_Vincent-Krieger_241020_095145.jpg\" title=\"Photo_Vincent-Krieger_241020_095145\" class=\"mfp-image dt-mfp-item\" data-dt-img-description=\"\" data-dt-location=\"https:\/\/fotk.fr\/sport\/photo_vincent-krieger_241020_095145\/\" ><\/a><\/div>\n\t\n\t\t<div class=\"rollover-content\">\n\n\t\t\t\n\n<div class=\"rollover-content-container\">\n\n\t\n<div class=\"rollover-content-wrap\">\n\n\t<h3 class=\"entry-title\"><a href=\"https:\/\/fotk.fr\/sport\/photos\/triathlon\/\" class=\"dt-trigger-first-mfp\">Triathlon Club Nantais<\/a><\/h3>\n<\/div>\n<\/div>\n\t\t<\/div>\n\n\t\n<\/div>\n<\/article>\n\n<\/div>\n<div class=\"wf-cell category-20\" data-date=\"2024-09-29T11:41:15+02:00\" data-name=\"Triathlon pour les jeunes \u00e0 Toulouse\" data-post-id=\"36885\">\n<article class=\"post post-36885 dt_gallery type-dt_gallery status-publish has-post-thumbnail hentry dt_gallery_category-triathlon\">\n\n\t\n<div class=\"rollover-project links-hovers-disabled\">\n\n\t<a href=\"https:\/\/fotk.fr\/sport\/wp-content\/uploads\/sites\/4\/2025\/01\/Photo_Vincent-Krieger_240929_131546.jpg\" class=\"rollover-click-target dt-gallery-mfp-popup\"   ><img srcset=\"https:\/\/fotk.fr\/sport\/wp-content\/uploads\/sites\/4\/2025\/01\/Photo_Vincent-Krieger_240929_131546-555x370.jpg 1x, https:\/\/fotk.fr\/sport\/wp-content\/uploads\/sites\/4\/2025\/01\/Photo_Vincent-Krieger_240929_131546-1110x740.jpg 2x\" class=\"preload-me\" alt=\"\"  width=\"555\" height=\"370\"  \/><\/a><div class=\"dt-gallery-container mfp-hide\"><a href=\"https:\/\/fotk.fr\/sport\/wp-content\/uploads\/sites\/4\/2025\/01\/Photo_Vincent-Krieger_240929_104351.jpg\" title=\"Photo_Vincent-Krieger_240929_104351\" class=\"mfp-image dt-mfp-item\" data-dt-img-description=\"\" data-dt-location=\"https:\/\/fotk.fr\/sport\/photo_vincent-krieger_240929_104351\/\" ><\/a><a href=\"https:\/\/fotk.fr\/sport\/wp-content\/uploads\/sites\/4\/2025\/01\/Photo_Vincent-Krieger_240929_112938.jpg\" title=\"Photo_Vincent-Krieger_240929_112938\" class=\"mfp-image dt-mfp-item\" data-dt-img-description=\"\" data-dt-location=\"https:\/\/fotk.fr\/sport\/photo_vincent-krieger_240929_112938\/\" ><\/a><a href=\"https:\/\/fotk.fr\/sport\/wp-content\/uploads\/sites\/4\/2025\/01\/Photo_Vincent-Krieger_240929_132236.jpg\" title=\"Photo_Vincent-Krieger_240929_132236\" class=\"mfp-image dt-mfp-item\" data-dt-img-description=\"\" data-dt-location=\"https:\/\/fotk.fr\/sport\/photo_vincent-krieger_240929_132236\/\" ><\/a><a href=\"https:\/\/fotk.fr\/sport\/wp-content\/uploads\/sites\/4\/2025\/01\/Photo_Vincent-Krieger_240929_104223.jpg\" title=\"Photo_Vincent-Krieger_240929_104223\" class=\"mfp-image dt-mfp-item\" data-dt-img-description=\"\" data-dt-location=\"https:\/\/fotk.fr\/sport\/photo_vincent-krieger_240929_104223\/\" ><\/a><a href=\"https:\/\/fotk.fr\/sport\/wp-content\/uploads\/sites\/4\/2025\/01\/Photo_Vincent-Krieger_240929_122232.jpg\" title=\"Photo_Vincent-Krieger_240929_122232\" class=\"mfp-image dt-mfp-item\" data-dt-img-description=\"\" data-dt-location=\"https:\/\/fotk.fr\/sport\/photo_vincent-krieger_240929_122232\/\" ><\/a><a href=\"https:\/\/fotk.fr\/sport\/wp-content\/uploads\/sites\/4\/2025\/01\/Photo_Vincent-Krieger_240929_112654.jpg\" title=\"Photo_Vincent-Krieger_240929_112654\" class=\"mfp-image dt-mfp-item\" data-dt-img-description=\"\" data-dt-location=\"https:\/\/fotk.fr\/sport\/photo_vincent-krieger_240929_112654\/\" ><\/a><a href=\"https:\/\/fotk.fr\/sport\/wp-content\/uploads\/sites\/4\/2025\/01\/Photo_Vincent-Krieger_240929_103105.jpg\" title=\"Photo_Vincent-Krieger_240929_103105\" class=\"mfp-image dt-mfp-item\" data-dt-img-description=\"\" data-dt-location=\"https:\/\/fotk.fr\/sport\/photo_vincent-krieger_240929_103105\/\" ><\/a><a href=\"https:\/\/fotk.fr\/sport\/wp-content\/uploads\/sites\/4\/2025\/01\/Photo_Vincent-Krieger_240929_104456.jpg\" title=\"Photo_Vincent-Krieger_240929_104456\" class=\"mfp-image dt-mfp-item\" data-dt-img-description=\"\" data-dt-location=\"https:\/\/fotk.fr\/sport\/photo_vincent-krieger_240929_104456\/\" ><\/a><a href=\"https:\/\/fotk.fr\/sport\/wp-content\/uploads\/sites\/4\/2025\/01\/Photo_Vincent-Krieger_240929_121611.jpg\" title=\"Photo_Vincent-Krieger_240929_121611\" class=\"mfp-image dt-mfp-item\" data-dt-img-description=\"\" data-dt-location=\"https:\/\/fotk.fr\/sport\/photo_vincent-krieger_240929_121611\/\" ><\/a><a href=\"https:\/\/fotk.fr\/sport\/wp-content\/uploads\/sites\/4\/2025\/01\/Photo_Vincent-Krieger_240929_094451.jpg\" title=\"Photo_Vincent-Krieger_240929_094451\" class=\"mfp-image dt-mfp-item\" data-dt-img-description=\"\" data-dt-location=\"https:\/\/fotk.fr\/sport\/photo_vincent-krieger_240929_094451\/\" ><\/a><a href=\"https:\/\/fotk.fr\/sport\/wp-content\/uploads\/sites\/4\/2025\/01\/Photo_Vincent-Krieger_240929_111658.jpg\" title=\"Photo_Vincent-Krieger_240929_111658\" class=\"mfp-image dt-mfp-item\" data-dt-img-description=\"\" data-dt-location=\"https:\/\/fotk.fr\/sport\/photo_vincent-krieger_240929_111658\/\" ><\/a><a href=\"https:\/\/fotk.fr\/sport\/wp-content\/uploads\/sites\/4\/2025\/01\/Photo_Vincent-Krieger_240929_095348.jpg\" title=\"Photo_Vincent-Krieger_240929_095348\" class=\"mfp-image dt-mfp-item\" data-dt-img-description=\"\" data-dt-location=\"https:\/\/fotk.fr\/sport\/photo_vincent-krieger_240929_095348\/\" ><\/a><a href=\"https:\/\/fotk.fr\/sport\/wp-content\/uploads\/sites\/4\/2025\/01\/Photo_Vincent-Krieger_240929_095152.jpg\" title=\"Photo_Vincent-Krieger_240929_095152\" class=\"mfp-image dt-mfp-item\" data-dt-img-description=\"\" data-dt-location=\"https:\/\/fotk.fr\/sport\/photo_vincent-krieger_240929_095152\/\" ><\/a><a href=\"https:\/\/fotk.fr\/sport\/wp-content\/uploads\/sites\/4\/2025\/01\/Photo_Vincent-Krieger_240929_094113.jpg\" title=\"Photo_Vincent-Krieger_240929_094113\" class=\"mfp-image dt-mfp-item\" data-dt-img-description=\"\" data-dt-location=\"https:\/\/fotk.fr\/sport\/photo_vincent-krieger_240929_094113\/\" ><\/a><a href=\"https:\/\/fotk.fr\/sport\/wp-content\/uploads\/sites\/4\/2025\/01\/Photo_Vincent-Krieger_240929_104716.jpg\" title=\"Photo_Vincent-Krieger_240929_104716\" class=\"mfp-image dt-mfp-item\" data-dt-img-description=\"\" data-dt-location=\"https:\/\/fotk.fr\/sport\/photo_vincent-krieger_240929_104716\/\" ><\/a><a href=\"https:\/\/fotk.fr\/sport\/wp-content\/uploads\/sites\/4\/2025\/01\/Photo_Vincent-Krieger_240929_120918.jpg\" title=\"Photo_Vincent-Krieger_240929_120918\" class=\"mfp-image dt-mfp-item\" data-dt-img-description=\"\" data-dt-location=\"https:\/\/fotk.fr\/sport\/photo_vincent-krieger_240929_120918\/\" ><\/a><a href=\"https:\/\/fotk.fr\/sport\/wp-content\/uploads\/sites\/4\/2025\/01\/Photo_Vincent-Krieger_240929_130116.jpg\" title=\"Photo_Vincent-Krieger_240929_130116\" class=\"mfp-image dt-mfp-item\" data-dt-img-description=\"\" data-dt-location=\"https:\/\/fotk.fr\/sport\/photo_vincent-krieger_240929_130116\/\" ><\/a><a href=\"https:\/\/fotk.fr\/sport\/wp-content\/uploads\/sites\/4\/2025\/01\/Photo_Vincent-Krieger_240929_115146.jpg\" title=\"Photo_Vincent-Krieger_240929_115146\" class=\"mfp-image dt-mfp-item\" data-dt-img-description=\"\" data-dt-location=\"https:\/\/fotk.fr\/sport\/photo_vincent-krieger_240929_115146\/\" ><\/a><a href=\"https:\/\/fotk.fr\/sport\/wp-content\/uploads\/sites\/4\/2025\/01\/Photo_Vincent-Krieger_240929_122717.jpg\" title=\"Photo_Vincent-Krieger_240929_122717\" class=\"mfp-image dt-mfp-item\" data-dt-img-description=\"\" data-dt-location=\"https:\/\/fotk.fr\/sport\/photo_vincent-krieger_240929_122717\/\" ><\/a><a href=\"https:\/\/fotk.fr\/sport\/wp-content\/uploads\/sites\/4\/2025\/01\/Photo_Vincent-Krieger_240929_092138.jpg\" title=\"Photo_Vincent-Krieger_240929_092138\" class=\"mfp-image dt-mfp-item\" data-dt-img-description=\"\" data-dt-location=\"https:\/\/fotk.fr\/sport\/photo_vincent-krieger_240929_092138\/\" ><\/a><a href=\"https:\/\/fotk.fr\/sport\/wp-content\/uploads\/sites\/4\/2025\/01\/Photo_Vincent-Krieger_240929_111812.jpg\" title=\"Photo_Vincent-Krieger_240929_111812\" class=\"mfp-image dt-mfp-item\" data-dt-img-description=\"\" data-dt-location=\"https:\/\/fotk.fr\/sport\/photo_vincent-krieger_240929_111812\/\" ><\/a><a href=\"https:\/\/fotk.fr\/sport\/wp-content\/uploads\/sites\/4\/2025\/01\/Photo_Vincent-Krieger_240929_110258.jpg\" title=\"Photo_Vincent-Krieger_240929_110258\" class=\"mfp-image dt-mfp-item\" data-dt-img-description=\"\" data-dt-location=\"https:\/\/fotk.fr\/sport\/photo_vincent-krieger_240929_110258\/\" ><\/a><a href=\"https:\/\/fotk.fr\/sport\/wp-content\/uploads\/sites\/4\/2025\/01\/Photo_Vincent-Krieger_240929_104013.jpg\" title=\"Photo_Vincent-Krieger_240929_104013\" class=\"mfp-image dt-mfp-item\" data-dt-img-description=\"\" data-dt-location=\"https:\/\/fotk.fr\/sport\/photo_vincent-krieger_240929_104013\/\" ><\/a><a href=\"https:\/\/fotk.fr\/sport\/wp-content\/uploads\/sites\/4\/2025\/01\/Photo_Vincent-Krieger_240929_095905.jpg\" title=\"Photo_Vincent-Krieger_240929_095905\" class=\"mfp-image dt-mfp-item\" data-dt-img-description=\"\" data-dt-location=\"https:\/\/fotk.fr\/sport\/photo_vincent-krieger_240929_095905\/\" ><\/a><a href=\"https:\/\/fotk.fr\/sport\/wp-content\/uploads\/sites\/4\/2025\/01\/Photo_Vincent-Krieger_240929_131651.jpg\" title=\"Photo_Vincent-Krieger_240929_131651\" class=\"mfp-image dt-mfp-item\" data-dt-img-description=\"\" data-dt-location=\"https:\/\/fotk.fr\/sport\/photo_vincent-krieger_240929_131651\/\" ><\/a><a href=\"https:\/\/fotk.fr\/sport\/wp-content\/uploads\/sites\/4\/2025\/01\/Photo_Vincent-Krieger_240929_112504.jpg\" title=\"Photo_Vincent-Krieger_240929_112504\" class=\"mfp-image dt-mfp-item\" data-dt-img-description=\"\" data-dt-location=\"https:\/\/fotk.fr\/sport\/photo_vincent-krieger_240929_112504\/\" ><\/a><a href=\"https:\/\/fotk.fr\/sport\/wp-content\/uploads\/sites\/4\/2025\/01\/Photo_Vincent-Krieger_240929_112919.jpg\" title=\"Photo_Vincent-Krieger_240929_112919\" class=\"mfp-image dt-mfp-item\" data-dt-img-description=\"\" data-dt-location=\"https:\/\/fotk.fr\/sport\/photo_vincent-krieger_240929_112919\/\" ><\/a><a href=\"https:\/\/fotk.fr\/sport\/wp-content\/uploads\/sites\/4\/2025\/01\/Photo_Vincent-Krieger_240929_120834.jpg\" title=\"Photo_Vincent-Krieger_240929_120834\" class=\"mfp-image dt-mfp-item\" data-dt-img-description=\"\" data-dt-location=\"https:\/\/fotk.fr\/sport\/photo_vincent-krieger_240929_120834\/\" ><\/a><a href=\"https:\/\/fotk.fr\/sport\/wp-content\/uploads\/sites\/4\/2025\/01\/Photo_Vincent-Krieger_240929_130205.jpg\" title=\"Photo_Vincent-Krieger_240929_130205\" class=\"mfp-image dt-mfp-item\" data-dt-img-description=\"\" data-dt-location=\"https:\/\/fotk.fr\/sport\/photo_vincent-krieger_240929_130205\/\" ><\/a><a href=\"https:\/\/fotk.fr\/sport\/wp-content\/uploads\/sites\/4\/2025\/01\/Photo_Vincent-Krieger_240929_103036.jpg\" title=\"Photo_Vincent-Krieger_240929_103036\" class=\"mfp-image dt-mfp-item\" data-dt-img-description=\"\" data-dt-location=\"https:\/\/fotk.fr\/sport\/photo_vincent-krieger_240929_103036\/\" ><\/a><a href=\"https:\/\/fotk.fr\/sport\/wp-content\/uploads\/sites\/4\/2025\/01\/Photo_Vincent-Krieger_240929_094411.jpg\" title=\"Photo_Vincent-Krieger_240929_094411\" class=\"mfp-image dt-mfp-item\" data-dt-img-description=\"\" data-dt-location=\"https:\/\/fotk.fr\/sport\/photo_vincent-krieger_240929_094411\/\" ><\/a><a href=\"https:\/\/fotk.fr\/sport\/wp-content\/uploads\/sites\/4\/2025\/01\/Photo_Vincent-Krieger_240929_121533.jpg\" title=\"Photo_Vincent-Krieger_240929_121533\" class=\"mfp-image dt-mfp-item\" data-dt-img-description=\"\" data-dt-location=\"https:\/\/fotk.fr\/sport\/photo_vincent-krieger_240929_121533\/\" ><\/a><\/div>\n\t\n\t\t<div class=\"rollover-content\">\n\n\t\t\t\n\n<div class=\"rollover-content-container\">\n\n\t\n<div class=\"rollover-content-wrap\">\n\n\t<h3 class=\"entry-title\"><a href=\"https:\/\/fotk.fr\/sport\/photos\/triathlon-trigoulet\/\" class=\"dt-trigger-first-mfp\">Triathlon pour les jeunes \u00e0 Toulouse<\/a><\/h3>\n<\/div>\n<\/div>\n\t\t<\/div>\n\n\t\n<\/div>\n<\/article>\n\n<\/div>\n<div class=\"wf-cell category-20\" data-date=\"2023-11-08T14:13:39+01:00\" data-name=\"Triathlon des Roses - Antibes\" data-post-id=\"36391\">\n<article class=\"post post-36391 dt_gallery type-dt_gallery status-publish has-post-thumbnail hentry dt_gallery_category-triathlon\">\n\n\t\n<div class=\"rollover-project links-hovers-disabled\">\n\n\t<a href=\"https:\/\/fotk.fr\/sport\/wp-content\/uploads\/sites\/4\/2023\/11\/Photo_Vincent-Krieger_231022_084526_VK9_4000-scaled.jpg\" class=\"rollover-click-target dt-gallery-mfp-popup\"   ><img srcset=\"https:\/\/fotk.fr\/sport\/wp-content\/uploads\/sites\/4\/2023\/11\/Photo_Vincent-Krieger_231022_084526_VK9_4000-scaled-555x370.jpg 1x, https:\/\/fotk.fr\/sport\/wp-content\/uploads\/sites\/4\/2023\/11\/Photo_Vincent-Krieger_231022_084526_VK9_4000-scaled-1110x740.jpg 2x\" class=\"preload-me\" alt=\"\"  width=\"555\" height=\"370\"  \/><\/a><div class=\"dt-gallery-container mfp-hide\"><a href=\"https:\/\/fotk.fr\/sport\/wp-content\/uploads\/sites\/4\/2023\/11\/Photo_Vincent-Krieger_231022_084526_VK9_4000-scaled.jpg\" title=\"Photo_Vincent-Krieger_231022_084526_VK9_4000\" class=\"mfp-image dt-mfp-item\" data-dt-img-description=\"\" data-dt-location=\"https:\/\/fotk.fr\/sport\/photo_vincent-krieger_231022_084526_vk9_4000\/\" ><\/a><a href=\"https:\/\/fotk.fr\/sport\/wp-content\/uploads\/sites\/4\/2023\/11\/Photo_Vincent-Krieger_231022_084608_VK7_2626-scaled.jpg\" title=\"Photo_Vincent-Krieger_231022_084608_VK7_2626\" class=\"mfp-image dt-mfp-item\" data-dt-img-description=\"\" data-dt-location=\"https:\/\/fotk.fr\/sport\/photo_vincent-krieger_231022_084608_vk7_2626\/\" ><\/a><a href=\"https:\/\/fotk.fr\/sport\/wp-content\/uploads\/sites\/4\/2023\/11\/Photo_Vincent-Krieger_231022_084917_VK7_2664-scaled.jpg\" title=\"Photo_Vincent-Krieger_231022_084917_VK7_2664\" class=\"mfp-image dt-mfp-item\" data-dt-img-description=\"\" data-dt-location=\"https:\/\/fotk.fr\/sport\/photo_vincent-krieger_231022_084917_vk7_2664\/\" ><\/a><a href=\"https:\/\/fotk.fr\/sport\/wp-content\/uploads\/sites\/4\/2023\/11\/Photo_Vincent-Krieger_231022_085039_VK7_2729-scaled.jpg\" title=\"Photo_Vincent-Krieger_231022_085039_VK7_2729\" class=\"mfp-image dt-mfp-item\" data-dt-img-description=\"\" data-dt-location=\"https:\/\/fotk.fr\/sport\/photo_vincent-krieger_231022_085039_vk7_2729\/\" ><\/a><a href=\"https:\/\/fotk.fr\/sport\/wp-content\/uploads\/sites\/4\/2023\/11\/Photo_Vincent-Krieger_231022_084954_VK9_4144-scaled.jpg\" title=\"Photo_Vincent-Krieger_231022_084954_VK9_4144\" class=\"mfp-image dt-mfp-item\" data-dt-img-description=\"\" data-dt-location=\"https:\/\/fotk.fr\/sport\/photo_vincent-krieger_231022_084954_vk9_4144\/\" ><\/a><a href=\"https:\/\/fotk.fr\/sport\/wp-content\/uploads\/sites\/4\/2023\/11\/Photo_Vincent-Krieger_231022_090154_VK9_4538-scaled.jpg\" title=\"Photo_Vincent-Krieger_231022_090154_VK9_4538\" class=\"mfp-image dt-mfp-item\" data-dt-img-description=\"\" data-dt-location=\"https:\/\/fotk.fr\/sport\/photo_vincent-krieger_231022_090154_vk9_4538\/\" ><\/a><a href=\"https:\/\/fotk.fr\/sport\/wp-content\/uploads\/sites\/4\/2023\/11\/Photo_Vincent-Krieger_231022_090321_VK7_2801-scaled.jpg\" title=\"Photo_Vincent-Krieger_231022_090321_VK7_2801\" class=\"mfp-image dt-mfp-item\" data-dt-img-description=\"\" data-dt-location=\"https:\/\/fotk.fr\/sport\/photo_vincent-krieger_231022_090321_vk7_2801\/\" ><\/a><a href=\"https:\/\/fotk.fr\/sport\/wp-content\/uploads\/sites\/4\/2023\/11\/Photo_Vincent-Krieger_231022_090812_VK9_4575-scaled.jpg\" title=\"Photo_Vincent-Krieger_231022_090812_VK9_4575\" class=\"mfp-image dt-mfp-item\" data-dt-img-description=\"\" data-dt-location=\"https:\/\/fotk.fr\/sport\/photo_vincent-krieger_231022_090812_vk9_4575\/\" ><\/a><a href=\"https:\/\/fotk.fr\/sport\/wp-content\/uploads\/sites\/4\/2023\/11\/Photo_Vincent-Krieger_231022_091006_VK9_4624-scaled.jpg\" title=\"Photo_Vincent-Krieger_231022_091006_VK9_4624\" class=\"mfp-image dt-mfp-item\" data-dt-img-description=\"\" data-dt-location=\"https:\/\/fotk.fr\/sport\/photo_vincent-krieger_231022_091006_vk9_4624\/\" ><\/a><a href=\"https:\/\/fotk.fr\/sport\/wp-content\/uploads\/sites\/4\/2023\/11\/Photo_Vincent-Krieger_231022_091600_VK9_4692-scaled.jpg\" title=\"Photo_Vincent-Krieger_231022_091600_VK9_4692\" class=\"mfp-image dt-mfp-item\" data-dt-img-description=\"\" data-dt-location=\"https:\/\/fotk.fr\/sport\/photo_vincent-krieger_231022_091600_vk9_4692\/\" ><\/a><a href=\"https:\/\/fotk.fr\/sport\/wp-content\/uploads\/sites\/4\/2023\/11\/Photo_Vincent-Krieger_231022_091816_VK9_4729-scaled.jpg\" title=\"Photo_Vincent-Krieger_231022_091816_VK9_4729\" class=\"mfp-image dt-mfp-item\" data-dt-img-description=\"\" data-dt-location=\"https:\/\/fotk.fr\/sport\/photo_vincent-krieger_231022_091816_vk9_4729\/\" ><\/a><a href=\"https:\/\/fotk.fr\/sport\/wp-content\/uploads\/sites\/4\/2023\/11\/Photo_Vincent-Krieger_231022_092107_VK9_4777-scaled.jpg\" title=\"Photo_Vincent-Krieger_231022_092107_VK9_4777\" class=\"mfp-image dt-mfp-item\" data-dt-img-description=\"\" data-dt-location=\"https:\/\/fotk.fr\/sport\/photo_vincent-krieger_231022_092107_vk9_4777\/\" ><\/a><a href=\"https:\/\/fotk.fr\/sport\/wp-content\/uploads\/sites\/4\/2023\/11\/Photo_Vincent-Krieger_231022_092301_VK9_4794-scaled.jpg\" title=\"Photo_Vincent-Krieger_231022_092301_VK9_4794\" class=\"mfp-image dt-mfp-item\" data-dt-img-description=\"\" data-dt-location=\"https:\/\/fotk.fr\/sport\/photo_vincent-krieger_231022_092301_vk9_4794\/\" ><\/a><a href=\"https:\/\/fotk.fr\/sport\/wp-content\/uploads\/sites\/4\/2023\/11\/Photo_Vincent-Krieger_231022_093013_VK9_4865-scaled.jpg\" title=\"Photo_Vincent-Krieger_231022_093013_VK9_4865\" class=\"mfp-image dt-mfp-item\" data-dt-img-description=\"\" data-dt-location=\"https:\/\/fotk.fr\/sport\/photo_vincent-krieger_231022_093013_vk9_4865\/\" ><\/a><a href=\"https:\/\/fotk.fr\/sport\/wp-content\/uploads\/sites\/4\/2023\/11\/Photo_Vincent-Krieger_231022_093305_VK9_4940-scaled.jpg\" title=\"Photo_Vincent-Krieger_231022_093305_VK9_4940\" class=\"mfp-image dt-mfp-item\" data-dt-img-description=\"\" data-dt-location=\"https:\/\/fotk.fr\/sport\/photo_vincent-krieger_231022_093305_vk9_4940\/\" ><\/a><\/div>\n\t\n\t\t<div class=\"rollover-content\">\n\n\t\t\t\n\n<div class=\"rollover-content-container\">\n\n\t\n<div class=\"rollover-content-wrap\">\n\n\t<h3 class=\"entry-title\"><a href=\"https:\/\/fotk.fr\/sport\/photos\/triathlon-des-roses-antibes\/\" class=\"dt-trigger-first-mfp\">Triathlon des Roses &#8211; Antibes<\/a><\/h3>\n<\/div>\n<\/div>\n\t\t<\/div>\n\n\t\n<\/div>\n<\/article>\n\n<\/div><\/div>[vc_empty_space][\/vc_column][\/vc_row]<\/p>\n<\/div>","protected":false},"excerpt":{"rendered":"<p>[vc_row][vc_column][vc_empty_space height=\u00a0\u00bb20px\u00a0\u00bb][vc_column_text]Photographe sur les triathlons, je capture les moments forts de cette comp\u00e9tition unique, mettant en lumi\u00e8re les athl\u00e8tes f\u00e9minines dans un cadre sportif et solidaire. Son r\u00f4le est de saisir non seulement les performances sportives pendant les diff\u00e9rentes \u00e9preuves (natation, v\u00e9lo, course \u00e0 pied), mais aussi l\u2019esprit de camaraderie et d\u2019engagement qui caract\u00e9rise cet&hellip;<\/p>\n","protected":false},"author":1,"featured_media":37487,"parent":0,"menu_order":0,"comment_status":"closed","ping_status":"closed","template":"","meta":{"footnotes":""},"class_list":["post-37076","page","type-page","status-publish","has-post-thumbnail","hentry","description-off"],"yoast_head":"<!-- This site is optimized with the Yoast SEO plugin v26.5 - https:\/\/yoast.com\/wordpress\/plugins\/seo\/ -->\n<title>Triathlon - Photographe de sport<\/title>\n<meta name=\"robots\" content=\"index, follow, max-snippet:-1, max-image-preview:large, max-video-preview:-1\" \/>\n<link rel=\"canonical\" href=\"https:\/\/fotk.fr\/sport\/triathlon\/\" \/>\n<meta property=\"og:locale\" content=\"fr_FR\" \/>\n<meta property=\"og:type\" content=\"article\" \/>\n<meta property=\"og:title\" content=\"Triathlon - Photographe de sport\" \/>\n<meta property=\"og:description\" content=\"[vc_row][vc_column][vc_empty_space height=\u00a0\u00bb20px\u00a0\u00bb][vc_column_text]Photographe sur les triathlons, je capture les moments forts de cette comp\u00e9tition unique, mettant en lumi\u00e8re les athl\u00e8tes f\u00e9minines dans un cadre sportif et solidaire. Son r\u00f4le est de saisir non seulement les performances sportives pendant les diff\u00e9rentes \u00e9preuves (natation, v\u00e9lo, course \u00e0 pied), mais aussi l\u2019esprit de camaraderie et d\u2019engagement qui caract\u00e9rise cet&hellip;\" \/>\n<meta property=\"og:url\" content=\"https:\/\/fotk.fr\/sport\/triathlon\/\" \/>\n<meta property=\"og:site_name\" content=\"Photographe de sport\" \/>\n<meta property=\"article:modified_time\" content=\"2026-01-09T13:51:08+00:00\" \/>\n<meta property=\"og:image\" content=\"https:\/\/fotk.fr\/sport\/wp-content\/uploads\/sites\/4\/2025\/10\/Photo_Vincent-Krieger_250928_163052_VK8_3806-bd.jpg\" \/>\n\t<meta property=\"og:image:width\" content=\"2500\" \/>\n\t<meta property=\"og:image:height\" content=\"1667\" \/>\n\t<meta property=\"og:image:type\" content=\"image\/jpeg\" \/>\n<meta name=\"twitter:card\" content=\"summary_large_image\" \/>\n<meta name=\"twitter:label1\" content=\"Dur\u00e9e de lecture estim\u00e9e\" \/>\n\t<meta name=\"twitter:data1\" content=\"1 minute\" \/>\n<script type=\"application\/ld+json\" class=\"yoast-schema-graph\">{\"@context\":\"https:\/\/schema.org\",\"@graph\":[{\"@type\":\"WebPage\",\"@id\":\"https:\/\/fotk.fr\/sport\/triathlon\/\",\"url\":\"https:\/\/fotk.fr\/sport\/triathlon\/\",\"name\":\"Triathlon - Photographe de sport\",\"isPartOf\":{\"@id\":\"https:\/\/fotk.fr\/sport\/#website\"},\"primaryImageOfPage\":{\"@id\":\"https:\/\/fotk.fr\/sport\/triathlon\/#primaryimage\"},\"image\":{\"@id\":\"https:\/\/fotk.fr\/sport\/triathlon\/#primaryimage\"},\"thumbnailUrl\":\"https:\/\/fotk.fr\/sport\/wp-content\/uploads\/sites\/4\/2025\/10\/Photo_Vincent-Krieger_250928_163052_VK8_3806-bd.jpg\",\"datePublished\":\"2025-12-13T16:11:38+00:00\",\"dateModified\":\"2026-01-09T13:51:08+00:00\",\"breadcrumb\":{\"@id\":\"https:\/\/fotk.fr\/sport\/triathlon\/#breadcrumb\"},\"inLanguage\":\"fr-FR\",\"potentialAction\":[{\"@type\":\"ReadAction\",\"target\":[\"https:\/\/fotk.fr\/sport\/triathlon\/\"]}]},{\"@type\":\"ImageObject\",\"inLanguage\":\"fr-FR\",\"@id\":\"https:\/\/fotk.fr\/sport\/triathlon\/#primaryimage\",\"url\":\"https:\/\/fotk.fr\/sport\/wp-content\/uploads\/sites\/4\/2025\/10\/Photo_Vincent-Krieger_250928_163052_VK8_3806-bd.jpg\",\"contentUrl\":\"https:\/\/fotk.fr\/sport\/wp-content\/uploads\/sites\/4\/2025\/10\/Photo_Vincent-Krieger_250928_163052_VK8_3806-bd.jpg\",\"width\":2500,\"height\":1667,\"caption\":\"Octobre Rose \u2013 Triathlon des Roses 2025 - Toulouse\"},{\"@type\":\"BreadcrumbList\",\"@id\":\"https:\/\/fotk.fr\/sport\/triathlon\/#breadcrumb\",\"itemListElement\":[{\"@type\":\"ListItem\",\"position\":1,\"name\":\"Accueil\",\"item\":\"https:\/\/fotk.fr\/sport\/\"},{\"@type\":\"ListItem\",\"position\":2,\"name\":\"Triathlon\"}]},{\"@type\":\"WebSite\",\"@id\":\"https:\/\/fotk.fr\/sport\/#website\",\"url\":\"https:\/\/fotk.fr\/sport\/\",\"name\":\"Photographe de sport\",\"description\":\"Vincent Kri\u00e9ger\",\"publisher\":{\"@id\":\"https:\/\/fotk.fr\/sport\/#organization\"},\"potentialAction\":[{\"@type\":\"SearchAction\",\"target\":{\"@type\":\"EntryPoint\",\"urlTemplate\":\"https:\/\/fotk.fr\/sport\/?s={search_term_string}\"},\"query-input\":{\"@type\":\"PropertyValueSpecification\",\"valueRequired\":true,\"valueName\":\"search_term_string\"}}],\"inLanguage\":\"fr-FR\"},{\"@type\":\"Organization\",\"@id\":\"https:\/\/fotk.fr\/sport\/#organization\",\"name\":\"Photographe de sport\",\"url\":\"https:\/\/fotk.fr\/sport\/\",\"logo\":{\"@type\":\"ImageObject\",\"inLanguage\":\"fr-FR\",\"@id\":\"https:\/\/fotk.fr\/sport\/#\/schema\/logo\/image\/\",\"url\":\"https:\/\/fotk.fr\/sport\/wp-content\/uploads\/sites\/4\/2025\/12\/logo-FOTK-noir-512.png\",\"contentUrl\":\"https:\/\/fotk.fr\/sport\/wp-content\/uploads\/sites\/4\/2025\/12\/logo-FOTK-noir-512.png\",\"width\":512,\"height\":512,\"caption\":\"Photographe de sport\"},\"image\":{\"@id\":\"https:\/\/fotk.fr\/sport\/#\/schema\/logo\/image\/\"}}]}<\/script>\n<!-- \/ Yoast SEO plugin. -->","yoast_head_json":{"title":"Triathlon - Photographe de sport","robots":{"index":"index","follow":"follow","max-snippet":"max-snippet:-1","max-image-preview":"max-image-preview:large","max-video-preview":"max-video-preview:-1"},"canonical":"https:\/\/fotk.fr\/sport\/triathlon\/","og_locale":"fr_FR","og_type":"article","og_title":"Triathlon - Photographe de sport","og_description":"[vc_row][vc_column][vc_empty_space height=\u00a0\u00bb20px\u00a0\u00bb][vc_column_text]Photographe sur les triathlons, je capture les moments forts de cette comp\u00e9tition unique, mettant en lumi\u00e8re les athl\u00e8tes f\u00e9minines dans un cadre sportif et solidaire. Son r\u00f4le est de saisir non seulement les performances sportives pendant les diff\u00e9rentes \u00e9preuves (natation, v\u00e9lo, course \u00e0 pied), mais aussi l\u2019esprit de camaraderie et d\u2019engagement qui caract\u00e9rise cet&hellip;","og_url":"https:\/\/fotk.fr\/sport\/triathlon\/","og_site_name":"Photographe de sport","article_modified_time":"2026-01-09T13:51:08+00:00","og_image":[{"width":2500,"height":1667,"url":"https:\/\/fotk.fr\/sport\/wp-content\/uploads\/sites\/4\/2025\/10\/Photo_Vincent-Krieger_250928_163052_VK8_3806-bd.jpg","type":"image\/jpeg"}],"twitter_card":"summary_large_image","twitter_misc":{"Dur\u00e9e de lecture estim\u00e9e":"1 minute"},"schema":{"@context":"https:\/\/schema.org","@graph":[{"@type":"WebPage","@id":"https:\/\/fotk.fr\/sport\/triathlon\/","url":"https:\/\/fotk.fr\/sport\/triathlon\/","name":"Triathlon - Photographe de sport","isPartOf":{"@id":"https:\/\/fotk.fr\/sport\/#website"},"primaryImageOfPage":{"@id":"https:\/\/fotk.fr\/sport\/triathlon\/#primaryimage"},"image":{"@id":"https:\/\/fotk.fr\/sport\/triathlon\/#primaryimage"},"thumbnailUrl":"https:\/\/fotk.fr\/sport\/wp-content\/uploads\/sites\/4\/2025\/10\/Photo_Vincent-Krieger_250928_163052_VK8_3806-bd.jpg","datePublished":"2025-12-13T16:11:38+00:00","dateModified":"2026-01-09T13:51:08+00:00","breadcrumb":{"@id":"https:\/\/fotk.fr\/sport\/triathlon\/#breadcrumb"},"inLanguage":"fr-FR","potentialAction":[{"@type":"ReadAction","target":["https:\/\/fotk.fr\/sport\/triathlon\/"]}]},{"@type":"ImageObject","inLanguage":"fr-FR","@id":"https:\/\/fotk.fr\/sport\/triathlon\/#primaryimage","url":"https:\/\/fotk.fr\/sport\/wp-content\/uploads\/sites\/4\/2025\/10\/Photo_Vincent-Krieger_250928_163052_VK8_3806-bd.jpg","contentUrl":"https:\/\/fotk.fr\/sport\/wp-content\/uploads\/sites\/4\/2025\/10\/Photo_Vincent-Krieger_250928_163052_VK8_3806-bd.jpg","width":2500,"height":1667,"caption":"Octobre Rose \u2013 Triathlon des Roses 2025 - Toulouse"},{"@type":"BreadcrumbList","@id":"https:\/\/fotk.fr\/sport\/triathlon\/#breadcrumb","itemListElement":[{"@type":"ListItem","position":1,"name":"Accueil","item":"https:\/\/fotk.fr\/sport\/"},{"@type":"ListItem","position":2,"name":"Triathlon"}]},{"@type":"WebSite","@id":"https:\/\/fotk.fr\/sport\/#website","url":"https:\/\/fotk.fr\/sport\/","name":"Photographe de sport","description":"Vincent Kri\u00e9ger","publisher":{"@id":"https:\/\/fotk.fr\/sport\/#organization"},"potentialAction":[{"@type":"SearchAction","target":{"@type":"EntryPoint","urlTemplate":"https:\/\/fotk.fr\/sport\/?s={search_term_string}"},"query-input":{"@type":"PropertyValueSpecification","valueRequired":true,"valueName":"search_term_string"}}],"inLanguage":"fr-FR"},{"@type":"Organization","@id":"https:\/\/fotk.fr\/sport\/#organization","name":"Photographe de sport","url":"https:\/\/fotk.fr\/sport\/","logo":{"@type":"ImageObject","inLanguage":"fr-FR","@id":"https:\/\/fotk.fr\/sport\/#\/schema\/logo\/image\/","url":"https:\/\/fotk.fr\/sport\/wp-content\/uploads\/sites\/4\/2025\/12\/logo-FOTK-noir-512.png","contentUrl":"https:\/\/fotk.fr\/sport\/wp-content\/uploads\/sites\/4\/2025\/12\/logo-FOTK-noir-512.png","width":512,"height":512,"caption":"Photographe de sport"},"image":{"@id":"https:\/\/fotk.fr\/sport\/#\/schema\/logo\/image\/"}}]}},"_links":{"self":[{"href":"https:\/\/fotk.fr\/sport\/wp-json\/wp\/v2\/pages\/37076","targetHints":{"allow":["GET"]}}],"collection":[{"href":"https:\/\/fotk.fr\/sport\/wp-json\/wp\/v2\/pages"}],"about":[{"href":"https:\/\/fotk.fr\/sport\/wp-json\/wp\/v2\/types\/page"}],"author":[{"embeddable":true,"href":"https:\/\/fotk.fr\/sport\/wp-json\/wp\/v2\/users\/1"}],"replies":[{"embeddable":true,"href":"https:\/\/fotk.fr\/sport\/wp-json\/wp\/v2\/comments?post=37076"}],"version-history":[{"count":22,"href":"https:\/\/fotk.fr\/sport\/wp-json\/wp\/v2\/pages\/37076\/revisions"}],"predecessor-version":[{"id":37967,"href":"https:\/\/fotk.fr\/sport\/wp-json\/wp\/v2\/pages\/37076\/revisions\/37967"}],"wp:featuredmedia":[{"embeddable":true,"href":"https:\/\/fotk.fr\/sport\/wp-json\/wp\/v2\/media\/37487"}],"wp:attachment":[{"href":"https:\/\/fotk.fr\/sport\/wp-json\/wp\/v2\/media?parent=37076"}],"curies":[{"name":"wp","href":"https:\/\/api.w.org\/{rel}","templated":true}]}}