{"id":37108,"date":"2025-12-13T18:40:34","date_gmt":"2025-12-13T17:40:34","guid":{"rendered":"https:\/\/fotk.fr\/sport\/?page_id=37108"},"modified":"2025-12-18T13:41:01","modified_gmt":"2025-12-18T12:41:01","slug":"badminton","status":"publish","type":"page","link":"https:\/\/fotk.fr\/sport\/badminton\/","title":{"rendered":"Badminton"},"content":{"rendered":"<div class=\"wpb-content-wrapper\"><p>[vc_row][vc_column][vc_empty_space][vc_column_text css=\u00a0\u00bb\u00a0\u00bb]<strong>Photographe sp\u00e9cialis\u00e9 en Badminton<\/strong><\/p>\n<p><strong><img loading=\"lazy\" decoding=\"async\" class=\"size-medium wp-image-34762 alignright\" src=\"https:\/\/kriggs.fr\/wp-content\/uploads\/2017\/03\/Photo_Vincent-Krieger_221013_212535_VK4_2905-300x200.jpg\" alt=\"BWF Super Series Badminton au stade Pierre de Coubertin\" width=\"300\" height=\"200\" srcset=\"https:\/\/fotk.fr\/sport\/wp-content\/uploads\/sites\/4\/2017\/03\/Photo_Vincent-Krieger_221013_212535_VK4_2905-300x200.jpg 300w, https:\/\/fotk.fr\/sport\/wp-content\/uploads\/sites\/4\/2017\/03\/Photo_Vincent-Krieger_221013_212535_VK4_2905-1024x682.jpg 1024w, https:\/\/fotk.fr\/sport\/wp-content\/uploads\/sites\/4\/2017\/03\/Photo_Vincent-Krieger_221013_212535_VK4_2905-768x511.jpg 768w, https:\/\/fotk.fr\/sport\/wp-content\/uploads\/sites\/4\/2017\/03\/Photo_Vincent-Krieger_221013_212535_VK4_2905.jpg 1200w\" sizes=\"auto, (max-width: 300px) 100vw, 300px\" \/><\/strong><\/p>\n<p>Passionn\u00e9 par le badminton et la pr\u00e9cision de ce sport, je suis photographe professionnel d\u00e9di\u00e9 \u00e0 capturer l\u2019action, la vitesse et l\u2019\u00e9motion des matchs. Que vous soyez joueur amateur, comp\u00e9titeur ou organisateur d\u2019\u00e9v\u00e9nements, mon objectif est de saisir l\u2019\u00e9nergie unique de chaque \u00e9change et de chaque moment cl\u00e9 avec des images de haute qualit\u00e9.<\/p>\n<p>Sp\u00e9cialis\u00e9 dans les sports de raquette, je vous propose un regard aff\u00fbt\u00e9 pour immortaliser les actions les plus spectaculaires, la concentration des athl\u00e8tes et l\u2019ambiance \u00e9lectrique des comp\u00e9titions. Gr\u00e2ce \u00e0 une technique de prise de vue rapide et pr\u00e9cise, je mets en valeur les moments d\u00e9cisifs : smashes puissants, d\u00e9fenses audacieuses et \u00e9motions des joueurs.<\/p>\n<p>Que ce soit lors de tournois, de championnats ou d\u2019entra\u00eenements, je capture les instants forts de votre pratique du badminton, avec des photos professionnelles adapt\u00e9es \u00e0 vos besoins. D\u00e9couvrez mes services et laissez-moi immortaliser vos performances sur le court.[\/vc_column_text][vc_empty_space]<div class=\"wf-container dt-gallery-container dt-photos-shortcode loading-effect-none iso-container\" data-padding=\"20px\" data-cur-page=\"1\" data-width=\"370px\" data-columns=\"1\"><div class=\"wf-cell iso-item\" data-date=\"2025-12-14T11:48:10+01:00\" data-name=\"Badminton interclubs TOP 12 Fos-sur-Mer vs Saint-Maur-des-Foss\u00e9s\" data-post-id=\"37431\">\n<article class=\"post post-37431 attachment type-attachment status-inherit hentry description-off\">\n\n\t\n<div class=\"rollover-project links-hovers-disabled\">\n\n\t<a href=\"https:\/\/fotk.fr\/sport\/wp-content\/uploads\/sites\/4\/2025\/04\/\u00a9-Vincent-Krieger-250419-160342-VK8_6173.jpg\" class=\"dt-mfp-item mfp-image rollover rollover-zoom\" title=\"Badminton interclubs TOP 12 Fos-sur-Mer vs Saint-Maur-des-Foss\u00e9s\" data-dt-img-description=\"Cr\u00e9dit photo :Vincent Krieger\" ><img class=\"preload-me\" srcset=\"https:\/\/fotk.fr\/sport\/wp-content\/uploads\/sites\/4\/2025\/04\/\u00a9-Vincent-Krieger-250419-160342-VK8_6173.jpg 1x, https:\/\/fotk.fr\/sport\/wp-content\/uploads\/sites\/4\/2025\/04\/\u00a9-Vincent-Krieger-250419-160342-VK8_6173.jpg 2x\" alt=\"Badminton interclubs TOP 12 Fos-sur-Mer vs Saint-Maur-des-Foss\u00e9s\" width=\"2500\" height=\"1667\"  \/><\/a>\n\t\n<\/div>\n<\/article>\n\n<\/div><div class=\"wf-cell iso-item\" data-date=\"2025-12-14T11:57:03+01:00\" data-name=\"Badminton interclubs TOP 12 Fos-sur-Mer vs Saint-Maur-des-Foss\u00e9s\" data-post-id=\"37434\">\n<article class=\"post post-37434 attachment type-attachment status-inherit hentry description-off\">\n\n\t\n<div class=\"rollover-project links-hovers-disabled\">\n\n\t<a href=\"https:\/\/fotk.fr\/sport\/wp-content\/uploads\/sites\/4\/2025\/04\/\u00a9-Vincent-Krieger-250419-161217-VK9_0880.jpg\" class=\"dt-mfp-item mfp-image rollover rollover-zoom\" title=\"Badminton interclubs TOP 12 Fos-sur-Mer vs Saint-Maur-des-Foss\u00e9s\" data-dt-img-description=\"Cr\u00e9dit photo :Vincent Krieger\" ><img class=\"preload-me\" srcset=\"https:\/\/fotk.fr\/sport\/wp-content\/uploads\/sites\/4\/2025\/04\/\u00a9-Vincent-Krieger-250419-161217-VK9_0880.jpg 1x, https:\/\/fotk.fr\/sport\/wp-content\/uploads\/sites\/4\/2025\/04\/\u00a9-Vincent-Krieger-250419-161217-VK9_0880.jpg 2x\" alt=\"Badminton interclubs TOP 12 Fos-sur-Mer vs Saint-Maur-des-Foss\u00e9s\" width=\"2500\" height=\"1667\"  \/><\/a>\n\t\n<\/div>\n<\/article>\n\n<\/div><div class=\"wf-cell iso-item\" data-date=\"2025-12-14T11:56:45+01:00\" data-name=\"Badminton interclubs TOP 12 Fos-sur-Mer vs Saint-Maur-des-Foss\u00e9s\" data-post-id=\"37463\">\n<article class=\"post post-37463 attachment type-attachment status-inherit hentry description-off\">\n\n\t\n<div class=\"rollover-project links-hovers-disabled\">\n\n\t<a href=\"https:\/\/fotk.fr\/sport\/wp-content\/uploads\/sites\/4\/2025\/04\/\u00a9-Vincent-Krieger-250419-175855-VK8_7381.jpg\" class=\"dt-mfp-item mfp-image rollover rollover-zoom\" title=\"Badminton interclubs TOP 12 Fos-sur-Mer vs Saint-Maur-des-Foss\u00e9s\" data-dt-img-description=\"Cr\u00e9dit photo :Vincent Krieger\" ><img class=\"preload-me\" srcset=\"https:\/\/fotk.fr\/sport\/wp-content\/uploads\/sites\/4\/2025\/04\/\u00a9-Vincent-Krieger-250419-175855-VK8_7381.jpg 1x, https:\/\/fotk.fr\/sport\/wp-content\/uploads\/sites\/4\/2025\/04\/\u00a9-Vincent-Krieger-250419-175855-VK8_7381.jpg 2x\" alt=\"Badminton interclubs TOP 12 Fos-sur-Mer vs Saint-Maur-des-Foss\u00e9s\" width=\"2500\" height=\"1667\"  \/><\/a>\n\t\n<\/div>\n<\/article>\n\n<\/div><div class=\"wf-cell iso-item\" data-date=\"2025-12-14T11:58:30+01:00\" data-name=\"Badminton interclubs TOP 12 Fos-sur-Mer vs Saint-Maur-des-Foss\u00e9s\" data-post-id=\"37467\">\n<article class=\"post post-37467 attachment type-attachment status-inherit hentry description-off\">\n\n\t\n<div class=\"rollover-project links-hovers-disabled\">\n\n\t<a href=\"https:\/\/fotk.fr\/sport\/wp-content\/uploads\/sites\/4\/2025\/04\/\u00a9-Vincent-Krieger-250419-181205-VK9_2028.jpg\" class=\"dt-mfp-item mfp-image rollover rollover-zoom\" title=\"Badminton interclubs TOP 12 Fos-sur-Mer vs Saint-Maur-des-Foss\u00e9s\" data-dt-img-description=\"Cr\u00e9dit photo :Vincent Krieger\" ><img class=\"preload-me\" srcset=\"https:\/\/fotk.fr\/sport\/wp-content\/uploads\/sites\/4\/2025\/04\/\u00a9-Vincent-Krieger-250419-181205-VK9_2028.jpg 1x, https:\/\/fotk.fr\/sport\/wp-content\/uploads\/sites\/4\/2025\/04\/\u00a9-Vincent-Krieger-250419-181205-VK9_2028.jpg 2x\" alt=\"Badminton interclubs TOP 12 Fos-sur-Mer vs Saint-Maur-des-Foss\u00e9s\" width=\"2500\" height=\"1667\"  \/><\/a>\n\t\n<\/div>\n<\/article>\n\n<\/div><div class=\"wf-cell iso-item\" data-date=\"2025-12-14T11:56:38+01:00\" data-name=\"Badminton interclubs TOP 12 Fos-sur-Mer vs Saint-Maur-des-Foss\u00e9s\" data-post-id=\"37441\">\n<article class=\"post post-37441 attachment type-attachment status-inherit hentry description-off\">\n\n\t\n<div class=\"rollover-project links-hovers-disabled\">\n\n\t<a href=\"https:\/\/fotk.fr\/sport\/wp-content\/uploads\/sites\/4\/2025\/04\/\u00a9-Vincent-Krieger-250419-162826-VK8_6340.jpg\" class=\"dt-mfp-item mfp-image rollover rollover-zoom\" title=\"Badminton interclubs TOP 12 Fos-sur-Mer vs Saint-Maur-des-Foss\u00e9s\" data-dt-img-description=\"Cr\u00e9dit photo :Vincent Krieger\" ><img class=\"preload-me\" srcset=\"https:\/\/fotk.fr\/sport\/wp-content\/uploads\/sites\/4\/2025\/04\/\u00a9-Vincent-Krieger-250419-162826-VK8_6340.jpg 1x, https:\/\/fotk.fr\/sport\/wp-content\/uploads\/sites\/4\/2025\/04\/\u00a9-Vincent-Krieger-250419-162826-VK8_6340.jpg 2x\" alt=\"Badminton interclubs TOP 12 Fos-sur-Mer vs Saint-Maur-des-Foss\u00e9s\" width=\"2500\" height=\"1667\"  \/><\/a>\n\t\n<\/div>\n<\/article>\n\n<\/div><div class=\"wf-cell iso-item\" data-date=\"2025-12-14T11:56:02+01:00\" data-name=\"Badminton interclubs TOP 12 Fos-sur-Mer vs Saint-Maur-des-Foss\u00e9s\" data-post-id=\"37459\">\n<article class=\"post post-37459 attachment type-attachment status-inherit hentry description-off\">\n\n\t\n<div class=\"rollover-project links-hovers-disabled\">\n\n\t<a href=\"https:\/\/fotk.fr\/sport\/wp-content\/uploads\/sites\/4\/2025\/04\/\u00a9-Vincent-Krieger-250419-173306-VK8_6887.jpg\" class=\"dt-mfp-item mfp-image rollover rollover-zoom\" title=\"Badminton interclubs TOP 12 Fos-sur-Mer vs Saint-Maur-des-Foss\u00e9s\" data-dt-img-description=\"Cr\u00e9dit photo :Vincent Krieger\" ><img class=\"preload-me\" srcset=\"https:\/\/fotk.fr\/sport\/wp-content\/uploads\/sites\/4\/2025\/04\/\u00a9-Vincent-Krieger-250419-173306-VK8_6887.jpg 1x, https:\/\/fotk.fr\/sport\/wp-content\/uploads\/sites\/4\/2025\/04\/\u00a9-Vincent-Krieger-250419-173306-VK8_6887.jpg 2x\" alt=\"Badminton interclubs TOP 12 Fos-sur-Mer vs Saint-Maur-des-Foss\u00e9s\" width=\"1667\" height=\"2500\"  \/><\/a>\n\t\n<\/div>\n<\/article>\n\n<\/div><div class=\"wf-cell iso-item\" data-date=\"2025-12-14T11:54:10+01:00\" data-name=\"Badminton interclubs TOP 12 Fos-sur-Mer vs Saint-Maur-des-Foss\u00e9s\" data-post-id=\"37470\">\n<article class=\"post post-37470 attachment type-attachment status-inherit hentry description-off\">\n\n\t\n<div class=\"rollover-project links-hovers-disabled\">\n\n\t<a href=\"https:\/\/fotk.fr\/sport\/wp-content\/uploads\/sites\/4\/2025\/04\/\u00a9-Vincent-Krieger-250419-183833-VK9_2492.jpg\" class=\"dt-mfp-item mfp-image rollover rollover-zoom\" title=\"Badminton interclubs TOP 12 Fos-sur-Mer vs Saint-Maur-des-Foss\u00e9s\" data-dt-img-description=\"Cr\u00e9dit photo :Vincent Krieger\" ><img class=\"preload-me\" srcset=\"https:\/\/fotk.fr\/sport\/wp-content\/uploads\/sites\/4\/2025\/04\/\u00a9-Vincent-Krieger-250419-183833-VK9_2492.jpg 1x, https:\/\/fotk.fr\/sport\/wp-content\/uploads\/sites\/4\/2025\/04\/\u00a9-Vincent-Krieger-250419-183833-VK9_2492.jpg 2x\" alt=\"Badminton interclubs TOP 12 Fos-sur-Mer vs Saint-Maur-des-Foss\u00e9s\" width=\"1667\" height=\"2500\"  \/><\/a>\n\t\n<\/div>\n<\/article>\n\n<\/div><div class=\"wf-cell iso-item\" data-date=\"2025-12-14T11:54:01+01:00\" data-name=\"Badminton interclubs TOP 12 Fos-sur-Mer vs Saint-Maur-des-Foss\u00e9s\" data-post-id=\"37435\">\n<article class=\"post post-37435 attachment type-attachment status-inherit hentry description-off\">\n\n\t\n<div class=\"rollover-project links-hovers-disabled\">\n\n\t<a href=\"https:\/\/fotk.fr\/sport\/wp-content\/uploads\/sites\/4\/2025\/04\/\u00a9-Vincent-Krieger-250419-161642-VK9_0945.jpg\" class=\"dt-mfp-item mfp-image rollover rollover-zoom\" title=\"Badminton interclubs TOP 12 Fos-sur-Mer vs Saint-Maur-des-Foss\u00e9s\" data-dt-img-description=\"Cr\u00e9dit photo :Vincent Krieger\" ><img class=\"preload-me\" srcset=\"https:\/\/fotk.fr\/sport\/wp-content\/uploads\/sites\/4\/2025\/04\/\u00a9-Vincent-Krieger-250419-161642-VK9_0945.jpg 1x, https:\/\/fotk.fr\/sport\/wp-content\/uploads\/sites\/4\/2025\/04\/\u00a9-Vincent-Krieger-250419-161642-VK9_0945.jpg 2x\" alt=\"Badminton interclubs TOP 12 Fos-sur-Mer vs Saint-Maur-des-Foss\u00e9s\" width=\"2500\" height=\"1667\"  \/><\/a>\n\t\n<\/div>\n<\/article>\n\n<\/div><div class=\"wf-cell iso-item\" data-date=\"2025-12-14T11:53:51+01:00\" data-name=\"Badminton interclubs TOP 12 Fos-sur-Mer vs Saint-Maur-des-Foss\u00e9s\" data-post-id=\"37451\">\n<article class=\"post post-37451 attachment type-attachment status-inherit hentry description-off\">\n\n\t\n<div class=\"rollover-project links-hovers-disabled\">\n\n\t<a href=\"https:\/\/fotk.fr\/sport\/wp-content\/uploads\/sites\/4\/2025\/04\/\u00a9-Vincent-Krieger-250419-171818-VK9_1504.jpg\" class=\"dt-mfp-item mfp-image rollover rollover-zoom\" title=\"Badminton interclubs TOP 12 Fos-sur-Mer vs Saint-Maur-des-Foss\u00e9s\" data-dt-img-description=\"Cr\u00e9dit photo :Vincent Krieger\" ><img class=\"preload-me\" srcset=\"https:\/\/fotk.fr\/sport\/wp-content\/uploads\/sites\/4\/2025\/04\/\u00a9-Vincent-Krieger-250419-171818-VK9_1504.jpg 1x, https:\/\/fotk.fr\/sport\/wp-content\/uploads\/sites\/4\/2025\/04\/\u00a9-Vincent-Krieger-250419-171818-VK9_1504.jpg 2x\" alt=\"Badminton interclubs TOP 12 Fos-sur-Mer vs Saint-Maur-des-Foss\u00e9s\" width=\"1667\" height=\"2500\"  \/><\/a>\n\t\n<\/div>\n<\/article>\n\n<\/div><div class=\"wf-cell iso-item\" data-date=\"2025-12-14T11:52:59+01:00\" data-name=\"Badminton interclubs TOP 12 Fos-sur-Mer vs Saint-Maur-des-Foss\u00e9s\" data-post-id=\"37466\">\n<article class=\"post post-37466 attachment type-attachment status-inherit hentry description-off\">\n\n\t\n<div class=\"rollover-project links-hovers-disabled\">\n\n\t<a href=\"https:\/\/fotk.fr\/sport\/wp-content\/uploads\/sites\/4\/2025\/04\/\u00a9-Vincent-Krieger-250419-180915-VK9_1953.jpg\" class=\"dt-mfp-item mfp-image rollover rollover-zoom\" title=\"Badminton interclubs TOP 12 Fos-sur-Mer vs Saint-Maur-des-Foss\u00e9s\" data-dt-img-description=\"Cr\u00e9dit photo :Vincent Krieger\" ><img class=\"preload-me\" srcset=\"https:\/\/fotk.fr\/sport\/wp-content\/uploads\/sites\/4\/2025\/04\/\u00a9-Vincent-Krieger-250419-180915-VK9_1953.jpg 1x, https:\/\/fotk.fr\/sport\/wp-content\/uploads\/sites\/4\/2025\/04\/\u00a9-Vincent-Krieger-250419-180915-VK9_1953.jpg 2x\" alt=\"Badminton interclubs TOP 12 Fos-sur-Mer vs Saint-Maur-des-Foss\u00e9s\" width=\"1667\" height=\"2500\"  \/><\/a>\n\t\n<\/div>\n<\/article>\n\n<\/div><div class=\"wf-cell iso-item\" data-date=\"2025-12-14T11:52:40+01:00\" data-name=\"Badminton interclubs TOP 12 Fos-sur-Mer vs Saint-Maur-des-Foss\u00e9s\" data-post-id=\"37443\">\n<article class=\"post post-37443 attachment type-attachment status-inherit hentry description-off\">\n\n\t\n<div class=\"rollover-project links-hovers-disabled\">\n\n\t<a href=\"https:\/\/fotk.fr\/sport\/wp-content\/uploads\/sites\/4\/2025\/04\/\u00a9-Vincent-Krieger-250419-163415-VK8_6467.jpg\" class=\"dt-mfp-item mfp-image rollover rollover-zoom\" title=\"Badminton interclubs TOP 12 Fos-sur-Mer vs Saint-Maur-des-Foss\u00e9s\" data-dt-img-description=\"Cr\u00e9dit photo :Vincent Krieger\" ><img class=\"preload-me\" srcset=\"https:\/\/fotk.fr\/sport\/wp-content\/uploads\/sites\/4\/2025\/04\/\u00a9-Vincent-Krieger-250419-163415-VK8_6467.jpg 1x, https:\/\/fotk.fr\/sport\/wp-content\/uploads\/sites\/4\/2025\/04\/\u00a9-Vincent-Krieger-250419-163415-VK8_6467.jpg 2x\" alt=\"Badminton interclubs TOP 12 Fos-sur-Mer vs Saint-Maur-des-Foss\u00e9s\" width=\"1667\" height=\"2500\"  \/><\/a>\n\t\n<\/div>\n<\/article>\n\n<\/div><div class=\"wf-cell iso-item\" data-date=\"2025-12-14T11:51:18+01:00\" data-name=\"Badminton interclubs TOP 12 Fos-sur-Mer vs Saint-Maur-des-Foss\u00e9s\" data-post-id=\"37471\">\n<article class=\"post post-37471 attachment type-attachment status-inherit hentry description-off\">\n\n\t\n<div class=\"rollover-project links-hovers-disabled\">\n\n\t<a href=\"https:\/\/fotk.fr\/sport\/wp-content\/uploads\/sites\/4\/2025\/04\/\u00a9-Vincent-Krieger-250419-184120-VK9_2585.jpg\" class=\"dt-mfp-item mfp-image rollover rollover-zoom\" title=\"Badminton interclubs TOP 12 Fos-sur-Mer vs Saint-Maur-des-Foss\u00e9s\" data-dt-img-description=\"Cr\u00e9dit photo :Vincent Krieger\" ><img class=\"preload-me\" srcset=\"https:\/\/fotk.fr\/sport\/wp-content\/uploads\/sites\/4\/2025\/04\/\u00a9-Vincent-Krieger-250419-184120-VK9_2585.jpg 1x, https:\/\/fotk.fr\/sport\/wp-content\/uploads\/sites\/4\/2025\/04\/\u00a9-Vincent-Krieger-250419-184120-VK9_2585.jpg 2x\" alt=\"Badminton interclubs TOP 12 Fos-sur-Mer vs Saint-Maur-des-Foss\u00e9s\" width=\"1667\" height=\"2500\"  \/><\/a>\n\t\n<\/div>\n<\/article>\n\n<\/div><div class=\"wf-cell iso-item\" data-date=\"2025-12-14T11:50:38+01:00\" data-name=\"Badminton interclubs TOP 12 Fos-sur-Mer vs Saint-Maur-des-Foss\u00e9s\" data-post-id=\"37433\">\n<article class=\"post post-37433 attachment type-attachment status-inherit hentry description-off\">\n\n\t\n<div class=\"rollover-project links-hovers-disabled\">\n\n\t<a href=\"https:\/\/fotk.fr\/sport\/wp-content\/uploads\/sites\/4\/2025\/04\/\u00a9-Vincent-Krieger-250419-161156-VK9_0845.jpg\" class=\"dt-mfp-item mfp-image rollover rollover-zoom\" title=\"Badminton interclubs TOP 12 Fos-sur-Mer vs Saint-Maur-des-Foss\u00e9s\" data-dt-img-description=\"Cr\u00e9dit photo :Vincent Krieger\" ><img class=\"preload-me\" srcset=\"https:\/\/fotk.fr\/sport\/wp-content\/uploads\/sites\/4\/2025\/04\/\u00a9-Vincent-Krieger-250419-161156-VK9_0845.jpg 1x, https:\/\/fotk.fr\/sport\/wp-content\/uploads\/sites\/4\/2025\/04\/\u00a9-Vincent-Krieger-250419-161156-VK9_0845.jpg 2x\" alt=\"Badminton interclubs TOP 12 Fos-sur-Mer vs Saint-Maur-des-Foss\u00e9s\" width=\"1667\" height=\"2500\"  \/><\/a>\n\t\n<\/div>\n<\/article>\n\n<\/div><div class=\"wf-cell iso-item\" data-date=\"2025-12-14T11:49:24+01:00\" data-name=\"Badminton interclubs TOP 12 Fos-sur-Mer vs Saint-Maur-des-Foss\u00e9s\" data-post-id=\"37452\">\n<article class=\"post post-37452 attachment type-attachment status-inherit hentry description-off\">\n\n\t\n<div class=\"rollover-project links-hovers-disabled\">\n\n\t<a href=\"https:\/\/fotk.fr\/sport\/wp-content\/uploads\/sites\/4\/2025\/04\/\u00a9-Vincent-Krieger-250419-171904-VK9_1532.jpg\" class=\"dt-mfp-item mfp-image rollover rollover-zoom\" title=\"Badminton interclubs TOP 12 Fos-sur-Mer vs Saint-Maur-des-Foss\u00e9s\" data-dt-img-description=\"Cr\u00e9dit photo :Vincent Krieger\" ><img class=\"preload-me\" srcset=\"https:\/\/fotk.fr\/sport\/wp-content\/uploads\/sites\/4\/2025\/04\/\u00a9-Vincent-Krieger-250419-171904-VK9_1532.jpg 1x, https:\/\/fotk.fr\/sport\/wp-content\/uploads\/sites\/4\/2025\/04\/\u00a9-Vincent-Krieger-250419-171904-VK9_1532.jpg 2x\" alt=\"Badminton interclubs TOP 12 Fos-sur-Mer vs Saint-Maur-des-Foss\u00e9s\" width=\"2500\" height=\"1667\"  \/><\/a>\n\t\n<\/div>\n<\/article>\n\n<\/div><div class=\"wf-cell iso-item\" data-date=\"2025-12-14T11:47:43+01:00\" data-name=\"Badminton interclubs TOP 12 Fos-sur-Mer vs Saint-Maur-des-Foss\u00e9s\" data-post-id=\"37447\">\n<article class=\"post post-37447 attachment type-attachment status-inherit hentry description-off\">\n\n\t\n<div class=\"rollover-project links-hovers-disabled\">\n\n\t<a href=\"https:\/\/fotk.fr\/sport\/wp-content\/uploads\/sites\/4\/2025\/04\/\u00a9-Vincent-Krieger-250419-171002-VK9_1334.jpg\" class=\"dt-mfp-item mfp-image rollover rollover-zoom\" title=\"Badminton interclubs TOP 12 Fos-sur-Mer vs Saint-Maur-des-Foss\u00e9s\" data-dt-img-description=\"Cr\u00e9dit photo :Vincent Krieger\" ><img class=\"preload-me\" srcset=\"https:\/\/fotk.fr\/sport\/wp-content\/uploads\/sites\/4\/2025\/04\/\u00a9-Vincent-Krieger-250419-171002-VK9_1334.jpg 1x, https:\/\/fotk.fr\/sport\/wp-content\/uploads\/sites\/4\/2025\/04\/\u00a9-Vincent-Krieger-250419-171002-VK9_1334.jpg 2x\" alt=\"Badminton interclubs TOP 12 Fos-sur-Mer vs Saint-Maur-des-Foss\u00e9s\" width=\"1667\" height=\"2500\"  \/><\/a>\n\t\n<\/div>\n<\/article>\n\n<\/div><div class=\"wf-cell iso-item\" data-date=\"2025-12-14T11:46:35+01:00\" data-name=\"Badminton interclubs TOP 12 Fos-sur-Mer vs Saint-Maur-des-Foss\u00e9s\" data-post-id=\"37437\">\n<article class=\"post post-37437 attachment type-attachment status-inherit hentry description-off\">\n\n\t\n<div class=\"rollover-project links-hovers-disabled\">\n\n\t<a href=\"https:\/\/fotk.fr\/sport\/wp-content\/uploads\/sites\/4\/2025\/04\/\u00a9-Vincent-Krieger-250419-162200-VK9_1028.jpg\" class=\"dt-mfp-item mfp-image rollover rollover-zoom\" title=\"Badminton interclubs TOP 12 Fos-sur-Mer vs Saint-Maur-des-Foss\u00e9s\" data-dt-img-description=\"Cr\u00e9dit photo :Vincent Krieger\" ><img class=\"preload-me\" srcset=\"https:\/\/fotk.fr\/sport\/wp-content\/uploads\/sites\/4\/2025\/04\/\u00a9-Vincent-Krieger-250419-162200-VK9_1028.jpg 1x, https:\/\/fotk.fr\/sport\/wp-content\/uploads\/sites\/4\/2025\/04\/\u00a9-Vincent-Krieger-250419-162200-VK9_1028.jpg 2x\" alt=\"Badminton interclubs TOP 12 Fos-sur-Mer vs Saint-Maur-des-Foss\u00e9s\" width=\"2500\" height=\"1667\"  \/><\/a>\n\t\n<\/div>\n<\/article>\n\n<\/div><div class=\"wf-cell iso-item\" data-date=\"2025-12-14T11:46:12+01:00\" data-name=\"Badminton interclubs TOP 12 Fos-sur-Mer vs Saint-Maur-des-Foss\u00e9s\" data-post-id=\"37457\">\n<article class=\"post post-37457 attachment type-attachment status-inherit hentry description-off\">\n\n\t\n<div class=\"rollover-project links-hovers-disabled\">\n\n\t<a href=\"https:\/\/fotk.fr\/sport\/wp-content\/uploads\/sites\/4\/2025\/04\/\u00a9-Vincent-Krieger-250419-172932-VK8_6823.jpg\" class=\"dt-mfp-item mfp-image rollover rollover-zoom\" title=\"Badminton interclubs TOP 12 Fos-sur-Mer vs Saint-Maur-des-Foss\u00e9s\" data-dt-img-description=\"Cr\u00e9dit photo :Vincent Krieger\" ><img class=\"preload-me\" srcset=\"https:\/\/fotk.fr\/sport\/wp-content\/uploads\/sites\/4\/2025\/04\/\u00a9-Vincent-Krieger-250419-172932-VK8_6823.jpg 1x, https:\/\/fotk.fr\/sport\/wp-content\/uploads\/sites\/4\/2025\/04\/\u00a9-Vincent-Krieger-250419-172932-VK8_6823.jpg 2x\" alt=\"Badminton interclubs TOP 12 Fos-sur-Mer vs Saint-Maur-des-Foss\u00e9s\" width=\"2500\" height=\"1667\"  \/><\/a>\n\t\n<\/div>\n<\/article>\n\n<\/div><div class=\"wf-cell iso-item\" data-date=\"2025-12-14T11:45:58+01:00\" data-name=\"Badminton interclubs TOP 12 Fos-sur-Mer vs Saint-Maur-des-Foss\u00e9s\" data-post-id=\"37468\">\n<article class=\"post post-37468 attachment type-attachment status-inherit hentry description-off\">\n\n\t\n<div class=\"rollover-project links-hovers-disabled\">\n\n\t<a href=\"https:\/\/fotk.fr\/sport\/wp-content\/uploads\/sites\/4\/2025\/04\/\u00a9-Vincent-Krieger-250419-181335-VK9_2080.jpg\" class=\"dt-mfp-item mfp-image rollover rollover-zoom\" title=\"Badminton interclubs TOP 12 Fos-sur-Mer vs Saint-Maur-des-Foss\u00e9s\" data-dt-img-description=\"Cr\u00e9dit photo :Vincent Krieger\" ><img class=\"preload-me\" srcset=\"https:\/\/fotk.fr\/sport\/wp-content\/uploads\/sites\/4\/2025\/04\/\u00a9-Vincent-Krieger-250419-181335-VK9_2080.jpg 1x, https:\/\/fotk.fr\/sport\/wp-content\/uploads\/sites\/4\/2025\/04\/\u00a9-Vincent-Krieger-250419-181335-VK9_2080.jpg 2x\" alt=\"Badminton interclubs TOP 12 Fos-sur-Mer vs Saint-Maur-des-Foss\u00e9s\" width=\"1667\" height=\"2500\"  \/><\/a>\n\t\n<\/div>\n<\/article>\n\n<\/div><div class=\"wf-cell iso-item\" data-date=\"2025-12-14T11:45:56+01:00\" data-name=\"Badminton interclubs TOP 12 Fos-sur-Mer vs Saint-Maur-des-Foss\u00e9s\" data-post-id=\"37436\">\n<article class=\"post post-37436 attachment type-attachment status-inherit hentry description-off\">\n\n\t\n<div class=\"rollover-project links-hovers-disabled\">\n\n\t<a href=\"https:\/\/fotk.fr\/sport\/wp-content\/uploads\/sites\/4\/2025\/04\/\u00a9-Vincent-Krieger-250419-161818-VK8_6298.jpg\" class=\"dt-mfp-item mfp-image rollover rollover-zoom\" title=\"Badminton interclubs TOP 12 Fos-sur-Mer vs Saint-Maur-des-Foss\u00e9s\" data-dt-img-description=\"Cr\u00e9dit photo :Vincent Krieger\" ><img class=\"preload-me\" srcset=\"https:\/\/fotk.fr\/sport\/wp-content\/uploads\/sites\/4\/2025\/04\/\u00a9-Vincent-Krieger-250419-161818-VK8_6298.jpg 1x, https:\/\/fotk.fr\/sport\/wp-content\/uploads\/sites\/4\/2025\/04\/\u00a9-Vincent-Krieger-250419-161818-VK8_6298.jpg 2x\" alt=\"Badminton interclubs TOP 12 Fos-sur-Mer vs Saint-Maur-des-Foss\u00e9s\" width=\"2500\" height=\"1667\"  \/><\/a>\n\t\n<\/div>\n<\/article>\n\n<\/div><div class=\"wf-cell iso-item\" data-date=\"2025-12-14T11:45:43+01:00\" data-name=\"Badminton interclubs TOP 12 Fos-sur-Mer vs Saint-Maur-des-Foss\u00e9s\" data-post-id=\"37454\">\n<article class=\"post post-37454 attachment type-attachment status-inherit hentry description-off\">\n\n\t\n<div class=\"rollover-project links-hovers-disabled\">\n\n\t<a href=\"https:\/\/fotk.fr\/sport\/wp-content\/uploads\/sites\/4\/2025\/04\/\u00a9-Vincent-Krieger-250419-172519-VK8_6753.jpg\" class=\"dt-mfp-item mfp-image rollover rollover-zoom\" title=\"Badminton interclubs TOP 12 Fos-sur-Mer vs Saint-Maur-des-Foss\u00e9s\" data-dt-img-description=\"Cr\u00e9dit photo :Vincent Krieger\" ><img class=\"preload-me\" srcset=\"https:\/\/fotk.fr\/sport\/wp-content\/uploads\/sites\/4\/2025\/04\/\u00a9-Vincent-Krieger-250419-172519-VK8_6753.jpg 1x, https:\/\/fotk.fr\/sport\/wp-content\/uploads\/sites\/4\/2025\/04\/\u00a9-Vincent-Krieger-250419-172519-VK8_6753.jpg 2x\" alt=\"Badminton interclubs TOP 12 Fos-sur-Mer vs Saint-Maur-des-Foss\u00e9s\" width=\"2500\" height=\"1667\"  \/><\/a>\n\t\n<\/div>\n<\/article>\n\n<\/div><div class=\"wf-cell iso-item\" data-date=\"2025-12-14T11:45:10+01:00\" data-name=\"Badminton interclubs TOP 12 Fos-sur-Mer vs Saint-Maur-des-Foss\u00e9s\" data-post-id=\"37460\">\n<article class=\"post post-37460 attachment type-attachment status-inherit hentry description-off\">\n\n\t\n<div class=\"rollover-project links-hovers-disabled\">\n\n\t<a href=\"https:\/\/fotk.fr\/sport\/wp-content\/uploads\/sites\/4\/2025\/04\/\u00a9-Vincent-Krieger-250419-173737-VK8_7007.jpg\" class=\"dt-mfp-item mfp-image rollover rollover-zoom\" title=\"Badminton interclubs TOP 12 Fos-sur-Mer vs Saint-Maur-des-Foss\u00e9s\" data-dt-img-description=\"Cr\u00e9dit photo :Vincent Krieger\" ><img class=\"preload-me\" srcset=\"https:\/\/fotk.fr\/sport\/wp-content\/uploads\/sites\/4\/2025\/04\/\u00a9-Vincent-Krieger-250419-173737-VK8_7007.jpg 1x, https:\/\/fotk.fr\/sport\/wp-content\/uploads\/sites\/4\/2025\/04\/\u00a9-Vincent-Krieger-250419-173737-VK8_7007.jpg 2x\" alt=\"Badminton interclubs TOP 12 Fos-sur-Mer vs Saint-Maur-des-Foss\u00e9s\" width=\"2500\" height=\"1667\"  \/><\/a>\n\t\n<\/div>\n<\/article>\n\n<\/div><div class=\"wf-cell iso-item\" data-date=\"2025-12-14T11:44:44+01:00\" data-name=\"Badminton interclubs TOP 12 Fos-sur-Mer vs Saint-Maur-des-Foss\u00e9s\" data-post-id=\"37449\">\n<article class=\"post post-37449 attachment type-attachment status-inherit hentry description-off\">\n\n\t\n<div class=\"rollover-project links-hovers-disabled\">\n\n\t<a href=\"https:\/\/fotk.fr\/sport\/wp-content\/uploads\/sites\/4\/2025\/04\/\u00a9-Vincent-Krieger-250419-171247-VK9_1384.jpg\" class=\"dt-mfp-item mfp-image rollover rollover-zoom\" title=\"Badminton interclubs TOP 12 Fos-sur-Mer vs Saint-Maur-des-Foss\u00e9s\" data-dt-img-description=\"Cr\u00e9dit photo :Vincent Krieger\" ><img class=\"preload-me\" srcset=\"https:\/\/fotk.fr\/sport\/wp-content\/uploads\/sites\/4\/2025\/04\/\u00a9-Vincent-Krieger-250419-171247-VK9_1384.jpg 1x, https:\/\/fotk.fr\/sport\/wp-content\/uploads\/sites\/4\/2025\/04\/\u00a9-Vincent-Krieger-250419-171247-VK9_1384.jpg 2x\" alt=\"Badminton interclubs TOP 12 Fos-sur-Mer vs Saint-Maur-des-Foss\u00e9s\" width=\"1667\" height=\"2500\"  \/><\/a>\n\t\n<\/div>\n<\/article>\n\n<\/div><div class=\"wf-cell iso-item\" data-date=\"2025-12-14T11:44:33+01:00\" data-name=\"Badminton interclubs TOP 12 Fos-sur-Mer vs Saint-Maur-des-Foss\u00e9s\" data-post-id=\"37465\">\n<article class=\"post post-37465 attachment type-attachment status-inherit hentry description-off\">\n\n\t\n<div class=\"rollover-project links-hovers-disabled\">\n\n\t<a href=\"https:\/\/fotk.fr\/sport\/wp-content\/uploads\/sites\/4\/2025\/04\/\u00a9-Vincent-Krieger-250419-180545-VK9_1856.jpg\" class=\"dt-mfp-item mfp-image rollover rollover-zoom\" title=\"Badminton interclubs TOP 12 Fos-sur-Mer vs Saint-Maur-des-Foss\u00e9s\" data-dt-img-description=\"Cr\u00e9dit photo :Vincent Krieger\" ><img class=\"preload-me\" srcset=\"https:\/\/fotk.fr\/sport\/wp-content\/uploads\/sites\/4\/2025\/04\/\u00a9-Vincent-Krieger-250419-180545-VK9_1856.jpg 1x, https:\/\/fotk.fr\/sport\/wp-content\/uploads\/sites\/4\/2025\/04\/\u00a9-Vincent-Krieger-250419-180545-VK9_1856.jpg 2x\" alt=\"Badminton interclubs TOP 12 Fos-sur-Mer vs Saint-Maur-des-Foss\u00e9s\" width=\"2500\" height=\"1667\"  \/><\/a>\n\t\n<\/div>\n<\/article>\n\n<\/div><div class=\"wf-cell iso-item\" data-date=\"2025-12-14T11:43:44+01:00\" data-name=\"Badminton interclubs TOP 12 Fos-sur-Mer vs Saint-Maur-des-Foss\u00e9s\" data-post-id=\"37448\">\n<article class=\"post post-37448 attachment type-attachment status-inherit hentry description-off\">\n\n\t\n<div class=\"rollover-project links-hovers-disabled\">\n\n\t<a href=\"https:\/\/fotk.fr\/sport\/wp-content\/uploads\/sites\/4\/2025\/04\/\u00a9-Vincent-Krieger-250419-171243-VK9_1376.jpg\" class=\"dt-mfp-item mfp-image rollover rollover-zoom\" title=\"Badminton interclubs TOP 12 Fos-sur-Mer vs Saint-Maur-des-Foss\u00e9s\" data-dt-img-description=\"Cr\u00e9dit photo :Vincent Krieger\" ><img class=\"preload-me\" srcset=\"https:\/\/fotk.fr\/sport\/wp-content\/uploads\/sites\/4\/2025\/04\/\u00a9-Vincent-Krieger-250419-171243-VK9_1376.jpg 1x, https:\/\/fotk.fr\/sport\/wp-content\/uploads\/sites\/4\/2025\/04\/\u00a9-Vincent-Krieger-250419-171243-VK9_1376.jpg 2x\" alt=\"Badminton interclubs TOP 12 Fos-sur-Mer vs Saint-Maur-des-Foss\u00e9s\" width=\"1667\" height=\"2500\"  \/><\/a>\n\t\n<\/div>\n<\/article>\n\n<\/div><div class=\"wf-cell iso-item\" data-date=\"2025-12-14T11:43:23+01:00\" data-name=\"Badminton interclubs TOP 12 Fos-sur-Mer vs Saint-Maur-des-Foss\u00e9s\" data-post-id=\"37440\">\n<article class=\"post post-37440 attachment type-attachment status-inherit hentry description-off\">\n\n\t\n<div class=\"rollover-project links-hovers-disabled\">\n\n\t<a href=\"https:\/\/fotk.fr\/sport\/wp-content\/uploads\/sites\/4\/2025\/04\/\u00a9-Vincent-Krieger-250419-162820-VK8_6329.jpg\" class=\"dt-mfp-item mfp-image rollover rollover-zoom\" title=\"Badminton interclubs TOP 12 Fos-sur-Mer vs Saint-Maur-des-Foss\u00e9s\" data-dt-img-description=\"Cr\u00e9dit photo :Vincent Krieger\" ><img class=\"preload-me\" srcset=\"https:\/\/fotk.fr\/sport\/wp-content\/uploads\/sites\/4\/2025\/04\/\u00a9-Vincent-Krieger-250419-162820-VK8_6329.jpg 1x, https:\/\/fotk.fr\/sport\/wp-content\/uploads\/sites\/4\/2025\/04\/\u00a9-Vincent-Krieger-250419-162820-VK8_6329.jpg 2x\" alt=\"Badminton interclubs TOP 12 Fos-sur-Mer vs Saint-Maur-des-Foss\u00e9s\" width=\"2500\" height=\"1667\"  \/><\/a>\n\t\n<\/div>\n<\/article>\n\n<\/div><div class=\"wf-cell iso-item\" data-date=\"2025-12-14T11:42:09+01:00\" data-name=\"Badminton interclubs TOP 12 Fos-sur-Mer vs Saint-Maur-des-Foss\u00e9s\" data-post-id=\"37439\">\n<article class=\"post post-37439 attachment type-attachment status-inherit hentry description-off\">\n\n\t\n<div class=\"rollover-project links-hovers-disabled\">\n\n\t<a href=\"https:\/\/fotk.fr\/sport\/wp-content\/uploads\/sites\/4\/2025\/04\/\u00a9-Vincent-Krieger-250419-162703-VK9_1122.jpg\" class=\"dt-mfp-item mfp-image rollover rollover-zoom\" title=\"Badminton interclubs TOP 12 Fos-sur-Mer vs Saint-Maur-des-Foss\u00e9s\" data-dt-img-description=\"Cr\u00e9dit photo :Vincent Krieger\" ><img class=\"preload-me\" srcset=\"https:\/\/fotk.fr\/sport\/wp-content\/uploads\/sites\/4\/2025\/04\/\u00a9-Vincent-Krieger-250419-162703-VK9_1122.jpg 1x, https:\/\/fotk.fr\/sport\/wp-content\/uploads\/sites\/4\/2025\/04\/\u00a9-Vincent-Krieger-250419-162703-VK9_1122.jpg 2x\" alt=\"Badminton interclubs TOP 12 Fos-sur-Mer vs Saint-Maur-des-Foss\u00e9s\" width=\"2500\" height=\"1667\"  \/><\/a>\n\t\n<\/div>\n<\/article>\n\n<\/div><div class=\"wf-cell iso-item\" data-date=\"2025-12-14T11:41:23+01:00\" data-name=\"Badminton interclubs TOP 12 Fos-sur-Mer vs Saint-Maur-des-Foss\u00e9s\" data-post-id=\"37450\">\n<article class=\"post post-37450 attachment type-attachment status-inherit hentry description-off\">\n\n\t\n<div class=\"rollover-project links-hovers-disabled\">\n\n\t<a href=\"https:\/\/fotk.fr\/sport\/wp-content\/uploads\/sites\/4\/2025\/04\/\u00a9-Vincent-Krieger-250419-171424-VK9_1422.jpg\" class=\"dt-mfp-item mfp-image rollover rollover-zoom\" title=\"Badminton interclubs TOP 12 Fos-sur-Mer vs Saint-Maur-des-Foss\u00e9s\" data-dt-img-description=\"Cr\u00e9dit photo :Vincent Krieger\" ><img class=\"preload-me\" srcset=\"https:\/\/fotk.fr\/sport\/wp-content\/uploads\/sites\/4\/2025\/04\/\u00a9-Vincent-Krieger-250419-171424-VK9_1422.jpg 1x, https:\/\/fotk.fr\/sport\/wp-content\/uploads\/sites\/4\/2025\/04\/\u00a9-Vincent-Krieger-250419-171424-VK9_1422.jpg 2x\" alt=\"Badminton interclubs TOP 12 Fos-sur-Mer vs Saint-Maur-des-Foss\u00e9s\" width=\"2500\" height=\"1667\"  \/><\/a>\n\t\n<\/div>\n<\/article>\n\n<\/div><div class=\"wf-cell iso-item\" data-date=\"2025-12-14T11:40:37+01:00\" data-name=\"Badminton interclubs TOP 12 Fos-sur-Mer vs Saint-Maur-des-Foss\u00e9s\" data-post-id=\"37445\">\n<article class=\"post post-37445 attachment type-attachment status-inherit hentry description-off\">\n\n\t\n<div class=\"rollover-project links-hovers-disabled\">\n\n\t<a href=\"https:\/\/fotk.fr\/sport\/wp-content\/uploads\/sites\/4\/2025\/04\/\u00a9-Vincent-Krieger-250419-170435-VK9_1249.jpg\" class=\"dt-mfp-item mfp-image rollover rollover-zoom\" title=\"Badminton interclubs TOP 12 Fos-sur-Mer vs Saint-Maur-des-Foss\u00e9s\" data-dt-img-description=\"Cr\u00e9dit photo :Vincent Krieger\" ><img class=\"preload-me\" srcset=\"https:\/\/fotk.fr\/sport\/wp-content\/uploads\/sites\/4\/2025\/04\/\u00a9-Vincent-Krieger-250419-170435-VK9_1249.jpg 1x, https:\/\/fotk.fr\/sport\/wp-content\/uploads\/sites\/4\/2025\/04\/\u00a9-Vincent-Krieger-250419-170435-VK9_1249.jpg 2x\" alt=\"Badminton interclubs TOP 12 Fos-sur-Mer vs Saint-Maur-des-Foss\u00e9s\" width=\"1667\" height=\"2500\"  \/><\/a>\n\t\n<\/div>\n<\/article>\n\n<\/div><div class=\"wf-cell iso-item\" data-date=\"2025-12-14T11:40:27+01:00\" data-name=\"Badminton interclubs TOP 12 Fos-sur-Mer vs Saint-Maur-des-Foss\u00e9s\" data-post-id=\"37456\">\n<article class=\"post post-37456 attachment type-attachment status-inherit hentry description-off\">\n\n\t\n<div class=\"rollover-project links-hovers-disabled\">\n\n\t<a href=\"https:\/\/fotk.fr\/sport\/wp-content\/uploads\/sites\/4\/2025\/04\/\u00a9-Vincent-Krieger-250419-172844-VK8_6798.jpg\" class=\"dt-mfp-item mfp-image rollover rollover-zoom\" title=\"Badminton interclubs TOP 12 Fos-sur-Mer vs Saint-Maur-des-Foss\u00e9s\" data-dt-img-description=\"Cr\u00e9dit photo :Vincent Krieger\" ><img class=\"preload-me\" srcset=\"https:\/\/fotk.fr\/sport\/wp-content\/uploads\/sites\/4\/2025\/04\/\u00a9-Vincent-Krieger-250419-172844-VK8_6798.jpg 1x, https:\/\/fotk.fr\/sport\/wp-content\/uploads\/sites\/4\/2025\/04\/\u00a9-Vincent-Krieger-250419-172844-VK8_6798.jpg 2x\" alt=\"Badminton interclubs TOP 12 Fos-sur-Mer vs Saint-Maur-des-Foss\u00e9s\" width=\"2500\" height=\"1667\"  \/><\/a>\n\t\n<\/div>\n<\/article>\n\n<\/div><div class=\"wf-cell iso-item\" data-date=\"2025-12-14T11:38:44+01:00\" data-name=\"Badminton interclubs TOP 12 Fos-sur-Mer vs Saint-Maur-des-Foss\u00e9s\" data-post-id=\"37472\">\n<article class=\"post post-37472 attachment type-attachment status-inherit hentry description-off\">\n\n\t\n<div class=\"rollover-project links-hovers-disabled\">\n\n\t<a href=\"https:\/\/fotk.fr\/sport\/wp-content\/uploads\/sites\/4\/2025\/04\/\u00a9-Vincent-Krieger-250419-184421-VK9_2823.jpg\" class=\"dt-mfp-item mfp-image rollover rollover-zoom\" title=\"Badminton interclubs TOP 12 Fos-sur-Mer vs Saint-Maur-des-Foss\u00e9s\" data-dt-img-description=\"Cr\u00e9dit photo :Vincent Krieger\" ><img class=\"preload-me\" srcset=\"https:\/\/fotk.fr\/sport\/wp-content\/uploads\/sites\/4\/2025\/04\/\u00a9-Vincent-Krieger-250419-184421-VK9_2823.jpg 1x, https:\/\/fotk.fr\/sport\/wp-content\/uploads\/sites\/4\/2025\/04\/\u00a9-Vincent-Krieger-250419-184421-VK9_2823.jpg 2x\" alt=\"Badminton interclubs TOP 12 Fos-sur-Mer vs Saint-Maur-des-Foss\u00e9s\" width=\"2500\" height=\"1667\"  \/><\/a>\n\t\n<\/div>\n<\/article>\n\n<\/div><div class=\"wf-cell iso-item\" data-date=\"2025-12-14T11:37:44+01:00\" data-name=\"Badminton interclubs TOP 12 Fos-sur-Mer vs Saint-Maur-des-Foss\u00e9s\" data-post-id=\"37461\">\n<article class=\"post post-37461 attachment type-attachment status-inherit hentry description-off\">\n\n\t\n<div class=\"rollover-project links-hovers-disabled\">\n\n\t<a href=\"https:\/\/fotk.fr\/sport\/wp-content\/uploads\/sites\/4\/2025\/04\/\u00a9-Vincent-Krieger-250419-174456-VK8_7150.jpg\" class=\"dt-mfp-item mfp-image rollover rollover-zoom\" title=\"Badminton interclubs TOP 12 Fos-sur-Mer vs Saint-Maur-des-Foss\u00e9s\" data-dt-img-description=\"Cr\u00e9dit photo :Vincent Krieger\" ><img class=\"preload-me\" srcset=\"https:\/\/fotk.fr\/sport\/wp-content\/uploads\/sites\/4\/2025\/04\/\u00a9-Vincent-Krieger-250419-174456-VK8_7150.jpg 1x, https:\/\/fotk.fr\/sport\/wp-content\/uploads\/sites\/4\/2025\/04\/\u00a9-Vincent-Krieger-250419-174456-VK8_7150.jpg 2x\" alt=\"Badminton interclubs TOP 12 Fos-sur-Mer vs Saint-Maur-des-Foss\u00e9s\" width=\"2500\" height=\"1667\"  \/><\/a>\n\t\n<\/div>\n<\/article>\n\n<\/div><div class=\"wf-cell iso-item\" data-date=\"2025-12-14T11:37:08+01:00\" data-name=\"Badminton interclubs TOP 12 Fos-sur-Mer vs Saint-Maur-des-Foss\u00e9s\" data-post-id=\"37446\">\n<article class=\"post post-37446 attachment type-attachment status-inherit hentry description-off\">\n\n\t\n<div class=\"rollover-project links-hovers-disabled\">\n\n\t<a href=\"https:\/\/fotk.fr\/sport\/wp-content\/uploads\/sites\/4\/2025\/04\/\u00a9-Vincent-Krieger-250419-170806-VK8_6700.jpg\" class=\"dt-mfp-item mfp-image rollover rollover-zoom\" title=\"Badminton interclubs TOP 12 Fos-sur-Mer vs Saint-Maur-des-Foss\u00e9s\" data-dt-img-description=\"Cr\u00e9dit photo :Vincent Krieger\" ><img class=\"preload-me\" srcset=\"https:\/\/fotk.fr\/sport\/wp-content\/uploads\/sites\/4\/2025\/04\/\u00a9-Vincent-Krieger-250419-170806-VK8_6700.jpg 1x, https:\/\/fotk.fr\/sport\/wp-content\/uploads\/sites\/4\/2025\/04\/\u00a9-Vincent-Krieger-250419-170806-VK8_6700.jpg 2x\" alt=\"Badminton interclubs TOP 12 Fos-sur-Mer vs Saint-Maur-des-Foss\u00e9s\" width=\"2500\" height=\"1667\"  \/><\/a>\n\t\n<\/div>\n<\/article>\n\n<\/div><div class=\"wf-cell iso-item\" data-date=\"2025-12-14T11:36:55+01:00\" data-name=\"Badminton interclubs TOP 12 Fos-sur-Mer vs Saint-Maur-des-Foss\u00e9s\" data-post-id=\"37438\">\n<article class=\"post post-37438 attachment type-attachment status-inherit hentry description-off\">\n\n\t\n<div class=\"rollover-project links-hovers-disabled\">\n\n\t<a href=\"https:\/\/fotk.fr\/sport\/wp-content\/uploads\/sites\/4\/2025\/04\/\u00a9-Vincent-Krieger-250419-162505-VK9_1040.jpg\" class=\"dt-mfp-item mfp-image rollover rollover-zoom\" title=\"Badminton interclubs TOP 12 Fos-sur-Mer vs Saint-Maur-des-Foss\u00e9s\" data-dt-img-description=\"Cr\u00e9dit photo :Vincent Krieger\" ><img class=\"preload-me\" srcset=\"https:\/\/fotk.fr\/sport\/wp-content\/uploads\/sites\/4\/2025\/04\/\u00a9-Vincent-Krieger-250419-162505-VK9_1040.jpg 1x, https:\/\/fotk.fr\/sport\/wp-content\/uploads\/sites\/4\/2025\/04\/\u00a9-Vincent-Krieger-250419-162505-VK9_1040.jpg 2x\" alt=\"Badminton interclubs TOP 12 Fos-sur-Mer vs Saint-Maur-des-Foss\u00e9s\" width=\"1667\" height=\"2500\"  \/><\/a>\n\t\n<\/div>\n<\/article>\n\n<\/div><div class=\"wf-cell iso-item\" data-date=\"2025-12-14T11:35:17+01:00\" data-name=\"Badminton interclubs TOP 12 Fos-sur-Mer vs Saint-Maur-des-Foss\u00e9s\" data-post-id=\"37453\">\n<article class=\"post post-37453 attachment type-attachment status-inherit hentry description-off\">\n\n\t\n<div class=\"rollover-project links-hovers-disabled\">\n\n\t<a href=\"https:\/\/fotk.fr\/sport\/wp-content\/uploads\/sites\/4\/2025\/04\/\u00a9-Vincent-Krieger-250419-172406-VK9_1603.jpg\" class=\"dt-mfp-item mfp-image rollover rollover-zoom\" title=\"Badminton interclubs TOP 12 Fos-sur-Mer vs Saint-Maur-des-Foss\u00e9s\" data-dt-img-description=\"Cr\u00e9dit photo :Vincent Krieger\" ><img class=\"preload-me\" srcset=\"https:\/\/fotk.fr\/sport\/wp-content\/uploads\/sites\/4\/2025\/04\/\u00a9-Vincent-Krieger-250419-172406-VK9_1603.jpg 1x, https:\/\/fotk.fr\/sport\/wp-content\/uploads\/sites\/4\/2025\/04\/\u00a9-Vincent-Krieger-250419-172406-VK9_1603.jpg 2x\" alt=\"Badminton interclubs TOP 12 Fos-sur-Mer vs Saint-Maur-des-Foss\u00e9s\" width=\"1667\" height=\"2500\"  \/><\/a>\n\t\n<\/div>\n<\/article>\n\n<\/div><div class=\"wf-cell iso-item\" data-date=\"2025-12-14T00:38:24+01:00\" data-name=\"\u00a9-Vincent-Krieger-241026-161225-VK9_7928-bd\" data-post-id=\"37333\">\n<article class=\"post post-37333 attachment type-attachment status-inherit hentry description-off\">\n\n\t\n<div class=\"rollover-project links-hovers-disabled\">\n\n\t<a href=\"https:\/\/fotk.fr\/sport\/wp-content\/uploads\/sites\/4\/2024\/12\/\u00a9-Vincent-Krieger-241026-161225-VK9_7928-bd.jpg\" class=\"dt-mfp-item mfp-image rollover rollover-zoom\" title=\"\u00a9-Vincent-Krieger-241026-161225-VK9_7928-bd\" data-dt-img-description=\"\" ><img class=\"preload-me\" srcset=\"https:\/\/fotk.fr\/sport\/wp-content\/uploads\/sites\/4\/2024\/12\/\u00a9-Vincent-Krieger-241026-161225-VK9_7928-bd.jpg 1x, https:\/\/fotk.fr\/sport\/wp-content\/uploads\/sites\/4\/2024\/12\/\u00a9-Vincent-Krieger-241026-161225-VK9_7928-bd.jpg 2x\" alt=\"Badminton \u2013 US Cr\u00e9teil vs B\u00e9thune\" width=\"2000\" height=\"1333\"  \/><\/a>\n\t\n<\/div>\n<\/article>\n\n<\/div><div class=\"wf-cell iso-item\" data-date=\"2025-12-14T00:05:00+01:00\" data-name=\"\u00a9-Vincent-Krieger-241026-162407-VK9_8119-bd\" data-post-id=\"37334\">\n<article class=\"post post-37334 attachment type-attachment status-inherit hentry description-off\">\n\n\t\n<div class=\"rollover-project links-hovers-disabled\">\n\n\t<a href=\"https:\/\/fotk.fr\/sport\/wp-content\/uploads\/sites\/4\/2024\/12\/\u00a9-Vincent-Krieger-241026-162407-VK9_8119-bd.jpg\" class=\"dt-mfp-item mfp-image rollover rollover-zoom\" title=\"\u00a9-Vincent-Krieger-241026-162407-VK9_8119-bd\" data-dt-img-description=\"\" ><img class=\"preload-me\" srcset=\"https:\/\/fotk.fr\/sport\/wp-content\/uploads\/sites\/4\/2024\/12\/\u00a9-Vincent-Krieger-241026-162407-VK9_8119-bd.jpg 1x, https:\/\/fotk.fr\/sport\/wp-content\/uploads\/sites\/4\/2024\/12\/\u00a9-Vincent-Krieger-241026-162407-VK9_8119-bd.jpg 2x\" alt=\"Badminton \u2013 US Cr\u00e9teil vs B\u00e9thune\" width=\"2000\" height=\"1333\"  \/><\/a>\n\t\n<\/div>\n<\/article>\n\n<\/div><div class=\"wf-cell iso-item\" data-date=\"2025-12-14T01:00:15+01:00\" data-name=\"\u00a9-Vincent-Krieger-241026-185927-VK9_0777-bd\" data-post-id=\"37343\">\n<article class=\"post post-37343 attachment type-attachment status-inherit hentry description-off\">\n\n\t\n<div class=\"rollover-project links-hovers-disabled\">\n\n\t<a href=\"https:\/\/fotk.fr\/sport\/wp-content\/uploads\/sites\/4\/2024\/12\/\u00a9-Vincent-Krieger-241026-185927-VK9_0777-bd.jpg\" class=\"dt-mfp-item mfp-image rollover rollover-zoom\" title=\"\u00a9-Vincent-Krieger-241026-185927-VK9_0777-bd\" data-dt-img-description=\"\" ><img class=\"preload-me\" srcset=\"https:\/\/fotk.fr\/sport\/wp-content\/uploads\/sites\/4\/2024\/12\/\u00a9-Vincent-Krieger-241026-185927-VK9_0777-bd.jpg 1x, https:\/\/fotk.fr\/sport\/wp-content\/uploads\/sites\/4\/2024\/12\/\u00a9-Vincent-Krieger-241026-185927-VK9_0777-bd.jpg 2x\" alt=\"Badminton \u2013 US Cr\u00e9teil vs B\u00e9thune\" width=\"2000\" height=\"1333\"  \/><\/a>\n\t\n<\/div>\n<\/article>\n\n<\/div><div class=\"wf-cell iso-item\" data-date=\"2025-12-14T00:54:12+01:00\" data-name=\"\u00a9-Vincent-Krieger-241026-183030-VK9_0601-bd\" data-post-id=\"37342\">\n<article class=\"post post-37342 attachment type-attachment status-inherit hentry description-off\">\n\n\t\n<div class=\"rollover-project links-hovers-disabled\">\n\n\t<a href=\"https:\/\/fotk.fr\/sport\/wp-content\/uploads\/sites\/4\/2024\/12\/\u00a9-Vincent-Krieger-241026-183030-VK9_0601-bd.jpg\" class=\"dt-mfp-item mfp-image rollover rollover-zoom\" title=\"\u00a9-Vincent-Krieger-241026-183030-VK9_0601-bd\" data-dt-img-description=\"\" ><img class=\"preload-me\" srcset=\"https:\/\/fotk.fr\/sport\/wp-content\/uploads\/sites\/4\/2024\/12\/\u00a9-Vincent-Krieger-241026-183030-VK9_0601-bd.jpg 1x, https:\/\/fotk.fr\/sport\/wp-content\/uploads\/sites\/4\/2024\/12\/\u00a9-Vincent-Krieger-241026-183030-VK9_0601-bd.jpg 2x\" alt=\"Badminton \u2013 US Cr\u00e9teil vs B\u00e9thune\" width=\"2000\" height=\"1333\"  \/><\/a>\n\t\n<\/div>\n<\/article>\n\n<\/div><div class=\"wf-cell iso-item\" data-date=\"2025-12-14T00:39:28+01:00\" data-name=\"\u00a9-Vincent-Krieger-241026-174340-VK9_9738-bd\" data-post-id=\"37340\">\n<article class=\"post post-37340 attachment type-attachment status-inherit hentry description-off\">\n\n\t\n<div class=\"rollover-project links-hovers-disabled\">\n\n\t<a href=\"https:\/\/fotk.fr\/sport\/wp-content\/uploads\/sites\/4\/2024\/12\/\u00a9-Vincent-Krieger-241026-174340-VK9_9738-bd.jpg\" class=\"dt-mfp-item mfp-image rollover rollover-zoom\" title=\"\u00a9-Vincent-Krieger-241026-174340-VK9_9738-bd\" data-dt-img-description=\"\" ><img class=\"preload-me\" srcset=\"https:\/\/fotk.fr\/sport\/wp-content\/uploads\/sites\/4\/2024\/12\/\u00a9-Vincent-Krieger-241026-174340-VK9_9738-bd.jpg 1x, https:\/\/fotk.fr\/sport\/wp-content\/uploads\/sites\/4\/2024\/12\/\u00a9-Vincent-Krieger-241026-174340-VK9_9738-bd.jpg 2x\" alt=\"Badminton \u2013 US Cr\u00e9teil vs B\u00e9thune\" width=\"2000\" height=\"1333\"  \/><\/a>\n\t\n<\/div>\n<\/article>\n\n<\/div><div class=\"wf-cell iso-item\" data-date=\"2025-12-14T00:34:48+01:00\" data-name=\"\u00a9-Vincent-Krieger-241026-165050-VK9_8744-bd\" data-post-id=\"37336\">\n<article class=\"post post-37336 attachment type-attachment status-inherit hentry description-off\">\n\n\t\n<div class=\"rollover-project links-hovers-disabled\">\n\n\t<a href=\"https:\/\/fotk.fr\/sport\/wp-content\/uploads\/sites\/4\/2024\/12\/\u00a9-Vincent-Krieger-241026-165050-VK9_8744-bd.jpg\" class=\"dt-mfp-item mfp-image rollover rollover-zoom\" title=\"\u00a9-Vincent-Krieger-241026-165050-VK9_8744-bd\" data-dt-img-description=\"\" ><img class=\"preload-me\" srcset=\"https:\/\/fotk.fr\/sport\/wp-content\/uploads\/sites\/4\/2024\/12\/\u00a9-Vincent-Krieger-241026-165050-VK9_8744-bd.jpg 1x, https:\/\/fotk.fr\/sport\/wp-content\/uploads\/sites\/4\/2024\/12\/\u00a9-Vincent-Krieger-241026-165050-VK9_8744-bd.jpg 2x\" alt=\"Badminton \u2013 US Cr\u00e9teil vs B\u00e9thune\" width=\"1333\" height=\"2000\"  \/><\/a>\n\t\n<\/div>\n<\/article>\n\n<\/div><div class=\"wf-cell iso-item\" data-date=\"2025-12-14T00:19:45+01:00\" data-name=\"\u00a9-Vincent-Krieger-241026-190021-VK9_0809-bd\" data-post-id=\"37344\">\n<article class=\"post post-37344 attachment type-attachment status-inherit hentry description-off\">\n\n\t\n<div class=\"rollover-project links-hovers-disabled\">\n\n\t<a href=\"https:\/\/fotk.fr\/sport\/wp-content\/uploads\/sites\/4\/2024\/12\/\u00a9-Vincent-Krieger-241026-190021-VK9_0809-bd.jpg\" class=\"dt-mfp-item mfp-image rollover rollover-zoom\" title=\"\u00a9-Vincent-Krieger-241026-190021-VK9_0809-bd\" data-dt-img-description=\"\" ><img class=\"preload-me\" srcset=\"https:\/\/fotk.fr\/sport\/wp-content\/uploads\/sites\/4\/2024\/12\/\u00a9-Vincent-Krieger-241026-190021-VK9_0809-bd.jpg 1x, https:\/\/fotk.fr\/sport\/wp-content\/uploads\/sites\/4\/2024\/12\/\u00a9-Vincent-Krieger-241026-190021-VK9_0809-bd.jpg 2x\" alt=\"Badminton \u2013 US Cr\u00e9teil vs B\u00e9thune\" width=\"2000\" height=\"1333\"  \/><\/a>\n\t\n<\/div>\n<\/article>\n\n<\/div><div class=\"wf-cell iso-item\" data-date=\"2025-12-14T00:06:43+01:00\" data-name=\"\u00a9-Vincent-Krieger-241026-171657-VK9_9361-bd\" data-post-id=\"37338\">\n<article class=\"post post-37338 attachment type-attachment status-inherit hentry description-off\">\n\n\t\n<div class=\"rollover-project links-hovers-disabled\">\n\n\t<a href=\"https:\/\/fotk.fr\/sport\/wp-content\/uploads\/sites\/4\/2024\/12\/\u00a9-Vincent-Krieger-241026-171657-VK9_9361-bd.jpg\" class=\"dt-mfp-item mfp-image rollover rollover-zoom\" title=\"\u00a9-Vincent-Krieger-241026-171657-VK9_9361-bd\" data-dt-img-description=\"\" ><img class=\"preload-me\" srcset=\"https:\/\/fotk.fr\/sport\/wp-content\/uploads\/sites\/4\/2024\/12\/\u00a9-Vincent-Krieger-241026-171657-VK9_9361-bd.jpg 1x, https:\/\/fotk.fr\/sport\/wp-content\/uploads\/sites\/4\/2024\/12\/\u00a9-Vincent-Krieger-241026-171657-VK9_9361-bd.jpg 2x\" alt=\"Badminton \u2013 US Cr\u00e9teil vs B\u00e9thune\" width=\"2000\" height=\"1333\"  \/><\/a>\n\t\n<\/div>\n<\/article>\n\n<\/div><div class=\"wf-cell iso-item\" data-date=\"2025-12-13T23:56:57+01:00\" data-name=\"\u00a9-Vincent-Krieger-241026-175646-VK9_9907-bd\" data-post-id=\"37341\">\n<article class=\"post post-37341 attachment type-attachment status-inherit hentry description-off\">\n\n\t\n<div class=\"rollover-project links-hovers-disabled\">\n\n\t<a href=\"https:\/\/fotk.fr\/sport\/wp-content\/uploads\/sites\/4\/2024\/12\/\u00a9-Vincent-Krieger-241026-175646-VK9_9907-bd.jpg\" class=\"dt-mfp-item mfp-image rollover rollover-zoom\" title=\"\u00a9-Vincent-Krieger-241026-175646-VK9_9907-bd\" data-dt-img-description=\"\" ><img class=\"preload-me\" srcset=\"https:\/\/fotk.fr\/sport\/wp-content\/uploads\/sites\/4\/2024\/12\/\u00a9-Vincent-Krieger-241026-175646-VK9_9907-bd.jpg 1x, https:\/\/fotk.fr\/sport\/wp-content\/uploads\/sites\/4\/2024\/12\/\u00a9-Vincent-Krieger-241026-175646-VK9_9907-bd.jpg 2x\" alt=\"Badminton \u2013 US Cr\u00e9teil vs B\u00e9thune\" width=\"1333\" height=\"2000\"  \/><\/a>\n\t\n<\/div>\n<\/article>\n\n<\/div><div class=\"wf-cell iso-item\" data-date=\"2025-12-14T00:28:52+01:00\" data-name=\"\u00a9-Vincent-Krieger-241026-171022-VK9_9254-bd\" data-post-id=\"37337\">\n<article class=\"post post-37337 attachment type-attachment status-inherit hentry description-off\">\n\n\t\n<div class=\"rollover-project links-hovers-disabled\">\n\n\t<a href=\"https:\/\/fotk.fr\/sport\/wp-content\/uploads\/sites\/4\/2024\/12\/\u00a9-Vincent-Krieger-241026-171022-VK9_9254-bd.jpg\" class=\"dt-mfp-item mfp-image rollover rollover-zoom\" title=\"\u00a9-Vincent-Krieger-241026-171022-VK9_9254-bd\" data-dt-img-description=\"\" ><img class=\"preload-me\" srcset=\"https:\/\/fotk.fr\/sport\/wp-content\/uploads\/sites\/4\/2024\/12\/\u00a9-Vincent-Krieger-241026-171022-VK9_9254-bd.jpg 1x, https:\/\/fotk.fr\/sport\/wp-content\/uploads\/sites\/4\/2024\/12\/\u00a9-Vincent-Krieger-241026-171022-VK9_9254-bd.jpg 2x\" alt=\"Badminton \u2013 US Cr\u00e9teil vs B\u00e9thune\" width=\"1333\" height=\"2000\"  \/><\/a>\n\t\n<\/div>\n<\/article>\n\n<\/div><div class=\"wf-cell iso-item\" data-date=\"2025-12-14T00:31:52+01:00\" data-name=\"\u00a9-Vincent-Krieger-241026-163120-VK9_8342-bd\" data-post-id=\"37335\">\n<article class=\"post post-37335 attachment type-attachment status-inherit hentry description-off\">\n\n\t\n<div class=\"rollover-project links-hovers-disabled\">\n\n\t<a href=\"https:\/\/fotk.fr\/sport\/wp-content\/uploads\/sites\/4\/2024\/12\/\u00a9-Vincent-Krieger-241026-163120-VK9_8342-bd.jpg\" class=\"dt-mfp-item mfp-image rollover rollover-zoom\" title=\"\u00a9-Vincent-Krieger-241026-163120-VK9_8342-bd\" data-dt-img-description=\"\" ><img class=\"preload-me\" srcset=\"https:\/\/fotk.fr\/sport\/wp-content\/uploads\/sites\/4\/2024\/12\/\u00a9-Vincent-Krieger-241026-163120-VK9_8342-bd.jpg 1x, https:\/\/fotk.fr\/sport\/wp-content\/uploads\/sites\/4\/2024\/12\/\u00a9-Vincent-Krieger-241026-163120-VK9_8342-bd.jpg 2x\" alt=\"Badminton \u2013 US Cr\u00e9teil vs B\u00e9thune\" width=\"2000\" height=\"1333\"  \/><\/a>\n\t\n<\/div>\n<\/article>\n\n<\/div><div class=\"wf-cell iso-item\" data-date=\"2025-12-14T00:02:41+01:00\" data-name=\"\u00a9-Vincent-Krieger-241026-173106-VK9_9624-bd\" data-post-id=\"37339\">\n<article class=\"post post-37339 attachment type-attachment status-inherit hentry description-off\">\n\n\t\n<div class=\"rollover-project links-hovers-disabled\">\n\n\t<a href=\"https:\/\/fotk.fr\/sport\/wp-content\/uploads\/sites\/4\/2024\/12\/\u00a9-Vincent-Krieger-241026-173106-VK9_9624-bd.jpg\" class=\"dt-mfp-item mfp-image rollover rollover-zoom\" title=\"\u00a9-Vincent-Krieger-241026-173106-VK9_9624-bd\" data-dt-img-description=\"\" ><img class=\"preload-me\" srcset=\"https:\/\/fotk.fr\/sport\/wp-content\/uploads\/sites\/4\/2024\/12\/\u00a9-Vincent-Krieger-241026-173106-VK9_9624-bd.jpg 1x, https:\/\/fotk.fr\/sport\/wp-content\/uploads\/sites\/4\/2024\/12\/\u00a9-Vincent-Krieger-241026-173106-VK9_9624-bd.jpg 2x\" alt=\"Badminton \u2013 US Cr\u00e9teil vs B\u00e9thune\" width=\"2000\" height=\"1333\"  \/><\/a>\n\t\n<\/div>\n<\/article>\n\n<\/div><\/div>[\/vc_column][\/vc_row]<\/p>\n<\/div>","protected":false},"excerpt":{"rendered":"<p>[vc_row][vc_column][vc_empty_space][vc_column_text css=\u00a0\u00bb\u00a0\u00bb]Photographe sp\u00e9cialis\u00e9 en Badminton Passionn\u00e9 par le badminton et la pr\u00e9cision de ce sport, je suis photographe professionnel d\u00e9di\u00e9 \u00e0 capturer l\u2019action, la vitesse et l\u2019\u00e9motion des matchs. Que vous soyez joueur amateur, comp\u00e9titeur ou organisateur d\u2019\u00e9v\u00e9nements, mon objectif est de saisir l\u2019\u00e9nergie unique de chaque \u00e9change et de chaque moment cl\u00e9 avec des&hellip;<\/p>\n","protected":false},"author":1,"featured_media":37638,"parent":0,"menu_order":0,"comment_status":"closed","ping_status":"closed","template":"","meta":{"footnotes":""},"class_list":["post-37108","page","type-page","status-publish","has-post-thumbnail","hentry","description-off"],"yoast_head":"<!-- This site is optimized with the Yoast SEO plugin v26.5 - https:\/\/yoast.com\/wordpress\/plugins\/seo\/ -->\n<title>Badminton - Photographe de sport<\/title>\n<meta name=\"robots\" content=\"index, follow, max-snippet:-1, max-image-preview:large, max-video-preview:-1\" \/>\n<link rel=\"canonical\" href=\"https:\/\/fotk.fr\/sport\/badminton\/\" \/>\n<meta property=\"og:locale\" content=\"fr_FR\" \/>\n<meta property=\"og:type\" content=\"article\" \/>\n<meta property=\"og:title\" content=\"Badminton - Photographe de sport\" \/>\n<meta property=\"og:description\" content=\"[vc_row][vc_column][vc_empty_space][vc_column_text css=\u00a0\u00bb\u00a0\u00bb]Photographe sp\u00e9cialis\u00e9 en Badminton Passionn\u00e9 par le badminton et la pr\u00e9cision de ce sport, je suis photographe professionnel d\u00e9di\u00e9 \u00e0 capturer l\u2019action, la vitesse et l\u2019\u00e9motion des matchs. Que vous soyez joueur amateur, comp\u00e9titeur ou organisateur d\u2019\u00e9v\u00e9nements, mon objectif est de saisir l\u2019\u00e9nergie unique de chaque \u00e9change et de chaque moment cl\u00e9 avec des&hellip;\" \/>\n<meta property=\"og:url\" content=\"https:\/\/fotk.fr\/sport\/badminton\/\" \/>\n<meta property=\"og:site_name\" content=\"Photographe de sport\" \/>\n<meta property=\"article:modified_time\" content=\"2025-12-18T12:41:01+00:00\" \/>\n<meta property=\"og:image\" content=\"https:\/\/fotk.fr\/sport\/wp-content\/uploads\/sites\/4\/2025\/12\/\u00a9-Vincent-Krieger-250419-172932-VK8_6823-scaled.jpg\" \/>\n\t<meta property=\"og:image:width\" content=\"2560\" \/>\n\t<meta property=\"og:image:height\" content=\"1707\" \/>\n\t<meta property=\"og:image:type\" content=\"image\/jpeg\" \/>\n<meta name=\"twitter:card\" content=\"summary_large_image\" \/>\n<meta name=\"twitter:label1\" content=\"Dur\u00e9e de lecture estim\u00e9e\" \/>\n\t<meta name=\"twitter:data1\" content=\"2 minutes\" \/>\n<script type=\"application\/ld+json\" class=\"yoast-schema-graph\">{\"@context\":\"https:\/\/schema.org\",\"@graph\":[{\"@type\":\"WebPage\",\"@id\":\"https:\/\/fotk.fr\/sport\/badminton\/\",\"url\":\"https:\/\/fotk.fr\/sport\/badminton\/\",\"name\":\"Badminton - Photographe de sport\",\"isPartOf\":{\"@id\":\"https:\/\/fotk.fr\/sport\/#website\"},\"primaryImageOfPage\":{\"@id\":\"https:\/\/fotk.fr\/sport\/badminton\/#primaryimage\"},\"image\":{\"@id\":\"https:\/\/fotk.fr\/sport\/badminton\/#primaryimage\"},\"thumbnailUrl\":\"https:\/\/fotk.fr\/sport\/wp-content\/uploads\/sites\/4\/2025\/12\/\u00a9-Vincent-Krieger-250419-172932-VK8_6823-scaled.jpg\",\"datePublished\":\"2025-12-13T17:40:34+00:00\",\"dateModified\":\"2025-12-18T12:41:01+00:00\",\"breadcrumb\":{\"@id\":\"https:\/\/fotk.fr\/sport\/badminton\/#breadcrumb\"},\"inLanguage\":\"fr-FR\",\"potentialAction\":[{\"@type\":\"ReadAction\",\"target\":[\"https:\/\/fotk.fr\/sport\/badminton\/\"]}]},{\"@type\":\"ImageObject\",\"inLanguage\":\"fr-FR\",\"@id\":\"https:\/\/fotk.fr\/sport\/badminton\/#primaryimage\",\"url\":\"https:\/\/fotk.fr\/sport\/wp-content\/uploads\/sites\/4\/2025\/12\/\u00a9-Vincent-Krieger-250419-172932-VK8_6823-scaled.jpg\",\"contentUrl\":\"https:\/\/fotk.fr\/sport\/wp-content\/uploads\/sites\/4\/2025\/12\/\u00a9-Vincent-Krieger-250419-172932-VK8_6823-scaled.jpg\",\"width\":2560,\"height\":1707},{\"@type\":\"BreadcrumbList\",\"@id\":\"https:\/\/fotk.fr\/sport\/badminton\/#breadcrumb\",\"itemListElement\":[{\"@type\":\"ListItem\",\"position\":1,\"name\":\"Accueil\",\"item\":\"https:\/\/fotk.fr\/sport\/\"},{\"@type\":\"ListItem\",\"position\":2,\"name\":\"Badminton\"}]},{\"@type\":\"WebSite\",\"@id\":\"https:\/\/fotk.fr\/sport\/#website\",\"url\":\"https:\/\/fotk.fr\/sport\/\",\"name\":\"Photographe de sport\",\"description\":\"Vincent Kri\u00e9ger\",\"publisher\":{\"@id\":\"https:\/\/fotk.fr\/sport\/#organization\"},\"potentialAction\":[{\"@type\":\"SearchAction\",\"target\":{\"@type\":\"EntryPoint\",\"urlTemplate\":\"https:\/\/fotk.fr\/sport\/?s={search_term_string}\"},\"query-input\":{\"@type\":\"PropertyValueSpecification\",\"valueRequired\":true,\"valueName\":\"search_term_string\"}}],\"inLanguage\":\"fr-FR\"},{\"@type\":\"Organization\",\"@id\":\"https:\/\/fotk.fr\/sport\/#organization\",\"name\":\"Photographe de sport\",\"url\":\"https:\/\/fotk.fr\/sport\/\",\"logo\":{\"@type\":\"ImageObject\",\"inLanguage\":\"fr-FR\",\"@id\":\"https:\/\/fotk.fr\/sport\/#\/schema\/logo\/image\/\",\"url\":\"https:\/\/fotk.fr\/sport\/wp-content\/uploads\/sites\/4\/2025\/12\/logo-FOTK-noir-512.png\",\"contentUrl\":\"https:\/\/fotk.fr\/sport\/wp-content\/uploads\/sites\/4\/2025\/12\/logo-FOTK-noir-512.png\",\"width\":512,\"height\":512,\"caption\":\"Photographe de sport\"},\"image\":{\"@id\":\"https:\/\/fotk.fr\/sport\/#\/schema\/logo\/image\/\"}}]}<\/script>\n<!-- \/ Yoast SEO plugin. -->","yoast_head_json":{"title":"Badminton - Photographe de sport","robots":{"index":"index","follow":"follow","max-snippet":"max-snippet:-1","max-image-preview":"max-image-preview:large","max-video-preview":"max-video-preview:-1"},"canonical":"https:\/\/fotk.fr\/sport\/badminton\/","og_locale":"fr_FR","og_type":"article","og_title":"Badminton - Photographe de sport","og_description":"[vc_row][vc_column][vc_empty_space][vc_column_text css=\u00a0\u00bb\u00a0\u00bb]Photographe sp\u00e9cialis\u00e9 en Badminton Passionn\u00e9 par le badminton et la pr\u00e9cision de ce sport, je suis photographe professionnel d\u00e9di\u00e9 \u00e0 capturer l\u2019action, la vitesse et l\u2019\u00e9motion des matchs. Que vous soyez joueur amateur, comp\u00e9titeur ou organisateur d\u2019\u00e9v\u00e9nements, mon objectif est de saisir l\u2019\u00e9nergie unique de chaque \u00e9change et de chaque moment cl\u00e9 avec des&hellip;","og_url":"https:\/\/fotk.fr\/sport\/badminton\/","og_site_name":"Photographe de sport","article_modified_time":"2025-12-18T12:41:01+00:00","og_image":[{"width":2560,"height":1707,"url":"https:\/\/fotk.fr\/sport\/wp-content\/uploads\/sites\/4\/2025\/12\/\u00a9-Vincent-Krieger-250419-172932-VK8_6823-scaled.jpg","type":"image\/jpeg"}],"twitter_card":"summary_large_image","twitter_misc":{"Dur\u00e9e de lecture estim\u00e9e":"2 minutes"},"schema":{"@context":"https:\/\/schema.org","@graph":[{"@type":"WebPage","@id":"https:\/\/fotk.fr\/sport\/badminton\/","url":"https:\/\/fotk.fr\/sport\/badminton\/","name":"Badminton - Photographe de sport","isPartOf":{"@id":"https:\/\/fotk.fr\/sport\/#website"},"primaryImageOfPage":{"@id":"https:\/\/fotk.fr\/sport\/badminton\/#primaryimage"},"image":{"@id":"https:\/\/fotk.fr\/sport\/badminton\/#primaryimage"},"thumbnailUrl":"https:\/\/fotk.fr\/sport\/wp-content\/uploads\/sites\/4\/2025\/12\/\u00a9-Vincent-Krieger-250419-172932-VK8_6823-scaled.jpg","datePublished":"2025-12-13T17:40:34+00:00","dateModified":"2025-12-18T12:41:01+00:00","breadcrumb":{"@id":"https:\/\/fotk.fr\/sport\/badminton\/#breadcrumb"},"inLanguage":"fr-FR","potentialAction":[{"@type":"ReadAction","target":["https:\/\/fotk.fr\/sport\/badminton\/"]}]},{"@type":"ImageObject","inLanguage":"fr-FR","@id":"https:\/\/fotk.fr\/sport\/badminton\/#primaryimage","url":"https:\/\/fotk.fr\/sport\/wp-content\/uploads\/sites\/4\/2025\/12\/\u00a9-Vincent-Krieger-250419-172932-VK8_6823-scaled.jpg","contentUrl":"https:\/\/fotk.fr\/sport\/wp-content\/uploads\/sites\/4\/2025\/12\/\u00a9-Vincent-Krieger-250419-172932-VK8_6823-scaled.jpg","width":2560,"height":1707},{"@type":"BreadcrumbList","@id":"https:\/\/fotk.fr\/sport\/badminton\/#breadcrumb","itemListElement":[{"@type":"ListItem","position":1,"name":"Accueil","item":"https:\/\/fotk.fr\/sport\/"},{"@type":"ListItem","position":2,"name":"Badminton"}]},{"@type":"WebSite","@id":"https:\/\/fotk.fr\/sport\/#website","url":"https:\/\/fotk.fr\/sport\/","name":"Photographe de sport","description":"Vincent Kri\u00e9ger","publisher":{"@id":"https:\/\/fotk.fr\/sport\/#organization"},"potentialAction":[{"@type":"SearchAction","target":{"@type":"EntryPoint","urlTemplate":"https:\/\/fotk.fr\/sport\/?s={search_term_string}"},"query-input":{"@type":"PropertyValueSpecification","valueRequired":true,"valueName":"search_term_string"}}],"inLanguage":"fr-FR"},{"@type":"Organization","@id":"https:\/\/fotk.fr\/sport\/#organization","name":"Photographe de sport","url":"https:\/\/fotk.fr\/sport\/","logo":{"@type":"ImageObject","inLanguage":"fr-FR","@id":"https:\/\/fotk.fr\/sport\/#\/schema\/logo\/image\/","url":"https:\/\/fotk.fr\/sport\/wp-content\/uploads\/sites\/4\/2025\/12\/logo-FOTK-noir-512.png","contentUrl":"https:\/\/fotk.fr\/sport\/wp-content\/uploads\/sites\/4\/2025\/12\/logo-FOTK-noir-512.png","width":512,"height":512,"caption":"Photographe de sport"},"image":{"@id":"https:\/\/fotk.fr\/sport\/#\/schema\/logo\/image\/"}}]}},"_links":{"self":[{"href":"https:\/\/fotk.fr\/sport\/wp-json\/wp\/v2\/pages\/37108","targetHints":{"allow":["GET"]}}],"collection":[{"href":"https:\/\/fotk.fr\/sport\/wp-json\/wp\/v2\/pages"}],"about":[{"href":"https:\/\/fotk.fr\/sport\/wp-json\/wp\/v2\/types\/page"}],"author":[{"embeddable":true,"href":"https:\/\/fotk.fr\/sport\/wp-json\/wp\/v2\/users\/1"}],"replies":[{"embeddable":true,"href":"https:\/\/fotk.fr\/sport\/wp-json\/wp\/v2\/comments?post=37108"}],"version-history":[{"count":9,"href":"https:\/\/fotk.fr\/sport\/wp-json\/wp\/v2\/pages\/37108\/revisions"}],"predecessor-version":[{"id":37880,"href":"https:\/\/fotk.fr\/sport\/wp-json\/wp\/v2\/pages\/37108\/revisions\/37880"}],"wp:featuredmedia":[{"embeddable":true,"href":"https:\/\/fotk.fr\/sport\/wp-json\/wp\/v2\/media\/37638"}],"wp:attachment":[{"href":"https:\/\/fotk.fr\/sport\/wp-json\/wp\/v2\/media?parent=37108"}],"curies":[{"name":"wp","href":"https:\/\/api.w.org\/{rel}","templated":true}]}}