{"id":37944,"date":"2026-01-08T17:31:29","date_gmt":"2026-01-08T16:31:29","guid":{"rendered":"https:\/\/fotk.fr\/sport\/?page_id=37944"},"modified":"2026-01-08T17:32:50","modified_gmt":"2026-01-08T16:32:50","slug":"natation","status":"publish","type":"page","link":"https:\/\/fotk.fr\/sport\/natation\/","title":{"rendered":"Natation"},"content":{"rendered":"<div class=\"wpb-content-wrapper\"><p>[vc_row][vc_column][vc_empty_space][vc_column_text css=\u00a0\u00bb\u00a0\u00bb]Premi\u00e8res images pour ma nouvelle exp\u00e9rience dans le domaine de la natation pour le championnat d\u00e9partemental de natation \u00e0 Sartrouville.<\/p>\n<p>Merci \u00e0 l&rsquo;<span class=\"-KXLs\">ASSOCIATION SPORTIVE DE NATATION DE SARTROUVILLE pour cette confiance.<\/span>[\/vc_column_text][vc_empty_space]<div class=\"wf-container dt-gallery-container dt-photos-shortcode loading-effect-none iso-container\" data-padding=\"20px\" data-cur-page=\"1\" data-width=\"370px\" data-columns=\"1\"><div class=\"wf-cell iso-item\" data-date=\"2022-05-18T14:57:24+02:00\" data-name=\"Championnat d\u00e9partemental de natation \u2013 Sartrouville\" data-post-id=\"35942\">\n<article class=\"post post-35942 attachment type-attachment status-inherit hentry description-off\">\n\n\t\n<div class=\"rollover-project links-hovers-disabled\">\n\n\t<a href=\"https:\/\/fotk.fr\/sport\/wp-content\/uploads\/sites\/4\/2022\/05\/Photo_Vincent-Krieger_220514_122452_D52_0254-bd.jpg\" class=\"dt-mfp-item mfp-image rollover rollover-zoom\" title=\"Championnat d\u00e9partemental de natation \u2013 Sartrouville\" data-dt-img-description=\"Cr\u00e9dit photo : Vincent Kri\u00e9ger\" ><img class=\"preload-me\" srcset=\"https:\/\/fotk.fr\/sport\/wp-content\/uploads\/sites\/4\/2022\/05\/Photo_Vincent-Krieger_220514_122452_D52_0254-bd.jpg 1x, https:\/\/fotk.fr\/sport\/wp-content\/uploads\/sites\/4\/2022\/05\/Photo_Vincent-Krieger_220514_122452_D52_0254-bd.jpg 2x\" alt=\"Championnat d\u00e9partemental de natation \u2013 Sartrouville\" width=\"2000\" height=\"1333\"  \/><\/a>\n\t\n<\/div>\n<\/article>\n\n<\/div><div class=\"wf-cell iso-item\" data-date=\"2022-05-18T14:56:43+02:00\" data-name=\"Championnat d\u00e9partemental de natation \u2013 Sartrouville\" data-post-id=\"35927\">\n<article class=\"post post-35927 attachment type-attachment status-inherit hentry description-off\">\n\n\t\n<div class=\"rollover-project links-hovers-disabled\">\n\n\t<a href=\"https:\/\/fotk.fr\/sport\/wp-content\/uploads\/sites\/4\/2022\/05\/Photo_Vincent-Krieger_220415_190555_D52_0063-bd.jpg\" class=\"dt-mfp-item mfp-image rollover rollover-zoom\" title=\"Championnat d\u00e9partemental de natation \u2013 Sartrouville\" data-dt-img-description=\"Cr\u00e9dit photo : Vincent Kri\u00e9ger\" ><img class=\"preload-me\" srcset=\"https:\/\/fotk.fr\/sport\/wp-content\/uploads\/sites\/4\/2022\/05\/Photo_Vincent-Krieger_220415_190555_D52_0063-bd.jpg 1x, https:\/\/fotk.fr\/sport\/wp-content\/uploads\/sites\/4\/2022\/05\/Photo_Vincent-Krieger_220415_190555_D52_0063-bd.jpg 2x\" alt=\"Championnat d\u00e9partemental de natation \u2013 Sartrouville\" width=\"2000\" height=\"1333\"  \/><\/a>\n\t\n<\/div>\n<\/article>\n\n<\/div><div class=\"wf-cell iso-item\" data-date=\"2022-05-18T14:56:48+02:00\" data-name=\"Championnat d\u00e9partemental de natation \u2013 Sartrouville\" data-post-id=\"35929\">\n<article class=\"post post-35929 attachment type-attachment status-inherit hentry description-off\">\n\n\t\n<div class=\"rollover-project links-hovers-disabled\">\n\n\t<a href=\"https:\/\/fotk.fr\/sport\/wp-content\/uploads\/sites\/4\/2022\/05\/Photo_Vincent-Krieger_220415_191211_Z72_6933-bd.jpg\" class=\"dt-mfp-item mfp-image rollover rollover-zoom\" title=\"Championnat d\u00e9partemental de natation \u2013 Sartrouville\" data-dt-img-description=\"Cr\u00e9dit photo : Vincent Kri\u00e9ger\" ><img class=\"preload-me\" srcset=\"https:\/\/fotk.fr\/sport\/wp-content\/uploads\/sites\/4\/2022\/05\/Photo_Vincent-Krieger_220415_191211_Z72_6933-bd.jpg 1x, https:\/\/fotk.fr\/sport\/wp-content\/uploads\/sites\/4\/2022\/05\/Photo_Vincent-Krieger_220415_191211_Z72_6933-bd.jpg 2x\" alt=\"Championnat d\u00e9partemental de natation \u2013 Sartrouville\" width=\"2000\" height=\"1333\"  \/><\/a>\n\t\n<\/div>\n<\/article>\n\n<\/div><div class=\"wf-cell iso-item\" data-date=\"2022-05-18T14:56:57+02:00\" data-name=\"Championnat d\u00e9partemental de natation \u2013 Sartrouville\" data-post-id=\"35932\">\n<article class=\"post post-35932 attachment type-attachment status-inherit hentry description-off\">\n\n\t\n<div class=\"rollover-project links-hovers-disabled\">\n\n\t<a href=\"https:\/\/fotk.fr\/sport\/wp-content\/uploads\/sites\/4\/2022\/05\/Photo_Vincent-Krieger_220415_192627_D61_1456-bd.jpg\" class=\"dt-mfp-item mfp-image rollover rollover-zoom\" title=\"Championnat d\u00e9partemental de natation \u2013 Sartrouville\" data-dt-img-description=\"Cr\u00e9dit photo : Vincent Kri\u00e9ger\" ><img class=\"preload-me\" srcset=\"https:\/\/fotk.fr\/sport\/wp-content\/uploads\/sites\/4\/2022\/05\/Photo_Vincent-Krieger_220415_192627_D61_1456-bd.jpg 1x, https:\/\/fotk.fr\/sport\/wp-content\/uploads\/sites\/4\/2022\/05\/Photo_Vincent-Krieger_220415_192627_D61_1456-bd.jpg 2x\" alt=\"Championnat d\u00e9partemental de natation \u2013 Sartrouville\" width=\"2000\" height=\"1274\"  \/><\/a>\n\t\n<\/div>\n<\/article>\n\n<\/div><div class=\"wf-cell iso-item\" data-date=\"2022-05-18T14:57:05+02:00\" data-name=\"Championnat d\u00e9partemental de natation \u2013 Sartrouville\" data-post-id=\"35935\">\n<article class=\"post post-35935 attachment type-attachment status-inherit hentry description-off\">\n\n\t\n<div class=\"rollover-project links-hovers-disabled\">\n\n\t<a href=\"https:\/\/fotk.fr\/sport\/wp-content\/uploads\/sites\/4\/2022\/05\/Photo_Vincent-Krieger_220415_195544_D61_2033-bd.jpg\" class=\"dt-mfp-item mfp-image rollover rollover-zoom\" title=\"Championnat d\u00e9partemental de natation \u2013 Sartrouville\" data-dt-img-description=\"Cr\u00e9dit photo : Vincent Kri\u00e9ger\" ><img class=\"preload-me\" srcset=\"https:\/\/fotk.fr\/sport\/wp-content\/uploads\/sites\/4\/2022\/05\/Photo_Vincent-Krieger_220415_195544_D61_2033-bd.jpg 1x, https:\/\/fotk.fr\/sport\/wp-content\/uploads\/sites\/4\/2022\/05\/Photo_Vincent-Krieger_220415_195544_D61_2033-bd.jpg 2x\" alt=\"Championnat d\u00e9partemental de natation \u2013 Sartrouville\" width=\"2000\" height=\"1333\"  \/><\/a>\n\t\n<\/div>\n<\/article>\n\n<\/div><div class=\"wf-cell iso-item\" data-date=\"2022-05-18T14:57:08+02:00\" data-name=\"Championnat d\u00e9partemental de natation \u2013 Sartrouville\" data-post-id=\"35936\">\n<article class=\"post post-35936 attachment type-attachment status-inherit hentry description-off\">\n\n\t\n<div class=\"rollover-project links-hovers-disabled\">\n\n\t<a href=\"https:\/\/fotk.fr\/sport\/wp-content\/uploads\/sites\/4\/2022\/05\/Photo_Vincent-Krieger_220415_201750_D61_2157-bd.jpg\" class=\"dt-mfp-item mfp-image rollover rollover-zoom\" title=\"Championnat d\u00e9partemental de natation \u2013 Sartrouville\" data-dt-img-description=\"Cr\u00e9dit photo : Vincent Kri\u00e9ger\" ><img class=\"preload-me\" srcset=\"https:\/\/fotk.fr\/sport\/wp-content\/uploads\/sites\/4\/2022\/05\/Photo_Vincent-Krieger_220415_201750_D61_2157-bd.jpg 1x, https:\/\/fotk.fr\/sport\/wp-content\/uploads\/sites\/4\/2022\/05\/Photo_Vincent-Krieger_220415_201750_D61_2157-bd.jpg 2x\" alt=\"Championnat d\u00e9partemental de natation \u2013 Sartrouville\" width=\"2000\" height=\"1333\"  \/><\/a>\n\t\n<\/div>\n<\/article>\n\n<\/div><div class=\"wf-cell iso-item\" data-date=\"2022-05-18T14:57:42+02:00\" data-name=\"Championnat d\u00e9partemental de natation \u2013 Sartrouville\" data-post-id=\"35949\">\n<article class=\"post post-35949 attachment type-attachment status-inherit hentry description-off\">\n\n\t\n<div class=\"rollover-project links-hovers-disabled\">\n\n\t<a href=\"https:\/\/fotk.fr\/sport\/wp-content\/uploads\/sites\/4\/2022\/05\/Photo_Vincent-Krieger_220514_155949_D61_1549-bd.jpg\" class=\"dt-mfp-item mfp-image rollover rollover-zoom\" title=\"Championnat d\u00e9partemental de natation \u2013 Sartrouville\" data-dt-img-description=\"Cr\u00e9dit photo : Vincent Kri\u00e9ger\" ><img class=\"preload-me\" srcset=\"https:\/\/fotk.fr\/sport\/wp-content\/uploads\/sites\/4\/2022\/05\/Photo_Vincent-Krieger_220514_155949_D61_1549-bd.jpg 1x, https:\/\/fotk.fr\/sport\/wp-content\/uploads\/sites\/4\/2022\/05\/Photo_Vincent-Krieger_220514_155949_D61_1549-bd.jpg 2x\" alt=\"Championnat d\u00e9partemental de natation \u2013 Sartrouville\" width=\"2000\" height=\"1333\"  \/><\/a>\n\t\n<\/div>\n<\/article>\n\n<\/div><div class=\"wf-cell iso-item\" data-date=\"2022-05-18T14:57:02+02:00\" data-name=\"Championnat d\u00e9partemental de natation \u2013 Sartrouville\" data-post-id=\"35934\">\n<article class=\"post post-35934 attachment type-attachment status-inherit hentry description-off\">\n\n\t\n<div class=\"rollover-project links-hovers-disabled\">\n\n\t<a href=\"https:\/\/fotk.fr\/sport\/wp-content\/uploads\/sites\/4\/2022\/05\/Photo_Vincent-Krieger_220415_195456_D61_2006-bd.jpg\" class=\"dt-mfp-item mfp-image rollover rollover-zoom\" title=\"Championnat d\u00e9partemental de natation \u2013 Sartrouville\" data-dt-img-description=\"Cr\u00e9dit photo : Vincent Kri\u00e9ger\" ><img class=\"preload-me\" srcset=\"https:\/\/fotk.fr\/sport\/wp-content\/uploads\/sites\/4\/2022\/05\/Photo_Vincent-Krieger_220415_195456_D61_2006-bd.jpg 1x, https:\/\/fotk.fr\/sport\/wp-content\/uploads\/sites\/4\/2022\/05\/Photo_Vincent-Krieger_220415_195456_D61_2006-bd.jpg 2x\" alt=\"Championnat d\u00e9partemental de natation \u2013 Sartrouville\" width=\"2000\" height=\"1333\"  \/><\/a>\n\t\n<\/div>\n<\/article>\n\n<\/div><div class=\"wf-cell iso-item\" data-date=\"2022-05-18T14:57:16+02:00\" data-name=\"Championnat d\u00e9partemental de natation \u2013 Sartrouville\" data-post-id=\"35939\">\n<article class=\"post post-35939 attachment type-attachment status-inherit hentry description-off\">\n\n\t\n<div class=\"rollover-project links-hovers-disabled\">\n\n\t<a href=\"https:\/\/fotk.fr\/sport\/wp-content\/uploads\/sites\/4\/2022\/05\/Photo_Vincent-Krieger_220415_205912_D61_2633-bd.jpg\" class=\"dt-mfp-item mfp-image rollover rollover-zoom\" title=\"Championnat d\u00e9partemental de natation \u2013 Sartrouville\" data-dt-img-description=\"Cr\u00e9dit photo : Vincent Kri\u00e9ger\" ><img class=\"preload-me\" srcset=\"https:\/\/fotk.fr\/sport\/wp-content\/uploads\/sites\/4\/2022\/05\/Photo_Vincent-Krieger_220415_205912_D61_2633-bd.jpg 1x, https:\/\/fotk.fr\/sport\/wp-content\/uploads\/sites\/4\/2022\/05\/Photo_Vincent-Krieger_220415_205912_D61_2633-bd.jpg 2x\" alt=\"Championnat d\u00e9partemental de natation \u2013 Sartrouville\" width=\"2000\" height=\"1333\"  \/><\/a>\n\t\n<\/div>\n<\/article>\n\n<\/div><div class=\"wf-cell iso-item\" data-date=\"2022-05-18T14:57:40+02:00\" data-name=\"Championnat d\u00e9partemental de natation \u2013 Sartrouville\" data-post-id=\"35948\">\n<article class=\"post post-35948 attachment type-attachment status-inherit hentry description-off\">\n\n\t\n<div class=\"rollover-project links-hovers-disabled\">\n\n\t<a href=\"https:\/\/fotk.fr\/sport\/wp-content\/uploads\/sites\/4\/2022\/05\/Photo_Vincent-Krieger_220514_153415_D61_1443-bd.jpg\" class=\"dt-mfp-item mfp-image rollover rollover-zoom\" title=\"Championnat d\u00e9partemental de natation \u2013 Sartrouville\" data-dt-img-description=\"Cr\u00e9dit photo : Vincent Kri\u00e9ger\" ><img class=\"preload-me\" srcset=\"https:\/\/fotk.fr\/sport\/wp-content\/uploads\/sites\/4\/2022\/05\/Photo_Vincent-Krieger_220514_153415_D61_1443-bd.jpg 1x, https:\/\/fotk.fr\/sport\/wp-content\/uploads\/sites\/4\/2022\/05\/Photo_Vincent-Krieger_220514_153415_D61_1443-bd.jpg 2x\" alt=\"Championnat d\u00e9partemental de natation \u2013 Sartrouville\" width=\"2000\" height=\"1333\"  \/><\/a>\n\t\n<\/div>\n<\/article>\n\n<\/div><div class=\"wf-cell iso-item\" data-date=\"2022-05-18T14:57:19+02:00\" data-name=\"Championnat d\u00e9partemental de natation \u2013 Sartrouville\" data-post-id=\"35940\">\n<article class=\"post post-35940 attachment type-attachment status-inherit hentry description-off\">\n\n\t\n<div class=\"rollover-project links-hovers-disabled\">\n\n\t<a href=\"https:\/\/fotk.fr\/sport\/wp-content\/uploads\/sites\/4\/2022\/05\/Photo_Vincent-Krieger_220514_095704_D61_0397-bd.jpg\" class=\"dt-mfp-item mfp-image rollover rollover-zoom\" title=\"Championnat d\u00e9partemental de natation \u2013 Sartrouville\" data-dt-img-description=\"Cr\u00e9dit photo : Vincent Kri\u00e9ger\" ><img class=\"preload-me\" srcset=\"https:\/\/fotk.fr\/sport\/wp-content\/uploads\/sites\/4\/2022\/05\/Photo_Vincent-Krieger_220514_095704_D61_0397-bd.jpg 1x, https:\/\/fotk.fr\/sport\/wp-content\/uploads\/sites\/4\/2022\/05\/Photo_Vincent-Krieger_220514_095704_D61_0397-bd.jpg 2x\" alt=\"Championnat d\u00e9partemental de natation \u2013 Sartrouville\" width=\"2000\" height=\"1333\"  \/><\/a>\n\t\n<\/div>\n<\/article>\n\n<\/div><div class=\"wf-cell iso-item\" data-date=\"2022-05-18T14:57:00+02:00\" data-name=\"Championnat d\u00e9partemental de natation \u2013 Sartrouville\" data-post-id=\"35933\">\n<article class=\"post post-35933 attachment type-attachment status-inherit hentry description-off\">\n\n\t\n<div class=\"rollover-project links-hovers-disabled\">\n\n\t<a href=\"https:\/\/fotk.fr\/sport\/wp-content\/uploads\/sites\/4\/2022\/05\/Photo_Vincent-Krieger_220415_195217_D61_1953-bd.jpg\" class=\"dt-mfp-item mfp-image rollover rollover-zoom\" title=\"Championnat d\u00e9partemental de natation \u2013 Sartrouville\" data-dt-img-description=\"Cr\u00e9dit photo : Vincent Kri\u00e9ger\" ><img class=\"preload-me\" srcset=\"https:\/\/fotk.fr\/sport\/wp-content\/uploads\/sites\/4\/2022\/05\/Photo_Vincent-Krieger_220415_195217_D61_1953-bd.jpg 1x, https:\/\/fotk.fr\/sport\/wp-content\/uploads\/sites\/4\/2022\/05\/Photo_Vincent-Krieger_220415_195217_D61_1953-bd.jpg 2x\" alt=\"Championnat d\u00e9partemental de natation \u2013 Sartrouville\" width=\"2000\" height=\"1333\"  \/><\/a>\n\t\n<\/div>\n<\/article>\n\n<\/div><div class=\"wf-cell iso-item\" data-date=\"2022-05-18T14:57:30+02:00\" data-name=\"Championnat d\u00e9partemental de natation \u2013 Sartrouville\" data-post-id=\"35944\">\n<article class=\"post post-35944 attachment type-attachment status-inherit hentry description-off\">\n\n\t\n<div class=\"rollover-project links-hovers-disabled\">\n\n\t<a href=\"https:\/\/fotk.fr\/sport\/wp-content\/uploads\/sites\/4\/2022\/05\/Photo_Vincent-Krieger_220514_141519_D61_1035-bd.jpg\" class=\"dt-mfp-item mfp-image rollover rollover-zoom\" title=\"Championnat d\u00e9partemental de natation \u2013 Sartrouville\" data-dt-img-description=\"Cr\u00e9dit photo : Vincent Kri\u00e9ger\" ><img class=\"preload-me\" srcset=\"https:\/\/fotk.fr\/sport\/wp-content\/uploads\/sites\/4\/2022\/05\/Photo_Vincent-Krieger_220514_141519_D61_1035-bd.jpg 1x, https:\/\/fotk.fr\/sport\/wp-content\/uploads\/sites\/4\/2022\/05\/Photo_Vincent-Krieger_220514_141519_D61_1035-bd.jpg 2x\" alt=\"Championnat d\u00e9partemental de natation \u2013 Sartrouville\" width=\"2000\" height=\"1333\"  \/><\/a>\n\t\n<\/div>\n<\/article>\n\n<\/div><div class=\"wf-cell iso-item\" data-date=\"2022-05-18T14:57:35+02:00\" data-name=\"Championnat d\u00e9partemental de natation \u2013 Sartrouville\" data-post-id=\"35946\">\n<article class=\"post post-35946 attachment type-attachment status-inherit hentry description-off\">\n\n\t\n<div class=\"rollover-project links-hovers-disabled\">\n\n\t<a href=\"https:\/\/fotk.fr\/sport\/wp-content\/uploads\/sites\/4\/2022\/05\/Photo_Vincent-Krieger_220514_141939_D61_1069-bd.jpg\" class=\"dt-mfp-item mfp-image rollover rollover-zoom\" title=\"Championnat d\u00e9partemental de natation \u2013 Sartrouville\" data-dt-img-description=\"Cr\u00e9dit photo : Vincent Kri\u00e9ger\" ><img class=\"preload-me\" srcset=\"https:\/\/fotk.fr\/sport\/wp-content\/uploads\/sites\/4\/2022\/05\/Photo_Vincent-Krieger_220514_141939_D61_1069-bd.jpg 1x, https:\/\/fotk.fr\/sport\/wp-content\/uploads\/sites\/4\/2022\/05\/Photo_Vincent-Krieger_220514_141939_D61_1069-bd.jpg 2x\" alt=\"Championnat d\u00e9partemental de natation \u2013 Sartrouville\" width=\"2000\" height=\"1333\"  \/><\/a>\n\t\n<\/div>\n<\/article>\n\n<\/div><div class=\"wf-cell iso-item\" data-date=\"2022-05-18T14:57:37+02:00\" data-name=\"Championnat d\u00e9partemental de natation \u2013 Sartrouville\" data-post-id=\"35947\">\n<article class=\"post post-35947 attachment type-attachment status-inherit hentry description-off\">\n\n\t\n<div class=\"rollover-project links-hovers-disabled\">\n\n\t<a href=\"https:\/\/fotk.fr\/sport\/wp-content\/uploads\/sites\/4\/2022\/05\/Photo_Vincent-Krieger_220514_151752_D61_1326-bd.jpg\" class=\"dt-mfp-item mfp-image rollover rollover-zoom\" title=\"Championnat d\u00e9partemental de natation \u2013 Sartrouville\" data-dt-img-description=\"Cr\u00e9dit photo : Vincent Kri\u00e9ger\" ><img class=\"preload-me\" srcset=\"https:\/\/fotk.fr\/sport\/wp-content\/uploads\/sites\/4\/2022\/05\/Photo_Vincent-Krieger_220514_151752_D61_1326-bd.jpg 1x, https:\/\/fotk.fr\/sport\/wp-content\/uploads\/sites\/4\/2022\/05\/Photo_Vincent-Krieger_220514_151752_D61_1326-bd.jpg 2x\" alt=\"Championnat d\u00e9partemental de natation \u2013 Sartrouville\" width=\"2000\" height=\"1333\"  \/><\/a>\n\t\n<\/div>\n<\/article>\n\n<\/div><div class=\"wf-cell iso-item\" data-date=\"2022-05-18T14:57:27+02:00\" data-name=\"Championnat d\u00e9partemental de natation \u2013 Sartrouville\" data-post-id=\"35943\">\n<article class=\"post post-35943 attachment type-attachment status-inherit hentry description-off\">\n\n\t\n<div class=\"rollover-project links-hovers-disabled\">\n\n\t<a href=\"https:\/\/fotk.fr\/sport\/wp-content\/uploads\/sites\/4\/2022\/05\/Photo_Vincent-Krieger_220514_140936_D61_0995-bd.jpg\" class=\"dt-mfp-item mfp-image rollover rollover-zoom\" title=\"Championnat d\u00e9partemental de natation \u2013 Sartrouville\" data-dt-img-description=\"Cr\u00e9dit photo : Vincent Kri\u00e9ger\" ><img class=\"preload-me\" srcset=\"https:\/\/fotk.fr\/sport\/wp-content\/uploads\/sites\/4\/2022\/05\/Photo_Vincent-Krieger_220514_140936_D61_0995-bd.jpg 1x, https:\/\/fotk.fr\/sport\/wp-content\/uploads\/sites\/4\/2022\/05\/Photo_Vincent-Krieger_220514_140936_D61_0995-bd.jpg 2x\" alt=\"Championnat d\u00e9partemental de natation \u2013 Sartrouville\" width=\"2000\" height=\"1333\"  \/><\/a>\n\t\n<\/div>\n<\/article>\n\n<\/div><div class=\"wf-cell iso-item\" data-date=\"2022-05-18T14:57:45+02:00\" data-name=\"Championnat d\u00e9partemental de natation \u2013 Sartrouville\" data-post-id=\"35950\">\n<article class=\"post post-35950 attachment type-attachment status-inherit hentry description-off\">\n\n\t\n<div class=\"rollover-project links-hovers-disabled\">\n\n\t<a href=\"https:\/\/fotk.fr\/sport\/wp-content\/uploads\/sites\/4\/2022\/05\/Photo_Vincent-Krieger_220514_172106_D61_1827-bd.jpg\" class=\"dt-mfp-item mfp-image rollover rollover-zoom\" title=\"Championnat d\u00e9partemental de natation \u2013 Sartrouville\" data-dt-img-description=\"Cr\u00e9dit photo : Vincent Kri\u00e9ger\" ><img class=\"preload-me\" srcset=\"https:\/\/fotk.fr\/sport\/wp-content\/uploads\/sites\/4\/2022\/05\/Photo_Vincent-Krieger_220514_172106_D61_1827-bd.jpg 1x, https:\/\/fotk.fr\/sport\/wp-content\/uploads\/sites\/4\/2022\/05\/Photo_Vincent-Krieger_220514_172106_D61_1827-bd.jpg 2x\" alt=\"Championnat d\u00e9partemental de natation \u2013 Sartrouville\" width=\"2000\" height=\"1333\"  \/><\/a>\n\t\n<\/div>\n<\/article>\n\n<\/div><div class=\"wf-cell iso-item\" data-date=\"2022-05-18T14:57:48+02:00\" data-name=\"Championnat d\u00e9partemental de natation \u2013 Sartrouville\" data-post-id=\"35951\">\n<article class=\"post post-35951 attachment type-attachment status-inherit hentry description-off\">\n\n\t\n<div class=\"rollover-project links-hovers-disabled\">\n\n\t<a href=\"https:\/\/fotk.fr\/sport\/wp-content\/uploads\/sites\/4\/2022\/05\/Photo_Vincent-Krieger_220515_081457_D61_1950-bd.jpg\" class=\"dt-mfp-item mfp-image rollover rollover-zoom\" title=\"Championnat d\u00e9partemental de natation \u2013 Sartrouville\" data-dt-img-description=\"Cr\u00e9dit photo : Vincent Kri\u00e9ger\" ><img class=\"preload-me\" srcset=\"https:\/\/fotk.fr\/sport\/wp-content\/uploads\/sites\/4\/2022\/05\/Photo_Vincent-Krieger_220515_081457_D61_1950-bd.jpg 1x, https:\/\/fotk.fr\/sport\/wp-content\/uploads\/sites\/4\/2022\/05\/Photo_Vincent-Krieger_220515_081457_D61_1950-bd.jpg 2x\" alt=\"Championnat d\u00e9partemental de natation \u2013 Sartrouville\" width=\"2000\" height=\"1333\"  \/><\/a>\n\t\n<\/div>\n<\/article>\n\n<\/div><div class=\"wf-cell iso-item\" data-date=\"2022-05-18T14:57:50+02:00\" data-name=\"Championnat d\u00e9partemental de natation \u2013 Sartrouville\" data-post-id=\"35952\">\n<article class=\"post post-35952 attachment type-attachment status-inherit hentry description-off\">\n\n\t\n<div class=\"rollover-project links-hovers-disabled\">\n\n\t<a href=\"https:\/\/fotk.fr\/sport\/wp-content\/uploads\/sites\/4\/2022\/05\/Photo_Vincent-Krieger_220515_094943_D61_2430-bd.jpg\" class=\"dt-mfp-item mfp-image rollover rollover-zoom\" title=\"Championnat d\u00e9partemental de natation \u2013 Sartrouville\" data-dt-img-description=\"Cr\u00e9dit photo : Vincent Kri\u00e9ger\" ><img class=\"preload-me\" srcset=\"https:\/\/fotk.fr\/sport\/wp-content\/uploads\/sites\/4\/2022\/05\/Photo_Vincent-Krieger_220515_094943_D61_2430-bd.jpg 1x, https:\/\/fotk.fr\/sport\/wp-content\/uploads\/sites\/4\/2022\/05\/Photo_Vincent-Krieger_220515_094943_D61_2430-bd.jpg 2x\" alt=\"Championnat d\u00e9partemental de natation \u2013 Sartrouville\" width=\"2000\" height=\"1333\"  \/><\/a>\n\t\n<\/div>\n<\/article>\n\n<\/div><div class=\"wf-cell iso-item\" data-date=\"2022-05-18T14:57:54+02:00\" data-name=\"Championnat d\u00e9partemental de natation \u2013 Sartrouville\" data-post-id=\"35953\">\n<article class=\"post post-35953 attachment type-attachment status-inherit hentry description-off\">\n\n\t\n<div class=\"rollover-project links-hovers-disabled\">\n\n\t<a href=\"https:\/\/fotk.fr\/sport\/wp-content\/uploads\/sites\/4\/2022\/05\/Photo_Vincent-Krieger_220515_140820_D61_2830-bd.jpg\" class=\"dt-mfp-item mfp-image rollover rollover-zoom\" title=\"Championnat d\u00e9partemental de natation \u2013 Sartrouville\" data-dt-img-description=\"Cr\u00e9dit photo : Vincent Kri\u00e9ger\" ><img class=\"preload-me\" srcset=\"https:\/\/fotk.fr\/sport\/wp-content\/uploads\/sites\/4\/2022\/05\/Photo_Vincent-Krieger_220515_140820_D61_2830-bd.jpg 1x, https:\/\/fotk.fr\/sport\/wp-content\/uploads\/sites\/4\/2022\/05\/Photo_Vincent-Krieger_220515_140820_D61_2830-bd.jpg 2x\" alt=\"Championnat d\u00e9partemental de natation \u2013 Sartrouville\" width=\"2000\" height=\"1333\"  \/><\/a>\n\t\n<\/div>\n<\/article>\n\n<\/div><div class=\"wf-cell iso-item\" data-date=\"2022-05-18T14:57:56+02:00\" data-name=\"Championnat d\u00e9partemental de natation \u2013 Sartrouville\" data-post-id=\"35954\">\n<article class=\"post post-35954 attachment type-attachment status-inherit hentry description-off\">\n\n\t\n<div class=\"rollover-project links-hovers-disabled\">\n\n\t<a href=\"https:\/\/fotk.fr\/sport\/wp-content\/uploads\/sites\/4\/2022\/05\/Photo_Vincent-Krieger_220515_152714_D52_1153-bd.jpg\" class=\"dt-mfp-item mfp-image rollover rollover-zoom\" title=\"Championnat d\u00e9partemental de natation \u2013 Sartrouville\" data-dt-img-description=\"Cr\u00e9dit photo : Vincent Kri\u00e9ger\" ><img class=\"preload-me\" srcset=\"https:\/\/fotk.fr\/sport\/wp-content\/uploads\/sites\/4\/2022\/05\/Photo_Vincent-Krieger_220515_152714_D52_1153-bd.jpg 1x, https:\/\/fotk.fr\/sport\/wp-content\/uploads\/sites\/4\/2022\/05\/Photo_Vincent-Krieger_220515_152714_D52_1153-bd.jpg 2x\" alt=\"Championnat d\u00e9partemental de natation \u2013 Sartrouville\" width=\"2000\" height=\"1333\"  \/><\/a>\n\t\n<\/div>\n<\/article>\n\n<\/div><div class=\"wf-cell iso-item\" data-date=\"2022-05-18T14:57:59+02:00\" data-name=\"Championnat d\u00e9partemental de natation \u2013 Sartrouville\" data-post-id=\"35955\">\n<article class=\"post post-35955 attachment type-attachment status-inherit hentry description-off\">\n\n\t\n<div class=\"rollover-project links-hovers-disabled\">\n\n\t<a href=\"https:\/\/fotk.fr\/sport\/wp-content\/uploads\/sites\/4\/2022\/05\/Photo_Vincent-Krieger_220515_153153_D61_3223-bd.jpg\" class=\"dt-mfp-item mfp-image rollover rollover-zoom\" title=\"Championnat d\u00e9partemental de natation \u2013 Sartrouville\" data-dt-img-description=\"Cr\u00e9dit photo : Vincent Kri\u00e9ger\" ><img class=\"preload-me\" srcset=\"https:\/\/fotk.fr\/sport\/wp-content\/uploads\/sites\/4\/2022\/05\/Photo_Vincent-Krieger_220515_153153_D61_3223-bd.jpg 1x, https:\/\/fotk.fr\/sport\/wp-content\/uploads\/sites\/4\/2022\/05\/Photo_Vincent-Krieger_220515_153153_D61_3223-bd.jpg 2x\" alt=\"Championnat d\u00e9partemental de natation \u2013 Sartrouville\" width=\"2000\" height=\"1333\"  \/><\/a>\n\t\n<\/div>\n<\/article>\n\n<\/div><div class=\"wf-cell iso-item\" data-date=\"2022-05-18T14:58:01+02:00\" data-name=\"Championnat d\u00e9partemental de natation \u2013 Sartrouville\" data-post-id=\"35956\">\n<article class=\"post post-35956 attachment type-attachment status-inherit hentry description-off\">\n\n\t\n<div class=\"rollover-project links-hovers-disabled\">\n\n\t<a href=\"https:\/\/fotk.fr\/sport\/wp-content\/uploads\/sites\/4\/2022\/05\/Photo_Vincent-Krieger_220515_155851_D61_3451-bd.jpg\" class=\"dt-mfp-item mfp-image rollover rollover-zoom\" title=\"Championnat d\u00e9partemental de natation \u2013 Sartrouville\" data-dt-img-description=\"Cr\u00e9dit photo : Vincent Kri\u00e9ger\" ><img class=\"preload-me\" srcset=\"https:\/\/fotk.fr\/sport\/wp-content\/uploads\/sites\/4\/2022\/05\/Photo_Vincent-Krieger_220515_155851_D61_3451-bd.jpg 1x, https:\/\/fotk.fr\/sport\/wp-content\/uploads\/sites\/4\/2022\/05\/Photo_Vincent-Krieger_220515_155851_D61_3451-bd.jpg 2x\" alt=\"Championnat d\u00e9partemental de natation \u2013 Sartrouville\" width=\"2000\" height=\"1333\"  \/><\/a>\n\t\n<\/div>\n<\/article>\n\n<\/div><div class=\"wf-cell iso-item\" data-date=\"2022-05-18T14:56:54+02:00\" data-name=\"Championnat d\u00e9partemental de natation \u2013 Sartrouville\" data-post-id=\"35931\">\n<article class=\"post post-35931 attachment type-attachment status-inherit hentry description-off\">\n\n\t\n<div class=\"rollover-project links-hovers-disabled\">\n\n\t<a href=\"https:\/\/fotk.fr\/sport\/wp-content\/uploads\/sites\/4\/2022\/05\/Photo_Vincent-Krieger_220415_191709_D61_1155-bd.jpg\" class=\"dt-mfp-item mfp-image rollover rollover-zoom\" title=\"Championnat d\u00e9partemental de natation \u2013 Sartrouville\" data-dt-img-description=\"Cr\u00e9dit photo : Vincent Kri\u00e9ger\" ><img class=\"preload-me\" srcset=\"https:\/\/fotk.fr\/sport\/wp-content\/uploads\/sites\/4\/2022\/05\/Photo_Vincent-Krieger_220415_191709_D61_1155-bd.jpg 1x, https:\/\/fotk.fr\/sport\/wp-content\/uploads\/sites\/4\/2022\/05\/Photo_Vincent-Krieger_220415_191709_D61_1155-bd.jpg 2x\" alt=\"Championnat d\u00e9partemental de natation \u2013 Sartrouville\" width=\"2000\" height=\"1333\"  \/><\/a>\n\t\n<\/div>\n<\/article>\n\n<\/div><\/div>[\/vc_column][\/vc_row]<\/p>\n<\/div>","protected":false},"excerpt":{"rendered":"<p>[vc_row][vc_column][vc_empty_space][vc_column_text css=\u00a0\u00bb\u00a0\u00bb]Premi\u00e8res images pour ma nouvelle exp\u00e9rience dans le domaine de la natation pour le championnat d\u00e9partemental de natation \u00e0 Sartrouville. Merci \u00e0 l&rsquo;ASSOCIATION SPORTIVE DE NATATION DE SARTROUVILLE pour cette confiance.[\/vc_column_text][vc_empty_space][\/vc_column][\/vc_row]<\/p>\n","protected":false},"author":1,"featured_media":37635,"parent":0,"menu_order":0,"comment_status":"closed","ping_status":"closed","template":"","meta":{"footnotes":""},"class_list":["post-37944","page","type-page","status-publish","has-post-thumbnail","hentry","description-off"],"yoast_head":"<!-- This site is optimized with the Yoast SEO plugin v26.5 - https:\/\/yoast.com\/wordpress\/plugins\/seo\/ -->\n<title>Natation - Photographe de sport<\/title>\n<meta name=\"robots\" content=\"index, follow, max-snippet:-1, max-image-preview:large, max-video-preview:-1\" \/>\n<link rel=\"canonical\" href=\"https:\/\/fotk.fr\/sport\/natation\/\" \/>\n<meta property=\"og:locale\" content=\"fr_FR\" \/>\n<meta property=\"og:type\" content=\"article\" \/>\n<meta property=\"og:title\" content=\"Natation - Photographe de sport\" \/>\n<meta property=\"og:description\" content=\"[vc_row][vc_column][vc_empty_space][vc_column_text css=\u00a0\u00bb\u00a0\u00bb]Premi\u00e8res images pour ma nouvelle exp\u00e9rience dans le domaine de la natation pour le championnat d\u00e9partemental de natation \u00e0 Sartrouville. Merci \u00e0 l&rsquo;ASSOCIATION SPORTIVE DE NATATION DE SARTROUVILLE pour cette confiance.[\/vc_column_text][vc_empty_space][\/vc_column][\/vc_row]\" \/>\n<meta property=\"og:url\" content=\"https:\/\/fotk.fr\/sport\/natation\/\" \/>\n<meta property=\"og:site_name\" content=\"Photographe de sport\" \/>\n<meta property=\"article:modified_time\" content=\"2026-01-08T16:32:50+00:00\" \/>\n<meta property=\"og:image\" content=\"https:\/\/fotk.fr\/sport\/wp-content\/uploads\/sites\/4\/2025\/12\/\u00a9-Vincent-Krieger-220514-110016-D61_0761-scaled.jpg\" \/>\n\t<meta property=\"og:image:width\" content=\"2560\" \/>\n\t<meta property=\"og:image:height\" content=\"1706\" \/>\n\t<meta property=\"og:image:type\" content=\"image\/jpeg\" \/>\n<meta name=\"twitter:card\" content=\"summary_large_image\" \/>\n<meta name=\"twitter:label1\" content=\"Dur\u00e9e de lecture estim\u00e9e\" \/>\n\t<meta name=\"twitter:data1\" content=\"1 minute\" \/>\n<script type=\"application\/ld+json\" class=\"yoast-schema-graph\">{\"@context\":\"https:\/\/schema.org\",\"@graph\":[{\"@type\":\"WebPage\",\"@id\":\"https:\/\/fotk.fr\/sport\/natation\/\",\"url\":\"https:\/\/fotk.fr\/sport\/natation\/\",\"name\":\"Natation - Photographe de sport\",\"isPartOf\":{\"@id\":\"https:\/\/fotk.fr\/sport\/#website\"},\"primaryImageOfPage\":{\"@id\":\"https:\/\/fotk.fr\/sport\/natation\/#primaryimage\"},\"image\":{\"@id\":\"https:\/\/fotk.fr\/sport\/natation\/#primaryimage\"},\"thumbnailUrl\":\"https:\/\/fotk.fr\/sport\/wp-content\/uploads\/sites\/4\/2025\/12\/\u00a9-Vincent-Krieger-220514-110016-D61_0761-scaled.jpg\",\"datePublished\":\"2026-01-08T16:31:29+00:00\",\"dateModified\":\"2026-01-08T16:32:50+00:00\",\"breadcrumb\":{\"@id\":\"https:\/\/fotk.fr\/sport\/natation\/#breadcrumb\"},\"inLanguage\":\"fr-FR\",\"potentialAction\":[{\"@type\":\"ReadAction\",\"target\":[\"https:\/\/fotk.fr\/sport\/natation\/\"]}]},{\"@type\":\"ImageObject\",\"inLanguage\":\"fr-FR\",\"@id\":\"https:\/\/fotk.fr\/sport\/natation\/#primaryimage\",\"url\":\"https:\/\/fotk.fr\/sport\/wp-content\/uploads\/sites\/4\/2025\/12\/\u00a9-Vincent-Krieger-220514-110016-D61_0761-scaled.jpg\",\"contentUrl\":\"https:\/\/fotk.fr\/sport\/wp-content\/uploads\/sites\/4\/2025\/12\/\u00a9-Vincent-Krieger-220514-110016-D61_0761-scaled.jpg\",\"width\":2560,\"height\":1706},{\"@type\":\"BreadcrumbList\",\"@id\":\"https:\/\/fotk.fr\/sport\/natation\/#breadcrumb\",\"itemListElement\":[{\"@type\":\"ListItem\",\"position\":1,\"name\":\"Accueil\",\"item\":\"https:\/\/fotk.fr\/sport\/\"},{\"@type\":\"ListItem\",\"position\":2,\"name\":\"Natation\"}]},{\"@type\":\"WebSite\",\"@id\":\"https:\/\/fotk.fr\/sport\/#website\",\"url\":\"https:\/\/fotk.fr\/sport\/\",\"name\":\"Photographe de sport\",\"description\":\"Vincent Kri\u00e9ger\",\"publisher\":{\"@id\":\"https:\/\/fotk.fr\/sport\/#organization\"},\"potentialAction\":[{\"@type\":\"SearchAction\",\"target\":{\"@type\":\"EntryPoint\",\"urlTemplate\":\"https:\/\/fotk.fr\/sport\/?s={search_term_string}\"},\"query-input\":{\"@type\":\"PropertyValueSpecification\",\"valueRequired\":true,\"valueName\":\"search_term_string\"}}],\"inLanguage\":\"fr-FR\"},{\"@type\":\"Organization\",\"@id\":\"https:\/\/fotk.fr\/sport\/#organization\",\"name\":\"Photographe de sport\",\"url\":\"https:\/\/fotk.fr\/sport\/\",\"logo\":{\"@type\":\"ImageObject\",\"inLanguage\":\"fr-FR\",\"@id\":\"https:\/\/fotk.fr\/sport\/#\/schema\/logo\/image\/\",\"url\":\"https:\/\/fotk.fr\/sport\/wp-content\/uploads\/sites\/4\/2025\/12\/logo-FOTK-noir-512.png\",\"contentUrl\":\"https:\/\/fotk.fr\/sport\/wp-content\/uploads\/sites\/4\/2025\/12\/logo-FOTK-noir-512.png\",\"width\":512,\"height\":512,\"caption\":\"Photographe de sport\"},\"image\":{\"@id\":\"https:\/\/fotk.fr\/sport\/#\/schema\/logo\/image\/\"}}]}<\/script>\n<!-- \/ Yoast SEO plugin. -->","yoast_head_json":{"title":"Natation - Photographe de sport","robots":{"index":"index","follow":"follow","max-snippet":"max-snippet:-1","max-image-preview":"max-image-preview:large","max-video-preview":"max-video-preview:-1"},"canonical":"https:\/\/fotk.fr\/sport\/natation\/","og_locale":"fr_FR","og_type":"article","og_title":"Natation - Photographe de sport","og_description":"[vc_row][vc_column][vc_empty_space][vc_column_text css=\u00a0\u00bb\u00a0\u00bb]Premi\u00e8res images pour ma nouvelle exp\u00e9rience dans le domaine de la natation pour le championnat d\u00e9partemental de natation \u00e0 Sartrouville. Merci \u00e0 l&rsquo;ASSOCIATION SPORTIVE DE NATATION DE SARTROUVILLE pour cette confiance.[\/vc_column_text][vc_empty_space][\/vc_column][\/vc_row]","og_url":"https:\/\/fotk.fr\/sport\/natation\/","og_site_name":"Photographe de sport","article_modified_time":"2026-01-08T16:32:50+00:00","og_image":[{"width":2560,"height":1706,"url":"https:\/\/fotk.fr\/sport\/wp-content\/uploads\/sites\/4\/2025\/12\/\u00a9-Vincent-Krieger-220514-110016-D61_0761-scaled.jpg","type":"image\/jpeg"}],"twitter_card":"summary_large_image","twitter_misc":{"Dur\u00e9e de lecture estim\u00e9e":"1 minute"},"schema":{"@context":"https:\/\/schema.org","@graph":[{"@type":"WebPage","@id":"https:\/\/fotk.fr\/sport\/natation\/","url":"https:\/\/fotk.fr\/sport\/natation\/","name":"Natation - Photographe de sport","isPartOf":{"@id":"https:\/\/fotk.fr\/sport\/#website"},"primaryImageOfPage":{"@id":"https:\/\/fotk.fr\/sport\/natation\/#primaryimage"},"image":{"@id":"https:\/\/fotk.fr\/sport\/natation\/#primaryimage"},"thumbnailUrl":"https:\/\/fotk.fr\/sport\/wp-content\/uploads\/sites\/4\/2025\/12\/\u00a9-Vincent-Krieger-220514-110016-D61_0761-scaled.jpg","datePublished":"2026-01-08T16:31:29+00:00","dateModified":"2026-01-08T16:32:50+00:00","breadcrumb":{"@id":"https:\/\/fotk.fr\/sport\/natation\/#breadcrumb"},"inLanguage":"fr-FR","potentialAction":[{"@type":"ReadAction","target":["https:\/\/fotk.fr\/sport\/natation\/"]}]},{"@type":"ImageObject","inLanguage":"fr-FR","@id":"https:\/\/fotk.fr\/sport\/natation\/#primaryimage","url":"https:\/\/fotk.fr\/sport\/wp-content\/uploads\/sites\/4\/2025\/12\/\u00a9-Vincent-Krieger-220514-110016-D61_0761-scaled.jpg","contentUrl":"https:\/\/fotk.fr\/sport\/wp-content\/uploads\/sites\/4\/2025\/12\/\u00a9-Vincent-Krieger-220514-110016-D61_0761-scaled.jpg","width":2560,"height":1706},{"@type":"BreadcrumbList","@id":"https:\/\/fotk.fr\/sport\/natation\/#breadcrumb","itemListElement":[{"@type":"ListItem","position":1,"name":"Accueil","item":"https:\/\/fotk.fr\/sport\/"},{"@type":"ListItem","position":2,"name":"Natation"}]},{"@type":"WebSite","@id":"https:\/\/fotk.fr\/sport\/#website","url":"https:\/\/fotk.fr\/sport\/","name":"Photographe de sport","description":"Vincent Kri\u00e9ger","publisher":{"@id":"https:\/\/fotk.fr\/sport\/#organization"},"potentialAction":[{"@type":"SearchAction","target":{"@type":"EntryPoint","urlTemplate":"https:\/\/fotk.fr\/sport\/?s={search_term_string}"},"query-input":{"@type":"PropertyValueSpecification","valueRequired":true,"valueName":"search_term_string"}}],"inLanguage":"fr-FR"},{"@type":"Organization","@id":"https:\/\/fotk.fr\/sport\/#organization","name":"Photographe de sport","url":"https:\/\/fotk.fr\/sport\/","logo":{"@type":"ImageObject","inLanguage":"fr-FR","@id":"https:\/\/fotk.fr\/sport\/#\/schema\/logo\/image\/","url":"https:\/\/fotk.fr\/sport\/wp-content\/uploads\/sites\/4\/2025\/12\/logo-FOTK-noir-512.png","contentUrl":"https:\/\/fotk.fr\/sport\/wp-content\/uploads\/sites\/4\/2025\/12\/logo-FOTK-noir-512.png","width":512,"height":512,"caption":"Photographe de sport"},"image":{"@id":"https:\/\/fotk.fr\/sport\/#\/schema\/logo\/image\/"}}]}},"_links":{"self":[{"href":"https:\/\/fotk.fr\/sport\/wp-json\/wp\/v2\/pages\/37944","targetHints":{"allow":["GET"]}}],"collection":[{"href":"https:\/\/fotk.fr\/sport\/wp-json\/wp\/v2\/pages"}],"about":[{"href":"https:\/\/fotk.fr\/sport\/wp-json\/wp\/v2\/types\/page"}],"author":[{"embeddable":true,"href":"https:\/\/fotk.fr\/sport\/wp-json\/wp\/v2\/users\/1"}],"replies":[{"embeddable":true,"href":"https:\/\/fotk.fr\/sport\/wp-json\/wp\/v2\/comments?post=37944"}],"version-history":[{"count":3,"href":"https:\/\/fotk.fr\/sport\/wp-json\/wp\/v2\/pages\/37944\/revisions"}],"predecessor-version":[{"id":37947,"href":"https:\/\/fotk.fr\/sport\/wp-json\/wp\/v2\/pages\/37944\/revisions\/37947"}],"wp:featuredmedia":[{"embeddable":true,"href":"https:\/\/fotk.fr\/sport\/wp-json\/wp\/v2\/media\/37635"}],"wp:attachment":[{"href":"https:\/\/fotk.fr\/sport\/wp-json\/wp\/v2\/media?parent=37944"}],"curies":[{"name":"wp","href":"https:\/\/api.w.org\/{rel}","templated":true}]}}